{"id":9389,"date":"2022-08-18T17:50:34","date_gmt":"2022-08-18T17:50:34","guid":{"rendered":"https:\/\/aryatara.es\/?page_id=9389"},"modified":"2024-10-18T10:38:04","modified_gmt":"2024-10-18T10:38:04","slug":"meditacio","status":"publish","type":"page","link":"https:\/\/aryatara.es\/ca\/meditacio\/","title":{"rendered":"Meditaci\u00f3"},"content":{"rendered":"\t\t<div data-elementor-type=\"wp-page\" data-elementor-id=\"9389\" class=\"elementor elementor-9389 elementor-9388\">\n\t\t\t\t\t\t<section class=\"elementor-section elementor-top-section elementor-element elementor-element-u2nfx94 elementor-hidden-mobile elementor-section-boxed elementor-section-height-default elementor-section-height-default\" data-id=\"u2nfx94\" data-element_type=\"section\" data-e-type=\"section\" data-settings=\"{&quot;background_background&quot;:&quot;classic&quot;}\">\n\t\t\t\t\t\t\t<div class=\"elementor-background-overlay\"><\/div>\n\t\t\t\t\t\t\t<div class=\"elementor-container elementor-column-gap-no\">\n\t\t\t\t\t<div class=\"elementor-column elementor-col-100 elementor-top-column elementor-element elementor-element-0d9607c\" data-id=\"0d9607c\" data-element_type=\"column\" data-e-type=\"column\">\n\t\t\t<div class=\"elementor-widget-wrap elementor-element-populated\">\n\t\t\t\t\t\t<div class=\"elementor-element elementor-element-b363fad elementor-widget elementor-widget-heading\" data-id=\"b363fad\" data-element_type=\"widget\" data-e-type=\"widget\" data-widget_type=\"heading.default\">\n\t\t\t\t<div class=\"elementor-widget-container\">\n\t\t\t\t\t<h1 class=\"elementor-heading-title elementor-size-default\">Meditaci\u00f3<\/h1>\t\t\t\t<\/div>\n\t\t\t\t<\/div>\n\t\t\t\t\t<\/div>\n\t\t<\/div>\n\t\t\t\t\t<\/div>\n\t\t<\/section>\n\t\t\t\t<section class=\"elementor-section elementor-top-section elementor-element elementor-element-df7a73c elementor-hidden-desktop elementor-hidden-tablet elementor-section-boxed elementor-section-height-default elementor-section-height-default\" data-id=\"df7a73c\" data-element_type=\"section\" data-e-type=\"section\" data-settings=\"{&quot;background_background&quot;:&quot;classic&quot;}\">\n\t\t\t\t\t\t\t<div class=\"elementor-background-overlay\"><\/div>\n\t\t\t\t\t\t\t<div class=\"elementor-container elementor-column-gap-no\">\n\t\t\t\t\t<div class=\"elementor-column elementor-col-100 elementor-top-column elementor-element elementor-element-d2b7a90\" data-id=\"d2b7a90\" data-element_type=\"column\" data-e-type=\"column\">\n\t\t\t<div class=\"elementor-widget-wrap elementor-element-populated\">\n\t\t\t\t\t\t<div class=\"elementor-element elementor-element-ea2daee elementor-hidden-desktop elementor-hidden-tablet elementor-widget elementor-widget-heading\" data-id=\"ea2daee\" data-element_type=\"widget\" data-e-type=\"widget\" data-widget_type=\"heading.default\">\n\t\t\t\t<div class=\"elementor-widget-container\">\n\t\t\t\t\t<h1 class=\"elementor-heading-title elementor-size-xl\">Meditaci\u00f3<\/h1>\t\t\t\t<\/div>\n\t\t\t\t<\/div>\n\t\t\t\t\t<\/div>\n\t\t<\/div>\n\t\t\t\t\t<\/div>\n\t\t<\/section>\n\t\t\t\t<section class=\"elementor-section elementor-top-section elementor-element elementor-element-b92eea4 elementor-section-content-middle elementor-hidden-mobile elementor-section-boxed elementor-section-height-default elementor-section-height-default\" data-id=\"b92eea4\" data-element_type=\"section\" data-e-type=\"section\" data-settings=\"{&quot;background_background&quot;:&quot;classic&quot;}\">\n\t\t\t\t\t\t\t<div class=\"elementor-background-overlay\"><\/div>\n\t\t\t\t\t\t\t<div class=\"elementor-container elementor-column-gap-default\">\n\t\t\t\t\t<div class=\"elementor-column elementor-col-33 elementor-top-column elementor-element elementor-element-b42b692\" data-id=\"b42b692\" data-element_type=\"column\" data-e-type=\"column\" data-settings=\"{&quot;background_background&quot;:&quot;classic&quot;}\">\n\t\t\t<div class=\"elementor-widget-wrap elementor-element-populated\">\n\t\t\t\t\t<div class=\"elementor-background-overlay\"><\/div>\n\t\t\t\t\t\t<div class=\"elementor-element elementor-element-1da86bd elementor-widget elementor-widget-heading\" data-id=\"1da86bd\" data-element_type=\"widget\" data-e-type=\"widget\" data-widget_type=\"heading.default\">\n\t\t\t\t<div class=\"elementor-widget-container\">\n\t\t\t\t\t<h4 class=\"elementor-heading-title elementor-size-default\"><a href=\"https:\/\/aryatara.es\/ca\/mindfulness-i-neurociencia\/\">Mindfulness <br>i neuroci\u00e8ncia<\/a><\/h4>\t\t\t\t<\/div>\n\t\t\t\t<\/div>\n\t\t\t\t<div class=\"elementor-element elementor-element-0fbc75a elementor-widget elementor-widget-text-editor\" data-id=\"0fbc75a\" data-element_type=\"widget\" data-e-type=\"widget\" data-widget_type=\"text-editor.default\">\n\t\t\t\t<div class=\"elementor-widget-container\">\n\t\t\t\t\t\t\t\t\t<p>Una porta oberta a viure amb plenitud<\/p>\n\t\t\t\t\t\t\t\t<\/div>\n\t\t\t\t<\/div>\n\t\t\t\t\t<\/div>\n\t\t<\/div>\n\t\t\t\t<div class=\"elementor-column elementor-col-33 elementor-top-column elementor-element elementor-element-e44d9bc\" data-id=\"e44d9bc\" data-element_type=\"column\" data-e-type=\"column\" data-settings=\"{&quot;background_background&quot;:&quot;classic&quot;}\">\n\t\t\t<div class=\"elementor-widget-wrap elementor-element-populated\">\n\t\t\t\t\t<div class=\"elementor-background-overlay\"><\/div>\n\t\t\t\t\t\t<div class=\"elementor-element elementor-element-fdc2c3d elementor-widget elementor-widget-heading\" data-id=\"fdc2c3d\" data-element_type=\"widget\" data-e-type=\"widget\" data-widget_type=\"heading.default\">\n\t\t\t\t<div class=\"elementor-widget-container\">\n\t\t\t\t\t<h4 class=\"elementor-heading-title elementor-size-default\"><a href=\"https:\/\/aryatara.es\/ca\/meditacio-vipassana\/\">Meditaci\u00f3 vipassana<\/a><\/h4>\t\t\t\t<\/div>\n\t\t\t\t<\/div>\n\t\t\t\t<div class=\"elementor-element elementor-element-3e8afa3 elementor-widget elementor-widget-text-editor\" data-id=\"3e8afa3\" data-element_type=\"widget\" data-e-type=\"widget\" data-widget_type=\"text-editor.default\">\n\t\t\t\t<div class=\"elementor-widget-container\">\n\t\t\t\t\t\t\t\t\t<p>El retorn a la nostra veritable naturalesa<\/p>\n\t\t\t\t\t\t\t\t<\/div>\n\t\t\t\t<\/div>\n\t\t\t\t\t<\/div>\n\t\t<\/div>\n\t\t\t\t<div class=\"elementor-column elementor-col-33 elementor-top-column elementor-element elementor-element-cb04c06\" data-id=\"cb04c06\" data-element_type=\"column\" data-e-type=\"column\" data-settings=\"{&quot;background_background&quot;:&quot;classic&quot;,&quot;animation&quot;:&quot;none&quot;}\">\n\t\t\t<div class=\"elementor-widget-wrap elementor-element-populated\">\n\t\t\t\t\t<div class=\"elementor-background-overlay\"><\/div>\n\t\t\t\t\t\t<div class=\"elementor-element elementor-element-1427203 elementor-widget elementor-widget-heading\" data-id=\"1427203\" data-element_type=\"widget\" data-e-type=\"widget\" data-widget_type=\"heading.default\">\n\t\t\t\t<div class=\"elementor-widget-container\">\n\t\t\t\t\t<h4 class=\"elementor-heading-title elementor-size-default\"><a href=\"https:\/\/aryatara.es\/ca\/dharma-2\/\">Dharma<\/a><\/h4>\t\t\t\t<\/div>\n\t\t\t\t<\/div>\n\t\t\t\t<div class=\"elementor-element elementor-element-7a1d7f8 elementor-widget elementor-widget-text-editor\" data-id=\"7a1d7f8\" data-element_type=\"widget\" data-e-type=\"widget\" data-widget_type=\"text-editor.default\">\n\t\t\t\t<div class=\"elementor-widget-container\">\n\t\t\t\t\t\t\t\t\t<p>Un aut\u00e8ntic cam\u00ed de transformaci\u00f3<\/p>\n\t\t\t\t\t\t\t\t<\/div>\n\t\t\t\t<\/div>\n\t\t\t\t\t<\/div>\n\t\t<\/div>\n\t\t\t\t\t<\/div>\n\t\t<\/section>\n\t\t\t\t<section class=\"elementor-section elementor-top-section elementor-element elementor-element-29d4ab7 elementor-section-content-middle elementor-hidden-desktop elementor-hidden-tablet elementor-section-boxed elementor-section-height-default elementor-section-height-default\" data-id=\"29d4ab7\" data-element_type=\"section\" data-e-type=\"section\" data-settings=\"{&quot;background_background&quot;:&quot;classic&quot;}\">\n\t\t\t\t\t\t\t<div class=\"elementor-background-overlay\"><\/div>\n\t\t\t\t\t\t\t<div class=\"elementor-container elementor-column-gap-default\">\n\t\t\t\t\t<div class=\"elementor-column elementor-col-33 elementor-top-column elementor-element elementor-element-22abaea\" data-id=\"22abaea\" data-element_type=\"column\" data-e-type=\"column\" data-settings=\"{&quot;background_background&quot;:&quot;classic&quot;}\">\n\t\t\t<div class=\"elementor-widget-wrap elementor-element-populated\">\n\t\t\t\t\t<div class=\"elementor-background-overlay\"><\/div>\n\t\t\t\t\t\t<div class=\"elementor-element elementor-element-7d1e0a2 elementor-widget elementor-widget-heading\" data-id=\"7d1e0a2\" data-element_type=\"widget\" data-e-type=\"widget\" data-widget_type=\"heading.default\">\n\t\t\t\t<div class=\"elementor-widget-container\">\n\t\t\t\t\t<h4 class=\"elementor-heading-title elementor-size-default\"><a href=\"https:\/\/aryatara.es\/ca\/mindfulness-i-neurociencia\/\">Mindfulness <br>i neuroci\u00e8ncia<\/a><\/h4>\t\t\t\t<\/div>\n\t\t\t\t<\/div>\n\t\t\t\t<div class=\"elementor-element elementor-element-0bfec9b elementor-widget elementor-widget-text-editor\" data-id=\"0bfec9b\" data-element_type=\"widget\" data-e-type=\"widget\" data-widget_type=\"text-editor.default\">\n\t\t\t\t<div class=\"elementor-widget-container\">\n\t\t\t\t\t\t\t\t\t<p>Una porta oberta a viure amb plenitud<\/p>\n\t\t\t\t\t\t\t\t<\/div>\n\t\t\t\t<\/div>\n\t\t\t\t\t<\/div>\n\t\t<\/div>\n\t\t\t\t<div class=\"elementor-column elementor-col-33 elementor-top-column elementor-element elementor-element-9e703a5\" data-id=\"9e703a5\" data-element_type=\"column\" data-e-type=\"column\" data-settings=\"{&quot;background_background&quot;:&quot;classic&quot;}\">\n\t\t\t<div class=\"elementor-widget-wrap elementor-element-populated\">\n\t\t\t\t\t<div class=\"elementor-background-overlay\"><\/div>\n\t\t\t\t\t\t<div class=\"elementor-element elementor-element-ba73e46 elementor-widget elementor-widget-heading\" data-id=\"ba73e46\" data-element_type=\"widget\" data-e-type=\"widget\" data-widget_type=\"heading.default\">\n\t\t\t\t<div class=\"elementor-widget-container\">\n\t\t\t\t\t<h4 class=\"elementor-heading-title elementor-size-default\"><a href=\"https:\/\/aryatara.es\/ca\/meditacio-vipassana\/\">Meditaci\u00f3 vipassana<\/a><\/h4>\t\t\t\t<\/div>\n\t\t\t\t<\/div>\n\t\t\t\t<div class=\"elementor-element elementor-element-853ce58 elementor-widget elementor-widget-text-editor\" data-id=\"853ce58\" data-element_type=\"widget\" data-e-type=\"widget\" data-widget_type=\"text-editor.default\">\n\t\t\t\t<div class=\"elementor-widget-container\">\n\t\t\t\t\t\t\t\t\t<p>El retorn a la nostra veritable naturalesa<\/p>\n\t\t\t\t\t\t\t\t<\/div>\n\t\t\t\t<\/div>\n\t\t\t\t\t<\/div>\n\t\t<\/div>\n\t\t\t\t<div class=\"elementor-column elementor-col-33 elementor-top-column elementor-element elementor-element-d5195c6\" data-id=\"d5195c6\" data-element_type=\"column\" data-e-type=\"column\" data-settings=\"{&quot;background_background&quot;:&quot;classic&quot;,&quot;animation&quot;:&quot;none&quot;}\">\n\t\t\t<div class=\"elementor-widget-wrap elementor-element-populated\">\n\t\t\t\t\t<div class=\"elementor-background-overlay\"><\/div>\n\t\t\t\t\t\t<div class=\"elementor-element elementor-element-b57a80c elementor-widget elementor-widget-heading\" data-id=\"b57a80c\" data-element_type=\"widget\" data-e-type=\"widget\" data-widget_type=\"heading.default\">\n\t\t\t\t<div class=\"elementor-widget-container\">\n\t\t\t\t\t<h4 class=\"elementor-heading-title elementor-size-default\"><a href=\"https:\/\/aryatara.es\/ca\/dharma-2\/\">Dharma<\/a><\/h4>\t\t\t\t<\/div>\n\t\t\t\t<\/div>\n\t\t\t\t<div class=\"elementor-element elementor-element-911f3da elementor-widget elementor-widget-text-editor\" data-id=\"911f3da\" data-element_type=\"widget\" data-e-type=\"widget\" data-widget_type=\"text-editor.default\">\n\t\t\t\t<div class=\"elementor-widget-container\">\n\t\t\t\t\t\t\t\t\t<p>Un aut\u00e8ntic cam\u00ed de transformaci\u00f3<\/p>\n\t\t\t\t\t\t\t\t<\/div>\n\t\t\t\t<\/div>\n\t\t\t\t\t<\/div>\n\t\t<\/div>\n\t\t\t\t\t<\/div>\n\t\t<\/section>\n\t\t\t\t<section class=\"elementor-section elementor-top-section elementor-element elementor-element-5ng8u4f elementor-hidden-mobile elementor-section-boxed elementor-section-height-default elementor-section-height-default\" data-id=\"5ng8u4f\" data-element_type=\"section\" data-e-type=\"section\" data-settings=\"{&quot;background_background&quot;:&quot;classic&quot;}\">\n\t\t\t\t\t\t<div class=\"elementor-container elementor-column-gap-no\">\n\t\t\t\t\t<div class=\"elementor-column elementor-col-100 elementor-top-column elementor-element elementor-element-2c4b676\" data-id=\"2c4b676\" data-element_type=\"column\" data-e-type=\"column\">\n\t\t\t<div class=\"elementor-widget-wrap elementor-element-populated\">\n\t\t\t\t\t\t<section class=\"elementor-section elementor-inner-section elementor-element elementor-element-08f6670 elementor-section-boxed elementor-section-height-default elementor-section-height-default\" data-id=\"08f6670\" data-element_type=\"section\" data-e-type=\"section\">\n\t\t\t\t\t\t<div class=\"elementor-container elementor-column-gap-no\">\n\t\t\t\t\t<div class=\"elementor-column elementor-col-33 elementor-inner-column elementor-element elementor-element-ed74919\" data-id=\"ed74919\" data-element_type=\"column\" data-e-type=\"column\">\n\t\t\t<div class=\"elementor-widget-wrap elementor-element-populated\">\n\t\t\t\t\t\t<div class=\"elementor-element elementor-element-6b5b962 elementor-widget elementor-widget-heading\" data-id=\"6b5b962\" data-element_type=\"widget\" data-e-type=\"widget\" data-widget_type=\"heading.default\">\n\t\t\t\t<div class=\"elementor-widget-container\">\n\t\t\t\t\t<h2 class=\"elementor-heading-title elementor-size-default\">La clau de la felicitat<\/h2>\t\t\t\t<\/div>\n\t\t\t\t<\/div>\n\t\t\t\t\t<\/div>\n\t\t<\/div>\n\t\t\t\t<div class=\"elementor-column elementor-col-66 elementor-inner-column elementor-element elementor-element-945e66e\" data-id=\"945e66e\" data-element_type=\"column\" data-e-type=\"column\">\n\t\t\t<div class=\"elementor-widget-wrap elementor-element-populated\">\n\t\t\t\t\t\t<div class=\"elementor-element elementor-element-586638a elementor-widget elementor-widget-text-editor\" data-id=\"586638a\" data-element_type=\"widget\" data-e-type=\"widget\" data-widget_type=\"text-editor.default\">\n\t\t\t\t<div class=\"elementor-widget-container\">\n\t\t\t\t\t\t\t\t\t<p><span style=\"font-weight: 400;\">Un conte molt antic de l\u2019\u00cdndia relata que, quan va arribar el moment de crear l\u2019\u00e9sser hum\u00e0, D\u00e9u es va preguntar on podria amagar la clau de la felicitat. D\u00e9u sabia que, si l\u2019\u00e9sser hum\u00e0 la trobava, es fondria amb ell fins a la seva total dissoluci\u00f3 i de nou estaria sol. Aix\u00ed que va reflexionar sobre diferents possibilitats i va pensar, primer, en el fons del mar. Per\u00f2 aviat es va adonar que l\u2019\u00e9sser hum\u00e0 arribaria fins all\u00e0 i la trobaria. Despr\u00e9s, se li va oc\u00f3rrer que una cova remota de l\u2019Him\u00e0laia seria el lloc ideal. De seguida va comprendre que, tard o d\u2019hora, l\u2019\u00e9sser hum\u00e0 tamb\u00e9 la descobriria. Va pensar i pensar, i va creure que un espai distant de l\u2019univers era el lloc que estava buscant. Per\u00f2 una vegada m\u00e9s, va acabar comprenent que el ser hum\u00e0 era curi\u00f3s per naturalesa i acabaria explorant els confins de l\u2019univers. <\/span><\/p>\n<p><span style=\"font-weight: 400;\">Durant hores D\u00e9u va estar sumit en una profunda reflexi\u00f3. On podia amagar la clau de la felicitat? Finalment va trobar l\u2019\u00fanic lloc on l\u2019\u00e9sser hum\u00e0 no la buscaria: en el seu propi interior. Aix\u00ed, va col\u00b7locar la clau de la felicitat a l\u2019interior de cada \u00e9sser hum\u00e0, segur que, encara que alg\u00fa la descobr\u00eds i ho expliqu\u00e9s als altres, ning\u00fa no el creuria. <\/span><\/p>\n\t\t\t\t\t\t\t\t<\/div>\n\t\t\t\t<\/div>\n\t\t\t\t\t<\/div>\n\t\t<\/div>\n\t\t\t\t\t<\/div>\n\t\t<\/section>\n\t\t\t\t\t<\/div>\n\t\t<\/div>\n\t\t\t\t\t<\/div>\n\t\t<\/section>\n\t\t\t\t<section class=\"elementor-section elementor-top-section elementor-element elementor-element-d639c7d elementor-hidden-desktop elementor-hidden-tablet elementor-section-boxed elementor-section-height-default elementor-section-height-default\" data-id=\"d639c7d\" data-element_type=\"section\" data-e-type=\"section\" data-settings=\"{&quot;background_background&quot;:&quot;classic&quot;}\">\n\t\t\t\t\t\t<div class=\"elementor-container elementor-column-gap-no\">\n\t\t\t\t\t<div class=\"elementor-column elementor-col-100 elementor-top-column elementor-element elementor-element-30ae01b\" data-id=\"30ae01b\" data-element_type=\"column\" data-e-type=\"column\">\n\t\t\t<div class=\"elementor-widget-wrap elementor-element-populated\">\n\t\t\t\t\t\t<section class=\"elementor-section elementor-inner-section elementor-element elementor-element-4e675a0 elementor-section-boxed elementor-section-height-default elementor-section-height-default\" data-id=\"4e675a0\" data-element_type=\"section\" data-e-type=\"section\">\n\t\t\t\t\t\t<div class=\"elementor-container elementor-column-gap-no\">\n\t\t\t\t\t<div class=\"elementor-column elementor-col-33 elementor-inner-column elementor-element elementor-element-8389ab3\" data-id=\"8389ab3\" data-element_type=\"column\" data-e-type=\"column\">\n\t\t\t<div class=\"elementor-widget-wrap elementor-element-populated\">\n\t\t\t\t\t\t<div class=\"elementor-element elementor-element-2742553 elementor-widget elementor-widget-heading\" data-id=\"2742553\" data-element_type=\"widget\" data-e-type=\"widget\" data-widget_type=\"heading.default\">\n\t\t\t\t<div class=\"elementor-widget-container\">\n\t\t\t\t\t<h2 class=\"elementor-heading-title elementor-size-default\">La clau de la felicitat<\/h2>\t\t\t\t<\/div>\n\t\t\t\t<\/div>\n\t\t\t\t\t<\/div>\n\t\t<\/div>\n\t\t\t\t<div class=\"elementor-column elementor-col-66 elementor-inner-column elementor-element elementor-element-c802950\" data-id=\"c802950\" data-element_type=\"column\" data-e-type=\"column\">\n\t\t\t<div class=\"elementor-widget-wrap elementor-element-populated\">\n\t\t\t\t\t\t<div class=\"elementor-element elementor-element-84a7762 elementor-widget elementor-widget-text-editor\" data-id=\"84a7762\" data-element_type=\"widget\" data-e-type=\"widget\" data-widget_type=\"text-editor.default\">\n\t\t\t\t<div class=\"elementor-widget-container\">\n\t\t\t\t\t\t\t\t\t<p><span style=\"font-weight: 400;\">Un conte molt antic de l\u2019\u00cdndia relata que, quan va arribar el moment de crear l\u2019\u00e9sser hum\u00e0, D\u00e9u es va preguntar on podria amagar la clau de la felicitat. D\u00e9u sabia que, si l\u2019\u00e9sser hum\u00e0 la trobava, es fondria amb ell fins a la seva total dissoluci\u00f3 i de nou estaria sol. Aix\u00ed que va reflexionar sobre diferents possibilitats i va pensar, primer, en el fons del mar. Per\u00f2 aviat es va adonar que l\u2019\u00e9sser hum\u00e0 arribaria fins all\u00e0 i la trobaria. Despr\u00e9s, se li va oc\u00f3rrer que una cova remota de l\u2019Him\u00e0laia seria el lloc ideal. De seguida va comprendre que, tard o d\u2019hora, l\u2019\u00e9sser hum\u00e0 tamb\u00e9 la descobriria. Va pensar i pensar, i va creure que un espai distant de l\u2019univers era el lloc que estava buscant. Per\u00f2 una vegada m\u00e9s, va acabar comprenent que el ser hum\u00e0 era curi\u00f3s per naturalesa i acabaria explorant els confins de l\u2019univers. <\/span><\/p>\n<p><span style=\"font-weight: 400;\">Durant hores D\u00e9u va estar sumit en una profunda reflexi\u00f3. On podia amagar la clau de la felicitat? Finalment va trobar l\u2019\u00fanic lloc on l\u2019\u00e9sser hum\u00e0 no la buscaria: en el seu propi interior. Aix\u00ed, va col\u00b7locar la clau de la felicitat a l\u2019interior de cada \u00e9sser hum\u00e0, segur que, encara que alg\u00fa la descobr\u00eds i ho expliqu\u00e9s als altres, ning\u00fa no el creuria. <\/span><\/p>\n\t\t\t\t\t\t\t\t<\/div>\n\t\t\t\t<\/div>\n\t\t\t\t\t<\/div>\n\t\t<\/div>\n\t\t\t\t\t<\/div>\n\t\t<\/section>\n\t\t\t\t\t<\/div>\n\t\t<\/div>\n\t\t\t\t\t<\/div>\n\t\t<\/section>\n\t\t\t\t<section class=\"elementor-section elementor-top-section elementor-element elementor-element-6a2bf45 elementor-hidden-mobile elementor-section-boxed elementor-section-height-default elementor-section-height-default\" data-id=\"6a2bf45\" data-element_type=\"section\" data-e-type=\"section\" data-settings=\"{&quot;background_background&quot;:&quot;classic&quot;}\">\n\t\t\t\t\t\t\t<div class=\"elementor-background-overlay\"><\/div>\n\t\t\t\t\t\t\t<div class=\"elementor-container elementor-column-gap-no\">\n\t\t\t\t\t<div class=\"elementor-column elementor-col-100 elementor-top-column elementor-element elementor-element-297b226\" data-id=\"297b226\" data-element_type=\"column\" data-e-type=\"column\">\n\t\t\t<div class=\"elementor-widget-wrap elementor-element-populated\">\n\t\t\t\t\t\t<div class=\"elementor-element elementor-element-809404c elementor-view-stacked elementor-shape-circle elementor-widget elementor-widget-icon\" data-id=\"809404c\" data-element_type=\"widget\" data-e-type=\"widget\" data-widget_type=\"icon.default\">\n\t\t\t\t<div class=\"elementor-widget-container\">\n\t\t\t\t\t\t\t<div class=\"elementor-icon-wrapper\">\n\t\t\t<div class=\"elementor-icon\">\n\t\t\t<i aria-hidden=\"true\" class=\"fas fa-envelope\"><\/i>\t\t\t<\/div>\n\t\t<\/div>\n\t\t\t\t\t\t<\/div>\n\t\t\t\t<\/div>\n\t\t\t\t<div class=\"elementor-element elementor-element-9e9e2d8 elementor-widget elementor-widget-heading\" data-id=\"9e9e2d8\" data-element_type=\"widget\" data-e-type=\"widget\" data-widget_type=\"heading.default\">\n\t\t\t\t<div class=\"elementor-widget-container\">\n\t\t\t\t\t<h2 class=\"elementor-heading-title elementor-size-default\">Subscriu-te a la nostra newsletter!<\/h2>\t\t\t\t<\/div>\n\t\t\t\t<\/div>\n\t\t\t\t<div class=\"elementor-element elementor-element-47fed5a elementor-widget elementor-widget-text-editor\" data-id=\"47fed5a\" data-element_type=\"widget\" data-e-type=\"widget\" data-widget_type=\"text-editor.default\">\n\t\t\t\t<div class=\"elementor-widget-container\">\n\t\t\t\t\t\t\t\t\t<p>Et farem arribar informaci\u00f3 puntual sobre els cursos que oferim i les oportunitats de pr\u00e0ctica i aprenentatge<\/p>\n\t\t\t\t\t\t\t\t<\/div>\n\t\t\t\t<\/div>\n\t\t\t\t<div class=\"elementor-element elementor-element-3b08986 elementor-widget elementor-widget-shortcode\" data-id=\"3b08986\" data-element_type=\"widget\" data-e-type=\"widget\" data-widget_type=\"shortcode.default\">\n\t\t\t\t<div class=\"elementor-widget-container\">\n\t\t\t\t\t\t\t<div class=\"elementor-shortcode\">\n\t\t\t<form id=\"sib_signup_form_21\" method=\"post\" class=\"sib_signup_form\">\n\t\t\t\t<div class=\"sib_loader\" style=\"display:none;\"><img\n\t\t\t\t\t\t\tsrc=\"https:\/\/aryatara.es\/wp-includes\/images\/spinner.gif\" alt=\"loader\"><\/div>\n\t\t\t\t<input type=\"hidden\" name=\"sib_form_action\" value=\"subscribe_form_submit\">\n\t\t\t\t<input type=\"hidden\" name=\"sib_form_id\" value=\"21\">\n                <input type=\"hidden\" name=\"sib_form_alert_notice\" value=\"Please fill out this field\">\n                <input type=\"hidden\" name=\"sib_form_invalid_email_notice\" value=\"Your email address is invalid\">\n                <input type=\"hidden\" name=\"sib_security\" value=\"46d6bb1965\">\n\t\t\t\t<div class=\"sib_signup_box_inside_21\">\n\t\t\t\t\t<div style=\"\/*display:none*\/\" class=\"sib_msg_disp\">\n\t\t\t\t\t<\/div>\n                    \t\t\t\t\t<p>  <input type=\"email\" class=\"sib-email-area\" name=\"email\" placeholder=\"Correu electr\u00f2nic\" required=\"required\"> <input type=\"submit\" class=\"sib-default-btn\" value=\"Subscriu-te\"><\/p>\r\n\t\t\t\t<\/div>\n\t\t\t<\/form>\n\t\t\t<style>\n\t\t\t\tform#sib_signup_form_21 p.sib-alert-message {\n    padding: 6px 12px;\n    margin-bottom: 20px;\n    border: 1px solid transparent;\n    border-radius: 4px;\n    -webkit-box-sizing: border-box;\n    -moz-box-sizing: border-box;\n    box-sizing: border-box;\n}\nform#sib_signup_form_21 p.sib-alert-message-error {\n    background-color: #f2dede;\n    border-color: #ebccd1;\n    color: #a94442;\n}\nform#sib_signup_form_21 p.sib-alert-message-success {\n    background-color: #dff0d8;\n    border-color: #d6e9c6;\n    color: #3c763d;\n}\nform#sib_signup_form_21 p.sib-alert-message-warning {\n    background-color: #fcf8e3;\n    border-color: #faebcc;\n    color: #8a6d3b;\n}\n\t\t\t<\/style>\n\t\t\t<\/div>\n\t\t\t\t\t\t<\/div>\n\t\t\t\t<\/div>\n\t\t\t\t<div class=\"elementor-element elementor-element-9064ae9 premium-modal-dismissible-yes elementor-widget elementor-widget-premium-addon-modal-box\" data-id=\"9064ae9\" data-element_type=\"widget\" data-e-type=\"widget\" data-settings=\"{&quot;premium_modal_box_animation&quot;:&quot;fadeInDown&quot;}\" data-widget_type=\"premium-addon-modal-box.default\">\n\t\t\t\t<div class=\"elementor-widget-container\">\n\t\t\t\t\t\n\t\t<div class=\"premium-modal-box-container\" data-settings=\"{&quot;trigger&quot;:&quot;text&quot;,&quot;show_on_exit&quot;:false}\">\n\t\t\t<div class=\"premium-modal-trigger-container\">\n\t\t\t\t\t\t\t\t\t<span data-toggle=\"premium-modal\" data-target=\"#premium-modal-9064ae9\" class=\"premium-modal-trigger-text\">\n\t\t\t\t\t\t<div >\n\t\t\t\t\t\t\tEn <i>subscriure't<\/i>, acceptes la <u>pol\u00edtica de privacitat<\/u> d'Arya Tara.\t\t\t\t\t\t<\/div>\n\t\t\t\t\t<\/span>\n\t\t\t\t\t\t\t<\/div>\n\n\t\t\t<div id=\"premium-modal-9064ae9\" class=\"premium-modal-box-modal\"\n\t\t\trole=\"dialog\"\n\t\t\tstyle=\"display: none\"\n\t\t\t>\n\t\t\t\t<div class=\"premium-modal-box-modal-dialog\" data-delay-animation=\"\" data-modal-animation=\"fadeInDown animated-fast\">\n\t\t\t\t\t\t\t\t\t\t\t<div class=\"premium-modal-box-modal-header\">\n\t\t\t\t\t\t\t\t\t\t\t\t\t\t\t<h3 class=\"premium-modal-box-modal-title\">\n\t\t\t\t\t\t\t\t\tINFORMACI\u00d3 B\u00c0SICA DE PROTECCI\u00d3 DE DADES\t\t\t\t\t\t\t\t<\/h3>\n\t\t\t\t\t\t\t\t\t\t\t\t\t\t\t\t\t\t\t\t<\/div>\n\t\t\t\t\t\t\t\t\t\t<div class=\"premium-modal-box-modal-body\">\n\t\t\t\t\t\t\t\t\t\t\t\t\t<p><strong>Responsable del tractament:<\/strong> MARIA LUISA AZNAR SANCHEZ<\/p>\n<p><strong>Finalitat del tractament:<\/strong> Gestionar les consultes plantejades i l&#8217;enviament de newsletters, comunicacions comercials i promocions.<\/p>\n<p><strong>Legitimaci\u00f3 del tractament:<\/strong> Inter\u00e8s leg\u00edtim i consentiment de l&#8217;interessat\/ada.<\/p>\n<p><strong>Conservaci\u00f3 de les dades:<\/strong> Es conservaran mentre hi hagi un inter\u00e8s mutu o durant el temps necessari per a complir les obligacions legals.<\/p>\n<p><strong>Destinataris:<\/strong> Prestadors de serveis o col\u00b7laboradors.<\/p>\n<p><strong>Drets:<\/strong> Dret a retirar el consentiment en qualsevol moment. Dret d&#8217;acc\u00e9s, rectificaci\u00f3, portabilitat i supressi\u00f3 de les dades, i limitaci\u00f3 o oposici\u00f3 al seu tractament. Dades de contacte per exercir els seus drets: aryatara@aryatara.es<\/p>\n<p><strong>Informaci\u00f3 addicional:<\/strong> Podeu consultar la informaci\u00f3 addicional a la nostra <a href=\"https:\/\/aryatara.es\/ca\/politica-de-privacitat\/\"><i><span style=\"font-weight: 400;\">Pol\u00edtica de Privadesa<\/span><\/i><\/a>.<\/p>\n\n\t\t\t\t\t\t\t\t\t\t\t<\/div>\n\t\t\t\t\t\t\t\t\t<\/div>\n\t\t\t<\/div>\n\t\t<\/div>\n\t\t\t\t\t\t<\/div>\n\t\t\t\t<\/div>\n\t\t\t\t\t<\/div>\n\t\t<\/div>\n\t\t\t\t\t<\/div>\n\t\t<\/section>\n\t\t\t\t<section class=\"elementor-section elementor-top-section elementor-element elementor-element-30fb03a elementor-hidden-desktop elementor-hidden-tablet elementor-section-boxed elementor-section-height-default elementor-section-height-default\" data-id=\"30fb03a\" data-element_type=\"section\" data-e-type=\"section\" data-settings=\"{&quot;background_background&quot;:&quot;classic&quot;}\">\n\t\t\t\t\t\t\t<div class=\"elementor-background-overlay\"><\/div>\n\t\t\t\t\t\t\t<div class=\"elementor-container elementor-column-gap-no\">\n\t\t\t\t\t<div class=\"elementor-column elementor-col-100 elementor-top-column elementor-element elementor-element-b950600\" data-id=\"b950600\" data-element_type=\"column\" data-e-type=\"column\">\n\t\t\t<div class=\"elementor-widget-wrap elementor-element-populated\">\n\t\t\t\t\t\t<div class=\"elementor-element elementor-element-ac934fc elementor-view-stacked elementor-shape-circle elementor-widget elementor-widget-icon\" data-id=\"ac934fc\" data-element_type=\"widget\" data-e-type=\"widget\" data-widget_type=\"icon.default\">\n\t\t\t\t<div class=\"elementor-widget-container\">\n\t\t\t\t\t\t\t<div class=\"elementor-icon-wrapper\">\n\t\t\t<div class=\"elementor-icon\">\n\t\t\t<i aria-hidden=\"true\" class=\"fas fa-envelope\"><\/i>\t\t\t<\/div>\n\t\t<\/div>\n\t\t\t\t\t\t<\/div>\n\t\t\t\t<\/div>\n\t\t\t\t<div class=\"elementor-element elementor-element-a573ad2 elementor-widget elementor-widget-heading\" data-id=\"a573ad2\" data-element_type=\"widget\" data-e-type=\"widget\" data-widget_type=\"heading.default\">\n\t\t\t\t<div class=\"elementor-widget-container\">\n\t\t\t\t\t<h2 class=\"elementor-heading-title elementor-size-default\">Subscriu-te a la nostra newsletter!<\/h2>\t\t\t\t<\/div>\n\t\t\t\t<\/div>\n\t\t\t\t<div class=\"elementor-element elementor-element-c96887d elementor-widget elementor-widget-text-editor\" data-id=\"c96887d\" data-element_type=\"widget\" data-e-type=\"widget\" data-widget_type=\"text-editor.default\">\n\t\t\t\t<div class=\"elementor-widget-container\">\n\t\t\t\t\t\t\t\t\t<p>Et farem arribar informaci\u00f3 puntual sobre els cursos que oferim i les oportunitats de pr\u00e0ctica i aprenentatge<\/p>\n\t\t\t\t\t\t\t\t<\/div>\n\t\t\t\t<\/div>\n\t\t\t\t<div class=\"elementor-element elementor-element-a266e43 elementor-widget elementor-widget-shortcode\" data-id=\"a266e43\" data-element_type=\"widget\" data-e-type=\"widget\" data-widget_type=\"shortcode.default\">\n\t\t\t\t<div class=\"elementor-widget-container\">\n\t\t\t\t\t\t\t<div class=\"elementor-shortcode\">\n\t\t\t<form id=\"sib_signup_form_21\" method=\"post\" class=\"sib_signup_form\">\n\t\t\t\t<div class=\"sib_loader\" style=\"display:none;\"><img\n\t\t\t\t\t\t\tsrc=\"https:\/\/aryatara.es\/wp-includes\/images\/spinner.gif\" alt=\"loader\"><\/div>\n\t\t\t\t<input type=\"hidden\" name=\"sib_form_action\" value=\"subscribe_form_submit\">\n\t\t\t\t<input type=\"hidden\" name=\"sib_form_id\" value=\"21\">\n                <input type=\"hidden\" name=\"sib_form_alert_notice\" value=\"Please fill out this field\">\n                <input type=\"hidden\" name=\"sib_form_invalid_email_notice\" value=\"Your email address is invalid\">\n                <input type=\"hidden\" name=\"sib_security\" value=\"46d6bb1965\">\n\t\t\t\t<div class=\"sib_signup_box_inside_21\">\n\t\t\t\t\t<div style=\"\/*display:none*\/\" class=\"sib_msg_disp\">\n\t\t\t\t\t<\/div>\n                    \t\t\t\t\t<p>  <input type=\"email\" class=\"sib-email-area\" name=\"email\" placeholder=\"Correu electr\u00f2nic\" required=\"required\"> <input type=\"submit\" class=\"sib-default-btn\" value=\"Subscriu-te\"><\/p>\r\n\t\t\t\t<\/div>\n\t\t\t<\/form>\n\t\t\t<style>\n\t\t\t\tform#sib_signup_form_21 p.sib-alert-message {\n    padding: 6px 12px;\n    margin-bottom: 20px;\n    border: 1px solid transparent;\n    border-radius: 4px;\n    -webkit-box-sizing: border-box;\n    -moz-box-sizing: border-box;\n    box-sizing: border-box;\n}\nform#sib_signup_form_21 p.sib-alert-message-error {\n    background-color: #f2dede;\n    border-color: #ebccd1;\n    color: #a94442;\n}\nform#sib_signup_form_21 p.sib-alert-message-success {\n    background-color: #dff0d8;\n    border-color: #d6e9c6;\n    color: #3c763d;\n}\nform#sib_signup_form_21 p.sib-alert-message-warning {\n    background-color: #fcf8e3;\n    border-color: #faebcc;\n    color: #8a6d3b;\n}\n\t\t\t<\/style>\n\t\t\t<\/div>\n\t\t\t\t\t\t<\/div>\n\t\t\t\t<\/div>\n\t\t\t\t<div class=\"elementor-element elementor-element-ea5d596 premium-modal-dismissible-yes elementor-widget elementor-widget-premium-addon-modal-box\" data-id=\"ea5d596\" data-element_type=\"widget\" data-e-type=\"widget\" data-settings=\"{&quot;premium_modal_box_animation&quot;:&quot;fadeInDown&quot;}\" data-widget_type=\"premium-addon-modal-box.default\">\n\t\t\t\t<div class=\"elementor-widget-container\">\n\t\t\t\t\t\n\t\t<div class=\"premium-modal-box-container\" data-settings=\"{&quot;trigger&quot;:&quot;text&quot;,&quot;show_on_exit&quot;:false}\">\n\t\t\t<div class=\"premium-modal-trigger-container\">\n\t\t\t\t\t\t\t\t\t<span data-toggle=\"premium-modal\" data-target=\"#premium-modal-ea5d596\" class=\"premium-modal-trigger-text\">\n\t\t\t\t\t\t<div >\n\t\t\t\t\t\t\tEn <i>subscriure't<\/i>, acceptes la <u>pol\u00edtica de privacitat<\/u> d'Arya Tara.\t\t\t\t\t\t<\/div>\n\t\t\t\t\t<\/span>\n\t\t\t\t\t\t\t<\/div>\n\n\t\t\t<div id=\"premium-modal-ea5d596\" class=\"premium-modal-box-modal\"\n\t\t\trole=\"dialog\"\n\t\t\tstyle=\"display: none\"\n\t\t\t>\n\t\t\t\t<div class=\"premium-modal-box-modal-dialog\" data-delay-animation=\"\" data-modal-animation=\"fadeInDown animated-fast\">\n\t\t\t\t\t\t\t\t\t\t\t<div class=\"premium-modal-box-modal-header\">\n\t\t\t\t\t\t\t\t\t\t\t\t\t\t\t<h3 class=\"premium-modal-box-modal-title\">\n\t\t\t\t\t\t\t\t\tINFORMACI\u00d3 B\u00c0SICA DE PROTECCI\u00d3 DE DADES\t\t\t\t\t\t\t\t<\/h3>\n\t\t\t\t\t\t\t\t\t\t\t\t\t\t\t\t\t\t\t\t<\/div>\n\t\t\t\t\t\t\t\t\t\t<div class=\"premium-modal-box-modal-body\">\n\t\t\t\t\t\t\t\t\t\t\t\t\t<p><strong>Responsable del tractament:<\/strong> MARIA LUISA AZNAR SANCHEZ<\/p>\n<p>Finalitat del tractament: Gestionar les consultes plantejades i l&#8217;enviament de newsletters, comunicacions comercials i promocions.<\/p>\n<p><strong>Legitimaci\u00f3 del tractament:<\/strong> Inter\u00e8s leg\u00edtim i consentiment de l&#8217;interessat\/ada.<\/p>\n<p><strong>Conservaci\u00f3 de les dades:<\/strong> Es conservaran mentre hi hagi un inter\u00e8s mutu o durant el temps necessari per a complir les obligacions legals.<\/p>\n<p><strong>Destinataris:<\/strong> Prestadors de serveis o col\u00b7laboradors.<\/p>\n<p><strong>Drets:<\/strong> Dret a retirar el consentiment en qualsevol moment. Dret d&#8217;acc\u00e9s, rectificaci\u00f3, portabilitat i supressi\u00f3 de les dades, i limitaci\u00f3 o oposici\u00f3 al seu tractament. Dades de contacte per exercir els seus drets: aryatara@aryatara.es<\/p>\n<p><strong>Informaci\u00f3 addicional:<\/strong> Podeu consultar la informaci\u00f3 addicional a la nostra <a href=\"https:\/\/aryatara.es\/ca\/politica-de-privacitat\/\"><i><span style=\"font-weight: 400;\">Pol\u00edtica de Privadesa<\/span><\/i><\/a>.<\/p>\n\n\t\t\t\t\t\t\t\t\t\t\t<\/div>\n\t\t\t\t\t\t\t\t\t<\/div>\n\t\t\t<\/div>\n\t\t<\/div>\n\t\t\t\t\t\t<\/div>\n\t\t\t\t<\/div>\n\t\t\t\t\t<\/div>\n\t\t<\/div>\n\t\t\t\t\t<\/div>\n\t\t<\/section>\n\t\t\t\t<\/div>\n\t\t","protected":false},"excerpt":{"rendered":"<p>Meditaci\u00f3 Meditaci\u00f3 Mindfulness i neuroci\u00e8ncia Una porta oberta a viure amb plenitud Meditaci\u00f3 vipassana El retorn a la nostra veritable naturalesa Dharma Un aut\u00e8ntic cam\u00ed de transformaci\u00f3 Mindfulness i neuroci\u00e8ncia Una porta oberta a viure amb plenitud Meditaci\u00f3 vipassana El retorn a la nostra veritable naturalesa Dharma Un aut\u00e8ntic cam\u00ed de transformaci\u00f3 La clau de [&hellip;]<\/p>\n","protected":false},"author":1,"featured_media":16040,"parent":0,"menu_order":0,"comment_status":"closed","ping_status":"closed","template":"","meta":{"_uag_custom_page_level_css":"","site-sidebar-layout":"no-sidebar","site-content-layout":"page-builder","ast-site-content-layout":"full-width-container","site-content-style":"unboxed","site-sidebar-style":"unboxed","ast-global-header-display":"","ast-banner-title-visibility":"","ast-main-header-display":"","ast-hfb-above-header-display":"","ast-hfb-below-header-display":"","ast-hfb-mobile-header-display":"","site-post-title":"disabled","ast-breadcrumbs-content":"","ast-featured-img":"disabled","footer-sml-layout":"","ast-disable-related-posts":"","theme-transparent-header-meta":"enabled","adv-header-id-meta":"","stick-header-meta":"","header-above-stick-meta":"","header-main-stick-meta":"","header-below-stick-meta":"","astra-migrate-meta-layouts":"default","ast-page-background-enabled":"default","ast-page-background-meta":{"desktop":{"background-color":"","background-image":"","background-repeat":"repeat","background-position":"center center","background-size":"auto","background-attachment":"scroll","background-type":"","background-media":"","overlay-type":"","overlay-color":"","overlay-opacity":"","overlay-gradient":""},"tablet":{"background-color":"","background-image":"","background-repeat":"repeat","background-position":"center center","background-size":"auto","background-attachment":"scroll","background-type":"","background-media":"","overlay-type":"","overlay-color":"","overlay-opacity":"","overlay-gradient":""},"mobile":{"background-color":"","background-image":"","background-repeat":"repeat","background-position":"center center","background-size":"auto","background-attachment":"scroll","background-type":"","background-media":"","overlay-type":"","overlay-color":"","overlay-opacity":"","overlay-gradient":""}},"ast-content-background-meta":{"desktop":{"background-color":"var(--ast-global-color-5)","background-image":"","background-repeat":"repeat","background-position":"center center","background-size":"auto","background-attachment":"scroll","background-type":"","background-media":"","overlay-type":"","overlay-color":"","overlay-opacity":"","overlay-gradient":""},"tablet":{"background-color":"var(--ast-global-color-5)","background-image":"","background-repeat":"repeat","background-position":"center center","background-size":"auto","background-attachment":"scroll","background-type":"","background-media":"","overlay-type":"","overlay-color":"","overlay-opacity":"","overlay-gradient":""},"mobile":{"background-color":"var(--ast-global-color-5)","background-image":"","background-repeat":"repeat","background-position":"center center","background-size":"auto","background-attachment":"scroll","background-type":"","background-media":"","overlay-type":"","overlay-color":"","overlay-opacity":"","overlay-gradient":""}},"_joinchat":[],"footnotes":""},"class_list":["post-9389","page","type-page","status-publish","has-post-thumbnail","hentry"],"yoast_head":"<!-- This site is optimized with the Yoast SEO plugin v27.4 - https:\/\/yoast.com\/product\/yoast-seo-wordpress\/ -->\n<title>Cursos de meditaci\u00f3 i mindfulness - Arya Tara centre ioga<\/title>\n<meta name=\"description\" content=\"Cursos de meditaci\u00f3 i mindfulness on line i presencials a Lleida, aprendre meditaci\u00f3 samatha i vipassana\" \/>\n<meta name=\"robots\" content=\"index, follow, max-snippet:-1, max-image-preview:large, max-video-preview:-1\" \/>\n<link rel=\"canonical\" href=\"https:\/\/aryatara.es\/ca\/meditacio\/\" \/>\n<meta property=\"og:locale\" content=\"ca_ES\" \/>\n<meta property=\"og:type\" content=\"article\" \/>\n<meta property=\"og:title\" content=\"Cursos de meditaci\u00f3 i mindfulness - Arya Tara centre ioga\" \/>\n<meta property=\"og:description\" content=\"Cursos de meditaci\u00f3 i mindfulness on line i presencials a Lleida, aprendre meditaci\u00f3 samatha i vipassana\" \/>\n<meta property=\"og:url\" content=\"https:\/\/aryatara.es\/ca\/meditacio\/\" \/>\n<meta property=\"og:site_name\" content=\"Arya Tara, meditaci\u00f3n, mindfulness y yoga\" \/>\n<meta property=\"article:modified_time\" content=\"2024-10-18T10:38:04+00:00\" \/>\n<meta property=\"og:image\" content=\"https:\/\/aryatara.es\/wp-content\/uploads\/2022\/09\/meditacion-vipassana-online-presencial-arya-tara.jpg\" \/>\n\t<meta property=\"og:image:width\" content=\"300\" \/>\n\t<meta property=\"og:image:height\" content=\"196\" \/>\n\t<meta property=\"og:image:type\" content=\"image\/jpeg\" \/>\n<meta name=\"twitter:card\" content=\"summary_large_image\" \/>\n<meta name=\"twitter:title\" content=\"Cursos de meditaci\u00f3 i mindfulness - Arya Tara centre ioga\" \/>\n<meta name=\"twitter:description\" content=\"Cursos de meditaci\u00f3 i mindfulness on line i presencials a Lleida, aprendre meditaci\u00f3 samatha i vipassana\" \/>\n<meta name=\"twitter:label1\" content=\"Temps estimat de lectura\" \/>\n\t<meta name=\"twitter:data1\" content=\"3 minuts\" \/>\n<script type=\"application\/ld+json\" class=\"yoast-schema-graph\">{\"@context\":\"https:\\\/\\\/schema.org\",\"@graph\":[{\"@type\":\"WebPage\",\"@id\":\"https:\\\/\\\/aryatara.es\\\/ca\\\/meditacio\\\/\",\"url\":\"https:\\\/\\\/aryatara.es\\\/ca\\\/meditacio\\\/\",\"name\":\"Cursos de meditaci\u00f3 i mindfulness - Arya Tara centre ioga\",\"isPartOf\":{\"@id\":\"https:\\\/\\\/aryatara.es\\\/ca\\\/#website\"},\"primaryImageOfPage\":{\"@id\":\"https:\\\/\\\/aryatara.es\\\/ca\\\/meditacio\\\/#primaryimage\"},\"image\":{\"@id\":\"https:\\\/\\\/aryatara.es\\\/ca\\\/meditacio\\\/#primaryimage\"},\"thumbnailUrl\":\"https:\\\/\\\/aryatara.es\\\/wp-content\\\/uploads\\\/2022\\\/09\\\/meditacion-vipassana-online-presencial-arya-tara.jpg\",\"datePublished\":\"2022-08-18T17:50:34+00:00\",\"dateModified\":\"2024-10-18T10:38:04+00:00\",\"description\":\"Cursos de meditaci\u00f3 i mindfulness on line i presencials a Lleida, aprendre meditaci\u00f3 samatha i vipassana\",\"breadcrumb\":{\"@id\":\"https:\\\/\\\/aryatara.es\\\/ca\\\/meditacio\\\/#breadcrumb\"},\"inLanguage\":\"ca\",\"potentialAction\":[{\"@type\":\"ReadAction\",\"target\":[\"https:\\\/\\\/aryatara.es\\\/ca\\\/meditacio\\\/\"]}]},{\"@type\":\"ImageObject\",\"inLanguage\":\"ca\",\"@id\":\"https:\\\/\\\/aryatara.es\\\/ca\\\/meditacio\\\/#primaryimage\",\"url\":\"https:\\\/\\\/aryatara.es\\\/wp-content\\\/uploads\\\/2022\\\/09\\\/meditacion-vipassana-online-presencial-arya-tara.jpg\",\"contentUrl\":\"https:\\\/\\\/aryatara.es\\\/wp-content\\\/uploads\\\/2022\\\/09\\\/meditacion-vipassana-online-presencial-arya-tara.jpg\",\"width\":300,\"height\":196,\"caption\":\"ARYA TARA centro de yoga y potencial humano desde 1989. Clases de yoga consciente, meditaci\u00f3n y mindfulness online y presenciales.\"},{\"@type\":\"BreadcrumbList\",\"@id\":\"https:\\\/\\\/aryatara.es\\\/ca\\\/meditacio\\\/#breadcrumb\",\"itemListElement\":[{\"@type\":\"ListItem\",\"position\":1,\"name\":\"Portada\",\"item\":\"https:\\\/\\\/aryatara.es\\\/ca\\\/\"},{\"@type\":\"ListItem\",\"position\":2,\"name\":\"Meditaci\u00f3\"}]},{\"@type\":\"WebSite\",\"@id\":\"https:\\\/\\\/aryatara.es\\\/ca\\\/#website\",\"url\":\"https:\\\/\\\/aryatara.es\\\/ca\\\/\",\"name\":\"Arya Tara, meditaci\u00f3n, mindfulness y yoga en Lleida\",\"description\":\"Mindfulness, meditaci\u00f3n, yoga online y presencial en Lledia\",\"publisher\":{\"@id\":\"https:\\\/\\\/aryatara.es\\\/ca\\\/#organization\"},\"alternateName\":\"AryaTara\",\"potentialAction\":[{\"@type\":\"SearchAction\",\"target\":{\"@type\":\"EntryPoint\",\"urlTemplate\":\"https:\\\/\\\/aryatara.es\\\/ca\\\/?s={search_term_string}\"},\"query-input\":{\"@type\":\"PropertyValueSpecification\",\"valueRequired\":true,\"valueName\":\"search_term_string\"}}],\"inLanguage\":\"ca\"},{\"@type\":\"Organization\",\"@id\":\"https:\\\/\\\/aryatara.es\\\/ca\\\/#organization\",\"name\":\"Arya Tara, meditaci\u00f3n, mindfulness y yoga\",\"alternateName\":\"Yoga Lleida\",\"url\":\"https:\\\/\\\/aryatara.es\\\/ca\\\/\",\"logo\":{\"@type\":\"ImageObject\",\"inLanguage\":\"ca\",\"@id\":\"https:\\\/\\\/aryatara.es\\\/ca\\\/#\\\/schema\\\/logo\\\/image\\\/\",\"url\":\"https:\\\/\\\/aryatara.es\\\/wp-content\\\/uploads\\\/2022\\\/09\\\/logo-Arya-Tara-meditacio-ioga-mindfulness-online-presencial-Lleida-1.png\",\"contentUrl\":\"https:\\\/\\\/aryatara.es\\\/wp-content\\\/uploads\\\/2022\\\/09\\\/logo-Arya-Tara-meditacio-ioga-mindfulness-online-presencial-Lleida-1.png\",\"width\":633,\"height\":209,\"caption\":\"Arya Tara, meditaci\u00f3n, mindfulness y yoga\"},\"image\":{\"@id\":\"https:\\\/\\\/aryatara.es\\\/ca\\\/#\\\/schema\\\/logo\\\/image\\\/\"},\"sameAs\":[\"https:\\\/\\\/www.instagram.com\\\/aryataracenter\\\/\"]}]}<\/script>\n<!-- \/ Yoast SEO plugin. -->","yoast_head_json":{"title":"Cursos de meditaci\u00f3 i mindfulness - Arya Tara centre ioga","description":"Cursos de meditaci\u00f3 i mindfulness on line i presencials a Lleida, aprendre meditaci\u00f3 samatha i vipassana","robots":{"index":"index","follow":"follow","max-snippet":"max-snippet:-1","max-image-preview":"max-image-preview:large","max-video-preview":"max-video-preview:-1"},"canonical":"https:\/\/aryatara.es\/ca\/meditacio\/","og_locale":"ca_ES","og_type":"article","og_title":"Cursos de meditaci\u00f3 i mindfulness - Arya Tara centre ioga","og_description":"Cursos de meditaci\u00f3 i mindfulness on line i presencials a Lleida, aprendre meditaci\u00f3 samatha i vipassana","og_url":"https:\/\/aryatara.es\/ca\/meditacio\/","og_site_name":"Arya Tara, meditaci\u00f3n, mindfulness y yoga","article_modified_time":"2024-10-18T10:38:04+00:00","og_image":[{"width":300,"height":196,"url":"https:\/\/aryatara.es\/wp-content\/uploads\/2022\/09\/meditacion-vipassana-online-presencial-arya-tara.jpg","type":"image\/jpeg"}],"twitter_card":"summary_large_image","twitter_title":"Cursos de meditaci\u00f3 i mindfulness - Arya Tara centre ioga","twitter_description":"Cursos de meditaci\u00f3 i mindfulness on line i presencials a Lleida, aprendre meditaci\u00f3 samatha i vipassana","twitter_misc":{"Temps estimat de lectura":"3 minuts"},"schema":{"@context":"https:\/\/schema.org","@graph":[{"@type":"WebPage","@id":"https:\/\/aryatara.es\/ca\/meditacio\/","url":"https:\/\/aryatara.es\/ca\/meditacio\/","name":"Cursos de meditaci\u00f3 i mindfulness - Arya Tara centre ioga","isPartOf":{"@id":"https:\/\/aryatara.es\/ca\/#website"},"primaryImageOfPage":{"@id":"https:\/\/aryatara.es\/ca\/meditacio\/#primaryimage"},"image":{"@id":"https:\/\/aryatara.es\/ca\/meditacio\/#primaryimage"},"thumbnailUrl":"https:\/\/aryatara.es\/wp-content\/uploads\/2022\/09\/meditacion-vipassana-online-presencial-arya-tara.jpg","datePublished":"2022-08-18T17:50:34+00:00","dateModified":"2024-10-18T10:38:04+00:00","description":"Cursos de meditaci\u00f3 i mindfulness on line i presencials a Lleida, aprendre meditaci\u00f3 samatha i vipassana","breadcrumb":{"@id":"https:\/\/aryatara.es\/ca\/meditacio\/#breadcrumb"},"inLanguage":"ca","potentialAction":[{"@type":"ReadAction","target":["https:\/\/aryatara.es\/ca\/meditacio\/"]}]},{"@type":"ImageObject","inLanguage":"ca","@id":"https:\/\/aryatara.es\/ca\/meditacio\/#primaryimage","url":"https:\/\/aryatara.es\/wp-content\/uploads\/2022\/09\/meditacion-vipassana-online-presencial-arya-tara.jpg","contentUrl":"https:\/\/aryatara.es\/wp-content\/uploads\/2022\/09\/meditacion-vipassana-online-presencial-arya-tara.jpg","width":300,"height":196,"caption":"ARYA TARA centro de yoga y potencial humano desde 1989. Clases de yoga consciente, meditaci\u00f3n y mindfulness online y presenciales."},{"@type":"BreadcrumbList","@id":"https:\/\/aryatara.es\/ca\/meditacio\/#breadcrumb","itemListElement":[{"@type":"ListItem","position":1,"name":"Portada","item":"https:\/\/aryatara.es\/ca\/"},{"@type":"ListItem","position":2,"name":"Meditaci\u00f3"}]},{"@type":"WebSite","@id":"https:\/\/aryatara.es\/ca\/#website","url":"https:\/\/aryatara.es\/ca\/","name":"Arya Tara, meditaci\u00f3n, mindfulness y yoga en Lleida","description":"Mindfulness, meditaci\u00f3n, yoga online y presencial en Lledia","publisher":{"@id":"https:\/\/aryatara.es\/ca\/#organization"},"alternateName":"AryaTara","potentialAction":[{"@type":"SearchAction","target":{"@type":"EntryPoint","urlTemplate":"https:\/\/aryatara.es\/ca\/?s={search_term_string}"},"query-input":{"@type":"PropertyValueSpecification","valueRequired":true,"valueName":"search_term_string"}}],"inLanguage":"ca"},{"@type":"Organization","@id":"https:\/\/aryatara.es\/ca\/#organization","name":"Arya Tara, meditaci\u00f3n, mindfulness y yoga","alternateName":"Yoga Lleida","url":"https:\/\/aryatara.es\/ca\/","logo":{"@type":"ImageObject","inLanguage":"ca","@id":"https:\/\/aryatara.es\/ca\/#\/schema\/logo\/image\/","url":"https:\/\/aryatara.es\/wp-content\/uploads\/2022\/09\/logo-Arya-Tara-meditacio-ioga-mindfulness-online-presencial-Lleida-1.png","contentUrl":"https:\/\/aryatara.es\/wp-content\/uploads\/2022\/09\/logo-Arya-Tara-meditacio-ioga-mindfulness-online-presencial-Lleida-1.png","width":633,"height":209,"caption":"Arya Tara, meditaci\u00f3n, mindfulness y yoga"},"image":{"@id":"https:\/\/aryatara.es\/ca\/#\/schema\/logo\/image\/"},"sameAs":["https:\/\/www.instagram.com\/aryataracenter\/"]}]}},"uagb_featured_image_src":{"full":["https:\/\/aryatara.es\/wp-content\/uploads\/2022\/09\/meditacion-vipassana-online-presencial-arya-tara.jpg",300,196,false],"thumbnail":["https:\/\/aryatara.es\/wp-content\/uploads\/2022\/09\/meditacion-vipassana-online-presencial-arya-tara-150x150.jpg",150,150,true],"medium":["https:\/\/aryatara.es\/wp-content\/uploads\/2022\/09\/meditacion-vipassana-online-presencial-arya-tara.jpg",300,196,false],"medium_large":["https:\/\/aryatara.es\/wp-content\/uploads\/2022\/09\/meditacion-vipassana-online-presencial-arya-tara.jpg",300,196,false],"large":["https:\/\/aryatara.es\/wp-content\/uploads\/2022\/09\/meditacion-vipassana-online-presencial-arya-tara.jpg",300,196,false],"1536x1536":["https:\/\/aryatara.es\/wp-content\/uploads\/2022\/09\/meditacion-vipassana-online-presencial-arya-tara.jpg",300,196,false],"2048x2048":["https:\/\/aryatara.es\/wp-content\/uploads\/2022\/09\/meditacion-vipassana-online-presencial-arya-tara.jpg",300,196,false],"menu-thumb":["https:\/\/aryatara.es\/wp-content\/uploads\/2022\/09\/meditacion-vipassana-online-presencial-arya-tara.jpg",300,196,false]},"uagb_author_info":{"display_name":"admin","author_link":"https:\/\/aryatara.es\/ca\/author\/admin\/"},"uagb_comment_info":0,"uagb_excerpt":"Meditaci\u00f3 Meditaci\u00f3 Mindfulness i neuroci\u00e8ncia Una porta oberta a viure amb plenitud Meditaci\u00f3 vipassana El retorn a la nostra veritable naturalesa Dharma Un aut\u00e8ntic cam\u00ed de transformaci\u00f3 Mindfulness i neuroci\u00e8ncia Una porta oberta a viure amb plenitud Meditaci\u00f3 vipassana El retorn a la nostra veritable naturalesa Dharma Un aut\u00e8ntic cam\u00ed de transformaci\u00f3 La clau de&hellip;","_links":{"self":[{"href":"https:\/\/aryatara.es\/ca\/wp-json\/wp\/v2\/pages\/9389","targetHints":{"allow":["GET"]}}],"collection":[{"href":"https:\/\/aryatara.es\/ca\/wp-json\/wp\/v2\/pages"}],"about":[{"href":"https:\/\/aryatara.es\/ca\/wp-json\/wp\/v2\/types\/page"}],"author":[{"embeddable":true,"href":"https:\/\/aryatara.es\/ca\/wp-json\/wp\/v2\/users\/1"}],"replies":[{"embeddable":true,"href":"https:\/\/aryatara.es\/ca\/wp-json\/wp\/v2\/comments?post=9389"}],"version-history":[{"count":15,"href":"https:\/\/aryatara.es\/ca\/wp-json\/wp\/v2\/pages\/9389\/revisions"}],"predecessor-version":[{"id":28302,"href":"https:\/\/aryatara.es\/ca\/wp-json\/wp\/v2\/pages\/9389\/revisions\/28302"}],"wp:featuredmedia":[{"embeddable":true,"href":"https:\/\/aryatara.es\/ca\/wp-json\/wp\/v2\/media\/16040"}],"wp:attachment":[{"href":"https:\/\/aryatara.es\/ca\/wp-json\/wp\/v2\/media?parent=9389"}],"curies":[{"name":"wp","href":"https:\/\/api.w.org\/{rel}","templated":true}]}}