{"id":29734,"date":"2025-10-09T16:39:32","date_gmt":"2025-10-09T16:39:32","guid":{"rendered":"https:\/\/aryatara.es\/meditacio-en-el-museu-de-lleida\/"},"modified":"2026-01-08T12:58:23","modified_gmt":"2026-01-08T12:58:23","slug":"meditacio-en-el-museu-de-lleida","status":"publish","type":"page","link":"https:\/\/aryatara.es\/ca\/meditacio-en-el-museu-de-lleida\/","title":{"rendered":"Meditaci\u00f3 al Museu de Lleida"},"content":{"rendered":"\t\t<div data-elementor-type=\"wp-page\" data-elementor-id=\"29734\" class=\"elementor elementor-29734 elementor-29529\">\n\t\t\t\t\t\t<section class=\"elementor-section elementor-top-section elementor-element elementor-element-e1p3sys elementor-hidden-mobile elementor-section-boxed elementor-section-height-default elementor-section-height-default\" data-id=\"e1p3sys\" data-element_type=\"section\" data-e-type=\"section\" data-settings=\"{&quot;background_background&quot;:&quot;classic&quot;}\">\n\t\t\t\t\t\t\t<div class=\"elementor-background-overlay\"><\/div>\n\t\t\t\t\t\t\t<div class=\"elementor-container elementor-column-gap-no\">\n\t\t\t\t\t<div class=\"elementor-column elementor-col-100 elementor-top-column elementor-element elementor-element-4cce031\" data-id=\"4cce031\" data-element_type=\"column\" data-e-type=\"column\">\n\t\t\t<div class=\"elementor-widget-wrap elementor-element-populated\">\n\t\t\t\t\t\t<div class=\"elementor-element elementor-element-86025fb elementor-widget elementor-widget-heading\" data-id=\"86025fb\" data-element_type=\"widget\" data-e-type=\"widget\" data-widget_type=\"heading.default\">\n\t\t\t\t<div class=\"elementor-widget-container\">\n\t\t\t\t\t<h1 class=\"elementor-heading-title elementor-size-default\">Meditaci\u00f3 al Museu de Lleida<\/h1>\t\t\t\t<\/div>\n\t\t\t\t<\/div>\n\t\t\t\t\t<\/div>\n\t\t<\/div>\n\t\t\t\t\t<\/div>\n\t\t<\/section>\n\t\t\t\t<section class=\"elementor-section elementor-top-section elementor-element elementor-element-db2a494 elementor-hidden-desktop elementor-hidden-tablet elementor-section-boxed elementor-section-height-default elementor-section-height-default\" data-id=\"db2a494\" data-element_type=\"section\" data-e-type=\"section\" data-settings=\"{&quot;background_background&quot;:&quot;classic&quot;}\">\n\t\t\t\t\t\t\t<div class=\"elementor-background-overlay\"><\/div>\n\t\t\t\t\t\t\t<div class=\"elementor-container elementor-column-gap-no\">\n\t\t\t\t\t<div class=\"elementor-column elementor-col-100 elementor-top-column elementor-element elementor-element-43f0bc3\" data-id=\"43f0bc3\" data-element_type=\"column\" data-e-type=\"column\">\n\t\t\t<div class=\"elementor-widget-wrap elementor-element-populated\">\n\t\t\t\t\t\t<div class=\"elementor-element elementor-element-acc6dba elementor-widget elementor-widget-heading\" data-id=\"acc6dba\" data-element_type=\"widget\" data-e-type=\"widget\" data-widget_type=\"heading.default\">\n\t\t\t\t<div class=\"elementor-widget-container\">\n\t\t\t\t\t<h1 class=\"elementor-heading-title elementor-size-xl\">Meditaci\u00f3 al Museu de Lleida<\/h1>\t\t\t\t<\/div>\n\t\t\t\t<\/div>\n\t\t\t\t\t<\/div>\n\t\t<\/div>\n\t\t\t\t\t<\/div>\n\t\t<\/section>\n\t\t\t\t<section class=\"elementor-section elementor-top-section elementor-element elementor-element-wf2z48u elementor-section-boxed elementor-section-height-default elementor-section-height-default\" data-id=\"wf2z48u\" data-element_type=\"section\" data-e-type=\"section\" data-settings=\"{&quot;background_background&quot;:&quot;classic&quot;}\">\n\t\t\t\t\t\t\t<div class=\"elementor-background-overlay\"><\/div>\n\t\t\t\t\t\t\t<div class=\"elementor-container elementor-column-gap-default\">\n\t\t\t\t\t<div class=\"elementor-column elementor-col-100 elementor-top-column elementor-element elementor-element-52a255f1\" data-id=\"52a255f1\" data-element_type=\"column\" data-e-type=\"column\">\n\t\t\t<div class=\"elementor-widget-wrap elementor-element-populated\">\n\t\t\t\t\t\t<div class=\"elementor-element elementor-element-110fbd5 elementor-widget-tablet__width-initial elementor-invisible elementor-widget elementor-widget-heading\" data-id=\"110fbd5\" data-element_type=\"widget\" data-e-type=\"widget\" data-settings=\"{&quot;_animation&quot;:&quot;fadeIn&quot;,&quot;_animation_delay&quot;:600}\" data-widget_type=\"heading.default\">\n\t\t\t\t<div class=\"elementor-widget-container\">\n\t\t\t\t\t<h1 class=\"elementor-heading-title elementor-size-default\">Una experi\u00e8ncia \u00fanica que uneix l'art i la consci\u00e8ncia<\/h1>\t\t\t\t<\/div>\n\t\t\t\t<\/div>\n\t\t\t\t\t<\/div>\n\t\t<\/div>\n\t\t\t\t\t<\/div>\n\t\t<\/section>\n\t\t\t\t<section class=\"elementor-section elementor-top-section elementor-element elementor-element-mn793ls elementor-section-boxed elementor-section-height-default elementor-section-height-default\" data-id=\"mn793ls\" data-element_type=\"section\" data-e-type=\"section\">\n\t\t\t\t\t\t<div class=\"elementor-container elementor-column-gap-default\">\n\t\t\t\t\t<div class=\"elementor-column elementor-col-100 elementor-top-column elementor-element elementor-element-31f86f84\" data-id=\"31f86f84\" data-element_type=\"column\" data-e-type=\"column\">\n\t\t\t<div class=\"elementor-widget-wrap elementor-element-populated\">\n\t\t\t\t\t\t<div class=\"elementor-element elementor-element-07484f0 elementor-widget elementor-widget-text-editor\" data-id=\"07484f0\" data-element_type=\"widget\" data-e-type=\"widget\" data-widget_type=\"text-editor.default\">\n\t\t\t\t<div class=\"elementor-widget-container\">\n\t\t\t\t\t\t\t\t\t<p>La tardor de 2025 vam gaudir d\u2019un cicle excepcional de meditaci\u00f3 al Museu de Lleida, en el marc de l\u2019exposici\u00f3 \u201cOrigen\u201d. Van ser tres sessions exclusives, guiades per Lama Yeshe Ch\u00f6dr\u00f6n, en di\u00e0leg amb diferents artistes i en l\u2019espai on estava exposada<strong> <em>Albion<\/em>, de Matt Collishaw<\/strong>, una evocadora obra carregada de poesia visual i pot\u00e8ncia simb\u00f2lica. <\/p>\t\t\t\t\t\t\t\t<\/div>\n\t\t\t\t<\/div>\n\t\t\t\t\t<\/div>\n\t\t<\/div>\n\t\t\t\t\t<\/div>\n\t\t<\/section>\n\t\t\t\t<section class=\"elementor-section elementor-top-section elementor-element elementor-element-4799456 elementor-section-content-middle elementor-section-boxed elementor-section-height-default elementor-section-height-default\" data-id=\"4799456\" data-element_type=\"section\" data-e-type=\"section\" data-settings=\"{&quot;background_background&quot;:&quot;classic&quot;}\">\n\t\t\t\t\t\t<div class=\"elementor-container elementor-column-gap-default\">\n\t\t\t\t\t<div class=\"elementor-column elementor-col-50 elementor-top-column elementor-element elementor-element-7964b7b\" data-id=\"7964b7b\" data-element_type=\"column\" data-e-type=\"column\">\n\t\t\t<div class=\"elementor-widget-wrap elementor-element-populated\">\n\t\t\t\t\t\t<div class=\"elementor-element elementor-element-63f94ab elementor-widget elementor-widget-heading\" data-id=\"63f94ab\" data-element_type=\"widget\" data-e-type=\"widget\" data-widget_type=\"heading.default\">\n\t\t\t\t<div class=\"elementor-widget-container\">\n\t\t\t\t\t<h2 class=\"elementor-heading-title elementor-size-default\">Meditaci\u00f3 i m\u00fasica<\/h2>\t\t\t\t<\/div>\n\t\t\t\t<\/div>\n\t\t\t\t<div class=\"elementor-element elementor-element-e964d5e elementor-widget elementor-widget-heading\" data-id=\"e964d5e\" data-element_type=\"widget\" data-e-type=\"widget\" data-widget_type=\"heading.default\">\n\t\t\t\t<div class=\"elementor-widget-container\">\n\t\t\t\t\t<h5 class=\"elementor-heading-title elementor-size-default\">23 d'octubre \n<\/h5>\t\t\t\t<\/div>\n\t\t\t\t<\/div>\n\t\t\t\t<div class=\"elementor-element elementor-element-b4a3887 elementor-widget elementor-widget-text-editor\" data-id=\"b4a3887\" data-element_type=\"widget\" data-e-type=\"widget\" data-widget_type=\"text-editor.default\">\n\t\t\t\t<div class=\"elementor-widget-container\">\n\t\t\t\t\t\t\t\t\t<p>La primera sessi\u00f3 del cicle va ser una experi\u00e8ncia de gran profunditat meditativa.<\/p><p>La m\u00fasica en directe, juntament amb la pres\u00e8ncia d\u2019<em>Albion<\/em> i les paraules de Lama Yeshe Ch\u00f6dr\u00f6n, va crear una atmosfera molt especial que va convidar a la introspecci\u00f3 i la interioritzaci\u00f3.<\/p><p>La sensibilitat moderna i innovadora amb la qual Adri\u00e0 Grandia toca la viola de roda, un instrument d&#8217;origen medieval, va immergir els assistents en els seus paisatges sonors. La m\u00fasica es va convertir en un suport per a la pr\u00e0ctica meditativa, generant un clima d&#8217;introspecci\u00f3 compartida i de connexi\u00f3 profunda amb un mateix, amb el grup i amb la pres\u00e8ncia d\u2019<em>Albion<\/em>. <\/p><p>Va ser una trobada intensa i emotiva, en la qual l&#8217;art i la meditaci\u00f3 es van fondre en una experi\u00e8ncia \u00fanica.<\/p>\t\t\t\t\t\t\t\t<\/div>\n\t\t\t\t<\/div>\n\t\t\t\t\t<\/div>\n\t\t<\/div>\n\t\t\t\t<div class=\"elementor-column elementor-col-50 elementor-top-column elementor-element elementor-element-bd6cbad\" data-id=\"bd6cbad\" data-element_type=\"column\" data-e-type=\"column\">\n\t\t\t<div class=\"elementor-widget-wrap elementor-element-populated\">\n\t\t\t\t\t\t<div class=\"elementor-element elementor-element-124d3a9 pa-carousel-gallery pa-carousel-horizontal elementor-widget elementor-widget-premium-carousel-widget\" data-id=\"124d3a9\" data-element_type=\"widget\" data-e-type=\"widget\" data-widget_type=\"premium-carousel-widget.default\">\n\t\t\t\t<div class=\"elementor-widget-container\">\n\t\t\t\t\t\t\t<div id=\"premium-carousel-wrapper-124d3a9\" class=\"premium-carousel-wrapper premium-carousel-hidden carousel-wrapper-124d3a9  premium-carousel-dots-below\" data-settings=\"{&quot;vertical&quot;:false,&quot;appearance&quot;:&quot;all&quot;,&quot;slidesToShow&quot;:1,&quot;infinite&quot;:true,&quot;speed&quot;:500,&quot;fade&quot;:false,&quot;autoplay&quot;:true,&quot;autoplaySpeed&quot;:5000,&quot;draggable&quot;:true,&quot;touchMove&quot;:true,&quot;adaptiveHeight&quot;:false,&quot;variableWidth&quot;:false,&quot;cssEase&quot;:&quot;ease&quot;,&quot;pauseOnHover&quot;:false,&quot;centerMode&quot;:false,&quot;arrows&quot;:false,&quot;dots&quot;:true,&quot;slidesDesk&quot;:1,&quot;slidesTab&quot;:1,&quot;slidesMob&quot;:1,&quot;animation&quot;:&quot;null&quot;,&quot;tabletBreak&quot;:1025,&quot;mobileBreak&quot;:768,&quot;navigation&quot;:[],&quot;carouselNavigation&quot;:&quot;dots&quot;,&quot;templatesNumber&quot;:3,&quot;hasNavSlider&quot;:false,&quot;mouseTilt&quot;:false,&quot;mouseTiltRev&quot;:false}\">\n\t\t\t<!-- Dots -->\n\t\t\t\t\t\t\t<div class=\"premium-carousel-nav-dot\">\n\t\t\t\t\t\t\t\t\t\t\t\t<i class=\"fas fa-circle\" aria-hidden=\"true\"><\/i>\n\t\t\t\t\t\t\t\t\t\t<\/div>\n\t\t\t\n\t\t\t\n\t\t\t<!-- Main Slides -->\n\t\t\t<div id=\"premium-carousel-124d3a9\" class=\"premium-carousel-inner\">\n\t\t\t\t\t\t\t\t\t\t<div class=\"premium-carousel-template item-wrapper\" >\n\t\t\t\t\t\t\t\n\t\t\t\t\t\t\t\t\t\t\t\t\t\t\t\t\t\t<img decoding=\"async\" src=\"https:\/\/aryatara.es\/wp-content\/uploads\/2026\/01\/Museu-de-Lleida-Arya-Tara-1.webp\" alt=\"Museu de Lleida - Arya Tara 1\">\n\t\t\t\t\t\t\t\t\t\t\t\t\t\t\t\t\t\t\n\t\t\t\t\t\t\t\t\t\t\t\t\t<\/div>\n\t\t\t\t\t\t\t\t\t\t\t\t<div class=\"premium-carousel-template item-wrapper\" >\n\t\t\t\t\t\t\t\n\t\t\t\t\t\t\t\t\t\t\t\t\t\t\t\t\t\t<img decoding=\"async\" src=\"https:\/\/aryatara.es\/wp-content\/uploads\/2026\/01\/Museu-de-Lleida-Arya-Tara-2.webp\" alt=\"Museu de Lleida - Arya Tara 2\">\n\t\t\t\t\t\t\t\t\t\t\t\t\t\t\t\t\t\t\n\t\t\t\t\t\t\t\t\t\t\t\t\t<\/div>\n\t\t\t\t\t\t\t\t\t\t\t\t<div class=\"premium-carousel-template item-wrapper\" >\n\t\t\t\t\t\t\t\n\t\t\t\t\t\t\t\t\t\t\t\t\t\t\t\t\t\t<img decoding=\"async\" src=\"https:\/\/aryatara.es\/wp-content\/uploads\/2026\/01\/Museu-de-Lleida-Arya-Tara-3.webp\" alt=\"Museu de Lleida - Arya Tara 3\">\n\t\t\t\t\t\t\t\t\t\t\t\t\t\t\t\t\t\t\n\t\t\t\t\t\t\t\t\t\t\t\t\t<\/div>\n\t\t\t\t\t\t\t\t\t<\/div>\n\n\t\t\t\n\t\t\t\n\t\t\t\t\t<\/div>\n\t\t\t\t\t\t<\/div>\n\t\t\t\t<\/div>\n\t\t\t\t\t<\/div>\n\t\t<\/div>\n\t\t\t\t\t<\/div>\n\t\t<\/section>\n\t\t\t\t<section class=\"elementor-section elementor-top-section elementor-element elementor-element-66ba0e3 elementor-reverse-mobile elementor-section-content-middle elementor-section-boxed elementor-section-height-default elementor-section-height-default\" data-id=\"66ba0e3\" data-element_type=\"section\" data-e-type=\"section\" data-settings=\"{&quot;background_background&quot;:&quot;classic&quot;}\">\n\t\t\t\t\t\t<div class=\"elementor-container elementor-column-gap-default\">\n\t\t\t\t\t<div class=\"elementor-column elementor-col-50 elementor-top-column elementor-element elementor-element-91a5e94\" data-id=\"91a5e94\" data-element_type=\"column\" data-e-type=\"column\">\n\t\t\t<div class=\"elementor-widget-wrap elementor-element-populated\">\n\t\t\t\t\t\t<div class=\"elementor-element elementor-element-7c72675 pa-carousel-gallery pa-carousel-horizontal elementor-widget elementor-widget-premium-carousel-widget\" data-id=\"7c72675\" data-element_type=\"widget\" data-e-type=\"widget\" data-widget_type=\"premium-carousel-widget.default\">\n\t\t\t\t<div class=\"elementor-widget-container\">\n\t\t\t\t\t\t\t<div id=\"premium-carousel-wrapper-7c72675\" class=\"premium-carousel-wrapper premium-carousel-hidden carousel-wrapper-7c72675  premium-carousel-dots-below\" data-settings=\"{&quot;vertical&quot;:false,&quot;appearance&quot;:&quot;all&quot;,&quot;slidesToShow&quot;:1,&quot;infinite&quot;:true,&quot;speed&quot;:500,&quot;fade&quot;:false,&quot;autoplay&quot;:true,&quot;autoplaySpeed&quot;:5000,&quot;draggable&quot;:true,&quot;touchMove&quot;:true,&quot;adaptiveHeight&quot;:false,&quot;variableWidth&quot;:false,&quot;cssEase&quot;:&quot;ease&quot;,&quot;pauseOnHover&quot;:false,&quot;centerMode&quot;:false,&quot;arrows&quot;:false,&quot;dots&quot;:true,&quot;slidesDesk&quot;:1,&quot;slidesTab&quot;:1,&quot;slidesMob&quot;:1,&quot;animation&quot;:&quot;null&quot;,&quot;tabletBreak&quot;:1025,&quot;mobileBreak&quot;:768,&quot;navigation&quot;:[],&quot;carouselNavigation&quot;:&quot;dots&quot;,&quot;templatesNumber&quot;:3,&quot;hasNavSlider&quot;:false,&quot;mouseTilt&quot;:false,&quot;mouseTiltRev&quot;:false}\">\n\t\t\t<!-- Dots -->\n\t\t\t\t\t\t\t<div class=\"premium-carousel-nav-dot\">\n\t\t\t\t\t\t\t\t\t\t\t\t<i class=\"fas fa-circle\" aria-hidden=\"true\"><\/i>\n\t\t\t\t\t\t\t\t\t\t<\/div>\n\t\t\t\n\t\t\t\n\t\t\t<!-- Main Slides -->\n\t\t\t<div id=\"premium-carousel-7c72675\" class=\"premium-carousel-inner\">\n\t\t\t\t\t\t\t\t\t\t<div class=\"premium-carousel-template item-wrapper\" >\n\t\t\t\t\t\t\t\n\t\t\t\t\t\t\t\t\t\t\t\t\t\t\t\t\t\t<img decoding=\"async\" src=\"https:\/\/aryatara.es\/wp-content\/uploads\/2026\/01\/Museu-de-Lleida-Arya-Tara-5-scaled.webp\" alt=\"Museu de Lleida - Arya Tara 5\">\n\t\t\t\t\t\t\t\t\t\t\t\t\t\t\t\t\t\t\n\t\t\t\t\t\t\t\t\t\t\t\t\t<\/div>\n\t\t\t\t\t\t\t\t\t\t\t\t<div class=\"premium-carousel-template item-wrapper\" >\n\t\t\t\t\t\t\t\n\t\t\t\t\t\t\t\t\t\t\t\t\t\t\t\t\t\t<img decoding=\"async\" src=\"https:\/\/aryatara.es\/wp-content\/uploads\/2026\/01\/Museu-de-Lleida-Arya-Tara-8-scaled.webp\" alt=\"Museu de Lleida - Arya Tara 8\">\n\t\t\t\t\t\t\t\t\t\t\t\t\t\t\t\t\t\t\n\t\t\t\t\t\t\t\t\t\t\t\t\t<\/div>\n\t\t\t\t\t\t\t\t\t\t\t\t<div class=\"premium-carousel-template item-wrapper\" >\n\t\t\t\t\t\t\t\n\t\t\t\t\t\t\t\t\t\t\t\t\t\t\t\t\t\t<img decoding=\"async\" src=\"https:\/\/aryatara.es\/wp-content\/uploads\/2026\/01\/Museu-de-Lleida-Arya-Tara-7-scaled.webp\" alt=\"Museu de Lleida - Arya Tara 7\">\n\t\t\t\t\t\t\t\t\t\t\t\t\t\t\t\t\t\t\n\t\t\t\t\t\t\t\t\t\t\t\t\t<\/div>\n\t\t\t\t\t\t\t\t\t<\/div>\n\n\t\t\t\n\t\t\t\n\t\t\t\t\t<\/div>\n\t\t\t\t\t\t<\/div>\n\t\t\t\t<\/div>\n\t\t\t\t\t<\/div>\n\t\t<\/div>\n\t\t\t\t<div class=\"elementor-column elementor-col-50 elementor-top-column elementor-element elementor-element-8ec4f36\" data-id=\"8ec4f36\" data-element_type=\"column\" data-e-type=\"column\">\n\t\t\t<div class=\"elementor-widget-wrap elementor-element-populated\">\n\t\t\t\t\t\t<div class=\"elementor-element elementor-element-379ef7b elementor-widget elementor-widget-heading\" data-id=\"379ef7b\" data-element_type=\"widget\" data-e-type=\"widget\" data-widget_type=\"heading.default\">\n\t\t\t\t<div class=\"elementor-widget-container\">\n\t\t\t\t\t<h2 class=\"elementor-heading-title elementor-size-default\">Meditaci\u00f3 en moviment<\/h2>\t\t\t\t<\/div>\n\t\t\t\t<\/div>\n\t\t\t\t<div class=\"elementor-element elementor-element-b80b680 elementor-widget elementor-widget-heading\" data-id=\"b80b680\" data-element_type=\"widget\" data-e-type=\"widget\" data-widget_type=\"heading.default\">\n\t\t\t\t<div class=\"elementor-widget-container\">\n\t\t\t\t\t<h5 class=\"elementor-heading-title elementor-size-default\">26 de novembre <\/h5>\t\t\t\t<\/div>\n\t\t\t\t<\/div>\n\t\t\t\t<div class=\"elementor-element elementor-element-55d8adb elementor-widget elementor-widget-text-editor\" data-id=\"55d8adb\" data-element_type=\"widget\" data-e-type=\"widget\" data-widget_type=\"text-editor.default\">\n\t\t\t\t<div class=\"elementor-widget-container\">\n\t\t\t\t\t\t\t\t\t<p>La segona sessi\u00f3 va explorar la meditaci\u00f3 a trav\u00e9s del cos i el moviment conscient.<\/p><p>Seguint la guia de Lama Yeshe Ch\u00f6dr\u00f6n, el cos va prendre protagonisme com a punt d&#8217;ancoratge per a l&#8217;atenci\u00f3 plena, combinant moviments suaus, moments de quietud i meditacions guiades.<\/p><p>Al llarg de la sessi\u00f3, ens vam vincular de manera conscient amb el cos i amb la pres\u00e8ncia d\u2019<em>Albion<\/em>, connectant amb les qualitats arb\u00f2riques que tamb\u00e9 habiten en nosaltres: \u00e9ssers arrelats a la terra i, al mateix temps, oberts al cel.<\/p><p>Va ser una proposta variada i sorprenent que va donar lloc a una experi\u00e8ncia especialment viva, creativa i transformadora.<\/p>\t\t\t\t\t\t\t\t<\/div>\n\t\t\t\t<\/div>\n\t\t\t\t\t<\/div>\n\t\t<\/div>\n\t\t\t\t\t<\/div>\n\t\t<\/section>\n\t\t\t\t<section class=\"elementor-section elementor-top-section elementor-element elementor-element-c2f54ce elementor-section-content-middle elementor-section-boxed elementor-section-height-default elementor-section-height-default\" data-id=\"c2f54ce\" data-element_type=\"section\" data-e-type=\"section\" data-settings=\"{&quot;background_background&quot;:&quot;classic&quot;}\">\n\t\t\t\t\t\t<div class=\"elementor-container elementor-column-gap-default\">\n\t\t\t\t\t<div class=\"elementor-column elementor-col-50 elementor-top-column elementor-element elementor-element-8ccb5be\" data-id=\"8ccb5be\" data-element_type=\"column\" data-e-type=\"column\">\n\t\t\t<div class=\"elementor-widget-wrap elementor-element-populated\">\n\t\t\t\t\t\t<div class=\"elementor-element elementor-element-fd3c196 elementor-widget elementor-widget-heading\" data-id=\"fd3c196\" data-element_type=\"widget\" data-e-type=\"widget\" data-widget_type=\"heading.default\">\n\t\t\t\t<div class=\"elementor-widget-container\">\n\t\t\t\t\t<h2 class=\"elementor-heading-title elementor-size-default\">Meditaci\u00f3 i poesia<\/h2>\t\t\t\t<\/div>\n\t\t\t\t<\/div>\n\t\t\t\t<div class=\"elementor-element elementor-element-7f78ca1 elementor-widget elementor-widget-heading\" data-id=\"7f78ca1\" data-element_type=\"widget\" data-e-type=\"widget\" data-widget_type=\"heading.default\">\n\t\t\t\t<div class=\"elementor-widget-container\">\n\t\t\t\t\t<h5 class=\"elementor-heading-title elementor-size-default\">18 de desembre <\/h5>\t\t\t\t<\/div>\n\t\t\t\t<\/div>\n\t\t\t\t<div class=\"elementor-element elementor-element-531643a elementor-widget elementor-widget-text-editor\" data-id=\"531643a\" data-element_type=\"widget\" data-e-type=\"widget\" data-widget_type=\"text-editor.default\">\n\t\t\t\t<div class=\"elementor-widget-container\">\n\t\t\t\t\t\t\t\t\t<p>La tercera i \u00faltima sessi\u00f3 del cicle va tenir un car\u00e0cter marcadament art\u00edstic i creatiu.<\/p><p>La pr\u00e0ctica de meditaci\u00f3 guiada per Lama Yeshe Ch\u00f6dr\u00f6n es va entrella\u00e7ar amb la veu de la poeta Laia Noguera, que va llegir poemes propis i d&#8217;altres autors entorn de la figura de l&#8217;arbre i a les seves profundes dimensions simb\u00f2liques.<\/p><p>La lectura de poemes en diferents lleng\u00fces en l&#8217;atmosfera m\u00e0gica d\u2019<em>Albion<\/em> va obrir un espai d&#8217;escolta m\u00e9s enll\u00e0 de l&#8217;intel\u00b7lecte, en el qual la sonoritat de les paraules, el silenci i la meditaci\u00f3 es van anar alternant i enriquint m\u00fatuament.<\/p><p>Va ser un tancament excepcional per al cicle, en plena avantsala de Nadal, que va deixar una petjada profunda en les persones assistents.<\/p>\t\t\t\t\t\t\t\t<\/div>\n\t\t\t\t<\/div>\n\t\t\t\t\t<\/div>\n\t\t<\/div>\n\t\t\t\t<div class=\"elementor-column elementor-col-50 elementor-top-column elementor-element elementor-element-819bfc8\" data-id=\"819bfc8\" data-element_type=\"column\" data-e-type=\"column\">\n\t\t\t<div class=\"elementor-widget-wrap elementor-element-populated\">\n\t\t\t\t\t\t<div class=\"elementor-element elementor-element-141f7f9 pa-carousel-gallery pa-carousel-horizontal elementor-widget elementor-widget-premium-carousel-widget\" data-id=\"141f7f9\" data-element_type=\"widget\" data-e-type=\"widget\" data-widget_type=\"premium-carousel-widget.default\">\n\t\t\t\t<div class=\"elementor-widget-container\">\n\t\t\t\t\t\t\t<div id=\"premium-carousel-wrapper-141f7f9\" class=\"premium-carousel-wrapper premium-carousel-hidden carousel-wrapper-141f7f9  premium-carousel-dots-below\" data-settings=\"{&quot;vertical&quot;:false,&quot;appearance&quot;:&quot;all&quot;,&quot;slidesToShow&quot;:1,&quot;infinite&quot;:true,&quot;speed&quot;:500,&quot;fade&quot;:false,&quot;autoplay&quot;:true,&quot;autoplaySpeed&quot;:5000,&quot;draggable&quot;:true,&quot;touchMove&quot;:true,&quot;adaptiveHeight&quot;:false,&quot;variableWidth&quot;:false,&quot;cssEase&quot;:&quot;ease&quot;,&quot;pauseOnHover&quot;:false,&quot;centerMode&quot;:false,&quot;arrows&quot;:false,&quot;dots&quot;:true,&quot;slidesDesk&quot;:1,&quot;slidesTab&quot;:1,&quot;slidesMob&quot;:1,&quot;animation&quot;:&quot;null&quot;,&quot;tabletBreak&quot;:1025,&quot;mobileBreak&quot;:768,&quot;navigation&quot;:[],&quot;carouselNavigation&quot;:&quot;dots&quot;,&quot;templatesNumber&quot;:3,&quot;hasNavSlider&quot;:false,&quot;mouseTilt&quot;:false,&quot;mouseTiltRev&quot;:false}\">\n\t\t\t<!-- Dots -->\n\t\t\t\t\t\t\t<div class=\"premium-carousel-nav-dot\">\n\t\t\t\t\t\t\t\t\t\t\t\t<i class=\"fas fa-circle\" aria-hidden=\"true\"><\/i>\n\t\t\t\t\t\t\t\t\t\t<\/div>\n\t\t\t\n\t\t\t\n\t\t\t<!-- Main Slides -->\n\t\t\t<div id=\"premium-carousel-141f7f9\" class=\"premium-carousel-inner\">\n\t\t\t\t\t\t\t\t\t\t<div class=\"premium-carousel-template item-wrapper\" >\n\t\t\t\t\t\t\t\n\t\t\t\t\t\t\t\t\t\t\t\t\t\t\t\t\t\t<img decoding=\"async\" src=\"https:\/\/aryatara.es\/wp-content\/uploads\/2026\/01\/Museu-de-Lleida-Arya-Tara-11.webp\" alt=\"Museu de Lleida - Arya Tara 11\">\n\t\t\t\t\t\t\t\t\t\t\t\t\t\t\t\t\t\t\n\t\t\t\t\t\t\t\t\t\t\t\t\t<\/div>\n\t\t\t\t\t\t\t\t\t\t\t\t<div class=\"premium-carousel-template item-wrapper\" >\n\t\t\t\t\t\t\t\n\t\t\t\t\t\t\t\t\t\t\t\t\t\t\t\t\t\t<img decoding=\"async\" src=\"https:\/\/aryatara.es\/wp-content\/uploads\/2026\/01\/Museu-de-Lleida-Arya-Tara-10.webp\" alt=\"Museu de Lleida - Arya Tara 10\">\n\t\t\t\t\t\t\t\t\t\t\t\t\t\t\t\t\t\t\n\t\t\t\t\t\t\t\t\t\t\t\t\t<\/div>\n\t\t\t\t\t\t\t\t\t\t\t\t<div class=\"premium-carousel-template item-wrapper\" >\n\t\t\t\t\t\t\t\n\t\t\t\t\t\t\t\t\t\t\t\t\t\t\t\t\t\t<img decoding=\"async\" src=\"https:\/\/aryatara.es\/wp-content\/uploads\/2026\/01\/Museu-de-Lleida-Arya-Tara-9.webp\" alt=\"Museu de Lleida - Arya Tara 9\">\n\t\t\t\t\t\t\t\t\t\t\t\t\t\t\t\t\t\t\n\t\t\t\t\t\t\t\t\t\t\t\t\t<\/div>\n\t\t\t\t\t\t\t\t\t<\/div>\n\n\t\t\t\n\t\t\t\n\t\t\t\t\t<\/div>\n\t\t\t\t\t\t<\/div>\n\t\t\t\t<\/div>\n\t\t\t\t\t<\/div>\n\t\t<\/div>\n\t\t\t\t\t<\/div>\n\t\t<\/section>\n\t\t\t\t<section class=\"elementor-section elementor-top-section elementor-element elementor-element-7f6d22b elementor-section-boxed elementor-section-height-default elementor-section-height-default\" data-id=\"7f6d22b\" data-element_type=\"section\" data-e-type=\"section\" data-settings=\"{&quot;background_background&quot;:&quot;classic&quot;}\">\n\t\t\t\t\t\t\t<div class=\"elementor-background-overlay\"><\/div>\n\t\t\t\t\t\t\t<div class=\"elementor-container elementor-column-gap-default\">\n\t\t\t\t\t<div class=\"elementor-column elementor-col-100 elementor-top-column elementor-element elementor-element-5a421d6\" data-id=\"5a421d6\" data-element_type=\"column\" data-e-type=\"column\" data-settings=\"{&quot;background_background&quot;:&quot;classic&quot;}\">\n\t\t\t<div class=\"elementor-widget-wrap elementor-element-populated\">\n\t\t\t\t\t\t<div class=\"elementor-element elementor-element-66e30a8 elementor-widget elementor-widget-text-editor\" data-id=\"66e30a8\" data-element_type=\"widget\" data-e-type=\"widget\" data-widget_type=\"text-editor.default\">\n\t\t\t\t<div class=\"elementor-widget-container\">\n\t\t\t\t\t\t\t\t\t<h2>Les veus que van guiar l&#8217;experi\u00e8ncia<\/h2>\t\t\t\t\t\t\t\t<\/div>\n\t\t\t\t<\/div>\n\t\t\t\t\t<\/div>\n\t\t<\/div>\n\t\t\t\t\t<\/div>\n\t\t<\/section>\n\t\t\t\t<section class=\"elementor-section elementor-top-section elementor-element elementor-element-e2591a3 elementor-section-boxed elementor-section-height-default elementor-section-height-default\" data-id=\"e2591a3\" data-element_type=\"section\" data-e-type=\"section\" data-settings=\"{&quot;background_background&quot;:&quot;classic&quot;}\">\n\t\t\t\t\t\t\t<div class=\"elementor-background-overlay\"><\/div>\n\t\t\t\t\t\t\t<div class=\"elementor-container elementor-column-gap-default\">\n\t\t\t\t\t<div class=\"elementor-column elementor-col-33 elementor-top-column elementor-element elementor-element-d81e880\" data-id=\"d81e880\" data-element_type=\"column\" data-e-type=\"column\">\n\t\t\t<div class=\"elementor-widget-wrap elementor-element-populated\">\n\t\t\t\t\t\t<div class=\"elementor-element elementor-element-af3f3a0 elementor-position-top elementor-widget elementor-widget-image-box\" data-id=\"af3f3a0\" data-element_type=\"widget\" data-e-type=\"widget\" data-widget_type=\"image-box.default\">\n\t\t\t\t<div class=\"elementor-widget-container\">\n\t\t\t\t\t<div class=\"elementor-image-box-wrapper\"><figure class=\"elementor-image-box-img\"><img fetchpriority=\"high\" decoding=\"async\" width=\"709\" height=\"1024\" src=\"https:\/\/aryatara.es\/wp-content\/uploads\/2025\/10\/LamaYesheChodronMuseu-709x1024.webp\" class=\"attachment-large size-large wp-image-29620\" alt=\"\" srcset=\"https:\/\/aryatara.es\/wp-content\/uploads\/2025\/10\/LamaYesheChodronMuseu-709x1024.webp 709w, https:\/\/aryatara.es\/wp-content\/uploads\/2025\/10\/LamaYesheChodronMuseu-208x300.webp 208w, https:\/\/aryatara.es\/wp-content\/uploads\/2025\/10\/LamaYesheChodronMuseu-768x1109.webp 768w, https:\/\/aryatara.es\/wp-content\/uploads\/2025\/10\/LamaYesheChodronMuseu.webp 855w\" sizes=\"(max-width: 709px) 100vw, 709px\" \/><\/figure><div class=\"elementor-image-box-content\"><h3 class=\"elementor-image-box-title\">Lama Yeshe Ch\u00f6dr\u00f6n<\/h3><p class=\"elementor-image-box-description\">Fundadora i directora del Centre de ioga Arya Tara, Lama Yeshe Ch\u00f6dr\u00f6n \u00e9s una mestra de Dharma amb una traject\u00f2ria de 40 anys ense-nyant meditaci\u00f3, mindfulness i ioga conscient, dirigint recessos i impartint activitats formatives amb regularitat en diverses ciutats espanyoles. Ha dut a terme la seva extensa formaci\u00f3 amb els mestres m\u00e9s rellevants de la tradici\u00f3 tibetana a Espanya, Fran\u00e7a, Nepal, l'\u00cdndia, Butan i els Estats Units. <\/p><\/div><\/div>\t\t\t\t<\/div>\n\t\t\t\t<\/div>\n\t\t\t\t\t<\/div>\n\t\t<\/div>\n\t\t\t\t<div class=\"elementor-column elementor-col-33 elementor-top-column elementor-element elementor-element-e20829b\" data-id=\"e20829b\" data-element_type=\"column\" data-e-type=\"column\">\n\t\t\t<div class=\"elementor-widget-wrap elementor-element-populated\">\n\t\t\t\t\t\t<div class=\"elementor-element elementor-element-3713202 elementor-position-top elementor-widget elementor-widget-image-box\" data-id=\"3713202\" data-element_type=\"widget\" data-e-type=\"widget\" data-widget_type=\"image-box.default\">\n\t\t\t\t<div class=\"elementor-widget-container\">\n\t\t\t\t\t<div class=\"elementor-image-box-wrapper\"><figure class=\"elementor-image-box-img\"><img decoding=\"async\" width=\"802\" height=\"1178\" src=\"https:\/\/aryatara.es\/wp-content\/uploads\/2025\/10\/AdriaMuseuLleida.webp\" class=\"attachment-full size-full wp-image-29685\" alt=\"\" srcset=\"https:\/\/aryatara.es\/wp-content\/uploads\/2025\/10\/AdriaMuseuLleida.webp 802w, https:\/\/aryatara.es\/wp-content\/uploads\/2025\/10\/AdriaMuseuLleida-204x300.webp 204w, https:\/\/aryatara.es\/wp-content\/uploads\/2025\/10\/AdriaMuseuLleida-697x1024.webp 697w, https:\/\/aryatara.es\/wp-content\/uploads\/2025\/10\/AdriaMuseuLleida-768x1128.webp 768w\" sizes=\"(max-width: 802px) 100vw, 802px\" \/><\/figure><div class=\"elementor-image-box-content\"><h3 class=\"elementor-image-box-title\">Adri\u00e0 Grandia<\/h3><p class=\"elementor-image-box-description\">Violista de roda, compositor i int\u00e8rpret, Adri\u00e0 Grandia ha fet de la viola de roda el seu princi-pal mitja\u0300 d\u2019experimentacio\u0301 musical, reiventant aquest instrument medieval amb una sensibili-tat moderna i una gran riquesa sonora. La seva capacitat per fusionar la tradicio\u0301 amb la moder-nitat li ha merescut un lloc destacat en l\u2019escena musical contempora\u0300nia. <\/p><\/div><\/div>\t\t\t\t<\/div>\n\t\t\t\t<\/div>\n\t\t\t\t\t<\/div>\n\t\t<\/div>\n\t\t\t\t<div class=\"elementor-column elementor-col-33 elementor-top-column elementor-element elementor-element-bcd6f6e\" data-id=\"bcd6f6e\" data-element_type=\"column\" data-e-type=\"column\">\n\t\t\t<div class=\"elementor-widget-wrap elementor-element-populated\">\n\t\t\t\t\t\t<div class=\"elementor-element elementor-element-fbd30bb elementor-position-top elementor-widget elementor-widget-image-box\" data-id=\"fbd30bb\" data-element_type=\"widget\" data-e-type=\"widget\" data-widget_type=\"image-box.default\">\n\t\t\t\t<div class=\"elementor-widget-container\">\n\t\t\t\t\t<div class=\"elementor-image-box-wrapper\"><figure class=\"elementor-image-box-img\"><img decoding=\"async\" width=\"848\" height=\"1263\" src=\"https:\/\/aryatara.es\/wp-content\/uploads\/2025\/10\/LaiaNogueraMuseu.webp\" class=\"attachment-full size-full wp-image-29622\" alt=\"\" srcset=\"https:\/\/aryatara.es\/wp-content\/uploads\/2025\/10\/LaiaNogueraMuseu.webp 848w, https:\/\/aryatara.es\/wp-content\/uploads\/2025\/10\/LaiaNogueraMuseu-201x300.webp 201w, https:\/\/aryatara.es\/wp-content\/uploads\/2025\/10\/LaiaNogueraMuseu-688x1024.webp 688w, https:\/\/aryatara.es\/wp-content\/uploads\/2025\/10\/LaiaNogueraMuseu-768x1144.webp 768w\" sizes=\"(max-width: 848px) 100vw, 848px\" \/><\/figure><div class=\"elementor-image-box-content\"><h3 class=\"elementor-image-box-title\">Laia Noguera<\/h3><p class=\"elementor-image-box-description\">\u00c9s poeta, escriptora, nutricionista-dietista i professora de mindfulness i alimentacio\u0301 conscient. Ha publicat vora 20 llibres de poesia, entre els quals destaquen <em>Triomf <\/em>(premi Miquel de Palol 2009), <em>Caure<\/em> (premi Ausi\u00e0s March 2011), <em>Amor total<\/em> (2016) i <em>L'intr\u00fas<\/em> (premi Narc\u00eds Lunes i Boloix 2019). Ha incorporat la meditaci\u00f3 en la creaci\u00f3 art\u00edstica, investigant especialment sobre l'escriptura conscient o <em>mindful writing<\/em>.  <\/p><\/div><\/div>\t\t\t\t<\/div>\n\t\t\t\t<\/div>\n\t\t\t\t\t<\/div>\n\t\t<\/div>\n\t\t\t\t\t<\/div>\n\t\t<\/section>\n\t\t\t\t<section class=\"elementor-section elementor-top-section elementor-element elementor-element-d301d80 elementor-hidden-mobile elementor-section-boxed elementor-section-height-default elementor-section-height-default\" data-id=\"d301d80\" data-element_type=\"section\" data-e-type=\"section\" data-settings=\"{&quot;background_background&quot;:&quot;classic&quot;}\">\n\t\t\t\t\t\t\t<div class=\"elementor-background-overlay\"><\/div>\n\t\t\t\t\t\t\t<div class=\"elementor-container elementor-column-gap-no\">\n\t\t\t\t\t<div class=\"elementor-column elementor-col-100 elementor-top-column elementor-element elementor-element-1bbe1c9\" data-id=\"1bbe1c9\" data-element_type=\"column\" data-e-type=\"column\">\n\t\t\t<div class=\"elementor-widget-wrap elementor-element-populated\">\n\t\t\t\t\t\t<div class=\"elementor-element elementor-element-4b58041 elementor-view-stacked elementor-shape-circle elementor-widget elementor-widget-icon\" data-id=\"4b58041\" data-element_type=\"widget\" data-e-type=\"widget\" data-widget_type=\"icon.default\">\n\t\t\t\t<div class=\"elementor-widget-container\">\n\t\t\t\t\t\t\t<div class=\"elementor-icon-wrapper\">\n\t\t\t<div class=\"elementor-icon\">\n\t\t\t<i aria-hidden=\"true\" class=\"fas fa-envelope\"><\/i>\t\t\t<\/div>\n\t\t<\/div>\n\t\t\t\t\t\t<\/div>\n\t\t\t\t<\/div>\n\t\t\t\t<div class=\"elementor-element elementor-element-3a139d5 elementor-widget elementor-widget-heading\" data-id=\"3a139d5\" data-element_type=\"widget\" data-e-type=\"widget\" data-widget_type=\"heading.default\">\n\t\t\t\t<div class=\"elementor-widget-container\">\n\t\t\t\t\t<h2 class=\"elementor-heading-title elementor-size-default\">Subscriu-te a la nostra newsletter!<\/h2>\t\t\t\t<\/div>\n\t\t\t\t<\/div>\n\t\t\t\t<div class=\"elementor-element elementor-element-2140339 elementor-widget elementor-widget-text-editor\" data-id=\"2140339\" data-element_type=\"widget\" data-e-type=\"widget\" data-widget_type=\"text-editor.default\">\n\t\t\t\t<div class=\"elementor-widget-container\">\n\t\t\t\t\t\t\t\t\t<p>Et farem arribar informaci\u00f3 puntual sobre els cursos que oferim i les oportunitats de pr\u00e0ctica i aprenentatge<\/p>\t\t\t\t\t\t\t\t<\/div>\n\t\t\t\t<\/div>\n\t\t\t\t<div class=\"elementor-element elementor-element-986ef58 elementor-widget elementor-widget-shortcode\" data-id=\"986ef58\" data-element_type=\"widget\" data-e-type=\"widget\" data-widget_type=\"shortcode.default\">\n\t\t\t\t<div class=\"elementor-widget-container\">\n\t\t\t\t\t\t\t<div class=\"elementor-shortcode\">\n\t\t\t<form id=\"sib_signup_form_21\" method=\"post\" class=\"sib_signup_form\">\n\t\t\t\t<div class=\"sib_loader\" style=\"display:none;\"><img\n\t\t\t\t\t\t\tsrc=\"https:\/\/aryatara.es\/wp-includes\/images\/spinner.gif\" alt=\"loader\"><\/div>\n\t\t\t\t<input type=\"hidden\" name=\"sib_form_action\" value=\"subscribe_form_submit\">\n\t\t\t\t<input type=\"hidden\" name=\"sib_form_id\" value=\"21\">\n                <input type=\"hidden\" name=\"sib_form_alert_notice\" value=\"Please fill out this field\">\n                <input type=\"hidden\" name=\"sib_form_invalid_email_notice\" value=\"Your email address is invalid\">\n                <input type=\"hidden\" name=\"sib_security\" value=\"d1637c7953\">\n\t\t\t\t<div class=\"sib_signup_box_inside_21\">\n\t\t\t\t\t<div style=\"\/*display:none*\/\" class=\"sib_msg_disp\">\n\t\t\t\t\t<\/div>\n                    \t\t\t\t\t<p>  <input type=\"email\" class=\"sib-email-area\" name=\"email\" placeholder=\"Correu electr\u00f2nic\" required=\"required\"> <input type=\"submit\" class=\"sib-default-btn\" value=\"Subscriu-te\"><\/p>\r\n\t\t\t\t<\/div>\n\t\t\t<\/form>\n\t\t\t<style>\n\t\t\t\tform#sib_signup_form_21 p.sib-alert-message {\n    padding: 6px 12px;\n    margin-bottom: 20px;\n    border: 1px solid transparent;\n    border-radius: 4px;\n    -webkit-box-sizing: border-box;\n    -moz-box-sizing: border-box;\n    box-sizing: border-box;\n}\nform#sib_signup_form_21 p.sib-alert-message-error {\n    background-color: #f2dede;\n    border-color: #ebccd1;\n    color: #a94442;\n}\nform#sib_signup_form_21 p.sib-alert-message-success {\n    background-color: #dff0d8;\n    border-color: #d6e9c6;\n    color: #3c763d;\n}\nform#sib_signup_form_21 p.sib-alert-message-warning {\n    background-color: #fcf8e3;\n    border-color: #faebcc;\n    color: #8a6d3b;\n}\n\t\t\t<\/style>\n\t\t\t<\/div>\n\t\t\t\t\t\t<\/div>\n\t\t\t\t<\/div>\n\t\t\t\t<div class=\"elementor-element elementor-element-8eef95d premium-modal-dismissible-yes elementor-widget elementor-widget-premium-addon-modal-box\" data-id=\"8eef95d\" data-element_type=\"widget\" data-e-type=\"widget\" data-settings=\"{&quot;premium_modal_box_animation&quot;:&quot;fadeInDown&quot;}\" data-widget_type=\"premium-addon-modal-box.default\">\n\t\t\t\t<div class=\"elementor-widget-container\">\n\t\t\t\t\t\n\t\t<div class=\"premium-modal-box-container\" data-settings=\"{&quot;trigger&quot;:&quot;text&quot;,&quot;show_on_exit&quot;:false}\">\n\t\t\t<div class=\"premium-modal-trigger-container\">\n\t\t\t\t\t\t\t\t\t<span data-toggle=\"premium-modal\" data-target=\"#premium-modal-8eef95d\" class=\"premium-modal-trigger-text\">\n\t\t\t\t\t\t<div >\n\t\t\t\t\t\t\tEn <i>subscriure't<\/i>, acceptes la <u>pol\u00edtica de privacitat<\/u> d'Arya Tara.\t\t\t\t\t\t<\/div>\n\t\t\t\t\t<\/span>\n\t\t\t\t\t\t\t<\/div>\n\n\t\t\t<div id=\"premium-modal-8eef95d\" class=\"premium-modal-box-modal\"\n\t\t\trole=\"dialog\"\n\t\t\tstyle=\"display: none\"\n\t\t\t>\n\t\t\t\t<div class=\"premium-modal-box-modal-dialog\" data-delay-animation=\"\" data-modal-animation=\"fadeInDown animated-fast\">\n\t\t\t\t\t\t\t\t\t\t\t<div class=\"premium-modal-box-modal-header\">\n\t\t\t\t\t\t\t\t\t\t\t\t\t\t\t<h3 class=\"premium-modal-box-modal-title\">\n\t\t\t\t\t\t\t\t\tINFORMACI\u00d3 B\u00c0SICA DE PROTECCI\u00d3 DE DADES\t\t\t\t\t\t\t\t<\/h3>\n\t\t\t\t\t\t\t\t\t\t\t\t\t\t\t\t\t\t\t\t<\/div>\n\t\t\t\t\t\t\t\t\t\t<div class=\"premium-modal-box-modal-body\">\n\t\t\t\t\t\t\t\t\t\t\t\t\t<p><strong>Responsable del tractament:<\/strong> MARIA LUISA AZNAR SANCHEZ<\/p><p><strong>Finalitat del tractament:<\/strong> Gestionar les consultes plantejades i l&#8217;enviament de newsletters, comunicacions comercials i promocions.<\/p><p><strong>Legitimaci\u00f3 del tractament:<\/strong> Inter\u00e8s leg\u00edtim i consentiment de l&#8217;interessat\/ada.<\/p><p><strong>Conservaci\u00f3 de les dades:<\/strong> Es conservaran mentre hi hagi un inter\u00e8s mutu o durant el temps necessari per a complir les obligacions legals.<\/p><p><strong>Destinataris:<\/strong> Prestadors de serveis o col\u00b7laboradors.<\/p><p><strong>Drets:<\/strong> Dret a retirar el consentiment en qualsevol moment. Dret d&#8217;acc\u00e9s, rectificaci\u00f3, portabilitat i supressi\u00f3 de les dades, i limitaci\u00f3 o oposici\u00f3 al seu tractament. Dades de contacte per exercir els seus drets: aryatara@aryatara.es<\/p><p><strong>Informaci\u00f3 addicional:<\/strong> Podeu consultar la informaci\u00f3 addicional a la nostra <a href=\"https:\/\/aryatara.es\/ca\/politica-de-privacitat\/\"><i><span style=\"font-weight: 400;\">Pol\u00edtica de Privadesa<\/span><\/i><\/a>.<\/p>\n\t\t\t\t\t\t\t\t\t\t\t<\/div>\n\t\t\t\t\t\t\t\t\t<\/div>\n\t\t\t<\/div>\n\t\t<\/div>\n\t\t\t\t\t\t<\/div>\n\t\t\t\t<\/div>\n\t\t\t\t\t<\/div>\n\t\t<\/div>\n\t\t\t\t\t<\/div>\n\t\t<\/section>\n\t\t\t\t<section class=\"elementor-section elementor-top-section elementor-element elementor-element-ac9751d elementor-hidden-desktop elementor-hidden-tablet elementor-section-boxed elementor-section-height-default elementor-section-height-default\" data-id=\"ac9751d\" data-element_type=\"section\" data-e-type=\"section\" data-settings=\"{&quot;background_background&quot;:&quot;classic&quot;}\">\n\t\t\t\t\t\t\t<div class=\"elementor-background-overlay\"><\/div>\n\t\t\t\t\t\t\t<div class=\"elementor-container elementor-column-gap-no\">\n\t\t\t\t\t<div class=\"elementor-column elementor-col-100 elementor-top-column elementor-element elementor-element-600d14b\" data-id=\"600d14b\" data-element_type=\"column\" data-e-type=\"column\">\n\t\t\t<div class=\"elementor-widget-wrap elementor-element-populated\">\n\t\t\t\t\t\t<div class=\"elementor-element elementor-element-02db3fc elementor-view-stacked elementor-shape-circle elementor-widget elementor-widget-icon\" data-id=\"02db3fc\" data-element_type=\"widget\" data-e-type=\"widget\" data-widget_type=\"icon.default\">\n\t\t\t\t<div class=\"elementor-widget-container\">\n\t\t\t\t\t\t\t<div class=\"elementor-icon-wrapper\">\n\t\t\t<div class=\"elementor-icon\">\n\t\t\t<i aria-hidden=\"true\" class=\"fas fa-envelope\"><\/i>\t\t\t<\/div>\n\t\t<\/div>\n\t\t\t\t\t\t<\/div>\n\t\t\t\t<\/div>\n\t\t\t\t<div class=\"elementor-element elementor-element-8b36784 elementor-widget elementor-widget-heading\" data-id=\"8b36784\" data-element_type=\"widget\" data-e-type=\"widget\" data-widget_type=\"heading.default\">\n\t\t\t\t<div class=\"elementor-widget-container\">\n\t\t\t\t\t<h2 class=\"elementor-heading-title elementor-size-default\">Subscriu-te a la nostra newsletter!<\/h2>\t\t\t\t<\/div>\n\t\t\t\t<\/div>\n\t\t\t\t<div class=\"elementor-element elementor-element-a7efea2 elementor-widget elementor-widget-text-editor\" data-id=\"a7efea2\" data-element_type=\"widget\" data-e-type=\"widget\" data-widget_type=\"text-editor.default\">\n\t\t\t\t<div class=\"elementor-widget-container\">\n\t\t\t\t\t\t\t\t\t<p>Et farem arribar informaci\u00f3 puntual sobre els cursos que oferim i les oportunitats de pr\u00e0ctica i aprenentatge<\/p>\t\t\t\t\t\t\t\t<\/div>\n\t\t\t\t<\/div>\n\t\t\t\t<div class=\"elementor-element elementor-element-45d1398 elementor-widget elementor-widget-shortcode\" data-id=\"45d1398\" data-element_type=\"widget\" data-e-type=\"widget\" data-widget_type=\"shortcode.default\">\n\t\t\t\t<div class=\"elementor-widget-container\">\n\t\t\t\t\t\t\t<div class=\"elementor-shortcode\">\n\t\t\t<form id=\"sib_signup_form_21\" method=\"post\" class=\"sib_signup_form\">\n\t\t\t\t<div class=\"sib_loader\" style=\"display:none;\"><img\n\t\t\t\t\t\t\tsrc=\"https:\/\/aryatara.es\/wp-includes\/images\/spinner.gif\" alt=\"loader\"><\/div>\n\t\t\t\t<input type=\"hidden\" name=\"sib_form_action\" value=\"subscribe_form_submit\">\n\t\t\t\t<input type=\"hidden\" name=\"sib_form_id\" value=\"21\">\n                <input type=\"hidden\" name=\"sib_form_alert_notice\" value=\"Please fill out this field\">\n                <input type=\"hidden\" name=\"sib_form_invalid_email_notice\" value=\"Your email address is invalid\">\n                <input type=\"hidden\" name=\"sib_security\" value=\"d1637c7953\">\n\t\t\t\t<div class=\"sib_signup_box_inside_21\">\n\t\t\t\t\t<div style=\"\/*display:none*\/\" class=\"sib_msg_disp\">\n\t\t\t\t\t<\/div>\n                    \t\t\t\t\t<p>  <input type=\"email\" class=\"sib-email-area\" name=\"email\" placeholder=\"Correu electr\u00f2nic\" required=\"required\"> <input type=\"submit\" class=\"sib-default-btn\" value=\"Subscriu-te\"><\/p>\r\n\t\t\t\t<\/div>\n\t\t\t<\/form>\n\t\t\t<style>\n\t\t\t\tform#sib_signup_form_21 p.sib-alert-message {\n    padding: 6px 12px;\n    margin-bottom: 20px;\n    border: 1px solid transparent;\n    border-radius: 4px;\n    -webkit-box-sizing: border-box;\n    -moz-box-sizing: border-box;\n    box-sizing: border-box;\n}\nform#sib_signup_form_21 p.sib-alert-message-error {\n    background-color: #f2dede;\n    border-color: #ebccd1;\n    color: #a94442;\n}\nform#sib_signup_form_21 p.sib-alert-message-success {\n    background-color: #dff0d8;\n    border-color: #d6e9c6;\n    color: #3c763d;\n}\nform#sib_signup_form_21 p.sib-alert-message-warning {\n    background-color: #fcf8e3;\n    border-color: #faebcc;\n    color: #8a6d3b;\n}\n\t\t\t<\/style>\n\t\t\t<\/div>\n\t\t\t\t\t\t<\/div>\n\t\t\t\t<\/div>\n\t\t\t\t<div class=\"elementor-element elementor-element-d33efd8 premium-modal-dismissible-yes elementor-widget elementor-widget-premium-addon-modal-box\" data-id=\"d33efd8\" data-element_type=\"widget\" data-e-type=\"widget\" data-settings=\"{&quot;premium_modal_box_animation&quot;:&quot;fadeInDown&quot;}\" data-widget_type=\"premium-addon-modal-box.default\">\n\t\t\t\t<div class=\"elementor-widget-container\">\n\t\t\t\t\t\n\t\t<div class=\"premium-modal-box-container\" data-settings=\"{&quot;trigger&quot;:&quot;text&quot;,&quot;show_on_exit&quot;:false}\">\n\t\t\t<div class=\"premium-modal-trigger-container\">\n\t\t\t\t\t\t\t\t\t<span data-toggle=\"premium-modal\" data-target=\"#premium-modal-d33efd8\" class=\"premium-modal-trigger-text\">\n\t\t\t\t\t\t<div >\n\t\t\t\t\t\t\tEn <i>subscriure't<\/i>, acceptes la <u>pol\u00edtica de privacitat<\/u> d'Arya Tara.\t\t\t\t\t\t<\/div>\n\t\t\t\t\t<\/span>\n\t\t\t\t\t\t\t<\/div>\n\n\t\t\t<div id=\"premium-modal-d33efd8\" class=\"premium-modal-box-modal\"\n\t\t\trole=\"dialog\"\n\t\t\tstyle=\"display: none\"\n\t\t\t>\n\t\t\t\t<div class=\"premium-modal-box-modal-dialog\" data-delay-animation=\"\" data-modal-animation=\"fadeInDown animated-fast\">\n\t\t\t\t\t\t\t\t\t\t\t<div class=\"premium-modal-box-modal-header\">\n\t\t\t\t\t\t\t\t\t\t\t\t\t\t\t<h3 class=\"premium-modal-box-modal-title\">\n\t\t\t\t\t\t\t\t\tINFORMACI\u00d3 B\u00c0SICA DE PROTECCI\u00d3 DE DADES\t\t\t\t\t\t\t\t<\/h3>\n\t\t\t\t\t\t\t\t\t\t\t\t\t\t\t\t\t\t\t\t<\/div>\n\t\t\t\t\t\t\t\t\t\t<div class=\"premium-modal-box-modal-body\">\n\t\t\t\t\t\t\t\t\t\t\t\t\t<p><strong>Responsable del tractament:<\/strong> MARIA LUISA AZNAR SANCHEZ<\/p><p>Finalitat del tractament: Gestionar les consultes plantejades i l&#8217;enviament de newsletters, comunicacions comercials i promocions.<\/p><p><strong>Legitimaci\u00f3 del tractament:<\/strong> Inter\u00e8s leg\u00edtim i consentiment de l&#8217;interessat\/ada.<\/p><p><strong>Conservaci\u00f3 de les dades:<\/strong> Es conservaran mentre hi hagi un inter\u00e8s mutu o durant el temps necessari per a complir les obligacions legals.<\/p><p><strong>Destinataris:<\/strong> Prestadors de serveis o col\u00b7laboradors.<\/p><p><strong>Drets:<\/strong> Dret a retirar el consentiment en qualsevol moment. Dret d&#8217;acc\u00e9s, rectificaci\u00f3, portabilitat i supressi\u00f3 de les dades, i limitaci\u00f3 o oposici\u00f3 al seu tractament. Dades de contacte per exercir els seus drets: aryatara@aryatara.es<\/p><p><strong>Informaci\u00f3 addicional:<\/strong> Podeu consultar la informaci\u00f3 addicional a la nostra <a href=\"https:\/\/aryatara.es\/ca\/politica-de-privacitat\/\"><i><span style=\"font-weight: 400;\">Pol\u00edtica de Privadesa<\/span><\/i><\/a>.<\/p>\n\t\t\t\t\t\t\t\t\t\t\t<\/div>\n\t\t\t\t\t\t\t\t\t<\/div>\n\t\t\t<\/div>\n\t\t<\/div>\n\t\t\t\t\t\t<\/div>\n\t\t\t\t<\/div>\n\t\t\t\t\t<\/div>\n\t\t<\/div>\n\t\t\t\t\t<\/div>\n\t\t<\/section>\n\t\t\t\t<\/div>\n\t\t","protected":false},"excerpt":{"rendered":"<p>Meditaci\u00f3 al Museu de Lleida Meditaci\u00f3 al Museu de Lleida Una experi\u00e8ncia \u00fanica que uneix l&#8217;art i la consci\u00e8ncia La tardor de 2025 vam gaudir d\u2019un cicle excepcional de meditaci\u00f3 al Museu de Lleida, en el marc de l\u2019exposici\u00f3 \u201cOrigen\u201d. Van ser tres sessions exclusives, guiades per Lama Yeshe Ch\u00f6dr\u00f6n, en di\u00e0leg amb diferents artistes [&hellip;]<\/p>\n","protected":false},"author":3,"featured_media":29526,"parent":0,"menu_order":0,"comment_status":"closed","ping_status":"closed","template":"","meta":{"_uag_custom_page_level_css":"","site-sidebar-layout":"no-sidebar","site-content-layout":null,"ast-site-content-layout":"full-width-container","site-content-style":"unboxed","site-sidebar-style":"unboxed","ast-global-header-display":"","ast-banner-title-visibility":"","ast-main-header-display":"","ast-hfb-above-header-display":null,"ast-hfb-below-header-display":null,"ast-hfb-mobile-header-display":"","site-post-title":"disabled","ast-breadcrumbs-content":null,"ast-featured-img":"disabled","footer-sml-layout":"","ast-disable-related-posts":"","theme-transparent-header-meta":"enabled","adv-header-id-meta":"","stick-header-meta":"","header-above-stick-meta":null,"header-main-stick-meta":"","header-below-stick-meta":null,"astra-migrate-meta-layouts":"default","ast-page-background-enabled":"default","ast-page-background-meta":{"desktop":{"background-color":"","background-image":"","background-repeat":"repeat","background-position":"center center","background-size":"auto","background-attachment":"scroll","background-type":"","background-media":"","overlay-type":"","overlay-color":"","overlay-opacity":"","overlay-gradient":""},"tablet":{"background-color":"","background-image":"","background-repeat":"repeat","background-position":"center center","background-size":"auto","background-attachment":"scroll","background-type":"","background-media":"","overlay-type":"","overlay-color":"","overlay-opacity":"","overlay-gradient":""},"mobile":{"background-color":"","background-image":"","background-repeat":"repeat","background-position":"center center","background-size":"auto","background-attachment":"scroll","background-type":"","background-media":"","overlay-type":"","overlay-color":"","overlay-opacity":"","overlay-gradient":""}},"ast-content-background-meta":{"desktop":{"background-color":"var(--ast-global-color-5)","background-image":"","background-repeat":"repeat","background-position":"center center","background-size":"auto","background-attachment":"scroll","background-type":"","background-media":"","overlay-type":"","overlay-color":"","overlay-opacity":"","overlay-gradient":""},"tablet":{"background-color":"var(--ast-global-color-5)","background-image":"","background-repeat":"repeat","background-position":"center center","background-size":"auto","background-attachment":"scroll","background-type":"","background-media":"","overlay-type":"","overlay-color":"","overlay-opacity":"","overlay-gradient":""},"mobile":{"background-color":"var(--ast-global-color-5)","background-image":"","background-repeat":"repeat","background-position":"center center","background-size":"auto","background-attachment":"scroll","background-type":"","background-media":"","overlay-type":"","overlay-color":"","overlay-opacity":"","overlay-gradient":""}},"_joinchat":[],"footnotes":""},"class_list":["post-29734","page","type-page","status-publish","has-post-thumbnail","hentry"],"yoast_head":"<!-- This site is optimized with the Yoast SEO plugin v28.4 - https:\/\/yoast.com\/product\/yoast-seo-wordpress\/ -->\n<title>Meditaci\u00f3 al Museu de Lleida<\/title>\n<meta name=\"description\" content=\"Una experi\u00e8ncia \u00fanica que uneix l&#039;art i la consci\u00e8ncia en la evocadora presencia de Albion, de Matt Collishaw\" \/>\n<meta name=\"robots\" content=\"index, follow, max-snippet:-1, max-image-preview:large, max-video-preview:-1\" \/>\n<link rel=\"canonical\" href=\"https:\/\/aryatara.es\/ca\/meditacio-en-el-museu-de-lleida\/\" \/>\n<meta property=\"og:locale\" content=\"ca_ES\" \/>\n<meta property=\"og:type\" content=\"article\" \/>\n<meta property=\"og:title\" content=\"Meditaci\u00f3 al Museu de Lleida\" \/>\n<meta property=\"og:description\" content=\"Una experi\u00e8ncia \u00fanica que uneix l&#039;art i la consci\u00e8ncia en la evocadora presencia de Albion, de Matt Collishaw\" \/>\n<meta property=\"og:url\" content=\"https:\/\/aryatara.es\/ca\/meditacio-en-el-museu-de-lleida\/\" \/>\n<meta property=\"og:site_name\" content=\"Arya Tara, meditaci\u00f3n, mindfulness y yoga\" \/>\n<meta property=\"article:modified_time\" content=\"2026-01-08T12:58:23+00:00\" \/>\n<meta property=\"og:image\" content=\"https:\/\/aryatara.es\/wp-content\/uploads\/2025\/10\/Arya-Tara-Meditacion-Lleida-Mat-Collishaw-Albion-fondo.webp\" \/>\n\t<meta property=\"og:image:width\" content=\"1548\" \/>\n\t<meta property=\"og:image:height\" content=\"715\" \/>\n\t<meta property=\"og:image:type\" content=\"image\/webp\" \/>\n<meta name=\"twitter:card\" content=\"summary_large_image\" \/>\n<meta name=\"twitter:label1\" content=\"Temps estimat de lectura\" \/>\n\t<meta name=\"twitter:data1\" content=\"10 minuts\" \/>\n<script type=\"application\/ld+json\" class=\"yoast-schema-graph\">{\"@context\":\"https:\\\/\\\/schema.org\",\"@graph\":[{\"@type\":\"WebPage\",\"@id\":\"https:\\\/\\\/aryatara.es\\\/ca\\\/meditacio-en-el-museu-de-lleida\\\/\",\"url\":\"https:\\\/\\\/aryatara.es\\\/ca\\\/meditacio-en-el-museu-de-lleida\\\/\",\"name\":\"Meditaci\u00f3 al Museu de Lleida\",\"isPartOf\":{\"@id\":\"https:\\\/\\\/aryatara.es\\\/ca\\\/#website\"},\"primaryImageOfPage\":{\"@id\":\"https:\\\/\\\/aryatara.es\\\/ca\\\/meditacio-en-el-museu-de-lleida\\\/#primaryimage\"},\"image\":{\"@id\":\"https:\\\/\\\/aryatara.es\\\/ca\\\/meditacio-en-el-museu-de-lleida\\\/#primaryimage\"},\"thumbnailUrl\":\"https:\\\/\\\/aryatara.es\\\/wp-content\\\/uploads\\\/2025\\\/10\\\/Arya-Tara-Meditacion-Lleida-Mat-Collishaw-Albion-fondo.webp\",\"datePublished\":\"2025-10-09T16:39:32+00:00\",\"dateModified\":\"2026-01-08T12:58:23+00:00\",\"description\":\"Una experi\u00e8ncia \u00fanica que uneix l'art i la consci\u00e8ncia en la evocadora presencia de Albion, de Matt Collishaw\",\"breadcrumb\":{\"@id\":\"https:\\\/\\\/aryatara.es\\\/ca\\\/meditacio-en-el-museu-de-lleida\\\/#breadcrumb\"},\"inLanguage\":\"ca\",\"potentialAction\":[{\"@type\":\"ReadAction\",\"target\":[\"https:\\\/\\\/aryatara.es\\\/ca\\\/meditacio-en-el-museu-de-lleida\\\/\"]}]},{\"@type\":\"ImageObject\",\"inLanguage\":\"ca\",\"@id\":\"https:\\\/\\\/aryatara.es\\\/ca\\\/meditacio-en-el-museu-de-lleida\\\/#primaryimage\",\"url\":\"https:\\\/\\\/aryatara.es\\\/wp-content\\\/uploads\\\/2025\\\/10\\\/Arya-Tara-Meditacion-Lleida-Mat-Collishaw-Albion-fondo.webp\",\"contentUrl\":\"https:\\\/\\\/aryatara.es\\\/wp-content\\\/uploads\\\/2025\\\/10\\\/Arya-Tara-Meditacion-Lleida-Mat-Collishaw-Albion-fondo.webp\",\"width\":1548,\"height\":715},{\"@type\":\"BreadcrumbList\",\"@id\":\"https:\\\/\\\/aryatara.es\\\/ca\\\/meditacio-en-el-museu-de-lleida\\\/#breadcrumb\",\"itemListElement\":[{\"@type\":\"ListItem\",\"position\":1,\"name\":\"Portada\",\"item\":\"https:\\\/\\\/aryatara.es\\\/ca\\\/inici\\\/\"},{\"@type\":\"ListItem\",\"position\":2,\"name\":\"Meditaci\u00f3 al Museu de Lleida\"}]},{\"@type\":\"WebSite\",\"@id\":\"https:\\\/\\\/aryatara.es\\\/ca\\\/#website\",\"url\":\"https:\\\/\\\/aryatara.es\\\/ca\\\/\",\"name\":\"Arya Tara, meditaci\u00f3n, mindfulness y yoga en Lleida\",\"description\":\"Mindfulness, meditaci\u00f3n, yoga online y presencial en Lledia\",\"publisher\":{\"@id\":\"https:\\\/\\\/aryatara.es\\\/ca\\\/#organization\"},\"alternateName\":\"AryaTara\",\"potentialAction\":[{\"@type\":\"SearchAction\",\"target\":{\"@type\":\"EntryPoint\",\"urlTemplate\":\"https:\\\/\\\/aryatara.es\\\/ca\\\/?s={search_term_string}\"},\"query-input\":{\"@type\":\"PropertyValueSpecification\",\"valueRequired\":true,\"valueName\":\"search_term_string\"}}],\"inLanguage\":\"ca\"},{\"@type\":\"Organization\",\"@id\":\"https:\\\/\\\/aryatara.es\\\/ca\\\/#organization\",\"name\":\"Arya Tara, meditaci\u00f3n, mindfulness y yoga\",\"alternateName\":\"Yoga Lleida\",\"url\":\"https:\\\/\\\/aryatara.es\\\/ca\\\/\",\"logo\":{\"@type\":\"ImageObject\",\"inLanguage\":\"ca\",\"@id\":\"https:\\\/\\\/aryatara.es\\\/ca\\\/#\\\/schema\\\/logo\\\/image\\\/\",\"url\":\"https:\\\/\\\/aryatara.es\\\/wp-content\\\/uploads\\\/2022\\\/09\\\/logo-Arya-Tara-meditacio-ioga-mindfulness-online-presencial-Lleida-1.png\",\"contentUrl\":\"https:\\\/\\\/aryatara.es\\\/wp-content\\\/uploads\\\/2022\\\/09\\\/logo-Arya-Tara-meditacio-ioga-mindfulness-online-presencial-Lleida-1.png\",\"width\":633,\"height\":209,\"caption\":\"Arya Tara, meditaci\u00f3n, mindfulness y yoga\"},\"image\":{\"@id\":\"https:\\\/\\\/aryatara.es\\\/ca\\\/#\\\/schema\\\/logo\\\/image\\\/\"},\"sameAs\":[\"https:\\\/\\\/www.instagram.com\\\/aryataracenter\\\/\"]}]}<\/script>\n<!-- \/ Yoast SEO plugin. -->","yoast_head_json":{"title":"Meditaci\u00f3 al Museu de Lleida","description":"Una experi\u00e8ncia \u00fanica que uneix l'art i la consci\u00e8ncia en la evocadora presencia de Albion, de Matt Collishaw","robots":{"index":"index","follow":"follow","max-snippet":"max-snippet:-1","max-image-preview":"max-image-preview:large","max-video-preview":"max-video-preview:-1"},"canonical":"https:\/\/aryatara.es\/ca\/meditacio-en-el-museu-de-lleida\/","og_locale":"ca_ES","og_type":"article","og_title":"Meditaci\u00f3 al Museu de Lleida","og_description":"Una experi\u00e8ncia \u00fanica que uneix l'art i la consci\u00e8ncia en la evocadora presencia de Albion, de Matt Collishaw","og_url":"https:\/\/aryatara.es\/ca\/meditacio-en-el-museu-de-lleida\/","og_site_name":"Arya Tara, meditaci\u00f3n, mindfulness y yoga","article_modified_time":"2026-01-08T12:58:23+00:00","og_image":[{"width":1548,"height":715,"url":"https:\/\/aryatara.es\/wp-content\/uploads\/2025\/10\/Arya-Tara-Meditacion-Lleida-Mat-Collishaw-Albion-fondo.webp","type":"image\/webp"}],"twitter_card":"summary_large_image","twitter_misc":{"Temps estimat de lectura":"10 minuts"},"schema":{"@context":"https:\/\/schema.org","@graph":[{"@type":"WebPage","@id":"https:\/\/aryatara.es\/ca\/meditacio-en-el-museu-de-lleida\/","url":"https:\/\/aryatara.es\/ca\/meditacio-en-el-museu-de-lleida\/","name":"Meditaci\u00f3 al Museu de Lleida","isPartOf":{"@id":"https:\/\/aryatara.es\/ca\/#website"},"primaryImageOfPage":{"@id":"https:\/\/aryatara.es\/ca\/meditacio-en-el-museu-de-lleida\/#primaryimage"},"image":{"@id":"https:\/\/aryatara.es\/ca\/meditacio-en-el-museu-de-lleida\/#primaryimage"},"thumbnailUrl":"https:\/\/aryatara.es\/wp-content\/uploads\/2025\/10\/Arya-Tara-Meditacion-Lleida-Mat-Collishaw-Albion-fondo.webp","datePublished":"2025-10-09T16:39:32+00:00","dateModified":"2026-01-08T12:58:23+00:00","description":"Una experi\u00e8ncia \u00fanica que uneix l'art i la consci\u00e8ncia en la evocadora presencia de Albion, de Matt Collishaw","breadcrumb":{"@id":"https:\/\/aryatara.es\/ca\/meditacio-en-el-museu-de-lleida\/#breadcrumb"},"inLanguage":"ca","potentialAction":[{"@type":"ReadAction","target":["https:\/\/aryatara.es\/ca\/meditacio-en-el-museu-de-lleida\/"]}]},{"@type":"ImageObject","inLanguage":"ca","@id":"https:\/\/aryatara.es\/ca\/meditacio-en-el-museu-de-lleida\/#primaryimage","url":"https:\/\/aryatara.es\/wp-content\/uploads\/2025\/10\/Arya-Tara-Meditacion-Lleida-Mat-Collishaw-Albion-fondo.webp","contentUrl":"https:\/\/aryatara.es\/wp-content\/uploads\/2025\/10\/Arya-Tara-Meditacion-Lleida-Mat-Collishaw-Albion-fondo.webp","width":1548,"height":715},{"@type":"BreadcrumbList","@id":"https:\/\/aryatara.es\/ca\/meditacio-en-el-museu-de-lleida\/#breadcrumb","itemListElement":[{"@type":"ListItem","position":1,"name":"Portada","item":"https:\/\/aryatara.es\/ca\/inici\/"},{"@type":"ListItem","position":2,"name":"Meditaci\u00f3 al Museu de Lleida"}]},{"@type":"WebSite","@id":"https:\/\/aryatara.es\/ca\/#website","url":"https:\/\/aryatara.es\/ca\/","name":"Arya Tara, meditaci\u00f3n, mindfulness y yoga en Lleida","description":"Mindfulness, meditaci\u00f3n, yoga online y presencial en Lledia","publisher":{"@id":"https:\/\/aryatara.es\/ca\/#organization"},"alternateName":"AryaTara","potentialAction":[{"@type":"SearchAction","target":{"@type":"EntryPoint","urlTemplate":"https:\/\/aryatara.es\/ca\/?s={search_term_string}"},"query-input":{"@type":"PropertyValueSpecification","valueRequired":true,"valueName":"search_term_string"}}],"inLanguage":"ca"},{"@type":"Organization","@id":"https:\/\/aryatara.es\/ca\/#organization","name":"Arya Tara, meditaci\u00f3n, mindfulness y yoga","alternateName":"Yoga Lleida","url":"https:\/\/aryatara.es\/ca\/","logo":{"@type":"ImageObject","inLanguage":"ca","@id":"https:\/\/aryatara.es\/ca\/#\/schema\/logo\/image\/","url":"https:\/\/aryatara.es\/wp-content\/uploads\/2022\/09\/logo-Arya-Tara-meditacio-ioga-mindfulness-online-presencial-Lleida-1.png","contentUrl":"https:\/\/aryatara.es\/wp-content\/uploads\/2022\/09\/logo-Arya-Tara-meditacio-ioga-mindfulness-online-presencial-Lleida-1.png","width":633,"height":209,"caption":"Arya Tara, meditaci\u00f3n, mindfulness y yoga"},"image":{"@id":"https:\/\/aryatara.es\/ca\/#\/schema\/logo\/image\/"},"sameAs":["https:\/\/www.instagram.com\/aryataracenter\/"]}]}},"uagb_featured_image_src":{"full":["https:\/\/aryatara.es\/wp-content\/uploads\/2025\/10\/Arya-Tara-Meditacion-Lleida-Mat-Collishaw-Albion-fondo.webp",1548,715,false],"thumbnail":["https:\/\/aryatara.es\/wp-content\/uploads\/2025\/10\/Arya-Tara-Meditacion-Lleida-Mat-Collishaw-Albion-fondo-150x150.webp",150,150,true],"medium":["https:\/\/aryatara.es\/wp-content\/uploads\/2025\/10\/Arya-Tara-Meditacion-Lleida-Mat-Collishaw-Albion-fondo-300x139.webp",300,139,true],"medium_large":["https:\/\/aryatara.es\/wp-content\/uploads\/2025\/10\/Arya-Tara-Meditacion-Lleida-Mat-Collishaw-Albion-fondo-768x355.webp",768,355,true],"large":["https:\/\/aryatara.es\/wp-content\/uploads\/2025\/10\/Arya-Tara-Meditacion-Lleida-Mat-Collishaw-Albion-fondo-1024x473.webp",1024,473,true],"1536x1536":["https:\/\/aryatara.es\/wp-content\/uploads\/2025\/10\/Arya-Tara-Meditacion-Lleida-Mat-Collishaw-Albion-fondo-1536x709.webp",1536,709,true],"2048x2048":["https:\/\/aryatara.es\/wp-content\/uploads\/2025\/10\/Arya-Tara-Meditacion-Lleida-Mat-Collishaw-Albion-fondo.webp",1548,715,false],"menu-thumb":["https:\/\/aryatara.es\/wp-content\/uploads\/2025\/10\/Arya-Tara-Meditacion-Lleida-Mat-Collishaw-Albion-fondo-330x230.webp",330,230,true]},"uagb_author_info":{"display_name":"merce","author_link":"https:\/\/aryatara.es\/ca\/author\/merce\/"},"uagb_comment_info":0,"uagb_excerpt":"Meditaci\u00f3 al Museu de Lleida Meditaci\u00f3 al Museu de Lleida Una experi\u00e8ncia \u00fanica que uneix l&#8217;art i la consci\u00e8ncia La tardor de 2025 vam gaudir d\u2019un cicle excepcional de meditaci\u00f3 al Museu de Lleida, en el marc de l\u2019exposici\u00f3 \u201cOrigen\u201d. Van ser tres sessions exclusives, guiades per Lama Yeshe Ch\u00f6dr\u00f6n, en di\u00e0leg amb diferents artistes&hellip;","_links":{"self":[{"href":"https:\/\/aryatara.es\/ca\/wp-json\/wp\/v2\/pages\/29734","targetHints":{"allow":["GET"]}}],"collection":[{"href":"https:\/\/aryatara.es\/ca\/wp-json\/wp\/v2\/pages"}],"about":[{"href":"https:\/\/aryatara.es\/ca\/wp-json\/wp\/v2\/types\/page"}],"author":[{"embeddable":true,"href":"https:\/\/aryatara.es\/ca\/wp-json\/wp\/v2\/users\/3"}],"replies":[{"embeddable":true,"href":"https:\/\/aryatara.es\/ca\/wp-json\/wp\/v2\/comments?post=29734"}],"version-history":[{"count":19,"href":"https:\/\/aryatara.es\/ca\/wp-json\/wp\/v2\/pages\/29734\/revisions"}],"predecessor-version":[{"id":30223,"href":"https:\/\/aryatara.es\/ca\/wp-json\/wp\/v2\/pages\/29734\/revisions\/30223"}],"wp:featuredmedia":[{"embeddable":true,"href":"https:\/\/aryatara.es\/ca\/wp-json\/wp\/v2\/media\/29526"}],"wp:attachment":[{"href":"https:\/\/aryatara.es\/ca\/wp-json\/wp\/v2\/media?parent=29734"}],"curies":[{"name":"wp","href":"https:\/\/api.w.org\/{rel}","templated":true}]}}