{"id":17052,"date":"2022-09-14T12:26:10","date_gmt":"2022-09-14T12:26:10","guid":{"rendered":"https:\/\/aryatara.es\/?page_id=17052"},"modified":"2022-09-14T18:27:05","modified_gmt":"2022-09-14T18:27:05","slug":"equip-professional-2","status":"publish","type":"page","link":"https:\/\/aryatara.es\/ca\/equip-professional-2\/","title":{"rendered":"Equip professional"},"content":{"rendered":"\t\t<div data-elementor-type=\"wp-page\" data-elementor-id=\"17052\" class=\"elementor elementor-17052\">\n\t\t\t\t\t\t<section class=\"elementor-section elementor-top-section elementor-element elementor-element-ss9fjl2 elementor-hidden-mobile elementor-section-boxed elementor-section-height-default elementor-section-height-default\" data-id=\"ss9fjl2\" data-element_type=\"section\" data-e-type=\"section\" data-settings=\"{&quot;background_background&quot;:&quot;classic&quot;}\">\n\t\t\t\t\t\t\t<div class=\"elementor-background-overlay\"><\/div>\n\t\t\t\t\t\t\t<div class=\"elementor-container elementor-column-gap-no\">\n\t\t\t\t\t<div class=\"elementor-column elementor-col-100 elementor-top-column elementor-element elementor-element-0d9607c\" data-id=\"0d9607c\" data-element_type=\"column\" data-e-type=\"column\">\n\t\t\t<div class=\"elementor-widget-wrap elementor-element-populated\">\n\t\t\t\t\t\t<div class=\"elementor-element elementor-element-b363fad elementor-widget elementor-widget-heading\" data-id=\"b363fad\" data-element_type=\"widget\" data-e-type=\"widget\" data-widget_type=\"heading.default\">\n\t\t\t\t<div class=\"elementor-widget-container\">\n\t\t\t\t\t<h1 class=\"elementor-heading-title elementor-size-default\">Equip de professionals<\/h1>\t\t\t\t<\/div>\n\t\t\t\t<\/div>\n\t\t\t\t\t<\/div>\n\t\t<\/div>\n\t\t\t\t\t<\/div>\n\t\t<\/section>\n\t\t\t\t<section class=\"elementor-section elementor-top-section elementor-element elementor-element-2bb9867 elementor-hidden-desktop elementor-hidden-tablet elementor-section-boxed elementor-section-height-default elementor-section-height-default\" data-id=\"2bb9867\" data-element_type=\"section\" data-e-type=\"section\" data-settings=\"{&quot;background_background&quot;:&quot;classic&quot;}\">\n\t\t\t\t\t\t\t<div class=\"elementor-background-overlay\"><\/div>\n\t\t\t\t\t\t\t<div class=\"elementor-container elementor-column-gap-no\">\n\t\t\t\t\t<div class=\"elementor-column elementor-col-100 elementor-top-column elementor-element elementor-element-4e50cfe\" data-id=\"4e50cfe\" data-element_type=\"column\" data-e-type=\"column\">\n\t\t\t<div class=\"elementor-widget-wrap elementor-element-populated\">\n\t\t\t\t\t\t<div class=\"elementor-element elementor-element-cca02dd elementor-widget elementor-widget-heading\" data-id=\"cca02dd\" data-element_type=\"widget\" data-e-type=\"widget\" data-widget_type=\"heading.default\">\n\t\t\t\t<div class=\"elementor-widget-container\">\n\t\t\t\t\t<h1 class=\"elementor-heading-title elementor-size-xl\">Equip de professionals<\/h1>\t\t\t\t<\/div>\n\t\t\t\t<\/div>\n\t\t\t\t\t<\/div>\n\t\t<\/div>\n\t\t\t\t\t<\/div>\n\t\t<\/section>\n\t\t\t\t<section class=\"elementor-section elementor-top-section elementor-element elementor-element-lpf0mne elementor-section-content-middle elementor-hidden-mobile elementor-section-boxed elementor-section-height-default elementor-section-height-default\" data-id=\"lpf0mne\" data-element_type=\"section\" data-e-type=\"section\" data-settings=\"{&quot;background_background&quot;:&quot;classic&quot;}\">\n\t\t\t\t\t\t\t<div class=\"elementor-background-overlay\"><\/div>\n\t\t\t\t\t\t\t<div class=\"elementor-container elementor-column-gap-no\">\n\t\t\t\t\t<div class=\"elementor-column elementor-col-100 elementor-top-column elementor-element elementor-element-e6c3cb2\" data-id=\"e6c3cb2\" data-element_type=\"column\" data-e-type=\"column\" data-settings=\"{&quot;background_background&quot;:&quot;classic&quot;}\">\n\t\t\t<div class=\"elementor-widget-wrap elementor-element-populated\">\n\t\t\t\t\t\t<section class=\"elementor-section elementor-inner-section elementor-element elementor-element-8fe3c28 elementor-section-content-middle elementor-section-boxed elementor-section-height-default elementor-section-height-default\" data-id=\"8fe3c28\" data-element_type=\"section\" data-e-type=\"section\" id=\"lama\">\n\t\t\t\t\t\t<div class=\"elementor-container elementor-column-gap-no\">\n\t\t\t\t\t<div class=\"elementor-column elementor-col-33 elementor-inner-column elementor-element elementor-element-1d3972e\" data-id=\"1d3972e\" data-element_type=\"column\" data-e-type=\"column\">\n\t\t\t<div class=\"elementor-widget-wrap elementor-element-populated\">\n\t\t\t\t\t\t<div class=\"elementor-element elementor-element-97a9ca0 elementor-absolute elementor-widget elementor-widget-image\" data-id=\"97a9ca0\" data-element_type=\"widget\" data-e-type=\"widget\" data-settings=\"{&quot;_position&quot;:&quot;absolute&quot;}\" data-widget_type=\"image.default\">\n\t\t\t\t<div class=\"elementor-widget-container\">\n\t\t\t\t\t\t\t\t\t\t\t\t\t\t\t<img fetchpriority=\"high\" decoding=\"async\" width=\"300\" height=\"300\" src=\"https:\/\/aryatara.es\/wp-content\/uploads\/2022\/08\/Lama-Yeshe-Chodron-1-300x300.jpg\" class=\"attachment-medium size-medium wp-image-5547\" alt=\"\" srcset=\"https:\/\/aryatara.es\/wp-content\/uploads\/2022\/08\/Lama-Yeshe-Chodron-1-300x300.jpg 300w, https:\/\/aryatara.es\/wp-content\/uploads\/2022\/08\/Lama-Yeshe-Chodron-1-150x150.jpg 150w, https:\/\/aryatara.es\/wp-content\/uploads\/2022\/08\/Lama-Yeshe-Chodron-1.jpg 450w\" sizes=\"(max-width: 300px) 100vw, 300px\" \/>\t\t\t\t\t\t\t\t\t\t\t\t\t\t\t<\/div>\n\t\t\t\t<\/div>\n\t\t\t\t\t<\/div>\n\t\t<\/div>\n\t\t\t\t<div class=\"elementor-column elementor-col-66 elementor-inner-column elementor-element elementor-element-793edbe\" data-id=\"793edbe\" data-element_type=\"column\" data-e-type=\"column\">\n\t\t\t<div class=\"elementor-widget-wrap elementor-element-populated\">\n\t\t\t\t\t\t<div class=\"elementor-element elementor-element-b67906b elementor-widget elementor-widget-heading\" data-id=\"b67906b\" data-element_type=\"widget\" data-e-type=\"widget\" data-widget_type=\"heading.default\">\n\t\t\t\t<div class=\"elementor-widget-container\">\n\t\t\t\t\t<h3 class=\"elementor-heading-title elementor-size-default\">Lama Yeshe Ch\u00f6dr\u00f6n<\/h3>\t\t\t\t<\/div>\n\t\t\t\t<\/div>\n\t\t\t\t<div class=\"elementor-element elementor-element-40b2d1a elementor-widget elementor-widget-text-editor\" data-id=\"40b2d1a\" data-element_type=\"widget\" data-e-type=\"widget\" data-widget_type=\"text-editor.default\">\n\t\t\t\t<div class=\"elementor-widget-container\">\n\t\t\t\t\t\t\t\t\t<p><strong>(Mar\u00eda Luisa Aznar)<\/strong><br><em>Directora<\/em><\/p>\t\t\t\t\t\t\t\t<\/div>\n\t\t\t\t<\/div>\n\t\t\t\t<div class=\"elementor-element elementor-element-e08caa5 elementor-widget elementor-widget-text-editor\" data-id=\"e08caa5\" data-element_type=\"widget\" data-e-type=\"widget\" data-widget_type=\"text-editor.default\">\n\t\t\t\t<div class=\"elementor-widget-container\">\n\t\t\t\t\t\t\t\t\t<p>Comen\u00e7a la pr\u00e0ctica del ioga i la meditaci\u00f3 als 15 anys, sota el guiatge de Xavi Alongina.<\/p><p>\u00c9s membre fundadora de l\u2019associaci\u00f3 Sadhana per a la formaci\u00f3 de professors de ioga, al costat de Carlos Fiel, que va ser el seu formador com a professora de ioga.<\/p><p>\u00c9s professora de ioga per l\u2019AEPY (Associaci\u00f3 Espanyola de Practicants de Ioga) i per Sadhana, reconegudes per la UEFNY (Uni\u00f3 Europea de Federacions Nacionals de Ioga).<\/p><p>\u00c9s directora de pr\u00e0ctica del postgrau en Mindfulness i compassi\u00f3 en la relaci\u00f3 d\u2019ajuda, de la Universitat de Lleida, i col\u00b7labora en el M\u00e0ster en Mindfulness de la Universitat de Saragossa.<\/p><p>El 1989 funda el centre de ioga Arya Tara i coneix Kyabj\u00e9 Dungse Shenphen Dawa Norbu Rimpoch\u00e9, que ser\u00e0 el seu mestre arrel en la pr\u00e0ctica del Dharma. Despr\u00e9s d\u2019haver practicat en el marc de diverses escoles, s\u2019estableix en el llinatge i\u00f2guic del seu mestre en l\u2019escola Nyingma.<\/p><p>Al llarg de m\u00e9s de trenta anys rep els ensenyaments, les iniciacions i les transmissions dels llinatges Dudjom Tersar i Longchen Nyingtik. Ha fet nombrosos recessos en grup i en solitari.<\/p><p>El 2011 \u00e9s nomenada Lama (Mestra de Dharma) per part de Kyabj\u00e9 Dungse Shenphen Dawa Norbu Rimpoch\u00e9.<\/p><p>Els seus principals professors de hatha ioga han estat Andre Van Lysebeth i la seva dona Denise, TKV Desikachar i Vimala Takar.<\/p><p>Els seus principals Mestres de Dharma han estat Kyabj\u00e9 Chadral Sangye Dorje Rimpoch\u00e9, el XII Gyalwang Drukpa i Dzongsar Khyentse Rimpoch\u00e9, per\u00f2 el seu mestre arrel, Kyabj\u00e9 Dungse Shenphen Dawa Norbu Rimpoch\u00e9, \u00e9s qui ha dirigit estretament la seva pr\u00e0ctica, Kyabj\u00e9 Chadral Sangye Dorje Rimpoch\u00e9, Kyabj\u00e9 Dungse Dzongsar Khyente Rimpoch\u00e9 y Kyabj\u00e9 Dudjom Sangye Pema Shepa Rimpoch\u00e9.<\/p>\t\t\t\t\t\t\t\t<\/div>\n\t\t\t\t<\/div>\n\t\t\t\t\t<\/div>\n\t\t<\/div>\n\t\t\t\t\t<\/div>\n\t\t<\/section>\n\t\t\t\t<section class=\"elementor-section elementor-inner-section elementor-element elementor-element-80c48c2 elementor-section-content-middle elementor-section-boxed elementor-section-height-default elementor-section-height-default\" data-id=\"80c48c2\" data-element_type=\"section\" data-e-type=\"section\" id=\"anna\">\n\t\t\t\t\t\t<div class=\"elementor-container elementor-column-gap-no\">\n\t\t\t\t\t<div class=\"elementor-column elementor-col-33 elementor-inner-column elementor-element elementor-element-b884bb5\" data-id=\"b884bb5\" data-element_type=\"column\" data-e-type=\"column\">\n\t\t\t<div class=\"elementor-widget-wrap elementor-element-populated\">\n\t\t\t\t\t\t<div class=\"elementor-element elementor-element-2795e72 elementor-absolute elementor-widget elementor-widget-image\" data-id=\"2795e72\" data-element_type=\"widget\" data-e-type=\"widget\" data-settings=\"{&quot;_position&quot;:&quot;absolute&quot;}\" data-widget_type=\"image.default\">\n\t\t\t\t<div class=\"elementor-widget-container\">\n\t\t\t\t\t\t\t\t\t\t\t\t\t\t\t<img decoding=\"async\" width=\"300\" height=\"300\" src=\"https:\/\/aryatara.es\/wp-content\/uploads\/2022\/08\/Pr_Anna_Puigdellivol-1-300x300.jpg\" class=\"attachment-medium size-medium wp-image-4411\" alt=\"\" srcset=\"https:\/\/aryatara.es\/wp-content\/uploads\/2022\/08\/Pr_Anna_Puigdellivol-1-300x300.jpg 300w, https:\/\/aryatara.es\/wp-content\/uploads\/2022\/08\/Pr_Anna_Puigdellivol-1-150x150.jpg 150w, https:\/\/aryatara.es\/wp-content\/uploads\/2022\/08\/Pr_Anna_Puigdellivol-1.jpg 450w\" sizes=\"(max-width: 300px) 100vw, 300px\" \/>\t\t\t\t\t\t\t\t\t\t\t\t\t\t\t<\/div>\n\t\t\t\t<\/div>\n\t\t\t\t\t<\/div>\n\t\t<\/div>\n\t\t\t\t<div class=\"elementor-column elementor-col-66 elementor-inner-column elementor-element elementor-element-e551bd6\" data-id=\"e551bd6\" data-element_type=\"column\" data-e-type=\"column\">\n\t\t\t<div class=\"elementor-widget-wrap elementor-element-populated\">\n\t\t\t\t\t\t<div class=\"elementor-element elementor-element-2226ce1 elementor-widget elementor-widget-heading\" data-id=\"2226ce1\" data-element_type=\"widget\" data-e-type=\"widget\" data-widget_type=\"heading.default\">\n\t\t\t\t<div class=\"elementor-widget-container\">\n\t\t\t\t\t<h3 class=\"elementor-heading-title elementor-size-default\">Anna Puigdell\u00edvol<\/h3>\t\t\t\t<\/div>\n\t\t\t\t<\/div>\n\t\t\t\t<div class=\"elementor-element elementor-element-c937f88 elementor-widget elementor-widget-text-editor\" data-id=\"c937f88\" data-element_type=\"widget\" data-e-type=\"widget\" data-widget_type=\"text-editor.default\">\n\t\t\t\t<div class=\"elementor-widget-container\">\n\t\t\t\t\t\t\t\t\t<p><em>Professora de ioga<\/em><\/p>\t\t\t\t\t\t\t\t<\/div>\n\t\t\t\t<\/div>\n\t\t\t\t<div class=\"elementor-element elementor-element-8b1e2c3 elementor-widget elementor-widget-text-editor\" data-id=\"8b1e2c3\" data-element_type=\"widget\" data-e-type=\"widget\" data-widget_type=\"text-editor.default\">\n\t\t\t\t<div class=\"elementor-widget-container\">\n\t\t\t\t\t\t\t\t\t<p>Formada com a professora de ioga a Yoga S\u00edntesis (Barcelona), una escola de professorat de ioga adscrita a la FEDEFY, amb el professor Juli\u00e1n F. Perag\u00f3n.<\/p><p>S\u2019especialitza com a professora de ioga per a embarassades a l\u2019escola Omma Prenatal (Madrid), amb Montse Cob.<\/p><p>Realitza la formaci\u00f3 en el m\u00e8tode pedag\u00f2gic Yoga Din\u00e1mico a Madrid, amb els professors Godfrey Devereux i Jose Luis Cabezas.<\/p><p>Es forma en educaci\u00f3 de moviments som\u00e0tics amb la professora Lisa Petersen.<\/p><p>L\u2019any 2004 comen\u00e7a el cam\u00ed de la meditaci\u00f3 i el Dharma sota el guiatge de Lama Yeshe Ch\u00f6dr\u00f6n.<\/p><p>El 2011 \u00e9s nomenada Lop\u00f6n (instructora de Dharma i meditaci\u00f3) per part de Kyabj\u00e9 Dungse Shenphen Dawa Norbu Rimpoch\u00e9.<\/p>\t\t\t\t\t\t\t\t<\/div>\n\t\t\t\t<\/div>\n\t\t\t\t\t<\/div>\n\t\t<\/div>\n\t\t\t\t\t<\/div>\n\t\t<\/section>\n\t\t\t\t<section class=\"elementor-section elementor-inner-section elementor-element elementor-element-f00a8e7 elementor-section-content-middle elementor-section-boxed elementor-section-height-default elementor-section-height-default\" data-id=\"f00a8e7\" data-element_type=\"section\" data-e-type=\"section\" id=\"laia\">\n\t\t\t\t\t\t<div class=\"elementor-container elementor-column-gap-no\">\n\t\t\t\t\t<div class=\"elementor-column elementor-col-33 elementor-inner-column elementor-element elementor-element-a822b9d\" data-id=\"a822b9d\" data-element_type=\"column\" data-e-type=\"column\">\n\t\t\t<div class=\"elementor-widget-wrap elementor-element-populated\">\n\t\t\t\t\t\t<div class=\"elementor-element elementor-element-6441564 elementor-absolute elementor-widget elementor-widget-image\" data-id=\"6441564\" data-element_type=\"widget\" data-e-type=\"widget\" data-settings=\"{&quot;_position&quot;:&quot;absolute&quot;}\" data-widget_type=\"image.default\">\n\t\t\t\t<div class=\"elementor-widget-container\">\n\t\t\t\t\t\t\t\t\t\t\t\t\t\t\t<img decoding=\"async\" width=\"300\" height=\"300\" src=\"https:\/\/aryatara.es\/wp-content\/uploads\/2022\/08\/laia-300x300.jpg\" class=\"attachment-medium size-medium wp-image-8406\" alt=\"\" srcset=\"https:\/\/aryatara.es\/wp-content\/uploads\/2022\/08\/laia-300x300.jpg 300w, https:\/\/aryatara.es\/wp-content\/uploads\/2022\/08\/laia-150x150.jpg 150w, https:\/\/aryatara.es\/wp-content\/uploads\/2022\/08\/laia.jpg 450w\" sizes=\"(max-width: 300px) 100vw, 300px\" \/>\t\t\t\t\t\t\t\t\t\t\t\t\t\t\t<\/div>\n\t\t\t\t<\/div>\n\t\t\t\t\t<\/div>\n\t\t<\/div>\n\t\t\t\t<div class=\"elementor-column elementor-col-66 elementor-inner-column elementor-element elementor-element-5ec10d3\" data-id=\"5ec10d3\" data-element_type=\"column\" data-e-type=\"column\">\n\t\t\t<div class=\"elementor-widget-wrap elementor-element-populated\">\n\t\t\t\t\t\t<div class=\"elementor-element elementor-element-e0b5b55 elementor-widget elementor-widget-heading\" data-id=\"e0b5b55\" data-element_type=\"widget\" data-e-type=\"widget\" data-widget_type=\"heading.default\">\n\t\t\t\t<div class=\"elementor-widget-container\">\n\t\t\t\t\t<h3 class=\"elementor-heading-title elementor-size-default\">Laia Noguera<\/h3>\t\t\t\t<\/div>\n\t\t\t\t<\/div>\n\t\t\t\t<div class=\"elementor-element elementor-element-3271a96 elementor-widget elementor-widget-text-editor\" data-id=\"3271a96\" data-element_type=\"widget\" data-e-type=\"widget\" data-widget_type=\"text-editor.default\">\n\t\t\t\t<div class=\"elementor-widget-container\">\n\t\t\t\t\t\t\t\t\t<p><em>Professora de mindfulness<\/em><\/p>\t\t\t\t\t\t\t\t<\/div>\n\t\t\t\t<\/div>\n\t\t\t\t<div class=\"elementor-element elementor-element-c1e8080 elementor-widget elementor-widget-text-editor\" data-id=\"c1e8080\" data-element_type=\"widget\" data-e-type=\"widget\" data-widget_type=\"text-editor.default\">\n\t\t\t\t<div class=\"elementor-widget-container\">\n\t\t\t\t\t\t\t\t\t<p>Escriptora i traductora. Ha publicat prop de 20 llibres de poesia, diversos dels quals han rebut premis de prestigi en l\u2019\u00e0mbit de la literatura catalana.<\/p><p>L\u2019any 2010 comen\u00e7a el cam\u00ed de la meditaci\u00f3 i el Dharma seguint la guia de la seva mestra, Lama Yeshe Ch\u00f6dr\u00f6n.<\/p><p>Realitza el postgrau \u201cMindfulness i compassi\u00f3 en la relaci\u00f3 d\u2019ajuda\u201d, de la Universitat de Lleida.<\/p><p>Ha incorporat la pr\u00e0ctica del mindfulness i la meditaci\u00f3 en la creaci\u00f3 art\u00edstica, investigant molt en especial en l\u2019escriptura conscient o mindulf writing.<\/p>\t\t\t\t\t\t\t\t<\/div>\n\t\t\t\t<\/div>\n\t\t\t\t\t<\/div>\n\t\t<\/div>\n\t\t\t\t\t<\/div>\n\t\t<\/section>\n\t\t\t\t<section class=\"elementor-section elementor-inner-section elementor-element elementor-element-61ad49a elementor-section-content-middle elementor-section-boxed elementor-section-height-default elementor-section-height-default\" data-id=\"61ad49a\" data-element_type=\"section\" data-e-type=\"section\" id=\"itziar\">\n\t\t\t\t\t\t<div class=\"elementor-container elementor-column-gap-no\">\n\t\t\t\t\t<div class=\"elementor-column elementor-col-33 elementor-inner-column elementor-element elementor-element-1687dcb\" data-id=\"1687dcb\" data-element_type=\"column\" data-e-type=\"column\">\n\t\t\t<div class=\"elementor-widget-wrap elementor-element-populated\">\n\t\t\t\t\t\t<div class=\"elementor-element elementor-element-3b77d0d elementor-absolute elementor-widget elementor-widget-image\" data-id=\"3b77d0d\" data-element_type=\"widget\" data-e-type=\"widget\" data-settings=\"{&quot;_position&quot;:&quot;absolute&quot;}\" data-widget_type=\"image.default\">\n\t\t\t\t<div class=\"elementor-widget-container\">\n\t\t\t\t\t\t\t\t\t\t\t\t\t\t\t<img loading=\"lazy\" decoding=\"async\" width=\"300\" height=\"300\" src=\"https:\/\/aryatara.es\/wp-content\/uploads\/2022\/08\/itziar_fernandez-300x300.jpg\" class=\"attachment-medium size-medium wp-image-8410\" alt=\"\" srcset=\"https:\/\/aryatara.es\/wp-content\/uploads\/2022\/08\/itziar_fernandez-300x300.jpg 300w, https:\/\/aryatara.es\/wp-content\/uploads\/2022\/08\/itziar_fernandez-150x150.jpg 150w, https:\/\/aryatara.es\/wp-content\/uploads\/2022\/08\/itziar_fernandez.jpg 450w\" sizes=\"(max-width: 300px) 100vw, 300px\" \/>\t\t\t\t\t\t\t\t\t\t\t\t\t\t\t<\/div>\n\t\t\t\t<\/div>\n\t\t\t\t\t<\/div>\n\t\t<\/div>\n\t\t\t\t<div class=\"elementor-column elementor-col-66 elementor-inner-column elementor-element elementor-element-44e3bb1\" data-id=\"44e3bb1\" data-element_type=\"column\" data-e-type=\"column\">\n\t\t\t<div class=\"elementor-widget-wrap elementor-element-populated\">\n\t\t\t\t\t\t<div class=\"elementor-element elementor-element-188b5f0 elementor-widget elementor-widget-heading\" data-id=\"188b5f0\" data-element_type=\"widget\" data-e-type=\"widget\" data-widget_type=\"heading.default\">\n\t\t\t\t<div class=\"elementor-widget-container\">\n\t\t\t\t\t<h3 class=\"elementor-heading-title elementor-size-default\">Itziar Fern\u00e1ndez<\/h3>\t\t\t\t<\/div>\n\t\t\t\t<\/div>\n\t\t\t\t<div class=\"elementor-element elementor-element-43b8e4a elementor-widget elementor-widget-text-editor\" data-id=\"43b8e4a\" data-element_type=\"widget\" data-e-type=\"widget\" data-widget_type=\"text-editor.default\">\n\t\t\t\t<div class=\"elementor-widget-container\">\n\t\t\t\t\t\t\t\t\t<p><em>Psic\u00f2loga<\/em><\/p>\t\t\t\t\t\t\t\t<\/div>\n\t\t\t\t<\/div>\n\t\t\t\t<div class=\"elementor-element elementor-element-d2d5420 elementor-widget elementor-widget-text-editor\" data-id=\"d2d5420\" data-element_type=\"widget\" data-e-type=\"widget\" data-widget_type=\"text-editor.default\">\n\t\t\t\t<div class=\"elementor-widget-container\">\n\t\t\t\t\t\t\t\t\t<p>Psic\u00f2loga Psic\u00f2loga amb 20 anys d\u2019experi\u00e8ncia cl\u00ednica a la xarxa p\u00fablica.<\/p><p>Psicoterapeuta FEAP.<\/p><p>Psicoanalista IPB (SEP-IPA).<\/p><p>Postgrau en Mindfulness i compassi\u00f3 en la relaci\u00f3 d\u2019ajuda (UdL).<\/p><p>Practicant de hatha ioga i meditaci\u00f3 des de fa 10 anys.<\/p>\t\t\t\t\t\t\t\t<\/div>\n\t\t\t\t<\/div>\n\t\t\t\t\t<\/div>\n\t\t<\/div>\n\t\t\t\t\t<\/div>\n\t\t<\/section>\n\t\t\t\t<section class=\"elementor-section elementor-inner-section elementor-element elementor-element-8157de5 elementor-section-content-middle elementor-section-boxed elementor-section-height-default elementor-section-height-default\" data-id=\"8157de5\" data-element_type=\"section\" data-e-type=\"section\" id=\"marta\">\n\t\t\t\t\t\t<div class=\"elementor-container elementor-column-gap-no\">\n\t\t\t\t\t<div class=\"elementor-column elementor-col-33 elementor-inner-column elementor-element elementor-element-990dd49\" data-id=\"990dd49\" data-element_type=\"column\" data-e-type=\"column\">\n\t\t\t<div class=\"elementor-widget-wrap elementor-element-populated\">\n\t\t\t\t\t\t<div class=\"elementor-element elementor-element-cc48908 elementor-absolute elementor-widget elementor-widget-image\" data-id=\"cc48908\" data-element_type=\"widget\" data-e-type=\"widget\" data-settings=\"{&quot;_position&quot;:&quot;absolute&quot;}\" data-widget_type=\"image.default\">\n\t\t\t\t<div class=\"elementor-widget-container\">\n\t\t\t\t\t\t\t\t\t\t\t\t\t\t\t<img loading=\"lazy\" decoding=\"async\" width=\"300\" height=\"300\" src=\"https:\/\/aryatara.es\/wp-content\/uploads\/2022\/08\/Pr_Marta_Sanchez-2-300x300.jpg\" class=\"attachment-medium size-medium wp-image-13229\" alt=\"\" srcset=\"https:\/\/aryatara.es\/wp-content\/uploads\/2022\/08\/Pr_Marta_Sanchez-2-300x300.jpg 300w, https:\/\/aryatara.es\/wp-content\/uploads\/2022\/08\/Pr_Marta_Sanchez-2-150x150.jpg 150w, https:\/\/aryatara.es\/wp-content\/uploads\/2022\/08\/Pr_Marta_Sanchez-2.jpg 450w\" sizes=\"(max-width: 300px) 100vw, 300px\" \/>\t\t\t\t\t\t\t\t\t\t\t\t\t\t\t<\/div>\n\t\t\t\t<\/div>\n\t\t\t\t\t<\/div>\n\t\t<\/div>\n\t\t\t\t<div class=\"elementor-column elementor-col-66 elementor-inner-column elementor-element elementor-element-f5fcb0b\" data-id=\"f5fcb0b\" data-element_type=\"column\" data-e-type=\"column\">\n\t\t\t<div class=\"elementor-widget-wrap elementor-element-populated\">\n\t\t\t\t\t\t<div class=\"elementor-element elementor-element-6858a93 elementor-widget elementor-widget-heading\" data-id=\"6858a93\" data-element_type=\"widget\" data-e-type=\"widget\" data-widget_type=\"heading.default\">\n\t\t\t\t<div class=\"elementor-widget-container\">\n\t\t\t\t\t<h3 class=\"elementor-heading-title elementor-size-default\">Marta S\u00e1nchez<\/h3>\t\t\t\t<\/div>\n\t\t\t\t<\/div>\n\t\t\t\t<div class=\"elementor-element elementor-element-15763f7 elementor-widget elementor-widget-text-editor\" data-id=\"15763f7\" data-element_type=\"widget\" data-e-type=\"widget\" data-widget_type=\"text-editor.default\">\n\t\t\t\t<div class=\"elementor-widget-container\">\n\t\t\t\t\t\t\t\t\t<p><em>Ter\u00e0pia energ\u00e8tica<\/em><\/p>\t\t\t\t\t\t\t\t<\/div>\n\t\t\t\t<\/div>\n\t\t\t\t<div class=\"elementor-element elementor-element-457b148 elementor-widget elementor-widget-text-editor\" data-id=\"457b148\" data-element_type=\"widget\" data-e-type=\"widget\" data-widget_type=\"text-editor.default\">\n\t\t\t\t<div class=\"elementor-widget-container\">\n\t\t\t\t\t\t\t\t\t<p>Tercer nivell del Bach International Education Programme. Dr. Edward Bach Foundation (2008).<\/p><p>Manos para sanar (2011).<\/p><p>Auriculopuntura, tractament de la columna vertebral. Ismet (2012).<\/p><p>Tractament de l\u2019esquena amb ventoses. Ismet (2012).<\/p><p>Auriculopuntura. Abainstitut (2013).<\/p><p>Moxa tibetana, con el Dr. Sherab Tenzin (2013).<\/p><p>Reflexologia podal i manual. Abainstitut (2014).<\/p><p>Naturopatia funcional: oligoter\u00e0pia, sals de Sch\u00fcssler i organoter\u00e0pia. Ismet (2014).<\/p><p>Radioest\u00e8sia aplicada a la domoter\u00e0pia, amb Francesc Garrig\u00f3s (2014).<\/p><p>Formaci\u00f3 en ter\u00e0pia de so (2015).<\/p>\t\t\t\t\t\t\t\t<\/div>\n\t\t\t\t<\/div>\n\t\t\t\t\t<\/div>\n\t\t<\/div>\n\t\t\t\t\t<\/div>\n\t\t<\/section>\n\t\t\t\t\t<\/div>\n\t\t<\/div>\n\t\t\t\t\t<\/div>\n\t\t<\/section>\n\t\t\t\t<section class=\"elementor-section elementor-top-section elementor-element elementor-element-79f409e elementor-section-content-middle elementor-hidden-desktop elementor-hidden-tablet elementor-section-boxed elementor-section-height-default elementor-section-height-default\" data-id=\"79f409e\" data-element_type=\"section\" data-e-type=\"section\" data-settings=\"{&quot;background_background&quot;:&quot;classic&quot;}\">\n\t\t\t\t\t\t\t<div class=\"elementor-background-overlay\"><\/div>\n\t\t\t\t\t\t\t<div class=\"elementor-container elementor-column-gap-no\">\n\t\t\t\t\t<div class=\"elementor-column elementor-col-100 elementor-top-column elementor-element elementor-element-fcd2fa6\" data-id=\"fcd2fa6\" data-element_type=\"column\" data-e-type=\"column\" data-settings=\"{&quot;background_background&quot;:&quot;classic&quot;}\">\n\t\t\t<div class=\"elementor-widget-wrap elementor-element-populated\">\n\t\t\t\t\t\t<section class=\"elementor-section elementor-inner-section elementor-element elementor-element-9905cb0 elementor-section-content-middle elementor-section-boxed elementor-section-height-default elementor-section-height-default\" data-id=\"9905cb0\" data-element_type=\"section\" data-e-type=\"section\">\n\t\t\t\t\t\t<div class=\"elementor-container elementor-column-gap-no\">\n\t\t\t\t\t<div class=\"elementor-column elementor-col-100 elementor-inner-column elementor-element elementor-element-a9fc4d3\" data-id=\"a9fc4d3\" data-element_type=\"column\" data-e-type=\"column\">\n\t\t\t<div class=\"elementor-widget-wrap elementor-element-populated\">\n\t\t\t\t\t\t<div class=\"elementor-element elementor-element-8f74ac3 elementor-widget elementor-widget-image\" data-id=\"8f74ac3\" data-element_type=\"widget\" data-e-type=\"widget\" data-widget_type=\"image.default\">\n\t\t\t\t<div class=\"elementor-widget-container\">\n\t\t\t\t\t\t\t\t\t\t\t\t\t\t\t<img fetchpriority=\"high\" decoding=\"async\" width=\"300\" height=\"300\" src=\"https:\/\/aryatara.es\/wp-content\/uploads\/2022\/08\/Lama-Yeshe-Chodron-1-300x300.jpg\" class=\"attachment-medium size-medium wp-image-5547\" alt=\"\" srcset=\"https:\/\/aryatara.es\/wp-content\/uploads\/2022\/08\/Lama-Yeshe-Chodron-1-300x300.jpg 300w, https:\/\/aryatara.es\/wp-content\/uploads\/2022\/08\/Lama-Yeshe-Chodron-1-150x150.jpg 150w, https:\/\/aryatara.es\/wp-content\/uploads\/2022\/08\/Lama-Yeshe-Chodron-1.jpg 450w\" sizes=\"(max-width: 300px) 100vw, 300px\" \/>\t\t\t\t\t\t\t\t\t\t\t\t\t\t\t<\/div>\n\t\t\t\t<\/div>\n\t\t\t\t<div class=\"elementor-element elementor-element-05a4c0b elementor-widget elementor-widget-heading\" data-id=\"05a4c0b\" data-element_type=\"widget\" data-e-type=\"widget\" data-widget_type=\"heading.default\">\n\t\t\t\t<div class=\"elementor-widget-container\">\n\t\t\t\t\t<h3 class=\"elementor-heading-title elementor-size-default\">Lama Yeshe Ch\u00f6dr\u00f6n<\/h3>\t\t\t\t<\/div>\n\t\t\t\t<\/div>\n\t\t\t\t<div class=\"elementor-element elementor-element-555157f elementor-widget elementor-widget-text-editor\" data-id=\"555157f\" data-element_type=\"widget\" data-e-type=\"widget\" data-widget_type=\"text-editor.default\">\n\t\t\t\t<div class=\"elementor-widget-container\">\n\t\t\t\t\t\t\t\t\t<p><strong>(Mar\u00eda Luisa Aznar)<\/strong><br><em>Directora<\/em><\/p>\t\t\t\t\t\t\t\t<\/div>\n\t\t\t\t<\/div>\n\t\t\t\t<div class=\"elementor-element elementor-element-ee3f54b elementor-widget elementor-widget-text-editor\" data-id=\"ee3f54b\" data-element_type=\"widget\" data-e-type=\"widget\" data-widget_type=\"text-editor.default\">\n\t\t\t\t<div class=\"elementor-widget-container\">\n\t\t\t\t\t\t\t\t\t<p>Comen\u00e7a la pr\u00e0ctica del ioga i la meditaci\u00f3 als 15 anys, sota el guiatge de Xavi Alongina.<\/p><p>\u00c9s membre fundadora de l\u2019associaci\u00f3 Sadhana per a la formaci\u00f3 de professors de ioga, al costat de Carlos Fiel, que va ser el seu formador com a professora de ioga.<\/p><p>\u00c9s professora de ioga per l\u2019AEPY (Associaci\u00f3 Espanyola de Practicants de Ioga) i per Sadhana, reconegudes per la UEFNY (Uni\u00f3 Europea de Federacions Nacionals de Ioga).<\/p><p>\u00c9s directora de pr\u00e0ctica del postgrau en Mindfulness i compassi\u00f3 en la relaci\u00f3 d\u2019ajuda, de la Universitat de Lleida, i col\u00b7labora en el M\u00e0ster en Mindfulness de la Universitat de Saragossa.<\/p><p>El 1989 funda el centre de ioga Arya Tara i coneix Kyabj\u00e9 Dungse Shenphen Dawa Norbu Rimpoch\u00e9, que ser\u00e0 el seu mestre arrel en la pr\u00e0ctica del Dharma. Despr\u00e9s d\u2019haver practicat en el marc de diverses escoles, s\u2019estableix en el llinatge i\u00f2guic del seu mestre en l\u2019escola Nyingma.<\/p><p>Al llarg de m\u00e9s de trenta anys rep els ensenyaments, les iniciacions i les transmissions dels llinatges Dudjom Tersar i Longchen Nyingtik. Ha fet nombrosos recessos en grup i en solitari.<\/p><p>El 2011 \u00e9s nomenada Lama (Mestra de Dharma) per part de Kyabj\u00e9 Dungse Shenphen Dawa Norbu Rimpoch\u00e9.<\/p><p>Els seus principals professors de hatha ioga han estat Andre Van Lysebeth i la seva dona Denise, TKV Desikachar i Vimala Takar.<\/p><p>Sus principales Maestros de Dharma han sido Kyabj\u00e9 Chadral Sangye Dorje Rimpoch\u00e9, el XII Gyalwang Drukpa y Dzongsar Khyente Rinpoche, pero su maestro ra\u00edz, Kyabj\u00e9 Dungse Shenphen Dawa Norbu Rimpoch\u00e9, es quien ha dirigido estrechamente su pr\u00e1ctica.<\/p>\t\t\t\t\t\t\t\t<\/div>\n\t\t\t\t<\/div>\n\t\t\t\t\t<\/div>\n\t\t<\/div>\n\t\t\t\t\t<\/div>\n\t\t<\/section>\n\t\t\t\t<section class=\"elementor-section elementor-inner-section elementor-element elementor-element-a259d48 elementor-section-content-middle elementor-section-boxed elementor-section-height-default elementor-section-height-default\" data-id=\"a259d48\" data-element_type=\"section\" data-e-type=\"section\">\n\t\t\t\t\t\t<div class=\"elementor-container elementor-column-gap-no\">\n\t\t\t\t\t<div class=\"elementor-column elementor-col-33 elementor-inner-column elementor-element elementor-element-9da549f\" data-id=\"9da549f\" data-element_type=\"column\" data-e-type=\"column\">\n\t\t\t<div class=\"elementor-widget-wrap elementor-element-populated\">\n\t\t\t\t\t\t<div class=\"elementor-element elementor-element-c3e074a elementor-widget elementor-widget-image\" data-id=\"c3e074a\" data-element_type=\"widget\" data-e-type=\"widget\" data-widget_type=\"image.default\">\n\t\t\t\t<div class=\"elementor-widget-container\">\n\t\t\t\t\t\t\t\t\t\t\t\t\t\t\t<img decoding=\"async\" width=\"300\" height=\"300\" src=\"https:\/\/aryatara.es\/wp-content\/uploads\/2022\/08\/Pr_Anna_Puigdellivol-1-300x300.jpg\" class=\"attachment-medium size-medium wp-image-4411\" alt=\"\" srcset=\"https:\/\/aryatara.es\/wp-content\/uploads\/2022\/08\/Pr_Anna_Puigdellivol-1-300x300.jpg 300w, https:\/\/aryatara.es\/wp-content\/uploads\/2022\/08\/Pr_Anna_Puigdellivol-1-150x150.jpg 150w, https:\/\/aryatara.es\/wp-content\/uploads\/2022\/08\/Pr_Anna_Puigdellivol-1.jpg 450w\" sizes=\"(max-width: 300px) 100vw, 300px\" \/>\t\t\t\t\t\t\t\t\t\t\t\t\t\t\t<\/div>\n\t\t\t\t<\/div>\n\t\t\t\t\t<\/div>\n\t\t<\/div>\n\t\t\t\t<div class=\"elementor-column elementor-col-66 elementor-inner-column elementor-element elementor-element-28ca60a\" data-id=\"28ca60a\" data-element_type=\"column\" data-e-type=\"column\">\n\t\t\t<div class=\"elementor-widget-wrap elementor-element-populated\">\n\t\t\t\t\t\t<div class=\"elementor-element elementor-element-c294022 elementor-widget elementor-widget-heading\" data-id=\"c294022\" data-element_type=\"widget\" data-e-type=\"widget\" data-widget_type=\"heading.default\">\n\t\t\t\t<div class=\"elementor-widget-container\">\n\t\t\t\t\t<h3 class=\"elementor-heading-title elementor-size-default\">Anna Puigdell\u00edvol<\/h3>\t\t\t\t<\/div>\n\t\t\t\t<\/div>\n\t\t\t\t<div class=\"elementor-element elementor-element-c537ecb elementor-widget elementor-widget-text-editor\" data-id=\"c537ecb\" data-element_type=\"widget\" data-e-type=\"widget\" data-widget_type=\"text-editor.default\">\n\t\t\t\t<div class=\"elementor-widget-container\">\n\t\t\t\t\t\t\t\t\t<p><em>Professora de ioga<\/em><\/p>\t\t\t\t\t\t\t\t<\/div>\n\t\t\t\t<\/div>\n\t\t\t\t<div class=\"elementor-element elementor-element-e892af2 elementor-widget elementor-widget-text-editor\" data-id=\"e892af2\" data-element_type=\"widget\" data-e-type=\"widget\" data-widget_type=\"text-editor.default\">\n\t\t\t\t<div class=\"elementor-widget-container\">\n\t\t\t\t\t\t\t\t\t<p>Formada com a professora de ioga a Yoga S\u00edntesis (Barcelona), una escola de professorat de ioga adscrita a la FEDEFY, amb el professor Juli\u00e1n F. Perag\u00f3n.<\/p><p>S\u2019especialitza com a professora de ioga per a embarassades a l\u2019escola Omma Prenatal (Madrid), amb Montse Cob.<\/p><p>Realitza la formaci\u00f3 en el m\u00e8tode pedag\u00f2gic Yoga Din\u00e1mico a Madrid, amb els professors Godfrey Devereux i Jose Luis Cabezas.<\/p><p>Es forma en educaci\u00f3 de moviments som\u00e0tics amb la professora Lisa Petersen.<\/p><p>L\u2019any 2004 comen\u00e7a el cam\u00ed de la meditaci\u00f3 i el Dharma sota el guiatge de Lama Yeshe Ch\u00f6dr\u00f6n.<\/p><p>El 2011 \u00e9s nomenada Lop\u00f6n (instructora de Dharma i meditaci\u00f3) per part de Kyabj\u00e9 Dungse Shenphen Dawa Norbu Rimpoch\u00e9.<\/p>\t\t\t\t\t\t\t\t<\/div>\n\t\t\t\t<\/div>\n\t\t\t\t\t<\/div>\n\t\t<\/div>\n\t\t\t\t\t<\/div>\n\t\t<\/section>\n\t\t\t\t<section class=\"elementor-section elementor-inner-section elementor-element elementor-element-fd6175b elementor-section-content-middle elementor-section-boxed elementor-section-height-default elementor-section-height-default\" data-id=\"fd6175b\" data-element_type=\"section\" data-e-type=\"section\">\n\t\t\t\t\t\t<div class=\"elementor-container elementor-column-gap-no\">\n\t\t\t\t\t<div class=\"elementor-column elementor-col-33 elementor-inner-column elementor-element elementor-element-8472b6f\" data-id=\"8472b6f\" data-element_type=\"column\" data-e-type=\"column\">\n\t\t\t<div class=\"elementor-widget-wrap elementor-element-populated\">\n\t\t\t\t\t\t<div class=\"elementor-element elementor-element-a99f944 elementor-widget elementor-widget-image\" data-id=\"a99f944\" data-element_type=\"widget\" data-e-type=\"widget\" data-widget_type=\"image.default\">\n\t\t\t\t<div class=\"elementor-widget-container\">\n\t\t\t\t\t\t\t\t\t\t\t\t\t\t\t<img decoding=\"async\" width=\"300\" height=\"300\" src=\"https:\/\/aryatara.es\/wp-content\/uploads\/2022\/08\/laia-300x300.jpg\" class=\"attachment-medium size-medium wp-image-8406\" alt=\"\" srcset=\"https:\/\/aryatara.es\/wp-content\/uploads\/2022\/08\/laia-300x300.jpg 300w, https:\/\/aryatara.es\/wp-content\/uploads\/2022\/08\/laia-150x150.jpg 150w, https:\/\/aryatara.es\/wp-content\/uploads\/2022\/08\/laia.jpg 450w\" sizes=\"(max-width: 300px) 100vw, 300px\" \/>\t\t\t\t\t\t\t\t\t\t\t\t\t\t\t<\/div>\n\t\t\t\t<\/div>\n\t\t\t\t\t<\/div>\n\t\t<\/div>\n\t\t\t\t<div class=\"elementor-column elementor-col-66 elementor-inner-column elementor-element elementor-element-783e090\" data-id=\"783e090\" data-element_type=\"column\" data-e-type=\"column\">\n\t\t\t<div class=\"elementor-widget-wrap elementor-element-populated\">\n\t\t\t\t\t\t<div class=\"elementor-element elementor-element-b80f2cc elementor-widget elementor-widget-heading\" data-id=\"b80f2cc\" data-element_type=\"widget\" data-e-type=\"widget\" data-widget_type=\"heading.default\">\n\t\t\t\t<div class=\"elementor-widget-container\">\n\t\t\t\t\t<h3 class=\"elementor-heading-title elementor-size-default\">Laia Noguera<\/h3>\t\t\t\t<\/div>\n\t\t\t\t<\/div>\n\t\t\t\t<div class=\"elementor-element elementor-element-ce5ab88 elementor-widget elementor-widget-text-editor\" data-id=\"ce5ab88\" data-element_type=\"widget\" data-e-type=\"widget\" data-widget_type=\"text-editor.default\">\n\t\t\t\t<div class=\"elementor-widget-container\">\n\t\t\t\t\t\t\t\t\t<p><em>Professora de mindfulness<\/em><\/p>\t\t\t\t\t\t\t\t<\/div>\n\t\t\t\t<\/div>\n\t\t\t\t<div class=\"elementor-element elementor-element-bc63ec9 elementor-widget elementor-widget-text-editor\" data-id=\"bc63ec9\" data-element_type=\"widget\" data-e-type=\"widget\" data-widget_type=\"text-editor.default\">\n\t\t\t\t<div class=\"elementor-widget-container\">\n\t\t\t\t\t\t\t\t\t<p>Escriptora i traductora. Ha publicat prop de 20 llibres de poesia, diversos dels quals han rebut premis de prestigi en l\u2019\u00e0mbit de la literatura catalana.<\/p><p>L\u2019any 2010 comen\u00e7a el cam\u00ed de la meditaci\u00f3 i el Dharma seguint la guia de la seva mestra, Lama Yeshe Ch\u00f6dr\u00f6n.<\/p><p>Realitza el postgrau \u201cMindfulness i compassi\u00f3 en la relaci\u00f3 d\u2019ajuda\u201d, de la Universitat de Lleida.<\/p><p>Ha incorporat la pr\u00e0ctica del mindfulness i la meditaci\u00f3 en la creaci\u00f3 art\u00edstica, investigant molt en especial en l\u2019escriptura conscient o mindulf writing.<\/p>\t\t\t\t\t\t\t\t<\/div>\n\t\t\t\t<\/div>\n\t\t\t\t\t<\/div>\n\t\t<\/div>\n\t\t\t\t\t<\/div>\n\t\t<\/section>\n\t\t\t\t<section class=\"elementor-section elementor-inner-section elementor-element elementor-element-b741256 elementor-section-content-middle elementor-section-boxed elementor-section-height-default elementor-section-height-default\" data-id=\"b741256\" data-element_type=\"section\" data-e-type=\"section\">\n\t\t\t\t\t\t<div class=\"elementor-container elementor-column-gap-no\">\n\t\t\t\t\t<div class=\"elementor-column elementor-col-33 elementor-inner-column elementor-element elementor-element-d1737bc\" data-id=\"d1737bc\" data-element_type=\"column\" data-e-type=\"column\">\n\t\t\t<div class=\"elementor-widget-wrap elementor-element-populated\">\n\t\t\t\t\t\t<div class=\"elementor-element elementor-element-e379f8e elementor-widget elementor-widget-image\" data-id=\"e379f8e\" data-element_type=\"widget\" data-e-type=\"widget\" data-widget_type=\"image.default\">\n\t\t\t\t<div class=\"elementor-widget-container\">\n\t\t\t\t\t\t\t\t\t\t\t\t\t\t\t<img loading=\"lazy\" decoding=\"async\" width=\"300\" height=\"300\" src=\"https:\/\/aryatara.es\/wp-content\/uploads\/2022\/08\/itziar_fernandez-300x300.jpg\" class=\"attachment-medium size-medium wp-image-8410\" alt=\"\" srcset=\"https:\/\/aryatara.es\/wp-content\/uploads\/2022\/08\/itziar_fernandez-300x300.jpg 300w, https:\/\/aryatara.es\/wp-content\/uploads\/2022\/08\/itziar_fernandez-150x150.jpg 150w, https:\/\/aryatara.es\/wp-content\/uploads\/2022\/08\/itziar_fernandez.jpg 450w\" sizes=\"(max-width: 300px) 100vw, 300px\" \/>\t\t\t\t\t\t\t\t\t\t\t\t\t\t\t<\/div>\n\t\t\t\t<\/div>\n\t\t\t\t\t<\/div>\n\t\t<\/div>\n\t\t\t\t<div class=\"elementor-column elementor-col-66 elementor-inner-column elementor-element elementor-element-6e2965e\" data-id=\"6e2965e\" data-element_type=\"column\" data-e-type=\"column\">\n\t\t\t<div class=\"elementor-widget-wrap elementor-element-populated\">\n\t\t\t\t\t\t<div class=\"elementor-element elementor-element-358987f elementor-widget elementor-widget-heading\" data-id=\"358987f\" data-element_type=\"widget\" data-e-type=\"widget\" data-widget_type=\"heading.default\">\n\t\t\t\t<div class=\"elementor-widget-container\">\n\t\t\t\t\t<h3 class=\"elementor-heading-title elementor-size-default\">Itziar Fern\u00e1ndez<\/h3>\t\t\t\t<\/div>\n\t\t\t\t<\/div>\n\t\t\t\t<div class=\"elementor-element elementor-element-6216a2d elementor-widget elementor-widget-text-editor\" data-id=\"6216a2d\" data-element_type=\"widget\" data-e-type=\"widget\" data-widget_type=\"text-editor.default\">\n\t\t\t\t<div class=\"elementor-widget-container\">\n\t\t\t\t\t\t\t\t\t<p><em>Psic\u00f2loga<\/em><\/p>\t\t\t\t\t\t\t\t<\/div>\n\t\t\t\t<\/div>\n\t\t\t\t<div class=\"elementor-element elementor-element-2e09fed elementor-widget elementor-widget-text-editor\" data-id=\"2e09fed\" data-element_type=\"widget\" data-e-type=\"widget\" data-widget_type=\"text-editor.default\">\n\t\t\t\t<div class=\"elementor-widget-container\">\n\t\t\t\t\t\t\t\t\t<p>Psic\u00f2loga Psic\u00f2loga amb 20 anys d\u2019experi\u00e8ncia cl\u00ednica a la xarxa p\u00fablica.<\/p><p>Psicoterapeuta FEAP.<\/p><p>Psicoanalista IPB (SEP-IPA).<\/p><p>Postgrau en Mindfulness i compassi\u00f3 en la relaci\u00f3 d\u2019ajuda (UdL).<\/p><p>Practicant de hatha ioga i meditaci\u00f3 des de fa 10 anys.<\/p>\t\t\t\t\t\t\t\t<\/div>\n\t\t\t\t<\/div>\n\t\t\t\t\t<\/div>\n\t\t<\/div>\n\t\t\t\t\t<\/div>\n\t\t<\/section>\n\t\t\t\t<section class=\"elementor-section elementor-inner-section elementor-element elementor-element-599d154 elementor-section-content-middle elementor-section-boxed elementor-section-height-default elementor-section-height-default\" data-id=\"599d154\" data-element_type=\"section\" data-e-type=\"section\">\n\t\t\t\t\t\t<div class=\"elementor-container elementor-column-gap-no\">\n\t\t\t\t\t<div class=\"elementor-column elementor-col-33 elementor-inner-column elementor-element elementor-element-547e829\" data-id=\"547e829\" data-element_type=\"column\" data-e-type=\"column\">\n\t\t\t<div class=\"elementor-widget-wrap elementor-element-populated\">\n\t\t\t\t\t\t<div class=\"elementor-element elementor-element-5a3a429 elementor-widget elementor-widget-image\" data-id=\"5a3a429\" data-element_type=\"widget\" data-e-type=\"widget\" data-widget_type=\"image.default\">\n\t\t\t\t<div class=\"elementor-widget-container\">\n\t\t\t\t\t\t\t\t\t\t\t\t\t\t\t<img loading=\"lazy\" decoding=\"async\" width=\"300\" height=\"300\" src=\"https:\/\/aryatara.es\/wp-content\/uploads\/2022\/08\/Pr_Marta_Sanchez-2-300x300.jpg\" class=\"attachment-medium size-medium wp-image-13229\" alt=\"\" srcset=\"https:\/\/aryatara.es\/wp-content\/uploads\/2022\/08\/Pr_Marta_Sanchez-2-300x300.jpg 300w, https:\/\/aryatara.es\/wp-content\/uploads\/2022\/08\/Pr_Marta_Sanchez-2-150x150.jpg 150w, https:\/\/aryatara.es\/wp-content\/uploads\/2022\/08\/Pr_Marta_Sanchez-2.jpg 450w\" sizes=\"(max-width: 300px) 100vw, 300px\" \/>\t\t\t\t\t\t\t\t\t\t\t\t\t\t\t<\/div>\n\t\t\t\t<\/div>\n\t\t\t\t\t<\/div>\n\t\t<\/div>\n\t\t\t\t<div class=\"elementor-column elementor-col-66 elementor-inner-column elementor-element elementor-element-f1f82ed\" data-id=\"f1f82ed\" data-element_type=\"column\" data-e-type=\"column\">\n\t\t\t<div class=\"elementor-widget-wrap elementor-element-populated\">\n\t\t\t\t\t\t<div class=\"elementor-element elementor-element-5eb8207 elementor-widget elementor-widget-heading\" data-id=\"5eb8207\" data-element_type=\"widget\" data-e-type=\"widget\" data-widget_type=\"heading.default\">\n\t\t\t\t<div class=\"elementor-widget-container\">\n\t\t\t\t\t<h3 class=\"elementor-heading-title elementor-size-default\">Marta S\u00e1nchez<\/h3>\t\t\t\t<\/div>\n\t\t\t\t<\/div>\n\t\t\t\t<div class=\"elementor-element elementor-element-bf1d9fb elementor-widget elementor-widget-text-editor\" data-id=\"bf1d9fb\" data-element_type=\"widget\" data-e-type=\"widget\" data-widget_type=\"text-editor.default\">\n\t\t\t\t<div class=\"elementor-widget-container\">\n\t\t\t\t\t\t\t\t\t<p><em>Ter\u00e0pia energ\u00e8tica<\/em><\/p>\t\t\t\t\t\t\t\t<\/div>\n\t\t\t\t<\/div>\n\t\t\t\t<div class=\"elementor-element elementor-element-a30c3f0 elementor-widget elementor-widget-text-editor\" data-id=\"a30c3f0\" data-element_type=\"widget\" data-e-type=\"widget\" data-widget_type=\"text-editor.default\">\n\t\t\t\t<div class=\"elementor-widget-container\">\n\t\t\t\t\t\t\t\t\t<p>Tercer nivell del Bach International Education Programme. Dr. Edward Bach Foundation (2008).<\/p><p>Manos para sanar (2011).<\/p><p>Auriculopuntura, tractament de la columna vertebral. Ismet (2012).<\/p><p>Tractament de l\u2019esquena amb ventoses. Ismet (2012).<\/p><p>Auriculopuntura. Abainstitut (2013).<\/p><p>Moxa tibetana, con el Dr. Sherab Tenzin (2013).<\/p><p>Reflexologia podal i manual. Abainstitut (2014).<\/p><p>Naturopatia funcional: oligoter\u00e0pia, sals de Sch\u00fcssler i organoter\u00e0pia. Ismet (2014).<\/p><p>Radioest\u00e8sia aplicada a la domoter\u00e0pia, amb Francesc Garrig\u00f3s (2014).<\/p><p>Formaci\u00f3 en ter\u00e0pia de so (2015).<\/p>\t\t\t\t\t\t\t\t<\/div>\n\t\t\t\t<\/div>\n\t\t\t\t\t<\/div>\n\t\t<\/div>\n\t\t\t\t\t<\/div>\n\t\t<\/section>\n\t\t\t\t\t<\/div>\n\t\t<\/div>\n\t\t\t\t\t<\/div>\n\t\t<\/section>\n\t\t\t\t<section class=\"elementor-section elementor-top-section elementor-element elementor-element-d4a9ff4 elementor-hidden-mobile elementor-section-boxed elementor-section-height-default elementor-section-height-default\" data-id=\"d4a9ff4\" data-element_type=\"section\" data-e-type=\"section\" data-settings=\"{&quot;background_background&quot;:&quot;classic&quot;}\">\n\t\t\t\t\t\t\t<div class=\"elementor-background-overlay\"><\/div>\n\t\t\t\t\t\t\t<div class=\"elementor-container elementor-column-gap-no\">\n\t\t\t\t\t<div class=\"elementor-column elementor-col-100 elementor-top-column elementor-element elementor-element-0c8894a\" data-id=\"0c8894a\" data-element_type=\"column\" data-e-type=\"column\">\n\t\t\t<div class=\"elementor-widget-wrap elementor-element-populated\">\n\t\t\t\t\t\t<div class=\"elementor-element elementor-element-9c6829a elementor-view-stacked elementor-shape-circle elementor-widget elementor-widget-icon\" data-id=\"9c6829a\" data-element_type=\"widget\" data-e-type=\"widget\" data-widget_type=\"icon.default\">\n\t\t\t\t<div class=\"elementor-widget-container\">\n\t\t\t\t\t\t\t<div class=\"elementor-icon-wrapper\">\n\t\t\t<div class=\"elementor-icon\">\n\t\t\t<i aria-hidden=\"true\" class=\"fas fa-envelope\"><\/i>\t\t\t<\/div>\n\t\t<\/div>\n\t\t\t\t\t\t<\/div>\n\t\t\t\t<\/div>\n\t\t\t\t<div class=\"elementor-element elementor-element-e560b5c elementor-widget elementor-widget-heading\" data-id=\"e560b5c\" data-element_type=\"widget\" data-e-type=\"widget\" data-widget_type=\"heading.default\">\n\t\t\t\t<div class=\"elementor-widget-container\">\n\t\t\t\t\t<h2 class=\"elementor-heading-title elementor-size-default\">Subscriu-te a la nostra newsletter!<\/h2>\t\t\t\t<\/div>\n\t\t\t\t<\/div>\n\t\t\t\t<div class=\"elementor-element elementor-element-7d8a9ab elementor-widget elementor-widget-text-editor\" data-id=\"7d8a9ab\" data-element_type=\"widget\" data-e-type=\"widget\" data-widget_type=\"text-editor.default\">\n\t\t\t\t<div class=\"elementor-widget-container\">\n\t\t\t\t\t\t\t\t\t<p>Et farem arribar informaci\u00f3 puntual sobre els cursos que oferim i les oportunitats de pr\u00e0ctica i aprenentatge<\/p>\t\t\t\t\t\t\t\t<\/div>\n\t\t\t\t<\/div>\n\t\t\t\t<div class=\"elementor-element elementor-element-ba34a12 elementor-widget elementor-widget-shortcode\" data-id=\"ba34a12\" data-element_type=\"widget\" data-e-type=\"widget\" data-widget_type=\"shortcode.default\">\n\t\t\t\t<div class=\"elementor-widget-container\">\n\t\t\t\t\t\t\t<div class=\"elementor-shortcode\">\n\t\t\t<form id=\"sib_signup_form_21\" method=\"post\" class=\"sib_signup_form\">\n\t\t\t\t<div class=\"sib_loader\" style=\"display:none;\"><img\n\t\t\t\t\t\t\tsrc=\"https:\/\/aryatara.es\/wp-includes\/images\/spinner.gif\" alt=\"loader\"><\/div>\n\t\t\t\t<input type=\"hidden\" name=\"sib_form_action\" value=\"subscribe_form_submit\">\n\t\t\t\t<input type=\"hidden\" name=\"sib_form_id\" value=\"21\">\n                <input type=\"hidden\" name=\"sib_form_alert_notice\" value=\"Please fill out this field\">\n                <input type=\"hidden\" name=\"sib_form_invalid_email_notice\" value=\"Your email address is invalid\">\n                <input type=\"hidden\" name=\"sib_security\" value=\"a8958181ec\">\n\t\t\t\t<div class=\"sib_signup_box_inside_21\">\n\t\t\t\t\t<div style=\"\/*display:none*\/\" class=\"sib_msg_disp\">\n\t\t\t\t\t<\/div>\n                    \t\t\t\t\t<p>  <input type=\"email\" class=\"sib-email-area\" name=\"email\" placeholder=\"Correu electr\u00f2nic\" required=\"required\"> <input type=\"submit\" class=\"sib-default-btn\" value=\"Subscriu-te\"><\/p>\r\n\t\t\t\t<\/div>\n\t\t\t<\/form>\n\t\t\t<style>\n\t\t\t\tform#sib_signup_form_21 p.sib-alert-message {\n    padding: 6px 12px;\n    margin-bottom: 20px;\n    border: 1px solid transparent;\n    border-radius: 4px;\n    -webkit-box-sizing: border-box;\n    -moz-box-sizing: border-box;\n    box-sizing: border-box;\n}\nform#sib_signup_form_21 p.sib-alert-message-error {\n    background-color: #f2dede;\n    border-color: #ebccd1;\n    color: #a94442;\n}\nform#sib_signup_form_21 p.sib-alert-message-success {\n    background-color: #dff0d8;\n    border-color: #d6e9c6;\n    color: #3c763d;\n}\nform#sib_signup_form_21 p.sib-alert-message-warning {\n    background-color: #fcf8e3;\n    border-color: #faebcc;\n    color: #8a6d3b;\n}\n\t\t\t<\/style>\n\t\t\t<\/div>\n\t\t\t\t\t\t<\/div>\n\t\t\t\t<\/div>\n\t\t\t\t\t<\/div>\n\t\t<\/div>\n\t\t\t\t\t<\/div>\n\t\t<\/section>\n\t\t\t\t<section class=\"elementor-section elementor-top-section elementor-element elementor-element-511a50a elementor-hidden-desktop elementor-hidden-tablet elementor-section-boxed elementor-section-height-default elementor-section-height-default\" data-id=\"511a50a\" data-element_type=\"section\" data-e-type=\"section\" data-settings=\"{&quot;background_background&quot;:&quot;classic&quot;}\">\n\t\t\t\t\t\t\t<div class=\"elementor-background-overlay\"><\/div>\n\t\t\t\t\t\t\t<div class=\"elementor-container elementor-column-gap-no\">\n\t\t\t\t\t<div class=\"elementor-column elementor-col-100 elementor-top-column elementor-element elementor-element-6200c97\" data-id=\"6200c97\" data-element_type=\"column\" data-e-type=\"column\">\n\t\t\t<div class=\"elementor-widget-wrap elementor-element-populated\">\n\t\t\t\t\t\t<div class=\"elementor-element elementor-element-bdbc204 elementor-view-stacked elementor-shape-circle elementor-widget elementor-widget-icon\" data-id=\"bdbc204\" data-element_type=\"widget\" data-e-type=\"widget\" data-widget_type=\"icon.default\">\n\t\t\t\t<div class=\"elementor-widget-container\">\n\t\t\t\t\t\t\t<div class=\"elementor-icon-wrapper\">\n\t\t\t<div class=\"elementor-icon\">\n\t\t\t<i aria-hidden=\"true\" class=\"fas fa-envelope\"><\/i>\t\t\t<\/div>\n\t\t<\/div>\n\t\t\t\t\t\t<\/div>\n\t\t\t\t<\/div>\n\t\t\t\t<div class=\"elementor-element elementor-element-aa6e9df elementor-widget elementor-widget-heading\" data-id=\"aa6e9df\" data-element_type=\"widget\" data-e-type=\"widget\" data-widget_type=\"heading.default\">\n\t\t\t\t<div class=\"elementor-widget-container\">\n\t\t\t\t\t<h2 class=\"elementor-heading-title elementor-size-default\">Subscriu-te a la nostra newsletter!<\/h2>\t\t\t\t<\/div>\n\t\t\t\t<\/div>\n\t\t\t\t<div class=\"elementor-element elementor-element-ca3bc2a elementor-widget elementor-widget-text-editor\" data-id=\"ca3bc2a\" data-element_type=\"widget\" data-e-type=\"widget\" data-widget_type=\"text-editor.default\">\n\t\t\t\t<div class=\"elementor-widget-container\">\n\t\t\t\t\t\t\t\t\t<p>Et farem arribar informaci\u00f3 puntual sobre els cursos que oferim i les oportunitats de pr\u00e0ctica i aprenentatge<\/p>\t\t\t\t\t\t\t\t<\/div>\n\t\t\t\t<\/div>\n\t\t\t\t<div class=\"elementor-element elementor-element-1fc9c1c elementor-widget elementor-widget-shortcode\" data-id=\"1fc9c1c\" data-element_type=\"widget\" data-e-type=\"widget\" data-widget_type=\"shortcode.default\">\n\t\t\t\t<div class=\"elementor-widget-container\">\n\t\t\t\t\t\t\t<div class=\"elementor-shortcode\">\n\t\t\t<form id=\"sib_signup_form_21\" method=\"post\" class=\"sib_signup_form\">\n\t\t\t\t<div class=\"sib_loader\" style=\"display:none;\"><img\n\t\t\t\t\t\t\tsrc=\"https:\/\/aryatara.es\/wp-includes\/images\/spinner.gif\" alt=\"loader\"><\/div>\n\t\t\t\t<input type=\"hidden\" name=\"sib_form_action\" value=\"subscribe_form_submit\">\n\t\t\t\t<input type=\"hidden\" name=\"sib_form_id\" value=\"21\">\n                <input type=\"hidden\" name=\"sib_form_alert_notice\" value=\"Please fill out this field\">\n                <input type=\"hidden\" name=\"sib_form_invalid_email_notice\" value=\"Your email address is invalid\">\n                <input type=\"hidden\" name=\"sib_security\" value=\"a8958181ec\">\n\t\t\t\t<div class=\"sib_signup_box_inside_21\">\n\t\t\t\t\t<div style=\"\/*display:none*\/\" class=\"sib_msg_disp\">\n\t\t\t\t\t<\/div>\n                    \t\t\t\t\t<p>  <input type=\"email\" class=\"sib-email-area\" name=\"email\" placeholder=\"Correu electr\u00f2nic\" required=\"required\"> <input type=\"submit\" class=\"sib-default-btn\" value=\"Subscriu-te\"><\/p>\r\n\t\t\t\t<\/div>\n\t\t\t<\/form>\n\t\t\t<style>\n\t\t\t\tform#sib_signup_form_21 p.sib-alert-message {\n    padding: 6px 12px;\n    margin-bottom: 20px;\n    border: 1px solid transparent;\n    border-radius: 4px;\n    -webkit-box-sizing: border-box;\n    -moz-box-sizing: border-box;\n    box-sizing: border-box;\n}\nform#sib_signup_form_21 p.sib-alert-message-error {\n    background-color: #f2dede;\n    border-color: #ebccd1;\n    color: #a94442;\n}\nform#sib_signup_form_21 p.sib-alert-message-success {\n    background-color: #dff0d8;\n    border-color: #d6e9c6;\n    color: #3c763d;\n}\nform#sib_signup_form_21 p.sib-alert-message-warning {\n    background-color: #fcf8e3;\n    border-color: #faebcc;\n    color: #8a6d3b;\n}\n\t\t\t<\/style>\n\t\t\t<\/div>\n\t\t\t\t\t\t<\/div>\n\t\t\t\t<\/div>\n\t\t\t\t\t<\/div>\n\t\t<\/div>\n\t\t\t\t\t<\/div>\n\t\t<\/section>\n\t\t\t\t<\/div>\n\t\t","protected":false},"excerpt":{"rendered":"<p>Equip de professionals Equip de professionals Lama Yeshe Ch\u00f6dr\u00f6n (Mar\u00eda Luisa Aznar)Directora Comen\u00e7a la pr\u00e0ctica del ioga i la meditaci\u00f3 als 15 anys, sota el guiatge de Xavi Alongina. \u00c9s membre fundadora de l\u2019associaci\u00f3 Sadhana per a la formaci\u00f3 de professors de ioga, al costat de Carlos Fiel, que va ser el seu formador com [&hellip;]<\/p>\n","protected":false},"author":1,"featured_media":0,"parent":0,"menu_order":0,"comment_status":"closed","ping_status":"closed","template":"","meta":{"_uag_custom_page_level_css":"","site-sidebar-layout":"no-sidebar","site-content-layout":"page-builder","ast-site-content-layout":"default","site-content-style":"default","site-sidebar-style":"default","ast-global-header-display":"","ast-banner-title-visibility":"","ast-main-header-display":"","ast-hfb-above-header-display":"","ast-hfb-below-header-display":"","ast-hfb-mobile-header-display":"","site-post-title":"disabled","ast-breadcrumbs-content":null,"ast-featured-img":"disabled","footer-sml-layout":"","ast-disable-related-posts":"","theme-transparent-header-meta":"enabled","adv-header-id-meta":"","stick-header-meta":"","header-above-stick-meta":"","header-main-stick-meta":"","header-below-stick-meta":"","astra-migrate-meta-layouts":"default","ast-page-background-enabled":"default","ast-page-background-meta":{"desktop":{"background-color":"","background-image":"","background-repeat":"repeat","background-position":"center center","background-size":"auto","background-attachment":"scroll","background-type":"","background-media":"","overlay-type":"","overlay-color":"","overlay-opacity":"","overlay-gradient":""},"tablet":{"background-color":"","background-image":"","background-repeat":"repeat","background-position":"center center","background-size":"auto","background-attachment":"scroll","background-type":"","background-media":"","overlay-type":"","overlay-color":"","overlay-opacity":"","overlay-gradient":""},"mobile":{"background-color":"","background-image":"","background-repeat":"repeat","background-position":"center center","background-size":"auto","background-attachment":"scroll","background-type":"","background-media":"","overlay-type":"","overlay-color":"","overlay-opacity":"","overlay-gradient":""}},"ast-content-background-meta":{"desktop":{"background-color":"var(--ast-global-color-5)","background-image":"","background-repeat":"repeat","background-position":"center center","background-size":"auto","background-attachment":"scroll","background-type":"","background-media":"","overlay-type":"","overlay-color":"","overlay-opacity":"","overlay-gradient":""},"tablet":{"background-color":"var(--ast-global-color-5)","background-image":"","background-repeat":"repeat","background-position":"center center","background-size":"auto","background-attachment":"scroll","background-type":"","background-media":"","overlay-type":"","overlay-color":"","overlay-opacity":"","overlay-gradient":""},"mobile":{"background-color":"var(--ast-global-color-5)","background-image":"","background-repeat":"repeat","background-position":"center center","background-size":"auto","background-attachment":"scroll","background-type":"","background-media":"","overlay-type":"","overlay-color":"","overlay-opacity":"","overlay-gradient":""}},"_joinchat":[],"footnotes":""},"class_list":["post-17052","page","type-page","status-publish","hentry"],"yoast_head":"<!-- This site is optimized with the Yoast SEO plugin v27.5 - https:\/\/yoast.com\/product\/yoast-seo-wordpress\/ -->\n<title>M\u00e9s de 30 anys d&#039;experiencia amb meditaci\u00f3, mindfulness i ioga<\/title>\n<meta name=\"description\" content=\"Lama Yeshe Ch\u00f6dr\u00f6n, mestra de dharma, meditaci\u00f3, ioga i mindfulness. Anna Puigdell\u00edvol, professora de ioga. Laia Noguera, professora de mindfulness. Itziar Fern\u00e1ndez, psic\u00f2loga. Marta S\u00e1nchez, terapia energ\u00e8tica.\" \/>\n<meta name=\"robots\" content=\"index, follow, max-snippet:-1, max-image-preview:large, max-video-preview:-1\" \/>\n<link rel=\"canonical\" href=\"https:\/\/aryatara.es\/ca\/equip-professional-2\/\" \/>\n<meta property=\"og:locale\" content=\"ca_ES\" \/>\n<meta property=\"og:type\" content=\"article\" \/>\n<meta property=\"og:title\" content=\"M\u00e9s de 30 anys d&#039;experiencia amb meditaci\u00f3, mindfulness i ioga\" \/>\n<meta property=\"og:description\" content=\"Lama Yeshe Ch\u00f6dr\u00f6n, mestra de dharma, meditaci\u00f3, ioga i mindfulness. Anna Puigdell\u00edvol, professora de ioga. Laia Noguera, professora de mindfulness. Itziar Fern\u00e1ndez, psic\u00f2loga. Marta S\u00e1nchez, terapia energ\u00e8tica.\" \/>\n<meta property=\"og:url\" content=\"https:\/\/aryatara.es\/ca\/equip-professional-2\/\" \/>\n<meta property=\"og:site_name\" content=\"Arya Tara, meditaci\u00f3n, mindfulness y yoga\" \/>\n<meta property=\"article:modified_time\" content=\"2022-09-14T18:27:05+00:00\" \/>\n<meta property=\"og:image\" content=\"https:\/\/aryatara.es\/wp-content\/uploads\/2022\/08\/Lama-Yeshe-Chodron-1-300x300.jpg\" \/>\n<meta name=\"twitter:card\" content=\"summary_large_image\" \/>\n<meta name=\"twitter:label1\" content=\"Temps estimat de lectura\" \/>\n\t<meta name=\"twitter:data1\" content=\"7 minuts\" \/>\n<script type=\"application\/ld+json\" class=\"yoast-schema-graph\">{\"@context\":\"https:\\\/\\\/schema.org\",\"@graph\":[{\"@type\":\"WebPage\",\"@id\":\"https:\\\/\\\/aryatara.es\\\/ca\\\/equip-professional-2\\\/\",\"url\":\"https:\\\/\\\/aryatara.es\\\/ca\\\/equip-professional-2\\\/\",\"name\":\"M\u00e9s de 30 anys d'experiencia amb meditaci\u00f3, mindfulness i ioga\",\"isPartOf\":{\"@id\":\"https:\\\/\\\/aryatara.es\\\/ca\\\/#website\"},\"primaryImageOfPage\":{\"@id\":\"https:\\\/\\\/aryatara.es\\\/ca\\\/equip-professional-2\\\/#primaryimage\"},\"image\":{\"@id\":\"https:\\\/\\\/aryatara.es\\\/ca\\\/equip-professional-2\\\/#primaryimage\"},\"thumbnailUrl\":\"https:\\\/\\\/aryatara.es\\\/wp-content\\\/uploads\\\/2022\\\/08\\\/Lama-Yeshe-Chodron-1-300x300.jpg\",\"datePublished\":\"2022-09-14T12:26:10+00:00\",\"dateModified\":\"2022-09-14T18:27:05+00:00\",\"description\":\"Lama Yeshe Ch\u00f6dr\u00f6n, mestra de dharma, meditaci\u00f3, ioga i mindfulness. Anna Puigdell\u00edvol, professora de ioga. Laia Noguera, professora de mindfulness. Itziar Fern\u00e1ndez, psic\u00f2loga. Marta S\u00e1nchez, terapia energ\u00e8tica.\",\"breadcrumb\":{\"@id\":\"https:\\\/\\\/aryatara.es\\\/ca\\\/equip-professional-2\\\/#breadcrumb\"},\"inLanguage\":\"ca\",\"potentialAction\":[{\"@type\":\"ReadAction\",\"target\":[\"https:\\\/\\\/aryatara.es\\\/ca\\\/equip-professional-2\\\/\"]}]},{\"@type\":\"ImageObject\",\"inLanguage\":\"ca\",\"@id\":\"https:\\\/\\\/aryatara.es\\\/ca\\\/equip-professional-2\\\/#primaryimage\",\"url\":\"https:\\\/\\\/aryatara.es\\\/wp-content\\\/uploads\\\/2022\\\/08\\\/Lama-Yeshe-Chodron-1-300x300.jpg\",\"contentUrl\":\"https:\\\/\\\/aryatara.es\\\/wp-content\\\/uploads\\\/2022\\\/08\\\/Lama-Yeshe-Chodron-1-300x300.jpg\"},{\"@type\":\"BreadcrumbList\",\"@id\":\"https:\\\/\\\/aryatara.es\\\/ca\\\/equip-professional-2\\\/#breadcrumb\",\"itemListElement\":[{\"@type\":\"ListItem\",\"position\":1,\"name\":\"Portada\",\"item\":\"https:\\\/\\\/aryatara.es\\\/ca\\\/\"},{\"@type\":\"ListItem\",\"position\":2,\"name\":\"Equip professional\"}]},{\"@type\":\"WebSite\",\"@id\":\"https:\\\/\\\/aryatara.es\\\/ca\\\/#website\",\"url\":\"https:\\\/\\\/aryatara.es\\\/ca\\\/\",\"name\":\"Arya Tara, meditaci\u00f3n, mindfulness y yoga en Lleida\",\"description\":\"Mindfulness, meditaci\u00f3n, yoga online y presencial en Lledia\",\"publisher\":{\"@id\":\"https:\\\/\\\/aryatara.es\\\/ca\\\/#organization\"},\"alternateName\":\"AryaTara\",\"potentialAction\":[{\"@type\":\"SearchAction\",\"target\":{\"@type\":\"EntryPoint\",\"urlTemplate\":\"https:\\\/\\\/aryatara.es\\\/ca\\\/?s={search_term_string}\"},\"query-input\":{\"@type\":\"PropertyValueSpecification\",\"valueRequired\":true,\"valueName\":\"search_term_string\"}}],\"inLanguage\":\"ca\"},{\"@type\":\"Organization\",\"@id\":\"https:\\\/\\\/aryatara.es\\\/ca\\\/#organization\",\"name\":\"Arya Tara, meditaci\u00f3n, mindfulness y yoga\",\"alternateName\":\"Yoga Lleida\",\"url\":\"https:\\\/\\\/aryatara.es\\\/ca\\\/\",\"logo\":{\"@type\":\"ImageObject\",\"inLanguage\":\"ca\",\"@id\":\"https:\\\/\\\/aryatara.es\\\/ca\\\/#\\\/schema\\\/logo\\\/image\\\/\",\"url\":\"https:\\\/\\\/aryatara.es\\\/wp-content\\\/uploads\\\/2022\\\/09\\\/logo-Arya-Tara-meditacio-ioga-mindfulness-online-presencial-Lleida-1.png\",\"contentUrl\":\"https:\\\/\\\/aryatara.es\\\/wp-content\\\/uploads\\\/2022\\\/09\\\/logo-Arya-Tara-meditacio-ioga-mindfulness-online-presencial-Lleida-1.png\",\"width\":633,\"height\":209,\"caption\":\"Arya Tara, meditaci\u00f3n, mindfulness y yoga\"},\"image\":{\"@id\":\"https:\\\/\\\/aryatara.es\\\/ca\\\/#\\\/schema\\\/logo\\\/image\\\/\"},\"sameAs\":[\"https:\\\/\\\/www.instagram.com\\\/aryataracenter\\\/\"]}]}<\/script>\n<!-- \/ Yoast SEO plugin. -->","yoast_head_json":{"title":"M\u00e9s de 30 anys d'experiencia amb meditaci\u00f3, mindfulness i ioga","description":"Lama Yeshe Ch\u00f6dr\u00f6n, mestra de dharma, meditaci\u00f3, ioga i mindfulness. Anna Puigdell\u00edvol, professora de ioga. Laia Noguera, professora de mindfulness. Itziar Fern\u00e1ndez, psic\u00f2loga. Marta S\u00e1nchez, terapia energ\u00e8tica.","robots":{"index":"index","follow":"follow","max-snippet":"max-snippet:-1","max-image-preview":"max-image-preview:large","max-video-preview":"max-video-preview:-1"},"canonical":"https:\/\/aryatara.es\/ca\/equip-professional-2\/","og_locale":"ca_ES","og_type":"article","og_title":"M\u00e9s de 30 anys d'experiencia amb meditaci\u00f3, mindfulness i ioga","og_description":"Lama Yeshe Ch\u00f6dr\u00f6n, mestra de dharma, meditaci\u00f3, ioga i mindfulness. Anna Puigdell\u00edvol, professora de ioga. Laia Noguera, professora de mindfulness. Itziar Fern\u00e1ndez, psic\u00f2loga. Marta S\u00e1nchez, terapia energ\u00e8tica.","og_url":"https:\/\/aryatara.es\/ca\/equip-professional-2\/","og_site_name":"Arya Tara, meditaci\u00f3n, mindfulness y yoga","article_modified_time":"2022-09-14T18:27:05+00:00","og_image":[{"url":"https:\/\/aryatara.es\/wp-content\/uploads\/2022\/08\/Lama-Yeshe-Chodron-1-300x300.jpg","type":"","width":"","height":""}],"twitter_card":"summary_large_image","twitter_misc":{"Temps estimat de lectura":"7 minuts"},"schema":{"@context":"https:\/\/schema.org","@graph":[{"@type":"WebPage","@id":"https:\/\/aryatara.es\/ca\/equip-professional-2\/","url":"https:\/\/aryatara.es\/ca\/equip-professional-2\/","name":"M\u00e9s de 30 anys d'experiencia amb meditaci\u00f3, mindfulness i ioga","isPartOf":{"@id":"https:\/\/aryatara.es\/ca\/#website"},"primaryImageOfPage":{"@id":"https:\/\/aryatara.es\/ca\/equip-professional-2\/#primaryimage"},"image":{"@id":"https:\/\/aryatara.es\/ca\/equip-professional-2\/#primaryimage"},"thumbnailUrl":"https:\/\/aryatara.es\/wp-content\/uploads\/2022\/08\/Lama-Yeshe-Chodron-1-300x300.jpg","datePublished":"2022-09-14T12:26:10+00:00","dateModified":"2022-09-14T18:27:05+00:00","description":"Lama Yeshe Ch\u00f6dr\u00f6n, mestra de dharma, meditaci\u00f3, ioga i mindfulness. Anna Puigdell\u00edvol, professora de ioga. Laia Noguera, professora de mindfulness. Itziar Fern\u00e1ndez, psic\u00f2loga. Marta S\u00e1nchez, terapia energ\u00e8tica.","breadcrumb":{"@id":"https:\/\/aryatara.es\/ca\/equip-professional-2\/#breadcrumb"},"inLanguage":"ca","potentialAction":[{"@type":"ReadAction","target":["https:\/\/aryatara.es\/ca\/equip-professional-2\/"]}]},{"@type":"ImageObject","inLanguage":"ca","@id":"https:\/\/aryatara.es\/ca\/equip-professional-2\/#primaryimage","url":"https:\/\/aryatara.es\/wp-content\/uploads\/2022\/08\/Lama-Yeshe-Chodron-1-300x300.jpg","contentUrl":"https:\/\/aryatara.es\/wp-content\/uploads\/2022\/08\/Lama-Yeshe-Chodron-1-300x300.jpg"},{"@type":"BreadcrumbList","@id":"https:\/\/aryatara.es\/ca\/equip-professional-2\/#breadcrumb","itemListElement":[{"@type":"ListItem","position":1,"name":"Portada","item":"https:\/\/aryatara.es\/ca\/"},{"@type":"ListItem","position":2,"name":"Equip professional"}]},{"@type":"WebSite","@id":"https:\/\/aryatara.es\/ca\/#website","url":"https:\/\/aryatara.es\/ca\/","name":"Arya Tara, meditaci\u00f3n, mindfulness y yoga en Lleida","description":"Mindfulness, meditaci\u00f3n, yoga online y presencial en Lledia","publisher":{"@id":"https:\/\/aryatara.es\/ca\/#organization"},"alternateName":"AryaTara","potentialAction":[{"@type":"SearchAction","target":{"@type":"EntryPoint","urlTemplate":"https:\/\/aryatara.es\/ca\/?s={search_term_string}"},"query-input":{"@type":"PropertyValueSpecification","valueRequired":true,"valueName":"search_term_string"}}],"inLanguage":"ca"},{"@type":"Organization","@id":"https:\/\/aryatara.es\/ca\/#organization","name":"Arya Tara, meditaci\u00f3n, mindfulness y yoga","alternateName":"Yoga Lleida","url":"https:\/\/aryatara.es\/ca\/","logo":{"@type":"ImageObject","inLanguage":"ca","@id":"https:\/\/aryatara.es\/ca\/#\/schema\/logo\/image\/","url":"https:\/\/aryatara.es\/wp-content\/uploads\/2022\/09\/logo-Arya-Tara-meditacio-ioga-mindfulness-online-presencial-Lleida-1.png","contentUrl":"https:\/\/aryatara.es\/wp-content\/uploads\/2022\/09\/logo-Arya-Tara-meditacio-ioga-mindfulness-online-presencial-Lleida-1.png","width":633,"height":209,"caption":"Arya Tara, meditaci\u00f3n, mindfulness y yoga"},"image":{"@id":"https:\/\/aryatara.es\/ca\/#\/schema\/logo\/image\/"},"sameAs":["https:\/\/www.instagram.com\/aryataracenter\/"]}]}},"uagb_featured_image_src":{"full":false,"thumbnail":false,"medium":false,"medium_large":false,"large":false,"1536x1536":false,"2048x2048":false,"menu-thumb":false},"uagb_author_info":{"display_name":"admin","author_link":"https:\/\/aryatara.es\/ca\/author\/admin\/"},"uagb_comment_info":0,"uagb_excerpt":"Equip de professionals Equip de professionals Lama Yeshe Ch\u00f6dr\u00f6n (Mar\u00eda Luisa Aznar)Directora Comen\u00e7a la pr\u00e0ctica del ioga i la meditaci\u00f3 als 15 anys, sota el guiatge de Xavi Alongina. \u00c9s membre fundadora de l\u2019associaci\u00f3 Sadhana per a la formaci\u00f3 de professors de ioga, al costat de Carlos Fiel, que va ser el seu formador com&hellip;","_links":{"self":[{"href":"https:\/\/aryatara.es\/ca\/wp-json\/wp\/v2\/pages\/17052","targetHints":{"allow":["GET"]}}],"collection":[{"href":"https:\/\/aryatara.es\/ca\/wp-json\/wp\/v2\/pages"}],"about":[{"href":"https:\/\/aryatara.es\/ca\/wp-json\/wp\/v2\/types\/page"}],"author":[{"embeddable":true,"href":"https:\/\/aryatara.es\/ca\/wp-json\/wp\/v2\/users\/1"}],"replies":[{"embeddable":true,"href":"https:\/\/aryatara.es\/ca\/wp-json\/wp\/v2\/comments?post=17052"}],"version-history":[{"count":1,"href":"https:\/\/aryatara.es\/ca\/wp-json\/wp\/v2\/pages\/17052\/revisions"}],"predecessor-version":[{"id":17117,"href":"https:\/\/aryatara.es\/ca\/wp-json\/wp\/v2\/pages\/17052\/revisions\/17117"}],"wp:attachment":[{"href":"https:\/\/aryatara.es\/ca\/wp-json\/wp\/v2\/media?parent=17052"}],"curies":[{"name":"wp","href":"https:\/\/api.w.org\/{rel}","templated":true}]}}