{"id":17049,"date":"2022-08-18T14:54:24","date_gmt":"2022-08-18T14:54:24","guid":{"rendered":"https:\/\/aryatara.es\/equip-professional\/"},"modified":"2025-01-28T10:23:43","modified_gmt":"2025-01-28T10:23:43","slug":"equip-professional","status":"publish","type":"page","link":"https:\/\/aryatara.es\/ca\/equip-professional\/","title":{"rendered":"Equip professional"},"content":{"rendered":"\t\t<div data-elementor-type=\"wp-page\" data-elementor-id=\"17049\" class=\"elementor elementor-17049 elementor-9352\">\n\t\t\t\t\t\t<section class=\"elementor-section elementor-top-section elementor-element elementor-element-ss9fjl2 elementor-hidden-mobile elementor-section-boxed elementor-section-height-default elementor-section-height-default\" data-id=\"ss9fjl2\" data-element_type=\"section\" data-e-type=\"section\" data-settings=\"{&quot;background_background&quot;:&quot;classic&quot;}\">\n\t\t\t\t\t\t\t<div class=\"elementor-background-overlay\"><\/div>\n\t\t\t\t\t\t\t<div class=\"elementor-container elementor-column-gap-no\">\n\t\t\t\t\t<div class=\"elementor-column elementor-col-100 elementor-top-column elementor-element elementor-element-0d9607c\" data-id=\"0d9607c\" data-element_type=\"column\" data-e-type=\"column\">\n\t\t\t<div class=\"elementor-widget-wrap elementor-element-populated\">\n\t\t\t\t\t\t<div class=\"elementor-element elementor-element-b363fad elementor-widget elementor-widget-heading\" data-id=\"b363fad\" data-element_type=\"widget\" data-e-type=\"widget\" data-widget_type=\"heading.default\">\n\t\t\t\t<div class=\"elementor-widget-container\">\n\t\t\t\t\t<h1 class=\"elementor-heading-title elementor-size-default\">Equip de professionals<\/h1>\t\t\t\t<\/div>\n\t\t\t\t<\/div>\n\t\t\t\t\t<\/div>\n\t\t<\/div>\n\t\t\t\t\t<\/div>\n\t\t<\/section>\n\t\t\t\t<section class=\"elementor-section elementor-top-section elementor-element elementor-element-2bb9867 elementor-hidden-desktop elementor-hidden-tablet elementor-section-boxed elementor-section-height-default elementor-section-height-default\" data-id=\"2bb9867\" data-element_type=\"section\" data-e-type=\"section\" data-settings=\"{&quot;background_background&quot;:&quot;classic&quot;}\">\n\t\t\t\t\t\t\t<div class=\"elementor-background-overlay\"><\/div>\n\t\t\t\t\t\t\t<div class=\"elementor-container elementor-column-gap-no\">\n\t\t\t\t\t<div class=\"elementor-column elementor-col-100 elementor-top-column elementor-element elementor-element-4e50cfe\" data-id=\"4e50cfe\" data-element_type=\"column\" data-e-type=\"column\">\n\t\t\t<div class=\"elementor-widget-wrap elementor-element-populated\">\n\t\t\t\t\t\t<div class=\"elementor-element elementor-element-cca02dd elementor-widget elementor-widget-heading\" data-id=\"cca02dd\" data-element_type=\"widget\" data-e-type=\"widget\" data-widget_type=\"heading.default\">\n\t\t\t\t<div class=\"elementor-widget-container\">\n\t\t\t\t\t<h1 class=\"elementor-heading-title elementor-size-xl\">Equip de professionals<\/h1>\t\t\t\t<\/div>\n\t\t\t\t<\/div>\n\t\t\t\t\t<\/div>\n\t\t<\/div>\n\t\t\t\t\t<\/div>\n\t\t<\/section>\n\t\t\t\t<section class=\"elementor-section elementor-top-section elementor-element elementor-element-lpf0mne elementor-section-content-middle elementor-hidden-mobile elementor-section-boxed elementor-section-height-default elementor-section-height-default\" data-id=\"lpf0mne\" data-element_type=\"section\" data-e-type=\"section\" data-settings=\"{&quot;background_background&quot;:&quot;classic&quot;}\">\n\t\t\t\t\t\t\t<div class=\"elementor-background-overlay\"><\/div>\n\t\t\t\t\t\t\t<div class=\"elementor-container elementor-column-gap-no\">\n\t\t\t\t\t<div class=\"elementor-column elementor-col-100 elementor-top-column elementor-element elementor-element-e6c3cb2\" data-id=\"e6c3cb2\" data-element_type=\"column\" data-e-type=\"column\" data-settings=\"{&quot;background_background&quot;:&quot;classic&quot;}\">\n\t\t\t<div class=\"elementor-widget-wrap elementor-element-populated\">\n\t\t\t\t\t\t<section class=\"elementor-section elementor-inner-section elementor-element elementor-element-8fe3c28 elementor-section-content-middle elementor-section-boxed elementor-section-height-default elementor-section-height-default\" data-id=\"8fe3c28\" data-element_type=\"section\" data-e-type=\"section\" id=\"lama\">\n\t\t\t\t\t\t<div class=\"elementor-container elementor-column-gap-no\">\n\t\t\t\t\t<div class=\"elementor-column elementor-col-33 elementor-inner-column elementor-element elementor-element-1d3972e\" data-id=\"1d3972e\" data-element_type=\"column\" data-e-type=\"column\">\n\t\t\t<div class=\"elementor-widget-wrap elementor-element-populated\">\n\t\t\t\t\t\t<div class=\"elementor-element elementor-element-97a9ca0 elementor-absolute elementor-widget elementor-widget-image\" data-id=\"97a9ca0\" data-element_type=\"widget\" data-e-type=\"widget\" data-settings=\"{&quot;_position&quot;:&quot;absolute&quot;}\" data-widget_type=\"image.default\">\n\t\t\t\t<div class=\"elementor-widget-container\">\n\t\t\t\t\t\t\t\t\t\t\t\t\t\t\t<img fetchpriority=\"high\" decoding=\"async\" width=\"300\" height=\"300\" src=\"https:\/\/aryatara.es\/wp-content\/uploads\/2022\/08\/Lama-Yeshe-Chodron-1-300x300.jpg\" class=\"attachment-medium size-medium wp-image-5547\" alt=\"\" srcset=\"https:\/\/aryatara.es\/wp-content\/uploads\/2022\/08\/Lama-Yeshe-Chodron-1-300x300.jpg 300w, https:\/\/aryatara.es\/wp-content\/uploads\/2022\/08\/Lama-Yeshe-Chodron-1-150x150.jpg 150w, https:\/\/aryatara.es\/wp-content\/uploads\/2022\/08\/Lama-Yeshe-Chodron-1.jpg 450w\" sizes=\"(max-width: 300px) 100vw, 300px\" \/>\t\t\t\t\t\t\t\t\t\t\t\t\t\t\t<\/div>\n\t\t\t\t<\/div>\n\t\t\t\t\t<\/div>\n\t\t<\/div>\n\t\t\t\t<div class=\"elementor-column elementor-col-66 elementor-inner-column elementor-element elementor-element-793edbe\" data-id=\"793edbe\" data-element_type=\"column\" data-e-type=\"column\">\n\t\t\t<div class=\"elementor-widget-wrap elementor-element-populated\">\n\t\t\t\t\t\t<div class=\"elementor-element elementor-element-b67906b elementor-widget elementor-widget-heading\" data-id=\"b67906b\" data-element_type=\"widget\" data-e-type=\"widget\" data-widget_type=\"heading.default\">\n\t\t\t\t<div class=\"elementor-widget-container\">\n\t\t\t\t\t<h3 class=\"elementor-heading-title elementor-size-default\">Lama Yeshe Ch\u00f6dr\u00f6n<\/h3>\t\t\t\t<\/div>\n\t\t\t\t<\/div>\n\t\t\t\t<div class=\"elementor-element elementor-element-40b2d1a elementor-widget elementor-widget-text-editor\" data-id=\"40b2d1a\" data-element_type=\"widget\" data-e-type=\"widget\" data-widget_type=\"text-editor.default\">\n\t\t\t\t<div class=\"elementor-widget-container\">\n\t\t\t\t\t\t\t\t\t<p><strong>(Mar\u00eda Luisa Aznar)<\/strong><br \/><em>Directora<\/em><\/p>\n\t\t\t\t\t\t\t\t<\/div>\n\t\t\t\t<\/div>\n\t\t\t\t<div class=\"elementor-element elementor-element-e08caa5 elementor-widget elementor-widget-text-editor\" data-id=\"e08caa5\" data-element_type=\"widget\" data-e-type=\"widget\" data-widget_type=\"text-editor.default\">\n\t\t\t\t<div class=\"elementor-widget-container\">\n\t\t\t\t\t\t\t\t\t<p>Comen\u00e7a la pr\u00e0ctica del ioga i la <a href=\"https:\/\/aryatara.es\/ca\/meditacio-vipassana\/\">meditaci\u00f3<\/a> als 15 anys, sota el guiatge de Xavi Alongina.<\/p>\n<p>\u00c9s membre fundadora de l\u2019associaci\u00f3 Sadhana per a la formaci\u00f3 de professors de ioga, al costat de Carlos Fiel, que va ser el seu formador com a professora de ioga.<\/p>\n<p>\u00c9s professora de ioga per l\u2019AEPY (Associaci\u00f3 Espanyola de Practicants de Ioga) i per Sadhana, reconegudes per la UEFNY (Uni\u00f3 Europea de Federacions Nacionals de Ioga).<\/p>\n<p>\u00c9s directora de pr\u00e0ctica del postgrau en <a href=\"https:\/\/aryatara.es\/ca\/mindfulness-i-neurociencia\/\">Mindfulness<\/a> i compassi\u00f3 en la relaci\u00f3 d\u2019ajuda, de la Universitat de Lleida, i col\u00b7labora en el M\u00e0ster en <a href=\"https:\/\/aryatara.es\/ca\/mindfulness-i-neurociencia\/\">Mindfulness<\/a> de la Universitat de Saragossa.<\/p>\n<p>El 1989 funda el centre de ioga Arya Tara i coneix Kyabj\u00e9 Dungse Shenphen Dawa Norbu Rimpoch\u00e9, que ser\u00e0 el seu mestre arrel en la pr\u00e0ctica del Dharma. Despr\u00e9s d\u2019haver practicat en el marc de diverses escoles, s\u2019estableix en el llinatge i\u00f2guic del seu mestre en l\u2019escola Nyingma.<\/p>\n<p>Al llarg de m\u00e9s de trenta anys rep els ensenyaments, les iniciacions i les transmissions dels llinatges Dudjom Tersar i Longchen Nyingtik. Ha fet nombrosos recessos en grup i en solitari.<\/p>\n<p>El 2011 \u00e9s nomenada Lama (Mestra de Dharma) per part de Kyabj\u00e9 Dungse Shenphen Dawa Norbu Rimpoch\u00e9.<\/p>\n<p>Els seus principals professors de hatha ioga han estat Andre Van Lysebeth i la seva dona Denise, TKV Desikachar i Vimala Takar.<\/p>\n<p>Els seus principals Mestres de Dharma han estat Kyabje Dungse Shenphen Dawa Norbu Rimpoch\u00e9 (el seu Mestre Arrel, que \u00e9s qui li ha dirigit estretament la pr\u00e0ctica), Kyabje Chadral Sangye Dorje Rimpoch\u00e9, Kyabje Dungse Dzongsar Khyentse Rimpoch\u00e9 i Kyabje Dudjom Sangye Pema Shepa Rimpoch\u00e9.<\/p>\n\t\t\t\t\t\t\t\t<\/div>\n\t\t\t\t<\/div>\n\t\t\t\t\t<\/div>\n\t\t<\/div>\n\t\t\t\t\t<\/div>\n\t\t<\/section>\n\t\t\t\t<section class=\"elementor-section elementor-inner-section elementor-element elementor-element-80c48c2 elementor-section-content-middle elementor-section-boxed elementor-section-height-default elementor-section-height-default\" data-id=\"80c48c2\" data-element_type=\"section\" data-e-type=\"section\" id=\"anna\">\n\t\t\t\t\t\t<div class=\"elementor-container elementor-column-gap-no\">\n\t\t\t\t\t<div class=\"elementor-column elementor-col-33 elementor-inner-column elementor-element elementor-element-b884bb5\" data-id=\"b884bb5\" data-element_type=\"column\" data-e-type=\"column\">\n\t\t\t<div class=\"elementor-widget-wrap elementor-element-populated\">\n\t\t\t\t\t\t<div class=\"elementor-element elementor-element-2795e72 elementor-absolute elementor-widget elementor-widget-image\" data-id=\"2795e72\" data-element_type=\"widget\" data-e-type=\"widget\" data-settings=\"{&quot;_position&quot;:&quot;absolute&quot;}\" data-widget_type=\"image.default\">\n\t\t\t\t<div class=\"elementor-widget-container\">\n\t\t\t\t\t\t\t\t\t\t\t\t\t\t\t<img decoding=\"async\" width=\"300\" height=\"300\" src=\"https:\/\/aryatara.es\/wp-content\/uploads\/2024\/02\/Equip-Arya-Tara-Anna-Puigdellivol-300x300.webp\" class=\"attachment-medium size-medium wp-image-24632\" alt=\"Equip Arya Tara Anna Puigdellivol\" srcset=\"https:\/\/aryatara.es\/wp-content\/uploads\/2024\/02\/Equip-Arya-Tara-Anna-Puigdellivol-300x300.webp 300w, https:\/\/aryatara.es\/wp-content\/uploads\/2024\/02\/Equip-Arya-Tara-Anna-Puigdellivol-150x150.webp 150w, https:\/\/aryatara.es\/wp-content\/uploads\/2024\/02\/Equip-Arya-Tara-Anna-Puigdellivol.webp 450w\" sizes=\"(max-width: 300px) 100vw, 300px\" \/>\t\t\t\t\t\t\t\t\t\t\t\t\t\t\t<\/div>\n\t\t\t\t<\/div>\n\t\t\t\t\t<\/div>\n\t\t<\/div>\n\t\t\t\t<div class=\"elementor-column elementor-col-66 elementor-inner-column elementor-element elementor-element-e551bd6\" data-id=\"e551bd6\" data-element_type=\"column\" data-e-type=\"column\">\n\t\t\t<div class=\"elementor-widget-wrap elementor-element-populated\">\n\t\t\t\t\t\t<div class=\"elementor-element elementor-element-2226ce1 elementor-widget elementor-widget-heading\" data-id=\"2226ce1\" data-element_type=\"widget\" data-e-type=\"widget\" data-widget_type=\"heading.default\">\n\t\t\t\t<div class=\"elementor-widget-container\">\n\t\t\t\t\t<h3 class=\"elementor-heading-title elementor-size-default\">Anna Puigdell\u00edvol<\/h3>\t\t\t\t<\/div>\n\t\t\t\t<\/div>\n\t\t\t\t<div class=\"elementor-element elementor-element-c937f88 elementor-widget elementor-widget-text-editor\" data-id=\"c937f88\" data-element_type=\"widget\" data-e-type=\"widget\" data-widget_type=\"text-editor.default\">\n\t\t\t\t<div class=\"elementor-widget-container\">\n\t\t\t\t\t\t\t\t\t<p><em>Ioga conscient<\/em><\/p>\n\t\t\t\t\t\t\t\t<\/div>\n\t\t\t\t<\/div>\n\t\t\t\t<div class=\"elementor-element elementor-element-8b1e2c3 elementor-widget elementor-widget-text-editor\" data-id=\"8b1e2c3\" data-element_type=\"widget\" data-e-type=\"widget\" data-widget_type=\"text-editor.default\">\n\t\t\t\t<div class=\"elementor-widget-container\">\n\t\t\t\t\t\t\t\t\t<p>Formada com a professora de ioga a Yoga S\u00edntesis (Barcelona), una escola de professorat de ioga adscrita a la FEDEFY, amb el professor Juli\u00e1n F. Perag\u00f3n.<\/p>\n<p>S\u2019especialitza com a professora de ioga per a embarassades a l\u2019escola Omma Prenatal (Madrid), amb Montse Cob.<\/p>\n<p>Realitza la formaci\u00f3 en el m\u00e8tode pedag\u00f2gic Yoga Din\u00e1mico a Madrid, amb els professors Godfrey Devereux i Jose Luis Cabezas.<\/p>\n<p>Es forma en educaci\u00f3 de moviments som\u00e0tics amb la professora Lisa Petersen.<\/p>\n<p>Realitza el postgrau \u201c<a href=\"https:\/\/aryatara.es\/ca\/mindfulness-i-neurociencia\/\">Mindfulness<\/a> i compassi\u00f3 en la relaci\u00f3 d\u2019ajuda\u201d, de la Universitat de Lleida.<\/p>\n<p>L\u2019any 2004 comen\u00e7a el cam\u00ed de la <a href=\"https:\/\/aryatara.es\/ca\/meditacio-vipassana\/\">meditaci\u00f3<\/a> i el Dharma sota el guiatge de Lama Yeshe Ch\u00f6dr\u00f6n.<\/p>\n<p>El 2011 \u00e9s nomenada Lop\u00f6n (instructora de Dharma i <a href=\"https:\/\/aryatara.es\/ca\/meditacio-vipassana\/\">meditaci\u00f3<\/a>) per part de Kyabj\u00e9 Dungse Shenphen Dawa Norbu Rimpoch\u00e9.<\/p>\n\t\t\t\t\t\t\t\t<\/div>\n\t\t\t\t<\/div>\n\t\t\t\t\t<\/div>\n\t\t<\/div>\n\t\t\t\t\t<\/div>\n\t\t<\/section>\n\t\t\t\t<section class=\"elementor-section elementor-inner-section elementor-element elementor-element-f00a8e7 elementor-section-content-middle elementor-section-boxed elementor-section-height-default elementor-section-height-default\" data-id=\"f00a8e7\" data-element_type=\"section\" data-e-type=\"section\" id=\"laia\">\n\t\t\t\t\t\t<div class=\"elementor-container elementor-column-gap-no\">\n\t\t\t\t\t<div class=\"elementor-column elementor-col-33 elementor-inner-column elementor-element elementor-element-a822b9d\" data-id=\"a822b9d\" data-element_type=\"column\" data-e-type=\"column\">\n\t\t\t<div class=\"elementor-widget-wrap elementor-element-populated\">\n\t\t\t\t\t\t<div class=\"elementor-element elementor-element-6441564 elementor-absolute elementor-widget elementor-widget-image\" data-id=\"6441564\" data-element_type=\"widget\" data-e-type=\"widget\" data-settings=\"{&quot;_position&quot;:&quot;absolute&quot;}\" data-widget_type=\"image.default\">\n\t\t\t\t<div class=\"elementor-widget-container\">\n\t\t\t\t\t\t\t\t\t\t\t\t\t\t\t<img decoding=\"async\" width=\"300\" height=\"300\" src=\"https:\/\/aryatara.es\/wp-content\/uploads\/2024\/09\/Arya-Tara-Laia-Noguera-300x300.webp\" class=\"attachment-medium size-medium wp-image-26815\" alt=\"Mindfulness en Lleida\" srcset=\"https:\/\/aryatara.es\/wp-content\/uploads\/2024\/09\/Arya-Tara-Laia-Noguera-300x300.webp 300w, https:\/\/aryatara.es\/wp-content\/uploads\/2024\/09\/Arya-Tara-Laia-Noguera-150x150.webp 150w, https:\/\/aryatara.es\/wp-content\/uploads\/2024\/09\/Arya-Tara-Laia-Noguera.webp 450w\" sizes=\"(max-width: 300px) 100vw, 300px\" \/>\t\t\t\t\t\t\t\t\t\t\t\t\t\t\t<\/div>\n\t\t\t\t<\/div>\n\t\t\t\t\t<\/div>\n\t\t<\/div>\n\t\t\t\t<div class=\"elementor-column elementor-col-66 elementor-inner-column elementor-element elementor-element-5ec10d3\" data-id=\"5ec10d3\" data-element_type=\"column\" data-e-type=\"column\">\n\t\t\t<div class=\"elementor-widget-wrap elementor-element-populated\">\n\t\t\t\t\t\t<div class=\"elementor-element elementor-element-e0b5b55 elementor-widget elementor-widget-heading\" data-id=\"e0b5b55\" data-element_type=\"widget\" data-e-type=\"widget\" data-widget_type=\"heading.default\">\n\t\t\t\t<div class=\"elementor-widget-container\">\n\t\t\t\t\t<h3 class=\"elementor-heading-title elementor-size-default\">Laia Noguera<\/h3>\t\t\t\t<\/div>\n\t\t\t\t<\/div>\n\t\t\t\t<div class=\"elementor-element elementor-element-3271a96 elementor-widget elementor-widget-text-editor\" data-id=\"3271a96\" data-element_type=\"widget\" data-e-type=\"widget\" data-widget_type=\"text-editor.default\">\n\t\t\t\t<div class=\"elementor-widget-container\">\n\t\t\t\t\t\t\t\t\t<p><em><a href=\"https:\/\/aryatara.es\/ca\/mindfulness-i-neurociencia\/\">Mindfulness<\/a><\/em><\/p>\n\t\t\t\t\t\t\t\t<\/div>\n\t\t\t\t<\/div>\n\t\t\t\t<div class=\"elementor-element elementor-element-c1e8080 elementor-widget elementor-widget-text-editor\" data-id=\"c1e8080\" data-element_type=\"widget\" data-e-type=\"widget\" data-widget_type=\"text-editor.default\">\n\t\t\t\t<div class=\"elementor-widget-container\">\n\t\t\t\t\t\t\t\t\t<p>Escriptora i traductora. Ha publicat prop de 20 llibres de poesia, diversos dels quals han rebut premis de prestigi en l\u2019\u00e0mbit de la literatura catalana.<\/p>\n<p>L\u2019any 2010 comen\u00e7a el cam\u00ed de la <a href=\"https:\/\/aryatara.es\/ca\/meditacio-vipassana\/\">meditaci\u00f3<\/a> i el Dharma seguint la guia de la seva mestra, Lama Yeshe Ch\u00f6dr\u00f6n.<\/p>\n<p>Realitza el postgrau \u201c<a href=\"https:\/\/aryatara.es\/ca\/mindfulness-i-neurociencia\/\">Mindfulness<\/a> i compassi\u00f3 en la relaci\u00f3 d\u2019ajuda\u201d, de la Universitat de Lleida.<\/p>\n<p>Ha incorporat la pr\u00e0ctica del <a href=\"https:\/\/aryatara.es\/ca\/mindfulness-i-neurociencia\/\">mindfulness<\/a> i la <a href=\"https:\/\/aryatara.es\/ca\/meditacio-vipassana\/\">meditaci\u00f3<\/a> en la creaci\u00f3 art\u00edstica, investigant molt en especial en l\u2019escriptura conscient o mindful writing.<\/p>\n\t\t\t\t\t\t\t\t<\/div>\n\t\t\t\t<\/div>\n\t\t\t\t\t<\/div>\n\t\t<\/div>\n\t\t\t\t\t<\/div>\n\t\t<\/section>\n\t\t\t\t<section class=\"elementor-section elementor-inner-section elementor-element elementor-element-a052e7b elementor-section-content-middle elementor-section-boxed elementor-section-height-default elementor-section-height-default\" data-id=\"a052e7b\" data-element_type=\"section\" data-e-type=\"section\" id=\"lourdes\">\n\t\t\t\t\t\t<div class=\"elementor-container elementor-column-gap-no\">\n\t\t\t\t\t<div class=\"elementor-column elementor-col-33 elementor-inner-column elementor-element elementor-element-237d711\" data-id=\"237d711\" data-element_type=\"column\" data-e-type=\"column\">\n\t\t\t<div class=\"elementor-widget-wrap elementor-element-populated\">\n\t\t\t\t\t\t<div class=\"elementor-element elementor-element-3e77557 elementor-absolute elementor-widget elementor-widget-image\" data-id=\"3e77557\" data-element_type=\"widget\" data-e-type=\"widget\" data-settings=\"{&quot;_position&quot;:&quot;absolute&quot;}\" data-widget_type=\"image.default\">\n\t\t\t\t<div class=\"elementor-widget-container\">\n\t\t\t\t\t\t\t\t\t\t\t\t\t\t\t<img loading=\"lazy\" decoding=\"async\" width=\"300\" height=\"300\" src=\"https:\/\/aryatara.es\/wp-content\/uploads\/2024\/09\/Arya-Tara-Lourdes-Assens-300x300.webp\" class=\"attachment-medium size-medium wp-image-26817\" alt=\"Psicoterapia en Lleida\" srcset=\"https:\/\/aryatara.es\/wp-content\/uploads\/2024\/09\/Arya-Tara-Lourdes-Assens-300x300.webp 300w, https:\/\/aryatara.es\/wp-content\/uploads\/2024\/09\/Arya-Tara-Lourdes-Assens-150x150.webp 150w, https:\/\/aryatara.es\/wp-content\/uploads\/2024\/09\/Arya-Tara-Lourdes-Assens.webp 450w\" sizes=\"(max-width: 300px) 100vw, 300px\" \/>\t\t\t\t\t\t\t\t\t\t\t\t\t\t\t<\/div>\n\t\t\t\t<\/div>\n\t\t\t\t\t<\/div>\n\t\t<\/div>\n\t\t\t\t<div class=\"elementor-column elementor-col-66 elementor-inner-column elementor-element elementor-element-e82f13e\" data-id=\"e82f13e\" data-element_type=\"column\" data-e-type=\"column\">\n\t\t\t<div class=\"elementor-widget-wrap elementor-element-populated\">\n\t\t\t\t\t\t<div class=\"elementor-element elementor-element-5429950 elementor-widget elementor-widget-heading\" data-id=\"5429950\" data-element_type=\"widget\" data-e-type=\"widget\" data-widget_type=\"heading.default\">\n\t\t\t\t<div class=\"elementor-widget-container\">\n\t\t\t\t\t<h3 class=\"elementor-heading-title elementor-size-default\">Lourdes Assens<\/h3>\t\t\t\t<\/div>\n\t\t\t\t<\/div>\n\t\t\t\t<div class=\"elementor-element elementor-element-4b16d5e elementor-widget elementor-widget-text-editor\" data-id=\"4b16d5e\" data-element_type=\"widget\" data-e-type=\"widget\" data-widget_type=\"text-editor.default\">\n\t\t\t\t<div class=\"elementor-widget-container\">\n\t\t\t\t\t\t\t\t\t<p><em>Psicoter\u00e0pia<\/em><\/p>\n\t\t\t\t\t\t\t\t<\/div>\n\t\t\t\t<\/div>\n\t\t\t\t<div class=\"elementor-element elementor-element-cc5579a elementor-widget elementor-widget-text-editor\" data-id=\"cc5579a\" data-element_type=\"widget\" data-e-type=\"widget\" data-widget_type=\"text-editor.default\">\n\t\t\t\t<div class=\"elementor-widget-container\">\n\t\t\t\t\t\t\t\t\t<p>Psic\u00f2loga cl\u00ednica des de l\u2019any 2000.<\/p>\n<p>Practicant de meditaci\u00f3 des de l\u2019any 2007.<\/p>\n<p>Formadora i docent de cursos i tallers de gesti\u00f3 emocional i mindfulness des de l\u2019any 2014.<\/p>\n<p>M\u00e0ster en Psicoter\u00e0pia Anal\u00edtica Grupal. Universitat de Deusto (2003). <\/p>\n<p>Terapeuta Familiar. Centre d\u2019estudis i ter\u00e0pia sist\u00e8mica (2006). <\/p>\n<p>Postgraduada en Homeopatia. Institut d\u2019homeopatia de Catalunya (2006). <\/p>\n<p>Kinesiologia emocional. Centre Ismet (2012). <\/p>\n<p>Postgraduada en Mindfulness i Psicoter\u00e0pia (UB) (2018).<\/p>\n<p>Coautora del llibre Mindfulness y compasi\u00f3n en la relaci\u00f3n de ayuda (Val\u00e8ncia: Naullibres, 2022).<\/p>\n\t\t\t\t\t\t\t\t<\/div>\n\t\t\t\t<\/div>\n\t\t\t\t\t<\/div>\n\t\t<\/div>\n\t\t\t\t\t<\/div>\n\t\t<\/section>\n\t\t\t\t<section class=\"elementor-section elementor-inner-section elementor-element elementor-element-8157de5 elementor-section-content-middle elementor-section-boxed elementor-section-height-default elementor-section-height-default\" data-id=\"8157de5\" data-element_type=\"section\" data-e-type=\"section\" id=\"marta\">\n\t\t\t\t\t\t<div class=\"elementor-container elementor-column-gap-no\">\n\t\t\t\t\t<div class=\"elementor-column elementor-col-33 elementor-inner-column elementor-element elementor-element-990dd49\" data-id=\"990dd49\" data-element_type=\"column\" data-e-type=\"column\">\n\t\t\t<div class=\"elementor-widget-wrap elementor-element-populated\">\n\t\t\t\t\t\t<div class=\"elementor-element elementor-element-cc48908 elementor-absolute elementor-widget elementor-widget-image\" data-id=\"cc48908\" data-element_type=\"widget\" data-e-type=\"widget\" data-settings=\"{&quot;_position&quot;:&quot;absolute&quot;}\" data-widget_type=\"image.default\">\n\t\t\t\t<div class=\"elementor-widget-container\">\n\t\t\t\t\t\t\t\t\t\t\t\t\t\t\t<img loading=\"lazy\" decoding=\"async\" width=\"300\" height=\"300\" src=\"https:\/\/aryatara.es\/wp-content\/uploads\/2024\/09\/Arya-Tara-Marta-Sanchez-300x300.webp\" class=\"attachment-medium size-medium wp-image-26819\" alt=\"Terapia energ\u00e9tica, Lleida\" srcset=\"https:\/\/aryatara.es\/wp-content\/uploads\/2024\/09\/Arya-Tara-Marta-Sanchez-300x300.webp 300w, https:\/\/aryatara.es\/wp-content\/uploads\/2024\/09\/Arya-Tara-Marta-Sanchez-150x150.webp 150w, https:\/\/aryatara.es\/wp-content\/uploads\/2024\/09\/Arya-Tara-Marta-Sanchez.webp 450w\" sizes=\"(max-width: 300px) 100vw, 300px\" \/>\t\t\t\t\t\t\t\t\t\t\t\t\t\t\t<\/div>\n\t\t\t\t<\/div>\n\t\t\t\t\t<\/div>\n\t\t<\/div>\n\t\t\t\t<div class=\"elementor-column elementor-col-66 elementor-inner-column elementor-element elementor-element-f5fcb0b\" data-id=\"f5fcb0b\" data-element_type=\"column\" data-e-type=\"column\">\n\t\t\t<div class=\"elementor-widget-wrap elementor-element-populated\">\n\t\t\t\t\t\t<div class=\"elementor-element elementor-element-6858a93 elementor-widget elementor-widget-heading\" data-id=\"6858a93\" data-element_type=\"widget\" data-e-type=\"widget\" data-widget_type=\"heading.default\">\n\t\t\t\t<div class=\"elementor-widget-container\">\n\t\t\t\t\t<h3 class=\"elementor-heading-title elementor-size-default\">Marta S\u00e1nchez<\/h3>\t\t\t\t<\/div>\n\t\t\t\t<\/div>\n\t\t\t\t<div class=\"elementor-element elementor-element-15763f7 elementor-widget elementor-widget-text-editor\" data-id=\"15763f7\" data-element_type=\"widget\" data-e-type=\"widget\" data-widget_type=\"text-editor.default\">\n\t\t\t\t<div class=\"elementor-widget-container\">\n\t\t\t\t\t\t\t\t\t<p><em>Ter\u00e0pia energ\u00e8tica<\/em><\/p>\n\t\t\t\t\t\t\t\t<\/div>\n\t\t\t\t<\/div>\n\t\t\t\t<div class=\"elementor-element elementor-element-457b148 elementor-widget elementor-widget-text-editor\" data-id=\"457b148\" data-element_type=\"widget\" data-e-type=\"widget\" data-widget_type=\"text-editor.default\">\n\t\t\t\t<div class=\"elementor-widget-container\">\n\t\t\t\t\t\t\t\t\t<p>Tercer nivell del Bach International Education Programme. Dr. Edward Bach Foundation (2008).<\/p>\n<p>Manos para sanar (2011).<\/p>\n<p>Auriculopuntura, tractament de la columna vertebral. Ismet (2012).<\/p>\n<p>Tractament de l\u2019esquena amb ventoses. Ismet (2012).<\/p>\n<p>Auriculopuntura. Abainstitut (2013).<\/p>\n<p>Moxa tibetana, amb el Dr. Sherab Tenzin (2013).<\/p>\n<p>Reflexologia podal i manual. Abainstitut (2014).<\/p>\n<p>Naturopatia funcional: oligoter\u00e0pia, sals de Sch\u00fcssler i organoter\u00e0pia. Ismet (2014).<\/p>\n<p>Radioest\u00e8sia aplicada a la domoter\u00e0pia, amb Francesc Garrig\u00f3s (2014).<\/p>\n<p>Formaci\u00f3 en ter\u00e0pia de so (2015).<\/p>\n<p>Postgrau en <a href=\"https:\/\/aryatara.es\/ca\/mindfulness-i-neurociencia\/\">Mindfulness<\/a> i compassi\u00f3 en la relaci\u00f3 d\u2019ajuda. UdL (2022).<\/p>\n<p>Practicant de hatha ioga i <a href=\"https:\/\/aryatara.es\/ca\/meditacio-vipassana\/\">meditaci\u00f3<\/a> des de fa m\u00e9s de 18 anys.<\/p>\n\t\t\t\t\t\t\t\t<\/div>\n\t\t\t\t<\/div>\n\t\t\t\t\t<\/div>\n\t\t<\/div>\n\t\t\t\t\t<\/div>\n\t\t<\/section>\n\t\t\t\t\t<\/div>\n\t\t<\/div>\n\t\t\t\t\t<\/div>\n\t\t<\/section>\n\t\t\t\t<section class=\"elementor-section elementor-top-section elementor-element elementor-element-79f409e elementor-section-content-middle elementor-hidden-desktop elementor-hidden-tablet elementor-section-boxed elementor-section-height-default elementor-section-height-default\" data-id=\"79f409e\" data-element_type=\"section\" data-e-type=\"section\" data-settings=\"{&quot;background_background&quot;:&quot;classic&quot;}\">\n\t\t\t\t\t\t\t<div class=\"elementor-background-overlay\"><\/div>\n\t\t\t\t\t\t\t<div class=\"elementor-container elementor-column-gap-no\">\n\t\t\t\t\t<div class=\"elementor-column elementor-col-100 elementor-top-column elementor-element elementor-element-fcd2fa6\" data-id=\"fcd2fa6\" data-element_type=\"column\" data-e-type=\"column\" data-settings=\"{&quot;background_background&quot;:&quot;classic&quot;}\">\n\t\t\t<div class=\"elementor-widget-wrap elementor-element-populated\">\n\t\t\t\t\t\t<section class=\"elementor-section elementor-inner-section elementor-element elementor-element-9905cb0 elementor-section-content-middle elementor-section-boxed elementor-section-height-default elementor-section-height-default\" data-id=\"9905cb0\" data-element_type=\"section\" data-e-type=\"section\" id=\"lama2\">\n\t\t\t\t\t\t<div class=\"elementor-container elementor-column-gap-no\">\n\t\t\t\t\t<div class=\"elementor-column elementor-col-100 elementor-inner-column elementor-element elementor-element-a9fc4d3\" data-id=\"a9fc4d3\" data-element_type=\"column\" data-e-type=\"column\">\n\t\t\t<div class=\"elementor-widget-wrap elementor-element-populated\">\n\t\t\t\t\t\t<div class=\"elementor-element elementor-element-8f74ac3 elementor-widget elementor-widget-image\" data-id=\"8f74ac3\" data-element_type=\"widget\" data-e-type=\"widget\" data-widget_type=\"image.default\">\n\t\t\t\t<div class=\"elementor-widget-container\">\n\t\t\t\t\t\t\t\t\t\t\t\t\t\t\t<img fetchpriority=\"high\" decoding=\"async\" width=\"300\" height=\"300\" src=\"https:\/\/aryatara.es\/wp-content\/uploads\/2022\/08\/Lama-Yeshe-Chodron-1-300x300.jpg\" class=\"attachment-medium size-medium wp-image-5547\" alt=\"\" srcset=\"https:\/\/aryatara.es\/wp-content\/uploads\/2022\/08\/Lama-Yeshe-Chodron-1-300x300.jpg 300w, https:\/\/aryatara.es\/wp-content\/uploads\/2022\/08\/Lama-Yeshe-Chodron-1-150x150.jpg 150w, https:\/\/aryatara.es\/wp-content\/uploads\/2022\/08\/Lama-Yeshe-Chodron-1.jpg 450w\" sizes=\"(max-width: 300px) 100vw, 300px\" \/>\t\t\t\t\t\t\t\t\t\t\t\t\t\t\t<\/div>\n\t\t\t\t<\/div>\n\t\t\t\t<div class=\"elementor-element elementor-element-05a4c0b elementor-widget elementor-widget-heading\" data-id=\"05a4c0b\" data-element_type=\"widget\" data-e-type=\"widget\" data-widget_type=\"heading.default\">\n\t\t\t\t<div class=\"elementor-widget-container\">\n\t\t\t\t\t<h3 class=\"elementor-heading-title elementor-size-default\">Lama Yeshe Ch\u00f6dr\u00f6n<\/h3>\t\t\t\t<\/div>\n\t\t\t\t<\/div>\n\t\t\t\t<div class=\"elementor-element elementor-element-555157f elementor-widget elementor-widget-text-editor\" data-id=\"555157f\" data-element_type=\"widget\" data-e-type=\"widget\" data-widget_type=\"text-editor.default\">\n\t\t\t\t<div class=\"elementor-widget-container\">\n\t\t\t\t\t\t\t\t\t<p><strong>(Mar\u00eda Luisa Aznar)<\/strong><br \/><em>Directora<\/em><\/p>\n\t\t\t\t\t\t\t\t<\/div>\n\t\t\t\t<\/div>\n\t\t\t\t<div class=\"elementor-element elementor-element-ee3f54b elementor-widget elementor-widget-text-editor\" data-id=\"ee3f54b\" data-element_type=\"widget\" data-e-type=\"widget\" data-widget_type=\"text-editor.default\">\n\t\t\t\t<div class=\"elementor-widget-container\">\n\t\t\t\t\t\t\t\t\t<p>Comen\u00e7a la pr\u00e0ctica del ioga i la <a href=\"https:\/\/aryatara.es\/ca\/meditacio-vipassana\/\">meditaci\u00f3<\/a> als 15 anys, sota el guiatge de Xavi Alongina.<\/p>\n<p>\u00c9s membre fundadora de l\u2019associaci\u00f3 Sadhana per a la formaci\u00f3 de professors de ioga, al costat de Carlos Fiel, que va ser el seu formador com a professora de ioga.<\/p>\n<p>\u00c9s professora de ioga per l\u2019AEPY (Associaci\u00f3 Espanyola de Practicants de Ioga) i per Sadhana, reconegudes per la UEFNY (Uni\u00f3 Europea de Federacions Nacionals de Ioga).<\/p>\n<p>\u00c9s directora de pr\u00e0ctica del postgrau en Mindfulness i compassi\u00f3 en la relaci\u00f3 d\u2019ajuda, de la Universitat de Lleida, i col\u00b7labora en el M\u00e0ster en Mindfulness de la Universitat de Saragossa.<\/p>\n<p>El 1989 funda el centre de ioga Arya Tara i coneix Kyabj\u00e9 Dungse Shenphen Dawa Norbu Rimpoch\u00e9, que ser\u00e0 el seu mestre arrel en la pr\u00e0ctica del Dharma. Despr\u00e9s d\u2019haver practicat en el marc de diverses escoles, s\u2019estableix en el llinatge i\u00f2guic del seu mestre en l\u2019escola Nyingma.<\/p>\n<p>Al llarg de m\u00e9s de trenta anys rep els ensenyaments, les iniciacions i les transmissions dels llinatges Dudjom Tersar i Longchen Nyingtik. Ha fet nombrosos recessos en grup i en solitari.<\/p>\n<p>El 2011 \u00e9s nomenada Lama (Mestra de Dharma) per part de Kyabj\u00e9 Dungse Shenphen Dawa Norbu Rimpoch\u00e9.<\/p>\n<p>Els seus principals professors de hatha ioga han estat Andre Van Lysebeth i la seva dona Denise, TKV Desikachar i Vimala Takar.<\/p>\n<p>Els seus principals Mestres de Dharma han estat Kyabje Dungse Shenphen Dawa Norbu Rimpoch\u00e9 (el seu Mestre Arrel, que \u00e9s qui li ha dirigit estretament la pr\u00e0ctica), Kyabje Chadral Sangye Dorje Rimpoch\u00e9, Kyabje Dungse Dzongsar Khyentse Rimpoch\u00e9 i Kyabje Dudjom Sangye Pema Shepa Rimpoch\u00e9.<\/p>\n\t\t\t\t\t\t\t\t<\/div>\n\t\t\t\t<\/div>\n\t\t\t\t\t<\/div>\n\t\t<\/div>\n\t\t\t\t\t<\/div>\n\t\t<\/section>\n\t\t\t\t<section class=\"elementor-section elementor-inner-section elementor-element elementor-element-a259d48 elementor-section-content-middle elementor-section-boxed elementor-section-height-default elementor-section-height-default\" data-id=\"a259d48\" data-element_type=\"section\" data-e-type=\"section\" id=\"anna2\">\n\t\t\t\t\t\t<div class=\"elementor-container elementor-column-gap-no\">\n\t\t\t\t\t<div class=\"elementor-column elementor-col-33 elementor-inner-column elementor-element elementor-element-9da549f\" data-id=\"9da549f\" data-element_type=\"column\" data-e-type=\"column\">\n\t\t\t<div class=\"elementor-widget-wrap elementor-element-populated\">\n\t\t\t\t\t\t<div class=\"elementor-element elementor-element-c3e074a elementor-widget elementor-widget-image\" data-id=\"c3e074a\" data-element_type=\"widget\" data-e-type=\"widget\" data-widget_type=\"image.default\">\n\t\t\t\t<div class=\"elementor-widget-container\">\n\t\t\t\t\t\t\t\t\t\t\t\t\t\t\t<img decoding=\"async\" width=\"300\" height=\"300\" src=\"https:\/\/aryatara.es\/wp-content\/uploads\/2024\/02\/Equip-Arya-Tara-Anna-Puigdellivol-300x300.webp\" class=\"attachment-medium size-medium wp-image-24632\" alt=\"Equip Arya Tara Anna Puigdellivol\" srcset=\"https:\/\/aryatara.es\/wp-content\/uploads\/2024\/02\/Equip-Arya-Tara-Anna-Puigdellivol-300x300.webp 300w, https:\/\/aryatara.es\/wp-content\/uploads\/2024\/02\/Equip-Arya-Tara-Anna-Puigdellivol-150x150.webp 150w, https:\/\/aryatara.es\/wp-content\/uploads\/2024\/02\/Equip-Arya-Tara-Anna-Puigdellivol.webp 450w\" sizes=\"(max-width: 300px) 100vw, 300px\" \/>\t\t\t\t\t\t\t\t\t\t\t\t\t\t\t<\/div>\n\t\t\t\t<\/div>\n\t\t\t\t\t<\/div>\n\t\t<\/div>\n\t\t\t\t<div class=\"elementor-column elementor-col-66 elementor-inner-column elementor-element elementor-element-28ca60a\" data-id=\"28ca60a\" data-element_type=\"column\" data-e-type=\"column\">\n\t\t\t<div class=\"elementor-widget-wrap elementor-element-populated\">\n\t\t\t\t\t\t<div class=\"elementor-element elementor-element-08d0609 elementor-widget elementor-widget-heading\" data-id=\"08d0609\" data-element_type=\"widget\" data-e-type=\"widget\" data-widget_type=\"heading.default\">\n\t\t\t\t<div class=\"elementor-widget-container\">\n\t\t\t\t\t<h3 class=\"elementor-heading-title elementor-size-default\">Anna Puigdell\u00edvol<\/h3>\t\t\t\t<\/div>\n\t\t\t\t<\/div>\n\t\t\t\t<div class=\"elementor-element elementor-element-c537ecb elementor-widget elementor-widget-text-editor\" data-id=\"c537ecb\" data-element_type=\"widget\" data-e-type=\"widget\" data-widget_type=\"text-editor.default\">\n\t\t\t\t<div class=\"elementor-widget-container\">\n\t\t\t\t\t\t\t\t\t<p><em>Ioga conscient<\/em><\/p>\n\t\t\t\t\t\t\t\t<\/div>\n\t\t\t\t<\/div>\n\t\t\t\t<div class=\"elementor-element elementor-element-e892af2 elementor-widget elementor-widget-text-editor\" data-id=\"e892af2\" data-element_type=\"widget\" data-e-type=\"widget\" data-widget_type=\"text-editor.default\">\n\t\t\t\t<div class=\"elementor-widget-container\">\n\t\t\t\t\t\t\t\t\t<p>Formada com a professora de ioga a Yoga S\u00edntesis (Barcelona), una escola de professorat de ioga adscrita a la FEDEFY, amb el professor Juli\u00e1n F. Perag\u00f3n.<\/p>\n<p>S\u2019especialitza com a professora de ioga per a embarassades a l\u2019escola Omma Prenatal (Madrid), amb Montse Cob.<\/p>\n<p>Realitza la formaci\u00f3 en el m\u00e8tode pedag\u00f2gic Yoga Din\u00e1mico a Madrid, amb els professors Godfrey Devereux i Jose Luis Cabezas.<\/p>\n<p>Es forma en educaci\u00f3 de moviments som\u00e0tics amb la professora Lisa Petersen.<\/p>\n<p>Realitza el postgrau \u201c<a href=\"https:\/\/aryatara.es\/ca\/mindfulness-i-neurociencia\/\">Mindfulness<\/a> i compassi\u00f3 en la relaci\u00f3 d\u2019ajuda\u201d, de la Universitat de Lleida.<\/p>\n<p>L\u2019any 2004 comen\u00e7a el cam\u00ed de la <a href=\"https:\/\/aryatara.es\/ca\/meditacio-vipassana\/\">meditaci\u00f3<\/a> i el Dharma sota el guiatge de Lama Yeshe Ch\u00f6dr\u00f6n.<\/p>\n<p>El 2011 \u00e9s nomenada Lop\u00f6n (instructora de Dharma i <a href=\"https:\/\/aryatara.es\/ca\/meditacio-vipassana\/\">meditaci\u00f3<\/a>) per part de Kyabj\u00e9 Dungse Shenphen Dawa Norbu Rimpoch\u00e9.<\/p>\n\t\t\t\t\t\t\t\t<\/div>\n\t\t\t\t<\/div>\n\t\t\t\t\t<\/div>\n\t\t<\/div>\n\t\t\t\t\t<\/div>\n\t\t<\/section>\n\t\t\t\t<section class=\"elementor-section elementor-inner-section elementor-element elementor-element-fd6175b elementor-section-content-middle elementor-section-boxed elementor-section-height-default elementor-section-height-default\" data-id=\"fd6175b\" data-element_type=\"section\" data-e-type=\"section\" id=\"laia2\">\n\t\t\t\t\t\t<div class=\"elementor-container elementor-column-gap-no\">\n\t\t\t\t\t<div class=\"elementor-column elementor-col-33 elementor-inner-column elementor-element elementor-element-8472b6f\" data-id=\"8472b6f\" data-element_type=\"column\" data-e-type=\"column\">\n\t\t\t<div class=\"elementor-widget-wrap elementor-element-populated\">\n\t\t\t\t\t\t<div class=\"elementor-element elementor-element-a99f944 elementor-widget elementor-widget-image\" data-id=\"a99f944\" data-element_type=\"widget\" data-e-type=\"widget\" data-widget_type=\"image.default\">\n\t\t\t\t<div class=\"elementor-widget-container\">\n\t\t\t\t\t\t\t\t\t\t\t\t\t\t\t<img decoding=\"async\" width=\"300\" height=\"300\" src=\"https:\/\/aryatara.es\/wp-content\/uploads\/2024\/09\/Arya-Tara-Laia-Noguera-300x300.webp\" class=\"attachment-medium size-medium wp-image-26815\" alt=\"Mindfulness en Lleida\" srcset=\"https:\/\/aryatara.es\/wp-content\/uploads\/2024\/09\/Arya-Tara-Laia-Noguera-300x300.webp 300w, https:\/\/aryatara.es\/wp-content\/uploads\/2024\/09\/Arya-Tara-Laia-Noguera-150x150.webp 150w, https:\/\/aryatara.es\/wp-content\/uploads\/2024\/09\/Arya-Tara-Laia-Noguera.webp 450w\" sizes=\"(max-width: 300px) 100vw, 300px\" \/>\t\t\t\t\t\t\t\t\t\t\t\t\t\t\t<\/div>\n\t\t\t\t<\/div>\n\t\t\t\t\t<\/div>\n\t\t<\/div>\n\t\t\t\t<div class=\"elementor-column elementor-col-66 elementor-inner-column elementor-element elementor-element-783e090\" data-id=\"783e090\" data-element_type=\"column\" data-e-type=\"column\">\n\t\t\t<div class=\"elementor-widget-wrap elementor-element-populated\">\n\t\t\t\t\t\t<div class=\"elementor-element elementor-element-b80f2cc elementor-widget elementor-widget-heading\" data-id=\"b80f2cc\" data-element_type=\"widget\" data-e-type=\"widget\" data-widget_type=\"heading.default\">\n\t\t\t\t<div class=\"elementor-widget-container\">\n\t\t\t\t\t<h3 class=\"elementor-heading-title elementor-size-default\">Laia Noguera<\/h3>\t\t\t\t<\/div>\n\t\t\t\t<\/div>\n\t\t\t\t<div class=\"elementor-element elementor-element-ce5ab88 elementor-widget elementor-widget-text-editor\" data-id=\"ce5ab88\" data-element_type=\"widget\" data-e-type=\"widget\" data-widget_type=\"text-editor.default\">\n\t\t\t\t<div class=\"elementor-widget-container\">\n\t\t\t\t\t\t\t\t\t<p><em>Mindfulness<\/em><\/p>\n\t\t\t\t\t\t\t\t<\/div>\n\t\t\t\t<\/div>\n\t\t\t\t<div class=\"elementor-element elementor-element-bc63ec9 elementor-widget elementor-widget-text-editor\" data-id=\"bc63ec9\" data-element_type=\"widget\" data-e-type=\"widget\" data-widget_type=\"text-editor.default\">\n\t\t\t\t<div class=\"elementor-widget-container\">\n\t\t\t\t\t\t\t\t\t<p>Escriptora i traductora. Ha publicat prop de 20 llibres de poesia, diversos dels quals han rebut premis de prestigi en l\u2019\u00e0mbit de la literatura catalana.<\/p>\n<p>L\u2019any 2010 comen\u00e7a el cam\u00ed de la <a href=\"https:\/\/aryatara.es\/ca\/meditacio-vipassana\/\">meditaci\u00f3<\/a> i el Dharma seguint la guia de la seva mestra, Lama Yeshe Ch\u00f6dr\u00f6n.<\/p>\n<p>Realitza el postgrau \u201cMindfulness i compassi\u00f3 en la relaci\u00f3 d\u2019ajuda\u201d, de la Universitat de Lleida.<\/p>\n<p>Ha incorporat la pr\u00e0ctica del mindfulness i la <a href=\"https:\/\/aryatara.es\/ca\/meditacio-vipassana\/\">meditaci\u00f3<\/a> en la creaci\u00f3 art\u00edstica, investigant molt en especial en l\u2019escriptura conscient o mindful writing.<\/p>\n\t\t\t\t\t\t\t\t<\/div>\n\t\t\t\t<\/div>\n\t\t\t\t\t<\/div>\n\t\t<\/div>\n\t\t\t\t\t<\/div>\n\t\t<\/section>\n\t\t\t\t<section class=\"elementor-section elementor-inner-section elementor-element elementor-element-652f9b8 elementor-section-content-middle elementor-section-boxed elementor-section-height-default elementor-section-height-default\" data-id=\"652f9b8\" data-element_type=\"section\" data-e-type=\"section\" id=\"lourdes2\">\n\t\t\t\t\t\t<div class=\"elementor-container elementor-column-gap-no\">\n\t\t\t\t\t<div class=\"elementor-column elementor-col-33 elementor-inner-column elementor-element elementor-element-a6b985d\" data-id=\"a6b985d\" data-element_type=\"column\" data-e-type=\"column\">\n\t\t\t<div class=\"elementor-widget-wrap elementor-element-populated\">\n\t\t\t\t\t\t<div class=\"elementor-element elementor-element-3960ebf elementor-widget elementor-widget-image\" data-id=\"3960ebf\" data-element_type=\"widget\" data-e-type=\"widget\" data-widget_type=\"image.default\">\n\t\t\t\t<div class=\"elementor-widget-container\">\n\t\t\t\t\t\t\t\t\t\t\t\t\t\t\t<img loading=\"lazy\" decoding=\"async\" width=\"300\" height=\"300\" src=\"https:\/\/aryatara.es\/wp-content\/uploads\/2024\/09\/Arya-Tara-Lourdes-Assens-300x300.webp\" class=\"attachment-medium size-medium wp-image-26817\" alt=\"Psicoterapia en Lleida\" srcset=\"https:\/\/aryatara.es\/wp-content\/uploads\/2024\/09\/Arya-Tara-Lourdes-Assens-300x300.webp 300w, https:\/\/aryatara.es\/wp-content\/uploads\/2024\/09\/Arya-Tara-Lourdes-Assens-150x150.webp 150w, https:\/\/aryatara.es\/wp-content\/uploads\/2024\/09\/Arya-Tara-Lourdes-Assens.webp 450w\" sizes=\"(max-width: 300px) 100vw, 300px\" \/>\t\t\t\t\t\t\t\t\t\t\t\t\t\t\t<\/div>\n\t\t\t\t<\/div>\n\t\t\t\t\t<\/div>\n\t\t<\/div>\n\t\t\t\t<div class=\"elementor-column elementor-col-66 elementor-inner-column elementor-element elementor-element-e7b02af\" data-id=\"e7b02af\" data-element_type=\"column\" data-e-type=\"column\">\n\t\t\t<div class=\"elementor-widget-wrap elementor-element-populated\">\n\t\t\t\t\t\t<div class=\"elementor-element elementor-element-75e4615 elementor-widget elementor-widget-heading\" data-id=\"75e4615\" data-element_type=\"widget\" data-e-type=\"widget\" data-widget_type=\"heading.default\">\n\t\t\t\t<div class=\"elementor-widget-container\">\n\t\t\t\t\t<h3 class=\"elementor-heading-title elementor-size-default\">Lourdes Assens<\/h3>\t\t\t\t<\/div>\n\t\t\t\t<\/div>\n\t\t\t\t<div class=\"elementor-element elementor-element-e858aef elementor-widget elementor-widget-text-editor\" data-id=\"e858aef\" data-element_type=\"widget\" data-e-type=\"widget\" data-widget_type=\"text-editor.default\">\n\t\t\t\t<div class=\"elementor-widget-container\">\n\t\t\t\t\t\t\t\t\t<p><em>Psicoter\u00e0pia<\/em><\/p>\n\t\t\t\t\t\t\t\t<\/div>\n\t\t\t\t<\/div>\n\t\t\t\t<div class=\"elementor-element elementor-element-a6bc667 elementor-widget elementor-widget-text-editor\" data-id=\"a6bc667\" data-element_type=\"widget\" data-e-type=\"widget\" data-widget_type=\"text-editor.default\">\n\t\t\t\t<div class=\"elementor-widget-container\">\n\t\t\t\t\t\t\t\t\t<p>Psic\u00f2loga cl\u00ednica des de l\u2019any 2000.<\/p>\n<p>Practicant de meditaci\u00f3 des de l\u2019any 2007.<\/p>\n<p>Formadora i docent de cursos i tallers de gesti\u00f3 emocional i mindfulness des de l\u2019any 2014.<\/p>\n<p>M\u00e0ster en Psicoter\u00e0pia Anal\u00edtica Grupal. Universitat de Deusto (2003). <\/p>\n<p>Terapeuta Familiar. Centre d\u2019estudis i ter\u00e0pia sist\u00e8mica (2006). <\/p>\n<p>Postgraduada en Homeopatia. Institut d\u2019homeopatia de Catalunya (2006). <\/p>\n<p>Kinesiologia emocional. Centre Ismet (2012). <\/p>\n<p>Postgraduada en Mindfulness i Psicoter\u00e0pia (UB) (2018).<\/p>\n<p>Coautora del llibre Mindfulness y compasi\u00f3n en la relaci\u00f3n de ayuda (Val\u00e8ncia: Naullibres, 2022).<\/p>\n\t\t\t\t\t\t\t\t<\/div>\n\t\t\t\t<\/div>\n\t\t\t\t\t<\/div>\n\t\t<\/div>\n\t\t\t\t\t<\/div>\n\t\t<\/section>\n\t\t\t\t<section class=\"elementor-section elementor-inner-section elementor-element elementor-element-599d154 elementor-section-content-middle elementor-section-boxed elementor-section-height-default elementor-section-height-default\" data-id=\"599d154\" data-element_type=\"section\" data-e-type=\"section\" id=\"marta2\">\n\t\t\t\t\t\t<div class=\"elementor-container elementor-column-gap-no\">\n\t\t\t\t\t<div class=\"elementor-column elementor-col-33 elementor-inner-column elementor-element elementor-element-547e829\" data-id=\"547e829\" data-element_type=\"column\" data-e-type=\"column\">\n\t\t\t<div class=\"elementor-widget-wrap elementor-element-populated\">\n\t\t\t\t\t\t<div class=\"elementor-element elementor-element-5a3a429 elementor-widget elementor-widget-image\" data-id=\"5a3a429\" data-element_type=\"widget\" data-e-type=\"widget\" data-widget_type=\"image.default\">\n\t\t\t\t<div class=\"elementor-widget-container\">\n\t\t\t\t\t\t\t\t\t\t\t\t\t\t\t<img loading=\"lazy\" decoding=\"async\" width=\"300\" height=\"300\" src=\"https:\/\/aryatara.es\/wp-content\/uploads\/2024\/09\/Arya-Tara-Marta-Sanchez-300x300.webp\" class=\"attachment-medium size-medium wp-image-26819\" alt=\"Terapia energ\u00e9tica, Lleida\" srcset=\"https:\/\/aryatara.es\/wp-content\/uploads\/2024\/09\/Arya-Tara-Marta-Sanchez-300x300.webp 300w, https:\/\/aryatara.es\/wp-content\/uploads\/2024\/09\/Arya-Tara-Marta-Sanchez-150x150.webp 150w, https:\/\/aryatara.es\/wp-content\/uploads\/2024\/09\/Arya-Tara-Marta-Sanchez.webp 450w\" sizes=\"(max-width: 300px) 100vw, 300px\" \/>\t\t\t\t\t\t\t\t\t\t\t\t\t\t\t<\/div>\n\t\t\t\t<\/div>\n\t\t\t\t\t<\/div>\n\t\t<\/div>\n\t\t\t\t<div class=\"elementor-column elementor-col-66 elementor-inner-column elementor-element elementor-element-f1f82ed\" data-id=\"f1f82ed\" data-element_type=\"column\" data-e-type=\"column\">\n\t\t\t<div class=\"elementor-widget-wrap elementor-element-populated\">\n\t\t\t\t\t\t<div class=\"elementor-element elementor-element-5eb8207 elementor-widget elementor-widget-heading\" data-id=\"5eb8207\" data-element_type=\"widget\" data-e-type=\"widget\" data-widget_type=\"heading.default\">\n\t\t\t\t<div class=\"elementor-widget-container\">\n\t\t\t\t\t<h3 class=\"elementor-heading-title elementor-size-default\">Marta S\u00e1nchez<\/h3>\t\t\t\t<\/div>\n\t\t\t\t<\/div>\n\t\t\t\t<div class=\"elementor-element elementor-element-bf1d9fb elementor-widget elementor-widget-text-editor\" data-id=\"bf1d9fb\" data-element_type=\"widget\" data-e-type=\"widget\" data-widget_type=\"text-editor.default\">\n\t\t\t\t<div class=\"elementor-widget-container\">\n\t\t\t\t\t\t\t\t\t<p><em>Ter\u00e0pia energ\u00e8tica<\/em><\/p>\n\t\t\t\t\t\t\t\t<\/div>\n\t\t\t\t<\/div>\n\t\t\t\t<div class=\"elementor-element elementor-element-a30c3f0 elementor-widget elementor-widget-text-editor\" data-id=\"a30c3f0\" data-element_type=\"widget\" data-e-type=\"widget\" data-widget_type=\"text-editor.default\">\n\t\t\t\t<div class=\"elementor-widget-container\">\n\t\t\t\t\t\t\t\t\t<p>Tercer nivell del Bach International Education Programme. Dr. Edward Bach Foundation (2008).<\/p>\n<p>Manos para sanar (2011).<\/p>\n<p>Auriculopuntura, tractament de la columna vertebral. Ismet (2012).<\/p>\n<p>Tractament de l\u2019esquena amb ventoses. Ismet (2012).<\/p>\n<p>Auriculopuntura. Abainstitut (2013).<\/p>\n<p>Moxa tibetana, amb el Dr. Sherab Tenzin (2013).<\/p>\n<p>Reflexologia podal i manual. Abainstitut (2014).<\/p>\n<p>Naturopatia funcional: oligoter\u00e0pia, sals de Sch\u00fcssler i organoter\u00e0pia. Ismet (2014).<\/p>\n<p>Radioest\u00e8sia aplicada a la domoter\u00e0pia, amb Francesc Garrig\u00f3s (2014).<\/p>\n<p>Formaci\u00f3 en ter\u00e0pia de so (2015).<\/p>\n<p>Postgrau en <a href=\"https:\/\/aryatara.es\/ca\/mindfulness-i-neurociencia\/\">Mindfulness<\/a> i compassi\u00f3 en la relaci\u00f3 d\u2019ajuda. UdL (2022).<\/p>\n<p>Practicant de hatha ioga i <a href=\"https:\/\/aryatara.es\/ca\/meditacio-vipassana\/\">meditaci\u00f3<\/a> des de fa m\u00e9s de 18 anys.<\/p>\n\t\t\t\t\t\t\t\t<\/div>\n\t\t\t\t<\/div>\n\t\t\t\t\t<\/div>\n\t\t<\/div>\n\t\t\t\t\t<\/div>\n\t\t<\/section>\n\t\t\t\t\t<\/div>\n\t\t<\/div>\n\t\t\t\t\t<\/div>\n\t\t<\/section>\n\t\t\t\t<section class=\"elementor-section elementor-top-section elementor-element elementor-element-d63d76b elementor-hidden-mobile elementor-section-boxed elementor-section-height-default elementor-section-height-default\" data-id=\"d63d76b\" data-element_type=\"section\" data-e-type=\"section\" data-settings=\"{&quot;background_background&quot;:&quot;classic&quot;}\">\n\t\t\t\t\t\t\t<div class=\"elementor-background-overlay\"><\/div>\n\t\t\t\t\t\t\t<div class=\"elementor-container elementor-column-gap-no\">\n\t\t\t\t\t<div class=\"elementor-column elementor-col-100 elementor-top-column elementor-element elementor-element-914b84a\" data-id=\"914b84a\" data-element_type=\"column\" data-e-type=\"column\">\n\t\t\t<div class=\"elementor-widget-wrap elementor-element-populated\">\n\t\t\t\t\t\t<div class=\"elementor-element elementor-element-3f0ccc6 elementor-view-stacked elementor-shape-circle elementor-widget elementor-widget-icon\" data-id=\"3f0ccc6\" data-element_type=\"widget\" data-e-type=\"widget\" data-widget_type=\"icon.default\">\n\t\t\t\t<div class=\"elementor-widget-container\">\n\t\t\t\t\t\t\t<div class=\"elementor-icon-wrapper\">\n\t\t\t<div class=\"elementor-icon\">\n\t\t\t<i aria-hidden=\"true\" class=\"fas fa-envelope\"><\/i>\t\t\t<\/div>\n\t\t<\/div>\n\t\t\t\t\t\t<\/div>\n\t\t\t\t<\/div>\n\t\t\t\t<div class=\"elementor-element elementor-element-dd8d912 elementor-widget elementor-widget-heading\" data-id=\"dd8d912\" data-element_type=\"widget\" data-e-type=\"widget\" data-widget_type=\"heading.default\">\n\t\t\t\t<div class=\"elementor-widget-container\">\n\t\t\t\t\t<h2 class=\"elementor-heading-title elementor-size-default\">Subscriu-te a la nostra newsletter!<\/h2>\t\t\t\t<\/div>\n\t\t\t\t<\/div>\n\t\t\t\t<div class=\"elementor-element elementor-element-d1b8d82 elementor-widget elementor-widget-text-editor\" data-id=\"d1b8d82\" data-element_type=\"widget\" data-e-type=\"widget\" data-widget_type=\"text-editor.default\">\n\t\t\t\t<div class=\"elementor-widget-container\">\n\t\t\t\t\t\t\t\t\t<p>Et farem arribar informaci\u00f3 puntual sobre els cursos que oferim i les oportunitats de pr\u00e0ctica i aprenentatge<\/p>\n\t\t\t\t\t\t\t\t<\/div>\n\t\t\t\t<\/div>\n\t\t\t\t<div class=\"elementor-element elementor-element-85542bb elementor-widget elementor-widget-shortcode\" data-id=\"85542bb\" data-element_type=\"widget\" data-e-type=\"widget\" data-widget_type=\"shortcode.default\">\n\t\t\t\t<div class=\"elementor-widget-container\">\n\t\t\t\t\t\t\t<div class=\"elementor-shortcode\">\n\t\t\t<form id=\"sib_signup_form_21\" method=\"post\" class=\"sib_signup_form\">\n\t\t\t\t<div class=\"sib_loader\" style=\"display:none;\"><img\n\t\t\t\t\t\t\tsrc=\"https:\/\/aryatara.es\/wp-includes\/images\/spinner.gif\" alt=\"loader\"><\/div>\n\t\t\t\t<input type=\"hidden\" name=\"sib_form_action\" value=\"subscribe_form_submit\">\n\t\t\t\t<input type=\"hidden\" name=\"sib_form_id\" value=\"21\">\n                <input type=\"hidden\" name=\"sib_form_alert_notice\" value=\"Please fill out this field\">\n                <input type=\"hidden\" name=\"sib_form_invalid_email_notice\" value=\"Your email address is invalid\">\n                <input type=\"hidden\" name=\"sib_security\" value=\"386363f212\">\n\t\t\t\t<div class=\"sib_signup_box_inside_21\">\n\t\t\t\t\t<div style=\"\/*display:none*\/\" class=\"sib_msg_disp\">\n\t\t\t\t\t<\/div>\n                    \t\t\t\t\t<p>  <input type=\"email\" class=\"sib-email-area\" name=\"email\" placeholder=\"Correu electr\u00f2nic\" required=\"required\"> <input type=\"submit\" class=\"sib-default-btn\" value=\"Subscriu-te\"><\/p>\r\n\t\t\t\t<\/div>\n\t\t\t<\/form>\n\t\t\t<style>\n\t\t\t\tform#sib_signup_form_21 p.sib-alert-message {\n    padding: 6px 12px;\n    margin-bottom: 20px;\n    border: 1px solid transparent;\n    border-radius: 4px;\n    -webkit-box-sizing: border-box;\n    -moz-box-sizing: border-box;\n    box-sizing: border-box;\n}\nform#sib_signup_form_21 p.sib-alert-message-error {\n    background-color: #f2dede;\n    border-color: #ebccd1;\n    color: #a94442;\n}\nform#sib_signup_form_21 p.sib-alert-message-success {\n    background-color: #dff0d8;\n    border-color: #d6e9c6;\n    color: #3c763d;\n}\nform#sib_signup_form_21 p.sib-alert-message-warning {\n    background-color: #fcf8e3;\n    border-color: #faebcc;\n    color: #8a6d3b;\n}\n\t\t\t<\/style>\n\t\t\t<\/div>\n\t\t\t\t\t\t<\/div>\n\t\t\t\t<\/div>\n\t\t\t\t<div class=\"elementor-element elementor-element-cc4cb68 premium-modal-dismissible-yes elementor-widget elementor-widget-premium-addon-modal-box\" data-id=\"cc4cb68\" data-element_type=\"widget\" data-e-type=\"widget\" data-settings=\"{&quot;premium_modal_box_animation&quot;:&quot;fadeInDown&quot;}\" data-widget_type=\"premium-addon-modal-box.default\">\n\t\t\t\t<div class=\"elementor-widget-container\">\n\t\t\t\t\t\n\t\t<div class=\"premium-modal-box-container\" data-settings=\"{&quot;trigger&quot;:&quot;text&quot;,&quot;show_on_exit&quot;:false}\">\n\t\t\t<div class=\"premium-modal-trigger-container\">\n\t\t\t\t\t\t\t\t\t<span data-toggle=\"premium-modal\" data-target=\"#premium-modal-cc4cb68\" class=\"premium-modal-trigger-text\">\n\t\t\t\t\t\t<div >\n\t\t\t\t\t\t\tEn <i>subscriure't<\/i>, acceptes la <u>pol\u00edtica de privacitat<\/u> d'Arya Tara.\t\t\t\t\t\t<\/div>\n\t\t\t\t\t<\/span>\n\t\t\t\t\t\t\t<\/div>\n\n\t\t\t<div id=\"premium-modal-cc4cb68\" class=\"premium-modal-box-modal\"\n\t\t\trole=\"dialog\"\n\t\t\tstyle=\"display: none\"\n\t\t\t>\n\t\t\t\t<div class=\"premium-modal-box-modal-dialog\" data-delay-animation=\"\" data-modal-animation=\"fadeInDown animated-fast\">\n\t\t\t\t\t\t\t\t\t\t\t<div class=\"premium-modal-box-modal-header\">\n\t\t\t\t\t\t\t\t\t\t\t\t\t\t\t<h3 class=\"premium-modal-box-modal-title\">\n\t\t\t\t\t\t\t\t\tINFORMACI\u00d3 B\u00c0SICA DE PROTECCI\u00d3 DE DADES\t\t\t\t\t\t\t\t<\/h3>\n\t\t\t\t\t\t\t\t\t\t\t\t\t\t\t\t\t\t\t\t<\/div>\n\t\t\t\t\t\t\t\t\t\t<div class=\"premium-modal-box-modal-body\">\n\t\t\t\t\t\t\t\t\t\t\t\t\t<p><strong>Responsable del tractament:<\/strong> MARIA LUISA AZNAR SANCHEZ<\/p>\n<p>Finalitat del tractament: Gestionar les consultes plantejades i l&#8217;enviament de newsletters, comunicacions comercials i promocions.<\/p>\n<p><strong>Legitimaci\u00f3 del tractament:<\/strong> Inter\u00e8s leg\u00edtim i consentiment de l&#8217;interessat\/ada.<\/p>\n<p><strong>Conservaci\u00f3 de les dades:<\/strong> Es conservaran mentre hi hagi un inter\u00e8s mutu o durant el temps necessari per a complir les obligacions legals.<\/p>\n<p><strong>Destinataris:<\/strong> Prestadors de serveis o col\u00b7laboradors.<\/p>\n<p><strong>Drets:<\/strong> Dret a retirar el consentiment en qualsevol moment. Dret d&#8217;acc\u00e9s, rectificaci\u00f3, portabilitat i supressi\u00f3 de les dades, i limitaci\u00f3 o oposici\u00f3 al seu tractament. Dades de contacte per exercir els seus drets: aryatara@aryatara.es<\/p>\n<p><strong>Informaci\u00f3 addicional:<\/strong> Podeu consultar la informaci\u00f3 addicional a la nostra <a href=\"https:\/\/aryatara.es\/ca\/politica-de-privacitat\/\"><i><span style=\"font-weight: 400;\">Pol\u00edtica de Privadesa<\/span><\/i><\/a>.<\/p>\n\n\t\t\t\t\t\t\t\t\t\t\t<\/div>\n\t\t\t\t\t\t\t\t\t<\/div>\n\t\t\t<\/div>\n\t\t<\/div>\n\t\t\t\t\t\t<\/div>\n\t\t\t\t<\/div>\n\t\t\t\t\t<\/div>\n\t\t<\/div>\n\t\t\t\t\t<\/div>\n\t\t<\/section>\n\t\t\t\t<section class=\"elementor-section elementor-top-section elementor-element elementor-element-17925ae elementor-hidden-desktop elementor-hidden-tablet elementor-section-boxed elementor-section-height-default elementor-section-height-default\" data-id=\"17925ae\" data-element_type=\"section\" data-e-type=\"section\" data-settings=\"{&quot;background_background&quot;:&quot;classic&quot;}\">\n\t\t\t\t\t\t\t<div class=\"elementor-background-overlay\"><\/div>\n\t\t\t\t\t\t\t<div class=\"elementor-container elementor-column-gap-no\">\n\t\t\t\t\t<div class=\"elementor-column elementor-col-100 elementor-top-column elementor-element elementor-element-8a5f368\" data-id=\"8a5f368\" data-element_type=\"column\" data-e-type=\"column\">\n\t\t\t<div class=\"elementor-widget-wrap elementor-element-populated\">\n\t\t\t\t\t\t<div class=\"elementor-element elementor-element-e23a3dc elementor-view-stacked elementor-shape-circle elementor-widget elementor-widget-icon\" data-id=\"e23a3dc\" data-element_type=\"widget\" data-e-type=\"widget\" data-widget_type=\"icon.default\">\n\t\t\t\t<div class=\"elementor-widget-container\">\n\t\t\t\t\t\t\t<div class=\"elementor-icon-wrapper\">\n\t\t\t<div class=\"elementor-icon\">\n\t\t\t<i aria-hidden=\"true\" class=\"fas fa-envelope\"><\/i>\t\t\t<\/div>\n\t\t<\/div>\n\t\t\t\t\t\t<\/div>\n\t\t\t\t<\/div>\n\t\t\t\t<div class=\"elementor-element elementor-element-b3ec6b2 elementor-widget elementor-widget-heading\" data-id=\"b3ec6b2\" data-element_type=\"widget\" data-e-type=\"widget\" data-widget_type=\"heading.default\">\n\t\t\t\t<div class=\"elementor-widget-container\">\n\t\t\t\t\t<h2 class=\"elementor-heading-title elementor-size-default\">Subscriu-te a la nostra newsletter!<\/h2>\t\t\t\t<\/div>\n\t\t\t\t<\/div>\n\t\t\t\t<div class=\"elementor-element elementor-element-f4004af elementor-widget elementor-widget-text-editor\" data-id=\"f4004af\" data-element_type=\"widget\" data-e-type=\"widget\" data-widget_type=\"text-editor.default\">\n\t\t\t\t<div class=\"elementor-widget-container\">\n\t\t\t\t\t\t\t\t\t<p>Et farem arribar informaci\u00f3 puntual sobre els cursos que oferim i les oportunitats de pr\u00e0ctica i aprenentatge<\/p>\n\t\t\t\t\t\t\t\t<\/div>\n\t\t\t\t<\/div>\n\t\t\t\t<div class=\"elementor-element elementor-element-bc2db6d elementor-widget elementor-widget-shortcode\" data-id=\"bc2db6d\" data-element_type=\"widget\" data-e-type=\"widget\" data-widget_type=\"shortcode.default\">\n\t\t\t\t<div class=\"elementor-widget-container\">\n\t\t\t\t\t\t\t<div class=\"elementor-shortcode\">\n\t\t\t<form id=\"sib_signup_form_21\" method=\"post\" class=\"sib_signup_form\">\n\t\t\t\t<div class=\"sib_loader\" style=\"display:none;\"><img\n\t\t\t\t\t\t\tsrc=\"https:\/\/aryatara.es\/wp-includes\/images\/spinner.gif\" alt=\"loader\"><\/div>\n\t\t\t\t<input type=\"hidden\" name=\"sib_form_action\" value=\"subscribe_form_submit\">\n\t\t\t\t<input type=\"hidden\" name=\"sib_form_id\" value=\"21\">\n                <input type=\"hidden\" name=\"sib_form_alert_notice\" value=\"Please fill out this field\">\n                <input type=\"hidden\" name=\"sib_form_invalid_email_notice\" value=\"Your email address is invalid\">\n                <input type=\"hidden\" name=\"sib_security\" value=\"386363f212\">\n\t\t\t\t<div class=\"sib_signup_box_inside_21\">\n\t\t\t\t\t<div style=\"\/*display:none*\/\" class=\"sib_msg_disp\">\n\t\t\t\t\t<\/div>\n                    \t\t\t\t\t<p>  <input type=\"email\" class=\"sib-email-area\" name=\"email\" placeholder=\"Correu electr\u00f2nic\" required=\"required\"> <input type=\"submit\" class=\"sib-default-btn\" value=\"Subscriu-te\"><\/p>\r\n\t\t\t\t<\/div>\n\t\t\t<\/form>\n\t\t\t<style>\n\t\t\t\tform#sib_signup_form_21 p.sib-alert-message {\n    padding: 6px 12px;\n    margin-bottom: 20px;\n    border: 1px solid transparent;\n    border-radius: 4px;\n    -webkit-box-sizing: border-box;\n    -moz-box-sizing: border-box;\n    box-sizing: border-box;\n}\nform#sib_signup_form_21 p.sib-alert-message-error {\n    background-color: #f2dede;\n    border-color: #ebccd1;\n    color: #a94442;\n}\nform#sib_signup_form_21 p.sib-alert-message-success {\n    background-color: #dff0d8;\n    border-color: #d6e9c6;\n    color: #3c763d;\n}\nform#sib_signup_form_21 p.sib-alert-message-warning {\n    background-color: #fcf8e3;\n    border-color: #faebcc;\n    color: #8a6d3b;\n}\n\t\t\t<\/style>\n\t\t\t<\/div>\n\t\t\t\t\t\t<\/div>\n\t\t\t\t<\/div>\n\t\t\t\t<div class=\"elementor-element elementor-element-db23af8 premium-modal-dismissible-yes elementor-widget elementor-widget-premium-addon-modal-box\" data-id=\"db23af8\" data-element_type=\"widget\" data-e-type=\"widget\" data-settings=\"{&quot;premium_modal_box_animation&quot;:&quot;fadeInDown&quot;}\" data-widget_type=\"premium-addon-modal-box.default\">\n\t\t\t\t<div class=\"elementor-widget-container\">\n\t\t\t\t\t\n\t\t<div class=\"premium-modal-box-container\" data-settings=\"{&quot;trigger&quot;:&quot;text&quot;,&quot;show_on_exit&quot;:false}\">\n\t\t\t<div class=\"premium-modal-trigger-container\">\n\t\t\t\t\t\t\t\t\t<span data-toggle=\"premium-modal\" data-target=\"#premium-modal-db23af8\" class=\"premium-modal-trigger-text\">\n\t\t\t\t\t\t<div >\n\t\t\t\t\t\t\tEn <i>subscriure't<\/i>, acceptes la <u>pol\u00edtica de privacitat<\/u> d'Arya Tara.\t\t\t\t\t\t<\/div>\n\t\t\t\t\t<\/span>\n\t\t\t\t\t\t\t<\/div>\n\n\t\t\t<div id=\"premium-modal-db23af8\" class=\"premium-modal-box-modal\"\n\t\t\trole=\"dialog\"\n\t\t\tstyle=\"display: none\"\n\t\t\t>\n\t\t\t\t<div class=\"premium-modal-box-modal-dialog\" data-delay-animation=\"\" data-modal-animation=\"fadeInDown animated-fast\">\n\t\t\t\t\t\t\t\t\t\t\t<div class=\"premium-modal-box-modal-header\">\n\t\t\t\t\t\t\t\t\t\t\t\t\t\t\t<h3 class=\"premium-modal-box-modal-title\">\n\t\t\t\t\t\t\t\t\tINFORMACI\u00d3 B\u00c0SICA DE PROTECCI\u00d3 DE DADES\t\t\t\t\t\t\t\t<\/h3>\n\t\t\t\t\t\t\t\t\t\t\t\t\t\t\t\t\t\t\t\t<\/div>\n\t\t\t\t\t\t\t\t\t\t<div class=\"premium-modal-box-modal-body\">\n\t\t\t\t\t\t\t\t\t\t\t\t\t<p><strong>Responsable del tractament:<\/strong> MARIA LUISA AZNAR SANCHEZ<\/p>\n<p>Finalitat del tractament: Gestionar les consultes plantejades i l&#8217;enviament de newsletters, comunicacions comercials i promocions.<\/p>\n<p><strong>Legitimaci\u00f3 del tractament:<\/strong> Inter\u00e8s leg\u00edtim i consentiment de l&#8217;interessat\/ada.<\/p>\n<p><strong>Conservaci\u00f3 de les dades:<\/strong> Es conservaran mentre hi hagi un inter\u00e8s mutu o durant el temps necessari per a complir les obligacions legals.<\/p>\n<p><strong>Destinataris:<\/strong> Prestadors de serveis o col\u00b7laboradors.<\/p>\n<p><strong>Drets:<\/strong> Dret a retirar el consentiment en qualsevol moment. Dret d&#8217;acc\u00e9s, rectificaci\u00f3, portabilitat i supressi\u00f3 de les dades, i limitaci\u00f3 o oposici\u00f3 al seu tractament. Dades de contacte per exercir els seus drets: aryatara@aryatara.es<\/p>\n<p><strong>Informaci\u00f3 addicional:<\/strong> Podeu consultar la informaci\u00f3 addicional a la nostra <a href=\"https:\/\/aryatara.es\/ca\/politica-de-privacitat\/\"><i><span style=\"font-weight: 400;\">Pol\u00edtica de Privadesa<\/span><\/i><\/a>.<\/p>\n\n\t\t\t\t\t\t\t\t\t\t\t<\/div>\n\t\t\t\t\t\t\t\t\t<\/div>\n\t\t\t<\/div>\n\t\t<\/div>\n\t\t\t\t\t\t<\/div>\n\t\t\t\t<\/div>\n\t\t\t\t\t<\/div>\n\t\t<\/div>\n\t\t\t\t\t<\/div>\n\t\t<\/section>\n\t\t\t\t<\/div>\n\t\t","protected":false},"excerpt":{"rendered":"<p>Equip de professionals Equip de professionals Lama Yeshe Ch\u00f6dr\u00f6n (Mar\u00eda Luisa Aznar)Directora Comen\u00e7a la pr\u00e0ctica del ioga i la meditaci\u00f3 als 15 anys, sota el guiatge de Xavi Alongina. \u00c9s membre fundadora de l\u2019associaci\u00f3 Sadhana per a la formaci\u00f3 de professors de ioga, al costat de Carlos Fiel, que va ser el seu formador com [&hellip;]<\/p>\n","protected":false},"author":1,"featured_media":0,"parent":0,"menu_order":0,"comment_status":"closed","ping_status":"closed","template":"","meta":{"_uag_custom_page_level_css":"","site-sidebar-layout":"no-sidebar","site-content-layout":"page-builder","ast-site-content-layout":"full-width-container","site-content-style":"unboxed","site-sidebar-style":"unboxed","ast-global-header-display":"","ast-banner-title-visibility":"","ast-main-header-display":"","ast-hfb-above-header-display":"","ast-hfb-below-header-display":"","ast-hfb-mobile-header-display":"","site-post-title":"disabled","ast-breadcrumbs-content":"","ast-featured-img":"disabled","footer-sml-layout":"","ast-disable-related-posts":"","theme-transparent-header-meta":"enabled","adv-header-id-meta":"","stick-header-meta":"","header-above-stick-meta":"","header-main-stick-meta":"","header-below-stick-meta":"","astra-migrate-meta-layouts":"default","ast-page-background-enabled":"default","ast-page-background-meta":{"desktop":{"background-color":"","background-image":"","background-repeat":"repeat","background-position":"center center","background-size":"auto","background-attachment":"scroll","background-type":"","background-media":"","overlay-type":"","overlay-color":"","overlay-opacity":"","overlay-gradient":""},"tablet":{"background-color":"","background-image":"","background-repeat":"repeat","background-position":"center center","background-size":"auto","background-attachment":"scroll","background-type":"","background-media":"","overlay-type":"","overlay-color":"","overlay-opacity":"","overlay-gradient":""},"mobile":{"background-color":"","background-image":"","background-repeat":"repeat","background-position":"center center","background-size":"auto","background-attachment":"scroll","background-type":"","background-media":"","overlay-type":"","overlay-color":"","overlay-opacity":"","overlay-gradient":""}},"ast-content-background-meta":{"desktop":{"background-color":"var(--ast-global-color-5)","background-image":"","background-repeat":"repeat","background-position":"center center","background-size":"auto","background-attachment":"scroll","background-type":"","background-media":"","overlay-type":"","overlay-color":"","overlay-opacity":"","overlay-gradient":""},"tablet":{"background-color":"var(--ast-global-color-5)","background-image":"","background-repeat":"repeat","background-position":"center center","background-size":"auto","background-attachment":"scroll","background-type":"","background-media":"","overlay-type":"","overlay-color":"","overlay-opacity":"","overlay-gradient":""},"mobile":{"background-color":"var(--ast-global-color-5)","background-image":"","background-repeat":"repeat","background-position":"center center","background-size":"auto","background-attachment":"scroll","background-type":"","background-media":"","overlay-type":"","overlay-color":"","overlay-opacity":"","overlay-gradient":""}},"_joinchat":[],"footnotes":""},"class_list":["post-17049","page","type-page","status-publish","hentry"],"yoast_head":"<!-- This site is optimized with the Yoast SEO plugin v27.5 - https:\/\/yoast.com\/product\/yoast-seo-wordpress\/ -->\n<title>M\u00e9s de 30 anys d&#039;experiencia amb meditaci\u00f3, mindfulness i ioga<\/title>\n<meta name=\"description\" content=\"Lama Yeshe Ch\u00f6dr\u00f6n, mestra de dharma, meditaci\u00f3, ioga i mindfulness. Anna Puigdell\u00edvol, professora de ioga. Laia Noguera, professora de mindfulness. Itziar Fern\u00e1ndez, psic\u00f2loga. Marta S\u00e1nchez, terapia energ\u00e8tica.\" \/>\n<meta name=\"robots\" content=\"index, follow, max-snippet:-1, max-image-preview:large, max-video-preview:-1\" \/>\n<link rel=\"canonical\" href=\"https:\/\/aryatara.es\/ca\/equip-professional\/\" \/>\n<meta property=\"og:locale\" content=\"ca_ES\" \/>\n<meta property=\"og:type\" content=\"article\" \/>\n<meta property=\"og:title\" content=\"M\u00e9s de 30 anys d&#039;experiencia amb meditaci\u00f3, mindfulness i ioga\" \/>\n<meta property=\"og:description\" content=\"Lama Yeshe Ch\u00f6dr\u00f6n, mestra de dharma, meditaci\u00f3, ioga i mindfulness. Anna Puigdell\u00edvol, professora de ioga. Laia Noguera, professora de mindfulness. Itziar Fern\u00e1ndez, psic\u00f2loga. Marta S\u00e1nchez, terapia energ\u00e8tica.\" \/>\n<meta property=\"og:url\" content=\"https:\/\/aryatara.es\/ca\/equip-professional\/\" \/>\n<meta property=\"og:site_name\" content=\"Arya Tara, meditaci\u00f3n, mindfulness y yoga\" \/>\n<meta property=\"article:modified_time\" content=\"2025-01-28T10:23:43+00:00\" \/>\n<meta property=\"og:image\" content=\"https:\/\/aryatara.es\/wp-content\/uploads\/2022\/08\/Lama-Yeshe-Chodron-1.jpg\" \/>\n\t<meta property=\"og:image:width\" content=\"450\" \/>\n\t<meta property=\"og:image:height\" content=\"450\" \/>\n\t<meta property=\"og:image:type\" content=\"image\/jpeg\" \/>\n<meta name=\"twitter:card\" content=\"summary_large_image\" \/>\n<meta name=\"twitter:label1\" content=\"Temps estimat de lectura\" \/>\n\t<meta name=\"twitter:data1\" content=\"9 minuts\" \/>\n<script type=\"application\/ld+json\" class=\"yoast-schema-graph\">{\"@context\":\"https:\\\/\\\/schema.org\",\"@graph\":[{\"@type\":\"WebPage\",\"@id\":\"https:\\\/\\\/aryatara.es\\\/ca\\\/equip-professional\\\/\",\"url\":\"https:\\\/\\\/aryatara.es\\\/ca\\\/equip-professional\\\/\",\"name\":\"M\u00e9s de 30 anys d'experiencia amb meditaci\u00f3, mindfulness i ioga\",\"isPartOf\":{\"@id\":\"https:\\\/\\\/aryatara.es\\\/ca\\\/#website\"},\"primaryImageOfPage\":{\"@id\":\"https:\\\/\\\/aryatara.es\\\/ca\\\/equip-professional\\\/#primaryimage\"},\"image\":{\"@id\":\"https:\\\/\\\/aryatara.es\\\/ca\\\/equip-professional\\\/#primaryimage\"},\"thumbnailUrl\":\"https:\\\/\\\/aryatara.es\\\/wp-content\\\/uploads\\\/2022\\\/08\\\/Lama-Yeshe-Chodron-1-300x300.jpg\",\"datePublished\":\"2022-08-18T14:54:24+00:00\",\"dateModified\":\"2025-01-28T10:23:43+00:00\",\"description\":\"Lama Yeshe Ch\u00f6dr\u00f6n, mestra de dharma, meditaci\u00f3, ioga i mindfulness. Anna Puigdell\u00edvol, professora de ioga. Laia Noguera, professora de mindfulness. Itziar Fern\u00e1ndez, psic\u00f2loga. Marta S\u00e1nchez, terapia energ\u00e8tica.\",\"breadcrumb\":{\"@id\":\"https:\\\/\\\/aryatara.es\\\/ca\\\/equip-professional\\\/#breadcrumb\"},\"inLanguage\":\"ca\",\"potentialAction\":[{\"@type\":\"ReadAction\",\"target\":[\"https:\\\/\\\/aryatara.es\\\/ca\\\/equip-professional\\\/\"]}]},{\"@type\":\"ImageObject\",\"inLanguage\":\"ca\",\"@id\":\"https:\\\/\\\/aryatara.es\\\/ca\\\/equip-professional\\\/#primaryimage\",\"url\":\"https:\\\/\\\/aryatara.es\\\/wp-content\\\/uploads\\\/2022\\\/08\\\/Lama-Yeshe-Chodron-1-300x300.jpg\",\"contentUrl\":\"https:\\\/\\\/aryatara.es\\\/wp-content\\\/uploads\\\/2022\\\/08\\\/Lama-Yeshe-Chodron-1-300x300.jpg\"},{\"@type\":\"BreadcrumbList\",\"@id\":\"https:\\\/\\\/aryatara.es\\\/ca\\\/equip-professional\\\/#breadcrumb\",\"itemListElement\":[{\"@type\":\"ListItem\",\"position\":1,\"name\":\"Portada\",\"item\":\"https:\\\/\\\/aryatara.es\\\/ca\\\/\"},{\"@type\":\"ListItem\",\"position\":2,\"name\":\"Equip professional\"}]},{\"@type\":\"WebSite\",\"@id\":\"https:\\\/\\\/aryatara.es\\\/ca\\\/#website\",\"url\":\"https:\\\/\\\/aryatara.es\\\/ca\\\/\",\"name\":\"Arya Tara, meditaci\u00f3n, mindfulness y yoga en Lleida\",\"description\":\"Mindfulness, meditaci\u00f3n, yoga online y presencial en Lledia\",\"publisher\":{\"@id\":\"https:\\\/\\\/aryatara.es\\\/ca\\\/#organization\"},\"alternateName\":\"AryaTara\",\"potentialAction\":[{\"@type\":\"SearchAction\",\"target\":{\"@type\":\"EntryPoint\",\"urlTemplate\":\"https:\\\/\\\/aryatara.es\\\/ca\\\/?s={search_term_string}\"},\"query-input\":{\"@type\":\"PropertyValueSpecification\",\"valueRequired\":true,\"valueName\":\"search_term_string\"}}],\"inLanguage\":\"ca\"},{\"@type\":\"Organization\",\"@id\":\"https:\\\/\\\/aryatara.es\\\/ca\\\/#organization\",\"name\":\"Arya Tara, meditaci\u00f3n, mindfulness y yoga\",\"alternateName\":\"Yoga Lleida\",\"url\":\"https:\\\/\\\/aryatara.es\\\/ca\\\/\",\"logo\":{\"@type\":\"ImageObject\",\"inLanguage\":\"ca\",\"@id\":\"https:\\\/\\\/aryatara.es\\\/ca\\\/#\\\/schema\\\/logo\\\/image\\\/\",\"url\":\"https:\\\/\\\/aryatara.es\\\/wp-content\\\/uploads\\\/2022\\\/09\\\/logo-Arya-Tara-meditacio-ioga-mindfulness-online-presencial-Lleida-1.png\",\"contentUrl\":\"https:\\\/\\\/aryatara.es\\\/wp-content\\\/uploads\\\/2022\\\/09\\\/logo-Arya-Tara-meditacio-ioga-mindfulness-online-presencial-Lleida-1.png\",\"width\":633,\"height\":209,\"caption\":\"Arya Tara, meditaci\u00f3n, mindfulness y yoga\"},\"image\":{\"@id\":\"https:\\\/\\\/aryatara.es\\\/ca\\\/#\\\/schema\\\/logo\\\/image\\\/\"},\"sameAs\":[\"https:\\\/\\\/www.instagram.com\\\/aryataracenter\\\/\"]}]}<\/script>\n<!-- \/ Yoast SEO plugin. -->","yoast_head_json":{"title":"M\u00e9s de 30 anys d'experiencia amb meditaci\u00f3, mindfulness i ioga","description":"Lama Yeshe Ch\u00f6dr\u00f6n, mestra de dharma, meditaci\u00f3, ioga i mindfulness. Anna Puigdell\u00edvol, professora de ioga. Laia Noguera, professora de mindfulness. Itziar Fern\u00e1ndez, psic\u00f2loga. Marta S\u00e1nchez, terapia energ\u00e8tica.","robots":{"index":"index","follow":"follow","max-snippet":"max-snippet:-1","max-image-preview":"max-image-preview:large","max-video-preview":"max-video-preview:-1"},"canonical":"https:\/\/aryatara.es\/ca\/equip-professional\/","og_locale":"ca_ES","og_type":"article","og_title":"M\u00e9s de 30 anys d'experiencia amb meditaci\u00f3, mindfulness i ioga","og_description":"Lama Yeshe Ch\u00f6dr\u00f6n, mestra de dharma, meditaci\u00f3, ioga i mindfulness. Anna Puigdell\u00edvol, professora de ioga. Laia Noguera, professora de mindfulness. Itziar Fern\u00e1ndez, psic\u00f2loga. Marta S\u00e1nchez, terapia energ\u00e8tica.","og_url":"https:\/\/aryatara.es\/ca\/equip-professional\/","og_site_name":"Arya Tara, meditaci\u00f3n, mindfulness y yoga","article_modified_time":"2025-01-28T10:23:43+00:00","og_image":[{"width":450,"height":450,"url":"https:\/\/aryatara.es\/wp-content\/uploads\/2022\/08\/Lama-Yeshe-Chodron-1.jpg","type":"image\/jpeg"}],"twitter_card":"summary_large_image","twitter_misc":{"Temps estimat de lectura":"9 minuts"},"schema":{"@context":"https:\/\/schema.org","@graph":[{"@type":"WebPage","@id":"https:\/\/aryatara.es\/ca\/equip-professional\/","url":"https:\/\/aryatara.es\/ca\/equip-professional\/","name":"M\u00e9s de 30 anys d'experiencia amb meditaci\u00f3, mindfulness i ioga","isPartOf":{"@id":"https:\/\/aryatara.es\/ca\/#website"},"primaryImageOfPage":{"@id":"https:\/\/aryatara.es\/ca\/equip-professional\/#primaryimage"},"image":{"@id":"https:\/\/aryatara.es\/ca\/equip-professional\/#primaryimage"},"thumbnailUrl":"https:\/\/aryatara.es\/wp-content\/uploads\/2022\/08\/Lama-Yeshe-Chodron-1-300x300.jpg","datePublished":"2022-08-18T14:54:24+00:00","dateModified":"2025-01-28T10:23:43+00:00","description":"Lama Yeshe Ch\u00f6dr\u00f6n, mestra de dharma, meditaci\u00f3, ioga i mindfulness. Anna Puigdell\u00edvol, professora de ioga. Laia Noguera, professora de mindfulness. Itziar Fern\u00e1ndez, psic\u00f2loga. Marta S\u00e1nchez, terapia energ\u00e8tica.","breadcrumb":{"@id":"https:\/\/aryatara.es\/ca\/equip-professional\/#breadcrumb"},"inLanguage":"ca","potentialAction":[{"@type":"ReadAction","target":["https:\/\/aryatara.es\/ca\/equip-professional\/"]}]},{"@type":"ImageObject","inLanguage":"ca","@id":"https:\/\/aryatara.es\/ca\/equip-professional\/#primaryimage","url":"https:\/\/aryatara.es\/wp-content\/uploads\/2022\/08\/Lama-Yeshe-Chodron-1-300x300.jpg","contentUrl":"https:\/\/aryatara.es\/wp-content\/uploads\/2022\/08\/Lama-Yeshe-Chodron-1-300x300.jpg"},{"@type":"BreadcrumbList","@id":"https:\/\/aryatara.es\/ca\/equip-professional\/#breadcrumb","itemListElement":[{"@type":"ListItem","position":1,"name":"Portada","item":"https:\/\/aryatara.es\/ca\/"},{"@type":"ListItem","position":2,"name":"Equip professional"}]},{"@type":"WebSite","@id":"https:\/\/aryatara.es\/ca\/#website","url":"https:\/\/aryatara.es\/ca\/","name":"Arya Tara, meditaci\u00f3n, mindfulness y yoga en Lleida","description":"Mindfulness, meditaci\u00f3n, yoga online y presencial en Lledia","publisher":{"@id":"https:\/\/aryatara.es\/ca\/#organization"},"alternateName":"AryaTara","potentialAction":[{"@type":"SearchAction","target":{"@type":"EntryPoint","urlTemplate":"https:\/\/aryatara.es\/ca\/?s={search_term_string}"},"query-input":{"@type":"PropertyValueSpecification","valueRequired":true,"valueName":"search_term_string"}}],"inLanguage":"ca"},{"@type":"Organization","@id":"https:\/\/aryatara.es\/ca\/#organization","name":"Arya Tara, meditaci\u00f3n, mindfulness y yoga","alternateName":"Yoga Lleida","url":"https:\/\/aryatara.es\/ca\/","logo":{"@type":"ImageObject","inLanguage":"ca","@id":"https:\/\/aryatara.es\/ca\/#\/schema\/logo\/image\/","url":"https:\/\/aryatara.es\/wp-content\/uploads\/2022\/09\/logo-Arya-Tara-meditacio-ioga-mindfulness-online-presencial-Lleida-1.png","contentUrl":"https:\/\/aryatara.es\/wp-content\/uploads\/2022\/09\/logo-Arya-Tara-meditacio-ioga-mindfulness-online-presencial-Lleida-1.png","width":633,"height":209,"caption":"Arya Tara, meditaci\u00f3n, mindfulness y yoga"},"image":{"@id":"https:\/\/aryatara.es\/ca\/#\/schema\/logo\/image\/"},"sameAs":["https:\/\/www.instagram.com\/aryataracenter\/"]}]}},"uagb_featured_image_src":{"full":false,"thumbnail":false,"medium":false,"medium_large":false,"large":false,"1536x1536":false,"2048x2048":false,"menu-thumb":false},"uagb_author_info":{"display_name":"admin","author_link":"https:\/\/aryatara.es\/ca\/author\/admin\/"},"uagb_comment_info":0,"uagb_excerpt":"Equip de professionals Equip de professionals Lama Yeshe Ch\u00f6dr\u00f6n (Mar\u00eda Luisa Aznar)Directora Comen\u00e7a la pr\u00e0ctica del ioga i la meditaci\u00f3 als 15 anys, sota el guiatge de Xavi Alongina. \u00c9s membre fundadora de l\u2019associaci\u00f3 Sadhana per a la formaci\u00f3 de professors de ioga, al costat de Carlos Fiel, que va ser el seu formador com&hellip;","_links":{"self":[{"href":"https:\/\/aryatara.es\/ca\/wp-json\/wp\/v2\/pages\/17049","targetHints":{"allow":["GET"]}}],"collection":[{"href":"https:\/\/aryatara.es\/ca\/wp-json\/wp\/v2\/pages"}],"about":[{"href":"https:\/\/aryatara.es\/ca\/wp-json\/wp\/v2\/types\/page"}],"author":[{"embeddable":true,"href":"https:\/\/aryatara.es\/ca\/wp-json\/wp\/v2\/users\/1"}],"replies":[{"embeddable":true,"href":"https:\/\/aryatara.es\/ca\/wp-json\/wp\/v2\/comments?post=17049"}],"version-history":[{"count":46,"href":"https:\/\/aryatara.es\/ca\/wp-json\/wp\/v2\/pages\/17049\/revisions"}],"predecessor-version":[{"id":28458,"href":"https:\/\/aryatara.es\/ca\/wp-json\/wp\/v2\/pages\/17049\/revisions\/28458"}],"wp:attachment":[{"href":"https:\/\/aryatara.es\/ca\/wp-json\/wp\/v2\/media?parent=17049"}],"curies":[{"name":"wp","href":"https:\/\/api.w.org\/{rel}","templated":true}]}}