{"id":17046,"date":"2022-08-26T20:19:29","date_gmt":"2022-08-26T20:19:29","guid":{"rendered":"https:\/\/aryatara.es\/dharma\/"},"modified":"2024-09-10T08:54:10","modified_gmt":"2024-09-10T08:54:10","slug":"dharma","status":"publish","type":"page","link":"https:\/\/aryatara.es\/ca\/dharma\/","title":{"rendered":"Dharma"},"content":{"rendered":"\t\t<div data-elementor-type=\"wp-page\" data-elementor-id=\"17046\" class=\"elementor elementor-17046 elementor-13379\">\n\t\t\t\t\t\t<section class=\"elementor-section elementor-top-section elementor-element elementor-element-e1p3sys elementor-hidden-mobile elementor-section-boxed elementor-section-height-default elementor-section-height-default\" data-id=\"e1p3sys\" data-element_type=\"section\" data-e-type=\"section\" data-settings=\"{&quot;background_background&quot;:&quot;classic&quot;}\">\n\t\t\t\t\t\t\t<div class=\"elementor-background-overlay\"><\/div>\n\t\t\t\t\t\t\t<div class=\"elementor-container elementor-column-gap-no\">\n\t\t\t\t\t<div class=\"elementor-column elementor-col-100 elementor-top-column elementor-element elementor-element-4cce031\" data-id=\"4cce031\" data-element_type=\"column\" data-e-type=\"column\">\n\t\t\t<div class=\"elementor-widget-wrap elementor-element-populated\">\n\t\t\t\t\t\t<div class=\"elementor-element elementor-element-86025fb elementor-widget elementor-widget-heading\" data-id=\"86025fb\" data-element_type=\"widget\" data-e-type=\"widget\" data-widget_type=\"heading.default\">\n\t\t\t\t<div class=\"elementor-widget-container\">\n\t\t\t\t\t<h1 class=\"elementor-heading-title elementor-size-default\">Dharma<\/h1>\t\t\t\t<\/div>\n\t\t\t\t<\/div>\n\t\t\t\t\t<\/div>\n\t\t<\/div>\n\t\t\t\t\t<\/div>\n\t\t<\/section>\n\t\t\t\t<section class=\"elementor-section elementor-top-section elementor-element elementor-element-36dd541 elementor-hidden-desktop elementor-hidden-tablet elementor-section-boxed elementor-section-height-default elementor-section-height-default\" data-id=\"36dd541\" data-element_type=\"section\" data-e-type=\"section\" data-settings=\"{&quot;background_background&quot;:&quot;classic&quot;}\">\n\t\t\t\t\t\t\t<div class=\"elementor-background-overlay\"><\/div>\n\t\t\t\t\t\t\t<div class=\"elementor-container elementor-column-gap-no\">\n\t\t\t\t\t<div class=\"elementor-column elementor-col-100 elementor-top-column elementor-element elementor-element-eb70bb6\" data-id=\"eb70bb6\" data-element_type=\"column\" data-e-type=\"column\">\n\t\t\t<div class=\"elementor-widget-wrap elementor-element-populated\">\n\t\t\t\t\t\t<div class=\"elementor-element elementor-element-cefcb00 elementor-widget elementor-widget-heading\" data-id=\"cefcb00\" data-element_type=\"widget\" data-e-type=\"widget\" data-widget_type=\"heading.default\">\n\t\t\t\t<div class=\"elementor-widget-container\">\n\t\t\t\t\t<h1 class=\"elementor-heading-title elementor-size-xl\">Dharma<\/h1>\t\t\t\t<\/div>\n\t\t\t\t<\/div>\n\t\t\t\t\t<\/div>\n\t\t<\/div>\n\t\t\t\t\t<\/div>\n\t\t<\/section>\n\t\t\t\t<section class=\"elementor-section elementor-top-section elementor-element elementor-element-9643a8d elementor-hidden-mobile elementor-section-boxed elementor-section-height-default elementor-section-height-default\" data-id=\"9643a8d\" data-element_type=\"section\" data-e-type=\"section\" data-settings=\"{&quot;background_background&quot;:&quot;classic&quot;}\">\n\t\t\t\t\t\t\t<div class=\"elementor-background-overlay\"><\/div>\n\t\t\t\t\t\t\t<div class=\"elementor-container elementor-column-gap-default\">\n\t\t\t\t\t<div class=\"elementor-column elementor-col-100 elementor-top-column elementor-element elementor-element-63494d2\" data-id=\"63494d2\" data-element_type=\"column\" data-e-type=\"column\">\n\t\t\t<div class=\"elementor-widget-wrap elementor-element-populated\">\n\t\t\t\t\t\t<div class=\"elementor-element elementor-element-0541042 elementor-invisible elementor-widget elementor-widget-heading\" data-id=\"0541042\" data-element_type=\"widget\" data-e-type=\"widget\" data-settings=\"{&quot;_animation&quot;:&quot;fadeIn&quot;,&quot;_animation_delay&quot;:600}\" data-widget_type=\"heading.default\">\n\t\t\t\t<div class=\"elementor-widget-container\">\n\t\t\t\t\t<h1 class=\"elementor-heading-title elementor-size-default\">Un aut\u00e8ntic cam\u00ed de transformaci\u00f3<\/h1>\t\t\t\t<\/div>\n\t\t\t\t<\/div>\n\t\t\t\t\t<\/div>\n\t\t<\/div>\n\t\t\t\t\t<\/div>\n\t\t<\/section>\n\t\t\t\t<section class=\"elementor-section elementor-top-section elementor-element elementor-element-fe26a9c elementor-hidden-desktop elementor-hidden-tablet elementor-section-boxed elementor-section-height-default elementor-section-height-default\" data-id=\"fe26a9c\" data-element_type=\"section\" data-e-type=\"section\" data-settings=\"{&quot;background_background&quot;:&quot;classic&quot;}\">\n\t\t\t\t\t\t\t<div class=\"elementor-background-overlay\"><\/div>\n\t\t\t\t\t\t\t<div class=\"elementor-container elementor-column-gap-default\">\n\t\t\t\t\t<div class=\"elementor-column elementor-col-100 elementor-top-column elementor-element elementor-element-d4bf6a1\" data-id=\"d4bf6a1\" data-element_type=\"column\" data-e-type=\"column\">\n\t\t\t<div class=\"elementor-widget-wrap elementor-element-populated\">\n\t\t\t\t\t\t<div class=\"elementor-element elementor-element-fa9b1a7 elementor-invisible elementor-widget elementor-widget-heading\" data-id=\"fa9b1a7\" data-element_type=\"widget\" data-e-type=\"widget\" data-settings=\"{&quot;_animation&quot;:&quot;fadeIn&quot;,&quot;_animation_delay&quot;:600}\" data-widget_type=\"heading.default\">\n\t\t\t\t<div class=\"elementor-widget-container\">\n\t\t\t\t\t<h1 class=\"elementor-heading-title elementor-size-default\">Un aut\u00e8ntic cam\u00ed de transformaci\u00f3<\/h1>\t\t\t\t<\/div>\n\t\t\t\t<\/div>\n\t\t\t\t\t<\/div>\n\t\t<\/div>\n\t\t\t\t\t<\/div>\n\t\t<\/section>\n\t\t\t\t<section class=\"elementor-section elementor-top-section elementor-element elementor-element-9239f08 elementor-hidden-mobile elementor-section-boxed elementor-section-height-default elementor-section-height-default\" data-id=\"9239f08\" data-element_type=\"section\" data-e-type=\"section\" data-settings=\"{&quot;background_background&quot;:&quot;classic&quot;}\">\n\t\t\t\t\t\t<div class=\"elementor-container elementor-column-gap-default\">\n\t\t\t\t\t<div class=\"elementor-column elementor-col-100 elementor-top-column elementor-element elementor-element-9bf6d6a\" data-id=\"9bf6d6a\" data-element_type=\"column\" data-e-type=\"column\">\n\t\t\t<div class=\"elementor-widget-wrap elementor-element-populated\">\n\t\t\t\t\t\t<div class=\"elementor-element elementor-element-e062104 elementor-widget elementor-widget-text-editor\" data-id=\"e062104\" data-element_type=\"widget\" data-e-type=\"widget\" data-widget_type=\"text-editor.default\">\n\t\t\t\t<div class=\"elementor-widget-container\">\n\t\t\t\t\t\t\t\t\t<h2><span style=\"font-weight: 400;\">Dharma: un aut\u00e8ntic cam\u00ed de transformaci\u00f3 <\/span><\/h2>\n<p><span style=\"font-weight: 400;\">A Arya Tara tenim el privilegi de poder oferir sessions d\u2019estudi, reflexi\u00f3 i pr\u00e0ctica dedicades a persones que volen fer <strong>un aut\u00e8ntic cam\u00ed de transformaci\u00f3 i superaci\u00f3 personal<\/strong>. <\/span><\/p>\n<p><span style=\"font-weight: 400;\">Partint de la realitat tan senzilla i profunda que tots els \u00e9ssers volem ser feli\u00e7os, treballem per analitzar i comprendre quin \u00e9s l\u2019origen del sofriment. <\/span><\/p>\n<p><span style=\"font-weight: 400;\">Aix\u00ed, ens trobem amb emocions aflictives com la ira, el desig o aferrament, l\u2019orgull, la gelosia, la ignor\u00e0ncia, etc., que generen tot tipus de conflictes en la nostra vida, i anem treballant amb cada una d\u2019elles per <strong>anar transmutant aquesta energia negativa en saviesa i pau<\/strong>. <\/span><\/p>\n\t\t\t\t\t\t\t\t<\/div>\n\t\t\t\t<\/div>\n\t\t\t\t<div class=\"elementor-element elementor-element-98e33fd elementor-widget elementor-widget-text-editor\" data-id=\"98e33fd\" data-element_type=\"widget\" data-e-type=\"widget\" data-widget_type=\"text-editor.default\">\n\t\t\t\t<div class=\"elementor-widget-container\">\n\t\t\t\t\t\t\t\t\t<h2><span style=\"font-weight: 400;\">Canviem els patrons de pensament <\/span><\/h2>\n<p><span style=\"font-weight: 400;\">\u00c9s un proc\u00e9s molt profund i tot un repte, el d\u2019anar canviant els nostres vells patrons de pensament, parla, conducta i energia per d\u2019altres que ens omplin de claredat, salut i for\u00e7a. L\u2019observaci\u00f3 ens permet comprovar que les emocions i la consci\u00e8ncia no s\u00f3n el mateix i que <strong>no tenim per qu\u00e8 estar controlats pels nostres pensaments i emocions<\/strong>. <\/span><\/p>\n<p><span style=\"font-weight: 400;\">Amb una actitud m\u00e9s sana i responsable, prenem consci\u00e8ncia veritablement que nosaltres mateixos <strong>som creadors i cocreadors de la nostra realitat<\/strong>. <\/span><\/p>\n<p><span style=\"font-weight: 400;\">Com a conseq\u00fc\u00e8ncia d\u2019anar purificant la nostra ment, sorgeixen <strong>l\u2019amor i la compassi\u00f3<\/strong> com una expressi\u00f3 quotidiana activa, i <strong>la saviesa<\/strong> s\u2019obre pas per viure amb confian\u00e7a qualsevol situaci\u00f3 que ens brindi la vida.<\/span><\/p>\n\t\t\t\t\t\t\t\t<\/div>\n\t\t\t\t<\/div>\n\t\t\t\t<div class=\"elementor-element elementor-element-d81461a elementor-widget elementor-widget-text-editor\" data-id=\"d81461a\" data-element_type=\"widget\" data-e-type=\"widget\" data-widget_type=\"text-editor.default\">\n\t\t\t\t<div class=\"elementor-widget-container\">\n\t\t\t\t\t\t\t\t\t<h2><span style=\"font-weight: 400;\">Un llegat dels grans mestres del passat<\/span><\/h2>\n<p><span style=\"font-weight: 400;\">Els mestres del passat, coneixedors del potencial i el poder de la ment, ens han llegat un tresor de pr\u00e0ctica amb qu\u00e8 podem aprendre a <strong>utilitzar creativament la nostra energia<\/strong> per sanar-nos a nosaltres mateixos i als altres, transformar les nostres percepcions il\u00b7lus\u00f2ries i limitadores i, en \u00faltima inst\u00e0ncia, recon\u00e8ixer la nostra veritable naturalesa. <\/span><\/p>\n<p><span style=\"font-weight: 400;\">A Arya Tara, <a href=\"https:\/\/aryatara.es\/ca\/equip-professional\/#lama\">Lama Yeshe Ch\u00f6dr\u00f6n<\/a>dirigeix personalment aquestes sessions, donant suport individualment a cada persona en el seu proc\u00e9s de desenvolupament interior. <\/span><\/p>\n\t\t\t\t\t\t\t\t<\/div>\n\t\t\t\t<\/div>\n\t\t\t\t\t<\/div>\n\t\t<\/div>\n\t\t\t\t\t<\/div>\n\t\t<\/section>\n\t\t\t\t<section class=\"elementor-section elementor-top-section elementor-element elementor-element-17a4503 elementor-hidden-desktop elementor-hidden-tablet elementor-section-boxed elementor-section-height-default elementor-section-height-default\" data-id=\"17a4503\" data-element_type=\"section\" data-e-type=\"section\" data-settings=\"{&quot;background_background&quot;:&quot;classic&quot;}\">\n\t\t\t\t\t\t<div class=\"elementor-container elementor-column-gap-default\">\n\t\t\t\t\t<div class=\"elementor-column elementor-col-100 elementor-top-column elementor-element elementor-element-cfcd19c\" data-id=\"cfcd19c\" data-element_type=\"column\" data-e-type=\"column\">\n\t\t\t<div class=\"elementor-widget-wrap elementor-element-populated\">\n\t\t\t\t\t\t<div class=\"elementor-element elementor-element-d7d34c3 elementor-widget elementor-widget-text-editor\" data-id=\"d7d34c3\" data-element_type=\"widget\" data-e-type=\"widget\" data-widget_type=\"text-editor.default\">\n\t\t\t\t<div class=\"elementor-widget-container\">\n\t\t\t\t\t\t\t\t\t<h2><span style=\"font-weight: 400;\">Dharma: un aut\u00e8ntic cam\u00ed de transformaci\u00f3 <\/span><\/h2>\n<p><span style=\"font-weight: 400;\">A Arya Tara tenim el privilegi de poder oferir sessions d\u2019estudi, reflexi\u00f3 i pr\u00e0ctica dedicades a persones que volen fer <strong>un aut\u00e8ntic cam\u00ed de transformaci\u00f3 i superaci\u00f3 personal<\/strong>. <\/span><\/p>\n<p><span style=\"font-weight: 400;\">Partint de la realitat tan senzilla i profunda que tots els \u00e9ssers volem ser feli\u00e7os, treballem per analitzar i comprendre quin \u00e9s l\u2019origen del sofriment. <\/span><\/p>\n<p><span style=\"font-weight: 400;\">Aix\u00ed, ens trobem amb emocions aflictives com la ira, el desig o aferrament, l\u2019orgull, la gelosia, la ignor\u00e0ncia, etc., que generen tot tipus de conflictes en la nostra vida, i anem treballant amb cada una d\u2019elles per <strong>anar transmutant aquesta energia negativa en saviesa i pau<\/strong>. <\/span><\/p>\n\t\t\t\t\t\t\t\t<\/div>\n\t\t\t\t<\/div>\n\t\t\t\t<div class=\"elementor-element elementor-element-e258f3a elementor-widget elementor-widget-text-editor\" data-id=\"e258f3a\" data-element_type=\"widget\" data-e-type=\"widget\" data-widget_type=\"text-editor.default\">\n\t\t\t\t<div class=\"elementor-widget-container\">\n\t\t\t\t\t\t\t\t\t<h2><span style=\"font-weight: 400;\">Canviem els patrons de pensament <\/span><\/h2>\n<p><span style=\"font-weight: 400;\">\u00c9s un proc\u00e9s molt profund i tot un repte, el d\u2019anar canviant els nostres vells patrons de pensament, parla, conducta i energia per d\u2019altres que ens omplin de claredat, salut i for\u00e7a. L\u2019observaci\u00f3 ens permet comprovar que les emocions i la consci\u00e8ncia no s\u00f3n el mateix i que <strong>no tenim per qu\u00e8 estar controlats pels nostres pensaments i emocions<\/strong>. <\/span><\/p>\n<p><span style=\"font-weight: 400;\">Amb una actitud m\u00e9s sana i responsable, prenem consci\u00e8ncia veritablement que nosaltres mateixos <strong>som creadors i cocreadors de la nostra realitat<\/strong>. <\/span><\/p>\n<p><span style=\"font-weight: 400;\">Com a conseq\u00fc\u00e8ncia d\u2019anar purificant la nostra ment, sorgeixen <strong>l\u2019amor i la compassi\u00f3<\/strong> com una expressi\u00f3 quotidiana activa, i <strong>la saviesa<\/strong> s\u2019obre pas per viure amb confian\u00e7a qualsevol situaci\u00f3 que ens brindi la vida.<\/span><\/p>\n\t\t\t\t\t\t\t\t<\/div>\n\t\t\t\t<\/div>\n\t\t\t\t<div class=\"elementor-element elementor-element-05f7ddd elementor-widget elementor-widget-text-editor\" data-id=\"05f7ddd\" data-element_type=\"widget\" data-e-type=\"widget\" data-widget_type=\"text-editor.default\">\n\t\t\t\t<div class=\"elementor-widget-container\">\n\t\t\t\t\t\t\t\t\t<h2><span style=\"font-weight: 400;\">Un llegat dels grans mestres del passat<\/span><\/h2>\n<p><span style=\"font-weight: 400;\">Els mestres del passat, coneixedors del potencial i el poder de la ment, ens han llegat un tresor de pr\u00e0ctica amb qu\u00e8 podem aprendre a <strong>utilitzar creativament la nostra energia<\/strong> per sanar-nos a nosaltres mateixos i als altres, transformar les nostres percepcions il\u00b7lus\u00f2ries i limitadores i, en \u00faltima inst\u00e0ncia, recon\u00e8ixer la nostra veritable naturalesa. <\/span><\/p>\n<p><span style=\"font-weight: 400;\">En Arya Tara, <a href=\"https:\/\/aryatara.es\/ca\/equip-professional\/#lama\">Lama Yeshe Ch\u00f6dr\u00f6n \u2013 Mar\u00eda Luisa Aznar<\/a> dirige personalmente estas sesiones, dando apoyo a nivel individual a cada persona en su proceso de desarrollo interior. <\/span><\/p>\n\t\t\t\t\t\t\t\t<\/div>\n\t\t\t\t<\/div>\n\t\t\t\t\t<\/div>\n\t\t<\/div>\n\t\t\t\t\t<\/div>\n\t\t<\/section>\n\t\t\t\t<section class=\"elementor-section elementor-top-section elementor-element elementor-element-977c0d5 elementor-hidden-mobile elementor-section-boxed elementor-section-height-default elementor-section-height-default\" data-id=\"977c0d5\" data-element_type=\"section\" data-e-type=\"section\" data-settings=\"{&quot;background_background&quot;:&quot;classic&quot;}\">\n\t\t\t\t\t\t\t<div class=\"elementor-background-overlay\"><\/div>\n\t\t\t\t\t\t\t<div class=\"elementor-container elementor-column-gap-no\">\n\t\t\t\t\t<div class=\"elementor-column elementor-col-100 elementor-top-column elementor-element elementor-element-217f95d\" data-id=\"217f95d\" data-element_type=\"column\" data-e-type=\"column\">\n\t\t\t<div class=\"elementor-widget-wrap elementor-element-populated\">\n\t\t\t\t\t\t<div class=\"elementor-element elementor-element-468c5a2 elementor-view-stacked elementor-shape-circle elementor-widget elementor-widget-icon\" data-id=\"468c5a2\" data-element_type=\"widget\" data-e-type=\"widget\" data-widget_type=\"icon.default\">\n\t\t\t\t<div class=\"elementor-widget-container\">\n\t\t\t\t\t\t\t<div class=\"elementor-icon-wrapper\">\n\t\t\t<div class=\"elementor-icon\">\n\t\t\t<i aria-hidden=\"true\" class=\"fas fa-envelope\"><\/i>\t\t\t<\/div>\n\t\t<\/div>\n\t\t\t\t\t\t<\/div>\n\t\t\t\t<\/div>\n\t\t\t\t<div class=\"elementor-element elementor-element-a8f2a8e elementor-widget elementor-widget-heading\" data-id=\"a8f2a8e\" data-element_type=\"widget\" data-e-type=\"widget\" data-widget_type=\"heading.default\">\n\t\t\t\t<div class=\"elementor-widget-container\">\n\t\t\t\t\t<h2 class=\"elementor-heading-title elementor-size-default\">Subscriu-te a la nostra newsletter!<\/h2>\t\t\t\t<\/div>\n\t\t\t\t<\/div>\n\t\t\t\t<div class=\"elementor-element elementor-element-b285418 elementor-widget elementor-widget-text-editor\" data-id=\"b285418\" data-element_type=\"widget\" data-e-type=\"widget\" data-widget_type=\"text-editor.default\">\n\t\t\t\t<div class=\"elementor-widget-container\">\n\t\t\t\t\t\t\t\t\t<p>Et farem arribar informaci\u00f3 puntual sobre els cursos que oferim i les oportunitats de pr\u00e0ctica i aprenentatge<\/p>\n\t\t\t\t\t\t\t\t<\/div>\n\t\t\t\t<\/div>\n\t\t\t\t<div class=\"elementor-element elementor-element-8f7e2f0 elementor-widget elementor-widget-shortcode\" data-id=\"8f7e2f0\" data-element_type=\"widget\" data-e-type=\"widget\" data-widget_type=\"shortcode.default\">\n\t\t\t\t<div class=\"elementor-widget-container\">\n\t\t\t\t\t\t\t<div class=\"elementor-shortcode\">\n\t\t\t<form id=\"sib_signup_form_21\" method=\"post\" class=\"sib_signup_form\">\n\t\t\t\t<div class=\"sib_loader\" style=\"display:none;\"><img\n\t\t\t\t\t\t\tsrc=\"https:\/\/aryatara.es\/wp-includes\/images\/spinner.gif\" alt=\"loader\"><\/div>\n\t\t\t\t<input type=\"hidden\" name=\"sib_form_action\" value=\"subscribe_form_submit\">\n\t\t\t\t<input type=\"hidden\" name=\"sib_form_id\" value=\"21\">\n                <input type=\"hidden\" name=\"sib_form_alert_notice\" value=\"Please fill out this field\">\n                <input type=\"hidden\" name=\"sib_form_invalid_email_notice\" value=\"Your email address is invalid\">\n                <input type=\"hidden\" name=\"sib_security\" value=\"19b1970ba3\">\n\t\t\t\t<div class=\"sib_signup_box_inside_21\">\n\t\t\t\t\t<div style=\"\/*display:none*\/\" class=\"sib_msg_disp\">\n\t\t\t\t\t<\/div>\n                    \t\t\t\t\t<p>  <input type=\"email\" class=\"sib-email-area\" name=\"email\" placeholder=\"Correu electr\u00f2nic\" required=\"required\"> <input type=\"submit\" class=\"sib-default-btn\" value=\"Subscriu-te\"><\/p>\r\n\t\t\t\t<\/div>\n\t\t\t<\/form>\n\t\t\t<style>\n\t\t\t\tform#sib_signup_form_21 p.sib-alert-message {\n    padding: 6px 12px;\n    margin-bottom: 20px;\n    border: 1px solid transparent;\n    border-radius: 4px;\n    -webkit-box-sizing: border-box;\n    -moz-box-sizing: border-box;\n    box-sizing: border-box;\n}\nform#sib_signup_form_21 p.sib-alert-message-error {\n    background-color: #f2dede;\n    border-color: #ebccd1;\n    color: #a94442;\n}\nform#sib_signup_form_21 p.sib-alert-message-success {\n    background-color: #dff0d8;\n    border-color: #d6e9c6;\n    color: #3c763d;\n}\nform#sib_signup_form_21 p.sib-alert-message-warning {\n    background-color: #fcf8e3;\n    border-color: #faebcc;\n    color: #8a6d3b;\n}\n\t\t\t<\/style>\n\t\t\t<\/div>\n\t\t\t\t\t\t<\/div>\n\t\t\t\t<\/div>\n\t\t\t\t<div class=\"elementor-element elementor-element-3974548 premium-modal-dismissible-yes elementor-widget elementor-widget-premium-addon-modal-box\" data-id=\"3974548\" data-element_type=\"widget\" data-e-type=\"widget\" data-settings=\"{&quot;premium_modal_box_animation&quot;:&quot;fadeInDown&quot;}\" data-widget_type=\"premium-addon-modal-box.default\">\n\t\t\t\t<div class=\"elementor-widget-container\">\n\t\t\t\t\t\n\t\t<div class=\"premium-modal-box-container\" data-settings=\"{&quot;trigger&quot;:&quot;text&quot;,&quot;show_on_exit&quot;:false}\">\n\t\t\t<div class=\"premium-modal-trigger-container\">\n\t\t\t\t\t\t\t\t\t<span data-toggle=\"premium-modal\" data-target=\"#premium-modal-3974548\" class=\"premium-modal-trigger-text\">\n\t\t\t\t\t\t<div >\n\t\t\t\t\t\t\tEn <i>subscriure't<\/i>, acceptes la <u>pol\u00edtica de privacitat<\/u> d'Arya Tara.\t\t\t\t\t\t<\/div>\n\t\t\t\t\t<\/span>\n\t\t\t\t\t\t\t<\/div>\n\n\t\t\t<div id=\"premium-modal-3974548\" class=\"premium-modal-box-modal\"\n\t\t\trole=\"dialog\"\n\t\t\tstyle=\"display: none\"\n\t\t\t>\n\t\t\t\t<div class=\"premium-modal-box-modal-dialog\" data-delay-animation=\"\" data-modal-animation=\"fadeInDown animated-fast\">\n\t\t\t\t\t\t\t\t\t\t\t<div class=\"premium-modal-box-modal-header\">\n\t\t\t\t\t\t\t\t\t\t\t\t\t\t\t<h3 class=\"premium-modal-box-modal-title\">\n\t\t\t\t\t\t\t\t\tINFORMACI\u00d3 B\u00c0SICA DE PROTECCI\u00d3 DE DADES\t\t\t\t\t\t\t\t<\/h3>\n\t\t\t\t\t\t\t\t\t\t\t\t\t\t\t\t\t\t\t\t<\/div>\n\t\t\t\t\t\t\t\t\t\t<div class=\"premium-modal-box-modal-body\">\n\t\t\t\t\t\t\t\t\t\t\t\t\t<p><strong>Responsable del tractament:<\/strong> MARIA LUISA AZNAR SANCHEZ<\/p>\n<p><strong>Finalitat del tractament:<\/strong> Gestionar les consultes plantejades i l&#8217;enviament de newsletters, comunicacions comercials i promocions.<\/p>\n<p><strong>Legitimaci\u00f3 del tractament:<\/strong> Inter\u00e8s leg\u00edtim i consentiment de l&#8217;interessat\/ada.<\/p>\n<p><strong>Conservaci\u00f3 de les dades:<\/strong> Es conservaran mentre hi hagi un inter\u00e8s mutu o durant el temps necessari per a complir les obligacions legals.<\/p>\n<p><strong>Destinataris:<\/strong> Prestadors de serveis o col\u00b7laboradors.<\/p>\n<p><strong>Drets:<\/strong> Dret a retirar el consentiment en qualsevol moment. Dret d&#8217;acc\u00e9s, rectificaci\u00f3, portabilitat i supressi\u00f3 de les dades, i limitaci\u00f3 o oposici\u00f3 al seu tractament. Dades de contacte per exercir els seus drets: aryatara@aryatara.es<\/p>\n<p><strong>Informaci\u00f3 addicional:<\/strong> Podeu consultar la informaci\u00f3 addicional a la nostra <a href=\"https:\/\/aryatara.es\/ca\/politica-de-privacitat\/\"><i><span style=\"font-weight: 400;\">Pol\u00edtica de Privadesa<\/span><\/i><\/a>.<\/p>\n\n\t\t\t\t\t\t\t\t\t\t\t<\/div>\n\t\t\t\t\t\t\t\t\t<\/div>\n\t\t\t<\/div>\n\t\t<\/div>\n\t\t\t\t\t\t<\/div>\n\t\t\t\t<\/div>\n\t\t\t\t\t<\/div>\n\t\t<\/div>\n\t\t\t\t\t<\/div>\n\t\t<\/section>\n\t\t\t\t<section class=\"elementor-section elementor-top-section elementor-element elementor-element-7b7ecc3 elementor-hidden-desktop elementor-hidden-tablet elementor-section-boxed elementor-section-height-default elementor-section-height-default\" data-id=\"7b7ecc3\" data-element_type=\"section\" data-e-type=\"section\" data-settings=\"{&quot;background_background&quot;:&quot;classic&quot;}\">\n\t\t\t\t\t\t\t<div class=\"elementor-background-overlay\"><\/div>\n\t\t\t\t\t\t\t<div class=\"elementor-container elementor-column-gap-no\">\n\t\t\t\t\t<div class=\"elementor-column elementor-col-100 elementor-top-column elementor-element elementor-element-c107597\" data-id=\"c107597\" data-element_type=\"column\" data-e-type=\"column\">\n\t\t\t<div class=\"elementor-widget-wrap elementor-element-populated\">\n\t\t\t\t\t\t<div class=\"elementor-element elementor-element-c43b222 elementor-view-stacked elementor-shape-circle elementor-widget elementor-widget-icon\" data-id=\"c43b222\" data-element_type=\"widget\" data-e-type=\"widget\" data-widget_type=\"icon.default\">\n\t\t\t\t<div class=\"elementor-widget-container\">\n\t\t\t\t\t\t\t<div class=\"elementor-icon-wrapper\">\n\t\t\t<div class=\"elementor-icon\">\n\t\t\t<i aria-hidden=\"true\" class=\"fas fa-envelope\"><\/i>\t\t\t<\/div>\n\t\t<\/div>\n\t\t\t\t\t\t<\/div>\n\t\t\t\t<\/div>\n\t\t\t\t<div class=\"elementor-element elementor-element-b961983 elementor-widget elementor-widget-heading\" data-id=\"b961983\" data-element_type=\"widget\" data-e-type=\"widget\" data-widget_type=\"heading.default\">\n\t\t\t\t<div class=\"elementor-widget-container\">\n\t\t\t\t\t<h2 class=\"elementor-heading-title elementor-size-default\">Subscriu-te a la nostra newsletter!<\/h2>\t\t\t\t<\/div>\n\t\t\t\t<\/div>\n\t\t\t\t<div class=\"elementor-element elementor-element-dc5cf5d elementor-widget elementor-widget-text-editor\" data-id=\"dc5cf5d\" data-element_type=\"widget\" data-e-type=\"widget\" data-widget_type=\"text-editor.default\">\n\t\t\t\t<div class=\"elementor-widget-container\">\n\t\t\t\t\t\t\t\t\t<p>Et farem arribar informaci\u00f3 puntual sobre els cursos que oferim i les oportunitats de pr\u00e0ctica i aprenentatge<\/p>\n\t\t\t\t\t\t\t\t<\/div>\n\t\t\t\t<\/div>\n\t\t\t\t<div class=\"elementor-element elementor-element-e884c81 elementor-widget elementor-widget-shortcode\" data-id=\"e884c81\" data-element_type=\"widget\" data-e-type=\"widget\" data-widget_type=\"shortcode.default\">\n\t\t\t\t<div class=\"elementor-widget-container\">\n\t\t\t\t\t\t\t<div class=\"elementor-shortcode\">\n\t\t\t<form id=\"sib_signup_form_21\" method=\"post\" class=\"sib_signup_form\">\n\t\t\t\t<div class=\"sib_loader\" style=\"display:none;\"><img\n\t\t\t\t\t\t\tsrc=\"https:\/\/aryatara.es\/wp-includes\/images\/spinner.gif\" alt=\"loader\"><\/div>\n\t\t\t\t<input type=\"hidden\" name=\"sib_form_action\" value=\"subscribe_form_submit\">\n\t\t\t\t<input type=\"hidden\" name=\"sib_form_id\" value=\"21\">\n                <input type=\"hidden\" name=\"sib_form_alert_notice\" value=\"Please fill out this field\">\n                <input type=\"hidden\" name=\"sib_form_invalid_email_notice\" value=\"Your email address is invalid\">\n                <input type=\"hidden\" name=\"sib_security\" value=\"19b1970ba3\">\n\t\t\t\t<div class=\"sib_signup_box_inside_21\">\n\t\t\t\t\t<div style=\"\/*display:none*\/\" class=\"sib_msg_disp\">\n\t\t\t\t\t<\/div>\n                    \t\t\t\t\t<p>  <input type=\"email\" class=\"sib-email-area\" name=\"email\" placeholder=\"Correu electr\u00f2nic\" required=\"required\"> <input type=\"submit\" class=\"sib-default-btn\" value=\"Subscriu-te\"><\/p>\r\n\t\t\t\t<\/div>\n\t\t\t<\/form>\n\t\t\t<style>\n\t\t\t\tform#sib_signup_form_21 p.sib-alert-message {\n    padding: 6px 12px;\n    margin-bottom: 20px;\n    border: 1px solid transparent;\n    border-radius: 4px;\n    -webkit-box-sizing: border-box;\n    -moz-box-sizing: border-box;\n    box-sizing: border-box;\n}\nform#sib_signup_form_21 p.sib-alert-message-error {\n    background-color: #f2dede;\n    border-color: #ebccd1;\n    color: #a94442;\n}\nform#sib_signup_form_21 p.sib-alert-message-success {\n    background-color: #dff0d8;\n    border-color: #d6e9c6;\n    color: #3c763d;\n}\nform#sib_signup_form_21 p.sib-alert-message-warning {\n    background-color: #fcf8e3;\n    border-color: #faebcc;\n    color: #8a6d3b;\n}\n\t\t\t<\/style>\n\t\t\t<\/div>\n\t\t\t\t\t\t<\/div>\n\t\t\t\t<\/div>\n\t\t\t\t<div class=\"elementor-element elementor-element-10da5cf premium-modal-dismissible-yes elementor-widget elementor-widget-premium-addon-modal-box\" data-id=\"10da5cf\" data-element_type=\"widget\" data-e-type=\"widget\" data-settings=\"{&quot;premium_modal_box_animation&quot;:&quot;fadeInDown&quot;}\" data-widget_type=\"premium-addon-modal-box.default\">\n\t\t\t\t<div class=\"elementor-widget-container\">\n\t\t\t\t\t\n\t\t<div class=\"premium-modal-box-container\" data-settings=\"{&quot;trigger&quot;:&quot;text&quot;,&quot;show_on_exit&quot;:false}\">\n\t\t\t<div class=\"premium-modal-trigger-container\">\n\t\t\t\t\t\t\t\t\t<span data-toggle=\"premium-modal\" data-target=\"#premium-modal-10da5cf\" class=\"premium-modal-trigger-text\">\n\t\t\t\t\t\t<div >\n\t\t\t\t\t\t\tEn <i>subscriure't<\/i>, acceptes la <u>pol\u00edtica de privacitat<\/u> d'Arya Tara.\t\t\t\t\t\t<\/div>\n\t\t\t\t\t<\/span>\n\t\t\t\t\t\t\t<\/div>\n\n\t\t\t<div id=\"premium-modal-10da5cf\" class=\"premium-modal-box-modal\"\n\t\t\trole=\"dialog\"\n\t\t\tstyle=\"display: none\"\n\t\t\t>\n\t\t\t\t<div class=\"premium-modal-box-modal-dialog\" data-delay-animation=\"\" data-modal-animation=\"fadeInDown animated-fast\">\n\t\t\t\t\t\t\t\t\t\t\t<div class=\"premium-modal-box-modal-header\">\n\t\t\t\t\t\t\t\t\t\t\t\t\t\t\t<h3 class=\"premium-modal-box-modal-title\">\n\t\t\t\t\t\t\t\t\tINFORMACI\u00d3 B\u00c0SICA DE PROTECCI\u00d3 DE DADES\t\t\t\t\t\t\t\t<\/h3>\n\t\t\t\t\t\t\t\t\t\t\t\t\t\t\t\t\t\t\t\t<\/div>\n\t\t\t\t\t\t\t\t\t\t<div class=\"premium-modal-box-modal-body\">\n\t\t\t\t\t\t\t\t\t\t\t\t\t<p><strong>Responsable del tractament:<\/strong> MARIA LUISA AZNAR SANCHEZ<\/p>\n<p>Finalitat del tractament: Gestionar les consultes plantejades i l&#8217;enviament de newsletters, comunicacions comercials i promocions.<\/p>\n<p><strong>Legitimaci\u00f3 del tractament:<\/strong> Inter\u00e8s leg\u00edtim i consentiment de l&#8217;interessat\/ada.<\/p>\n<p><strong>Conservaci\u00f3 de les dades:<\/strong> Es conservaran mentre hi hagi un inter\u00e8s mutu o durant el temps necessari per a complir les obligacions legals.<\/p>\n<p><strong>Destinataris:<\/strong> Prestadors de serveis o col\u00b7laboradors.<\/p>\n<p><strong>Drets:<\/strong> Dret a retirar el consentiment en qualsevol moment. Dret d&#8217;acc\u00e9s, rectificaci\u00f3, portabilitat i supressi\u00f3 de les dades, i limitaci\u00f3 o oposici\u00f3 al seu tractament. Dades de contacte per exercir els seus drets: aryatara@aryatara.es<\/p>\n<p><strong>Informaci\u00f3 addicional:<\/strong> Podeu consultar la informaci\u00f3 addicional a la nostra <a href=\"https:\/\/aryatara.es\/ca\/politica-de-privacitat\/\"><i><span style=\"font-weight: 400;\">Pol\u00edtica de Privadesa<\/span><\/i><\/a>.<\/p>\n\n\t\t\t\t\t\t\t\t\t\t\t<\/div>\n\t\t\t\t\t\t\t\t\t<\/div>\n\t\t\t<\/div>\n\t\t<\/div>\n\t\t\t\t\t\t<\/div>\n\t\t\t\t<\/div>\n\t\t\t\t\t<\/div>\n\t\t<\/div>\n\t\t\t\t\t<\/div>\n\t\t<\/section>\n\t\t\t\t<\/div>\n\t\t","protected":false},"excerpt":{"rendered":"<p>Dharma Dharma Un aut\u00e8ntic cam\u00ed de transformaci\u00f3 Un aut\u00e8ntic cam\u00ed de transformaci\u00f3 Dharma: un aut\u00e8ntic cam\u00ed de transformaci\u00f3 A Arya Tara tenim el privilegi de poder oferir sessions d\u2019estudi, reflexi\u00f3 i pr\u00e0ctica dedicades a persones que volen fer un aut\u00e8ntic cam\u00ed de transformaci\u00f3 i superaci\u00f3 personal. Partint de la realitat tan senzilla i profunda que [&hellip;]<\/p>\n","protected":false},"author":3,"featured_media":24874,"parent":0,"menu_order":0,"comment_status":"closed","ping_status":"closed","template":"","meta":{"_uag_custom_page_level_css":"","site-sidebar-layout":"no-sidebar","site-content-layout":null,"ast-site-content-layout":"full-width-container","site-content-style":"unboxed","site-sidebar-style":"unboxed","ast-global-header-display":"","ast-banner-title-visibility":"","ast-main-header-display":"","ast-hfb-above-header-display":null,"ast-hfb-below-header-display":null,"ast-hfb-mobile-header-display":"","site-post-title":"disabled","ast-breadcrumbs-content":null,"ast-featured-img":"disabled","footer-sml-layout":"","ast-disable-related-posts":"","theme-transparent-header-meta":"enabled","adv-header-id-meta":"","stick-header-meta":"","header-above-stick-meta":null,"header-main-stick-meta":"","header-below-stick-meta":null,"astra-migrate-meta-layouts":"default","ast-page-background-enabled":"default","ast-page-background-meta":{"desktop":{"background-color":"","background-image":"","background-repeat":"repeat","background-position":"center center","background-size":"auto","background-attachment":"scroll","background-type":"","background-media":"","overlay-type":"","overlay-color":"","overlay-opacity":"","overlay-gradient":""},"tablet":{"background-color":"","background-image":"","background-repeat":"repeat","background-position":"center center","background-size":"auto","background-attachment":"scroll","background-type":"","background-media":"","overlay-type":"","overlay-color":"","overlay-opacity":"","overlay-gradient":""},"mobile":{"background-color":"","background-image":"","background-repeat":"repeat","background-position":"center center","background-size":"auto","background-attachment":"scroll","background-type":"","background-media":"","overlay-type":"","overlay-color":"","overlay-opacity":"","overlay-gradient":""}},"ast-content-background-meta":{"desktop":{"background-color":"var(--ast-global-color-5)","background-image":"","background-repeat":"repeat","background-position":"center center","background-size":"auto","background-attachment":"scroll","background-type":"","background-media":"","overlay-type":"","overlay-color":"","overlay-opacity":"","overlay-gradient":""},"tablet":{"background-color":"var(--ast-global-color-5)","background-image":"","background-repeat":"repeat","background-position":"center center","background-size":"auto","background-attachment":"scroll","background-type":"","background-media":"","overlay-type":"","overlay-color":"","overlay-opacity":"","overlay-gradient":""},"mobile":{"background-color":"var(--ast-global-color-5)","background-image":"","background-repeat":"repeat","background-position":"center center","background-size":"auto","background-attachment":"scroll","background-type":"","background-media":"","overlay-type":"","overlay-color":"","overlay-opacity":"","overlay-gradient":""}},"_joinchat":[],"footnotes":""},"class_list":["post-17046","page","type-page","status-publish","has-post-thumbnail","hentry"],"yoast_head":"<!-- This site is optimized with the Yoast SEO plugin v27.5 - https:\/\/yoast.com\/product\/yoast-seo-wordpress\/ -->\n<title>Dharma, un aut\u00e8ntic cam\u00ed de transformaci\u00f3. Dirigeix Lama Yeshe Ch\u00f6dr\u00f6n<\/title>\n<meta name=\"description\" content=\"Classes online i presencials de Dharma, un proc\u00e9s molt profund i desafiador, canviant vells patrons de pensament, parla, conducta i energia.\" \/>\n<meta name=\"robots\" content=\"index, follow, max-snippet:-1, max-image-preview:large, max-video-preview:-1\" \/>\n<link rel=\"canonical\" href=\"https:\/\/aryatara.es\/ca\/dharma\/\" \/>\n<meta property=\"og:locale\" content=\"ca_ES\" \/>\n<meta property=\"og:type\" content=\"article\" \/>\n<meta property=\"og:title\" content=\"Dharma, un aut\u00e8ntic cam\u00ed de transformaci\u00f3. Dirigeix Lama Yeshe Ch\u00f6dr\u00f6n\" \/>\n<meta property=\"og:description\" content=\"Classes online i presencials de Dharma, un proc\u00e9s molt profund i desafiador, canviant vells patrons de pensament, parla, conducta i energia.\" \/>\n<meta property=\"og:url\" content=\"https:\/\/aryatara.es\/ca\/dharma\/\" \/>\n<meta property=\"og:site_name\" content=\"Arya Tara, meditaci\u00f3n, mindfulness y yoga\" \/>\n<meta property=\"article:modified_time\" content=\"2024-09-10T08:54:10+00:00\" \/>\n<meta property=\"og:image\" content=\"https:\/\/aryatara.es\/wp-content\/uploads\/2024\/03\/dharma-online-arya-tara.webp\" \/>\n\t<meta property=\"og:image:width\" content=\"1200\" \/>\n\t<meta property=\"og:image:height\" content=\"801\" \/>\n\t<meta property=\"og:image:type\" content=\"image\/webp\" \/>\n<meta name=\"twitter:card\" content=\"summary_large_image\" \/>\n<meta name=\"twitter:label1\" content=\"Temps estimat de lectura\" \/>\n\t<meta name=\"twitter:data1\" content=\"5 minuts\" \/>\n<script type=\"application\/ld+json\" class=\"yoast-schema-graph\">{\"@context\":\"https:\\\/\\\/schema.org\",\"@graph\":[{\"@type\":\"WebPage\",\"@id\":\"https:\\\/\\\/aryatara.es\\\/ca\\\/dharma\\\/\",\"url\":\"https:\\\/\\\/aryatara.es\\\/ca\\\/dharma\\\/\",\"name\":\"Dharma, un aut\u00e8ntic cam\u00ed de transformaci\u00f3. Dirigeix Lama Yeshe Ch\u00f6dr\u00f6n\",\"isPartOf\":{\"@id\":\"https:\\\/\\\/aryatara.es\\\/ca\\\/#website\"},\"primaryImageOfPage\":{\"@id\":\"https:\\\/\\\/aryatara.es\\\/ca\\\/dharma\\\/#primaryimage\"},\"image\":{\"@id\":\"https:\\\/\\\/aryatara.es\\\/ca\\\/dharma\\\/#primaryimage\"},\"thumbnailUrl\":\"https:\\\/\\\/aryatara.es\\\/wp-content\\\/uploads\\\/2024\\\/03\\\/dharma-online-arya-tara.webp\",\"datePublished\":\"2022-08-26T20:19:29+00:00\",\"dateModified\":\"2024-09-10T08:54:10+00:00\",\"description\":\"Classes online i presencials de Dharma, un proc\u00e9s molt profund i desafiador, canviant vells patrons de pensament, parla, conducta i energia.\",\"breadcrumb\":{\"@id\":\"https:\\\/\\\/aryatara.es\\\/ca\\\/dharma\\\/#breadcrumb\"},\"inLanguage\":\"ca\",\"potentialAction\":[{\"@type\":\"ReadAction\",\"target\":[\"https:\\\/\\\/aryatara.es\\\/ca\\\/dharma\\\/\"]}]},{\"@type\":\"ImageObject\",\"inLanguage\":\"ca\",\"@id\":\"https:\\\/\\\/aryatara.es\\\/ca\\\/dharma\\\/#primaryimage\",\"url\":\"https:\\\/\\\/aryatara.es\\\/wp-content\\\/uploads\\\/2024\\\/03\\\/dharma-online-arya-tara.webp\",\"contentUrl\":\"https:\\\/\\\/aryatara.es\\\/wp-content\\\/uploads\\\/2024\\\/03\\\/dharma-online-arya-tara.webp\",\"width\":1200,\"height\":801,\"caption\":\"dharma-online-arya-tara\"},{\"@type\":\"BreadcrumbList\",\"@id\":\"https:\\\/\\\/aryatara.es\\\/ca\\\/dharma\\\/#breadcrumb\",\"itemListElement\":[{\"@type\":\"ListItem\",\"position\":1,\"name\":\"Portada\",\"item\":\"https:\\\/\\\/aryatara.es\\\/ca\\\/\"},{\"@type\":\"ListItem\",\"position\":2,\"name\":\"Dharma\"}]},{\"@type\":\"WebSite\",\"@id\":\"https:\\\/\\\/aryatara.es\\\/ca\\\/#website\",\"url\":\"https:\\\/\\\/aryatara.es\\\/ca\\\/\",\"name\":\"Arya Tara, meditaci\u00f3n, mindfulness y yoga en Lleida\",\"description\":\"Mindfulness, meditaci\u00f3n, yoga online y presencial en Lledia\",\"publisher\":{\"@id\":\"https:\\\/\\\/aryatara.es\\\/ca\\\/#organization\"},\"alternateName\":\"AryaTara\",\"potentialAction\":[{\"@type\":\"SearchAction\",\"target\":{\"@type\":\"EntryPoint\",\"urlTemplate\":\"https:\\\/\\\/aryatara.es\\\/ca\\\/?s={search_term_string}\"},\"query-input\":{\"@type\":\"PropertyValueSpecification\",\"valueRequired\":true,\"valueName\":\"search_term_string\"}}],\"inLanguage\":\"ca\"},{\"@type\":\"Organization\",\"@id\":\"https:\\\/\\\/aryatara.es\\\/ca\\\/#organization\",\"name\":\"Arya Tara, meditaci\u00f3n, mindfulness y yoga\",\"alternateName\":\"Yoga Lleida\",\"url\":\"https:\\\/\\\/aryatara.es\\\/ca\\\/\",\"logo\":{\"@type\":\"ImageObject\",\"inLanguage\":\"ca\",\"@id\":\"https:\\\/\\\/aryatara.es\\\/ca\\\/#\\\/schema\\\/logo\\\/image\\\/\",\"url\":\"https:\\\/\\\/aryatara.es\\\/wp-content\\\/uploads\\\/2022\\\/09\\\/logo-Arya-Tara-meditacio-ioga-mindfulness-online-presencial-Lleida-1.png\",\"contentUrl\":\"https:\\\/\\\/aryatara.es\\\/wp-content\\\/uploads\\\/2022\\\/09\\\/logo-Arya-Tara-meditacio-ioga-mindfulness-online-presencial-Lleida-1.png\",\"width\":633,\"height\":209,\"caption\":\"Arya Tara, meditaci\u00f3n, mindfulness y yoga\"},\"image\":{\"@id\":\"https:\\\/\\\/aryatara.es\\\/ca\\\/#\\\/schema\\\/logo\\\/image\\\/\"},\"sameAs\":[\"https:\\\/\\\/www.instagram.com\\\/aryataracenter\\\/\"]}]}<\/script>\n<!-- \/ Yoast SEO plugin. -->","yoast_head_json":{"title":"Dharma, un aut\u00e8ntic cam\u00ed de transformaci\u00f3. Dirigeix Lama Yeshe Ch\u00f6dr\u00f6n","description":"Classes online i presencials de Dharma, un proc\u00e9s molt profund i desafiador, canviant vells patrons de pensament, parla, conducta i energia.","robots":{"index":"index","follow":"follow","max-snippet":"max-snippet:-1","max-image-preview":"max-image-preview:large","max-video-preview":"max-video-preview:-1"},"canonical":"https:\/\/aryatara.es\/ca\/dharma\/","og_locale":"ca_ES","og_type":"article","og_title":"Dharma, un aut\u00e8ntic cam\u00ed de transformaci\u00f3. Dirigeix Lama Yeshe Ch\u00f6dr\u00f6n","og_description":"Classes online i presencials de Dharma, un proc\u00e9s molt profund i desafiador, canviant vells patrons de pensament, parla, conducta i energia.","og_url":"https:\/\/aryatara.es\/ca\/dharma\/","og_site_name":"Arya Tara, meditaci\u00f3n, mindfulness y yoga","article_modified_time":"2024-09-10T08:54:10+00:00","og_image":[{"width":1200,"height":801,"url":"https:\/\/aryatara.es\/wp-content\/uploads\/2024\/03\/dharma-online-arya-tara.webp","type":"image\/webp"}],"twitter_card":"summary_large_image","twitter_misc":{"Temps estimat de lectura":"5 minuts"},"schema":{"@context":"https:\/\/schema.org","@graph":[{"@type":"WebPage","@id":"https:\/\/aryatara.es\/ca\/dharma\/","url":"https:\/\/aryatara.es\/ca\/dharma\/","name":"Dharma, un aut\u00e8ntic cam\u00ed de transformaci\u00f3. Dirigeix Lama Yeshe Ch\u00f6dr\u00f6n","isPartOf":{"@id":"https:\/\/aryatara.es\/ca\/#website"},"primaryImageOfPage":{"@id":"https:\/\/aryatara.es\/ca\/dharma\/#primaryimage"},"image":{"@id":"https:\/\/aryatara.es\/ca\/dharma\/#primaryimage"},"thumbnailUrl":"https:\/\/aryatara.es\/wp-content\/uploads\/2024\/03\/dharma-online-arya-tara.webp","datePublished":"2022-08-26T20:19:29+00:00","dateModified":"2024-09-10T08:54:10+00:00","description":"Classes online i presencials de Dharma, un proc\u00e9s molt profund i desafiador, canviant vells patrons de pensament, parla, conducta i energia.","breadcrumb":{"@id":"https:\/\/aryatara.es\/ca\/dharma\/#breadcrumb"},"inLanguage":"ca","potentialAction":[{"@type":"ReadAction","target":["https:\/\/aryatara.es\/ca\/dharma\/"]}]},{"@type":"ImageObject","inLanguage":"ca","@id":"https:\/\/aryatara.es\/ca\/dharma\/#primaryimage","url":"https:\/\/aryatara.es\/wp-content\/uploads\/2024\/03\/dharma-online-arya-tara.webp","contentUrl":"https:\/\/aryatara.es\/wp-content\/uploads\/2024\/03\/dharma-online-arya-tara.webp","width":1200,"height":801,"caption":"dharma-online-arya-tara"},{"@type":"BreadcrumbList","@id":"https:\/\/aryatara.es\/ca\/dharma\/#breadcrumb","itemListElement":[{"@type":"ListItem","position":1,"name":"Portada","item":"https:\/\/aryatara.es\/ca\/"},{"@type":"ListItem","position":2,"name":"Dharma"}]},{"@type":"WebSite","@id":"https:\/\/aryatara.es\/ca\/#website","url":"https:\/\/aryatara.es\/ca\/","name":"Arya Tara, meditaci\u00f3n, mindfulness y yoga en Lleida","description":"Mindfulness, meditaci\u00f3n, yoga online y presencial en Lledia","publisher":{"@id":"https:\/\/aryatara.es\/ca\/#organization"},"alternateName":"AryaTara","potentialAction":[{"@type":"SearchAction","target":{"@type":"EntryPoint","urlTemplate":"https:\/\/aryatara.es\/ca\/?s={search_term_string}"},"query-input":{"@type":"PropertyValueSpecification","valueRequired":true,"valueName":"search_term_string"}}],"inLanguage":"ca"},{"@type":"Organization","@id":"https:\/\/aryatara.es\/ca\/#organization","name":"Arya Tara, meditaci\u00f3n, mindfulness y yoga","alternateName":"Yoga Lleida","url":"https:\/\/aryatara.es\/ca\/","logo":{"@type":"ImageObject","inLanguage":"ca","@id":"https:\/\/aryatara.es\/ca\/#\/schema\/logo\/image\/","url":"https:\/\/aryatara.es\/wp-content\/uploads\/2022\/09\/logo-Arya-Tara-meditacio-ioga-mindfulness-online-presencial-Lleida-1.png","contentUrl":"https:\/\/aryatara.es\/wp-content\/uploads\/2022\/09\/logo-Arya-Tara-meditacio-ioga-mindfulness-online-presencial-Lleida-1.png","width":633,"height":209,"caption":"Arya Tara, meditaci\u00f3n, mindfulness y yoga"},"image":{"@id":"https:\/\/aryatara.es\/ca\/#\/schema\/logo\/image\/"},"sameAs":["https:\/\/www.instagram.com\/aryataracenter\/"]}]}},"uagb_featured_image_src":{"full":["https:\/\/aryatara.es\/wp-content\/uploads\/2024\/03\/dharma-online-arya-tara.webp",1200,801,false],"thumbnail":["https:\/\/aryatara.es\/wp-content\/uploads\/2024\/03\/dharma-online-arya-tara-150x150.webp",150,150,true],"medium":["https:\/\/aryatara.es\/wp-content\/uploads\/2024\/03\/dharma-online-arya-tara-300x200.webp",300,200,true],"medium_large":["https:\/\/aryatara.es\/wp-content\/uploads\/2024\/03\/dharma-online-arya-tara-768x513.webp",768,513,true],"large":["https:\/\/aryatara.es\/wp-content\/uploads\/2024\/03\/dharma-online-arya-tara-1024x684.webp",1024,684,true],"1536x1536":["https:\/\/aryatara.es\/wp-content\/uploads\/2024\/03\/dharma-online-arya-tara.webp",1200,801,false],"2048x2048":["https:\/\/aryatara.es\/wp-content\/uploads\/2024\/03\/dharma-online-arya-tara.webp",1200,801,false],"menu-thumb":["https:\/\/aryatara.es\/wp-content\/uploads\/2024\/03\/dharma-online-arya-tara.webp",330,220,false]},"uagb_author_info":{"display_name":"merce","author_link":"https:\/\/aryatara.es\/ca\/author\/merce\/"},"uagb_comment_info":0,"uagb_excerpt":"Dharma Dharma Un aut\u00e8ntic cam\u00ed de transformaci\u00f3 Un aut\u00e8ntic cam\u00ed de transformaci\u00f3 Dharma: un aut\u00e8ntic cam\u00ed de transformaci\u00f3 A Arya Tara tenim el privilegi de poder oferir sessions d\u2019estudi, reflexi\u00f3 i pr\u00e0ctica dedicades a persones que volen fer un aut\u00e8ntic cam\u00ed de transformaci\u00f3 i superaci\u00f3 personal. Partint de la realitat tan senzilla i profunda que&hellip;","_links":{"self":[{"href":"https:\/\/aryatara.es\/ca\/wp-json\/wp\/v2\/pages\/17046","targetHints":{"allow":["GET"]}}],"collection":[{"href":"https:\/\/aryatara.es\/ca\/wp-json\/wp\/v2\/pages"}],"about":[{"href":"https:\/\/aryatara.es\/ca\/wp-json\/wp\/v2\/types\/page"}],"author":[{"embeddable":true,"href":"https:\/\/aryatara.es\/ca\/wp-json\/wp\/v2\/users\/3"}],"replies":[{"embeddable":true,"href":"https:\/\/aryatara.es\/ca\/wp-json\/wp\/v2\/comments?post=17046"}],"version-history":[{"count":10,"href":"https:\/\/aryatara.es\/ca\/wp-json\/wp\/v2\/pages\/17046\/revisions"}],"predecessor-version":[{"id":25843,"href":"https:\/\/aryatara.es\/ca\/wp-json\/wp\/v2\/pages\/17046\/revisions\/25843"}],"wp:featuredmedia":[{"embeddable":true,"href":"https:\/\/aryatara.es\/ca\/wp-json\/wp\/v2\/media\/24874"}],"wp:attachment":[{"href":"https:\/\/aryatara.es\/ca\/wp-json\/wp\/v2\/media?parent=17046"}],"curies":[{"name":"wp","href":"https:\/\/api.w.org\/{rel}","templated":true}]}}