{"id":17042,"date":"2022-08-16T18:49:26","date_gmt":"2022-08-16T18:49:26","guid":{"rendered":"https:\/\/aryatara.es\/aviso-legal\/"},"modified":"2022-09-22T15:43:57","modified_gmt":"2022-09-22T15:43:57","slug":"aviso-legal","status":"publish","type":"page","link":"https:\/\/aryatara.es\/ca\/aviso-legal\/","title":{"rendered":"Av\u00eds legal"},"content":{"rendered":"\t\t<div data-elementor-type=\"wp-page\" data-elementor-id=\"17042\" class=\"elementor elementor-17042 elementor-1175\">\n\t\t\t\t\t\t<section class=\"elementor-section elementor-top-section elementor-element elementor-element-31a67d61 elementor-section-boxed elementor-section-height-default elementor-section-height-default\" data-id=\"31a67d61\" data-element_type=\"section\" data-e-type=\"section\" data-settings=\"{&quot;background_background&quot;:&quot;classic&quot;}\">\n\t\t\t\t\t\t\t<div class=\"elementor-background-overlay\"><\/div>\n\t\t\t\t\t\t\t<div class=\"elementor-container elementor-column-gap-no\">\n\t\t\t\t\t<div class=\"elementor-column elementor-col-100 elementor-top-column elementor-element elementor-element-63a62c3b\" data-id=\"63a62c3b\" data-element_type=\"column\" data-e-type=\"column\">\n\t\t\t<div class=\"elementor-widget-wrap elementor-element-populated\">\n\t\t\t\t\t\t<div class=\"elementor-element elementor-element-604af716 elementor-widget elementor-widget-heading\" data-id=\"604af716\" data-element_type=\"widget\" data-e-type=\"widget\" data-widget_type=\"heading.default\">\n\t\t\t\t<div class=\"elementor-widget-container\">\n\t\t\t\t\t<h1 class=\"elementor-heading-title elementor-size-xxl\">Av\u00eds legal<\/h1>\t\t\t\t<\/div>\n\t\t\t\t<\/div>\n\t\t\t\t\t<\/div>\n\t\t<\/div>\n\t\t\t\t\t<\/div>\n\t\t<\/section>\n\t\t\t\t<section class=\"elementor-section elementor-top-section elementor-element elementor-element-e6f612b elementor-section-boxed elementor-section-height-default elementor-section-height-default\" data-id=\"e6f612b\" data-element_type=\"section\" data-e-type=\"section\">\n\t\t\t\t\t\t<div class=\"elementor-container elementor-column-gap-default\">\n\t\t\t\t\t<div class=\"elementor-column elementor-col-100 elementor-top-column elementor-element elementor-element-932f0cf\" data-id=\"932f0cf\" data-element_type=\"column\" data-e-type=\"column\">\n\t\t\t<div class=\"elementor-widget-wrap elementor-element-populated\">\n\t\t\t\t\t\t<div class=\"elementor-element elementor-element-108d6cb4 elementor-widget elementor-widget-heading\" data-id=\"108d6cb4\" data-element_type=\"widget\" data-e-type=\"widget\" data-widget_type=\"heading.default\">\n\t\t\t\t<div class=\"elementor-widget-container\">\n\t\t\t\t\t<h2 class=\"elementor-heading-title elementor-size-large\">Titular de la web<\/h2>\t\t\t\t<\/div>\n\t\t\t\t<\/div>\n\t\t\t\t<div class=\"elementor-element elementor-element-9862f0e elementor-widget elementor-widget-text-editor\" data-id=\"9862f0e\" data-element_type=\"widget\" data-e-type=\"widget\" data-widget_type=\"text-editor.default\">\n\t\t\t\t<div class=\"elementor-widget-container\">\n\t\t\t\t\t\t\t\t\t<p>En compliment del deure d\u2019informar recollit a l\u2019article 10 de la Llei 34\/2002, d\u201911 de juliol, de Serveis de la Societat de la Informaci\u00f3 i del Comer\u00e7 Electr\u00f2nic, a continuaci\u00f3 es reflecteixen les segu\u0308ents dades:<\/p><p>Empresa titular d\u2019aquesta web: AZNAR SANCHEZ, MARIA LUISA<\/p><p>C.I.F.: 74214575S<\/p><p>Domicili: PL. DE LES MISSIONS, 4 \u2013 25006 \u2013 LLEIDA <\/p><p>Tel\u00e8fono: <a href=\"tel:+34973262050\">973262050<\/a><\/p><p>Correu electr\u00f2nic:: <a href=\"mailto:aryatara@aryatara.es\">aryatara@aryatara.es<\/a><\/p>\t\t\t\t\t\t\t\t<\/div>\n\t\t\t\t<\/div>\n\t\t\t\t<div class=\"elementor-element elementor-element-82e8f22 elementor-widget elementor-widget-heading\" data-id=\"82e8f22\" data-element_type=\"widget\" data-e-type=\"widget\" data-widget_type=\"heading.default\">\n\t\t\t\t<div class=\"elementor-widget-container\">\n\t\t\t\t\t<h2 class=\"elementor-heading-title elementor-size-large\">Objecte<\/h2>\t\t\t\t<\/div>\n\t\t\t\t<\/div>\n\t\t\t\t<div class=\"elementor-element elementor-element-9e5f621 elementor-widget elementor-widget-text-editor\" data-id=\"9e5f621\" data-element_type=\"widget\" data-e-type=\"widget\" data-widget_type=\"text-editor.default\">\n\t\t\t\t<div class=\"elementor-widget-container\">\n\t\t\t\t\t\t\t\t\t<p>El Responsable posa el present document a disposici\u00f3 dels usuaris, per tal de complir amb all\u00f2 que disposa la Llei 34\/2002, d\u201911 de juliol, de Serveis de la Societat de la Informaci\u00f3 i del Comer\u00e7 Electr\u00f2nic, i les normatives vigents en mat\u00e8ria de Protecci\u00f3 de Dades, aix\u00ed com informar tots els usuaris del lloc web respecte de les seves condicions d\u2019\u00fas.<\/p><p>Tota persona que accedeixi a aquest lloc web assumeix el paper d\u2019usuari, i es compromet a observar i complir rigorosament les disposicions que s\u2019indiquen aqu\u00ed, aix\u00ed com tota altra disposici\u00f3 legal aplicable.<\/p><p>El Responsable es reserva el dret de modificar qualsevol tipus d\u2019informaci\u00f3 publicada al lloc web, sense que tingui l\u2019obligaci\u00f3 de preavisar o posar en coneixement dels usuaris aquestes modificacions, entenent que \u00e9s suficient la publicaci\u00f3 al lloc web del Responsable.<\/p>\t\t\t\t\t\t\t\t<\/div>\n\t\t\t\t<\/div>\n\t\t\t\t<div class=\"elementor-element elementor-element-928faa8 elementor-widget elementor-widget-heading\" data-id=\"928faa8\" data-element_type=\"widget\" data-e-type=\"widget\" data-widget_type=\"heading.default\">\n\t\t\t\t<div class=\"elementor-widget-container\">\n\t\t\t\t\t<h2 class=\"elementor-heading-title elementor-size-large\">Responsabilitat<\/h2>\t\t\t\t<\/div>\n\t\t\t\t<\/div>\n\t\t\t\t<div class=\"elementor-element elementor-element-efd1aee elementor-widget elementor-widget-text-editor\" data-id=\"efd1aee\" data-element_type=\"widget\" data-e-type=\"widget\" data-widget_type=\"text-editor.default\">\n\t\t\t\t<div class=\"elementor-widget-container\">\n\t\t\t\t\t\t\t\t\t<p>El Responsable s\u2019eximeix de qualsevol tipus de responsabilitat derivada de la informaci\u00f3 publicada al seu lloc web, que hagi estat manipulada o introdu\u00efda per un tercer ali\u00e8 a ell.<\/p>\t\t\t\t\t\t\t\t<\/div>\n\t\t\t\t<\/div>\n\t\t\t\t<div class=\"elementor-element elementor-element-de2fd23 elementor-widget elementor-widget-heading\" data-id=\"de2fd23\" data-element_type=\"widget\" data-e-type=\"widget\" data-widget_type=\"heading.default\">\n\t\t\t\t<div class=\"elementor-widget-container\">\n\t\t\t\t\t<h2 class=\"elementor-heading-title elementor-size-large\">Adreces IP<\/h2>\t\t\t\t<\/div>\n\t\t\t\t<\/div>\n\t\t\t\t<div class=\"elementor-element elementor-element-de61efe elementor-widget elementor-widget-text-editor\" data-id=\"de61efe\" data-element_type=\"widget\" data-e-type=\"widget\" data-widget_type=\"text-editor.default\">\n\t\t\t\t<div class=\"elementor-widget-container\">\n\t\t\t\t\t\t\t\t\t<p>Els servidors del lloc web detecten de manera autom\u00e0tica l\u2019adre\u00e7a IP i el nom de domini utilitzats per l\u2019usuari.<\/p><p>Una adre\u00e7a IP \u00e9s un nombre assignat autom\u00e0ticament a un ordinador quan aquest es connecta a Internet. Tota aquesta informaci\u00f3 queda registrada en un fitxer d\u2019activitat del servidor, que permet el posterior processament de les dades amb la finalitat d\u2019obtenir mesures \u00fanicament estad\u00edstiques que permetin con\u00e8ixer el nombre d\u2019impressions de p\u00e0gines, el nombre de visites realitzades als servidors web, l\u2019ordre de visites, el punt d\u2019acc\u00e9s, etc. <\/p>\t\t\t\t\t\t\t\t<\/div>\n\t\t\t\t<\/div>\n\t\t\t\t<div class=\"elementor-element elementor-element-0da1305 elementor-widget elementor-widget-heading\" data-id=\"0da1305\" data-element_type=\"widget\" data-e-type=\"widget\" data-widget_type=\"heading.default\">\n\t\t\t\t<div class=\"elementor-widget-container\">\n\t\t\t\t\t<h2 class=\"elementor-heading-title elementor-size-large\">Pol\u00edtica d\u2019enlla\u00e7os<\/h2>\t\t\t\t<\/div>\n\t\t\t\t<\/div>\n\t\t\t\t<div class=\"elementor-element elementor-element-c356d75 elementor-widget elementor-widget-text-editor\" data-id=\"c356d75\" data-element_type=\"widget\" data-e-type=\"widget\" data-widget_type=\"text-editor.default\">\n\t\t\t\t<div class=\"elementor-widget-container\">\n\t\t\t\t\t\t\t\t\t<p>Des del present lloc web \u00e9s possible que es redirigeixi a continguts de tercers llocs web. At\u00e8s que El Responsable no pot controlar els continguts introdu\u00efts pels tercers en els seus llocs web, no assumeix cap tipus de responsabilitat respecte a aquests continguts. En tot cas, el Responsable manifesta que procedir\u00e0 a la retirada immediata de qualsevol contingut que pogu\u00e9s contravenir la legislaci\u00f3 nacional o internacional, la moral o l\u2019ordre p\u00fablic, procedint a la retirada immediata de la redirecci\u00f3 a dit lloc web i posant en coneixement de les autoritats competents el contingut en qu\u0308esti\u00f3.  <\/p><p>El Responsable no es fa responsable de la informaci\u00f3 i continguts emmagatzemats, a t\u00edtol enunciatiu per\u00f2 no limitatiu, en f\u00f2rums, xats, generadors de blocs, comentaris, xarxes socials o qualsevol altre mitj\u00e0 que permeti a tercers publicar continguts de manera independent a la p\u00e0gina web del Responsable. No obstant aix\u00f2, i en compliment del que disposen els art. 11 i 16 de la LSSICE, el Responsable es posa a disposici\u00f3 de tots els usuaris, autoritats i forces de seguretat, col\u00b7laborant de manera activa en la retirada o, si escau, bloqueig de tots aquells continguts que puguin afectar o contravenir la legislaci\u00f3 nacional o internacional, els drets de tercers, o la moral i l\u2019ordre p\u00fablic. En cas que l\u2019usuari consideri que existeix en el lloc web algun contingut que pogu\u00e9s ser susceptible d\u2019aquesta classificaci\u00f3, es prega que ho faci saber de manera immediata a l\u2019administrador del lloc web.  <\/p><p>Aquest lloc web ha estat revisat i provat perqu\u00e8 funcioni correctament. En principi, pot garantir-se el seu correcte funcionament els 365 dies de l\u2019any, 24 hores al dia. No obstant aix\u00f2, el Responsable no descarta la possibilitat que existeixin certs errors de programaci\u00f3, o que s\u2019esdevinguin causes de for\u00e7a major, cat\u00e0strofes naturals, vagues o altres circumst\u00e0ncies similars que facin impossible l\u2019acc\u00e9s a la p\u00e0gina web.  <\/p>\t\t\t\t\t\t\t\t<\/div>\n\t\t\t\t<\/div>\n\t\t\t\t<div class=\"elementor-element elementor-element-0c10c33 elementor-widget elementor-widget-heading\" data-id=\"0c10c33\" data-element_type=\"widget\" data-e-type=\"widget\" data-widget_type=\"heading.default\">\n\t\t\t\t<div class=\"elementor-widget-container\">\n\t\t\t\t\t<h2 class=\"elementor-heading-title elementor-size-large\">Protecci\u00f3 de dades<\/h2>\t\t\t\t<\/div>\n\t\t\t\t<\/div>\n\t\t\t\t<div class=\"elementor-element elementor-element-ed0794a elementor-widget elementor-widget-text-editor\" data-id=\"ed0794a\" data-element_type=\"widget\" data-e-type=\"widget\" data-widget_type=\"text-editor.default\">\n\t\t\t\t<div class=\"elementor-widget-container\">\n\t\t\t\t\t\t\t\t\t<p>El Responsable es troba profundament comprom\u00e8s en el compliment del que disposa la normativa vigent en mat\u00e8ria de protecci\u00f3 de dades, i en el context del nou marc normatiu establert en virtut del que disposa el Reglament (UE) 2016\/679 del Parlament Europeu i del Consell, de 27 d&#8217;abril de 2016, relatiu a la protecci\u00f3 de les persones f\u00edsiques pel que fa al tractament de dades personals ia la lliure circulaci\u00f3 d&#8217;aquestes dades (d&#8217;ara endavant, el RGPD), i la normativa Llei org\u00e0nica 3 \/2018, de 5 de desembre, de Protecci\u00f3 de Dades Personals i garantia dels drets digitals (d&#8217;ara endavant, el \u201cLOPDGDD\u201d).<\/p><p>Aix\u00ed mateix, el Responsable informa que, per complir la Llei 34\/2002 d\u201911 de juliol, de Serveis de la Societat de la Informaci\u00f3 i el Comer\u00e7 Electr\u00f2nic, li sol\u00b7licitar\u00e0 el consentiment al tractament de les seves dades amb fins comercials en cada moment.<\/p>\t\t\t\t\t\t\t\t<\/div>\n\t\t\t\t<\/div>\n\t\t\t\t<div class=\"elementor-element elementor-element-438cded elementor-widget elementor-widget-heading\" data-id=\"438cded\" data-element_type=\"widget\" data-e-type=\"widget\" data-widget_type=\"heading.default\">\n\t\t\t\t<div class=\"elementor-widget-container\">\n\t\t\t\t\t<h2 class=\"elementor-heading-title elementor-size-large\">Propietat intel\u00b7lectual i industrial<\/h2>\t\t\t\t<\/div>\n\t\t\t\t<\/div>\n\t\t\t\t<div class=\"elementor-element elementor-element-0a78900 elementor-widget elementor-widget-text-editor\" data-id=\"0a78900\" data-element_type=\"widget\" data-e-type=\"widget\" data-widget_type=\"text-editor.default\">\n\t\t\t\t<div class=\"elementor-widget-container\">\n\t\t\t\t\t\t\t\t\t<p>El lloc web, incloent a t\u00edtol enunciatiu per\u00f2 no limitatiu la seva programaci\u00f3, edici\u00f3, compilaci\u00f3 i altres elements necessaris per al seu funcionament, els dissenys, logotips, textos i\/o gr\u00e0fics, s\u00f3n propietat del Responsable o, si \u00e9s el cas, disposa de llic\u00e8ncia o autoritzaci\u00f3 expressa per part dels autors.<\/p><p>Tots els continguts del lloc web es troben degudament protegits per la normativa de propietat intel\u00b7lectual i industrial.<\/p><p>Independentment de la finalitat per a la qual fossin destinats, la reproducci\u00f3 total o parcial, \u00fas, explotaci\u00f3, distribuci\u00f3 i comercialitzaci\u00f3, requereix en tot cas l\u2019autoritzaci\u00f3 escrita pr\u00e8via per part del Responsable. Qualsevol \u00fas no autoritzat pr\u00e8viament per part del Responsable ser\u00e0 considerat un incompliment greu dels drets de propietat intel\u00b7lectual o industrial de l\u2019autor. <\/p><p>Els dissenys, logotips, textos i\/o gr\u00e0fics aliens al prestador i que poguessin apar\u00e8ixer al lloc web, pertanyen als seus respectius propietaris, els quals s\u00f3n responsables de qualsevol possible controv\u00e8rsia que pogu\u00e9s suscitar-se respecte a aquests elements. En tot cas, el Responsable t\u00e9 autoritzaci\u00f3 expressa i pr\u00e8via per part d\u2019ells. <\/p><p>El Responsable autoritza expressament que tercers puguin redirigir directament als continguts concrets del lloc web, i en tot cas redirigir a la p\u00e0gina principal del lloc web del Responsable.<\/p><p>El Responsable reconeix a favor dels seus titulars els corresponents drets de propietat intel\u00b7lectual i industrial, i no implica la seva sola menci\u00f3 o aparici\u00f3 en el lloc web l&#8217;exist\u00e8ncia de drets o responsabilitat del Responsable sobre aquests, com tampoc suport, patrocini o recomanaci\u00f3 pel seu part.<\/p><p>Per a totes aquelles imatges en qu\u00e8 el programari de disseny ho permet, s\u2019han incl\u00f2s les refer\u00e8ncies corresponents a l\u2019autoria i llic\u00e8ncia corresponent.<\/p><p>Per fer qualsevol tipus d&#8217;observaci\u00f3 respecte a possibles incompliments dels drets de propietat intel\u00b7lectual o industrial, aix\u00ed com sobre qualsevol dels continguts del lloc web, ho podeu fer a trav\u00e9s del correu electr\u00f2nic aryatara@aryatara.es.<\/p>\t\t\t\t\t\t\t\t<\/div>\n\t\t\t\t<\/div>\n\t\t\t\t<div class=\"elementor-element elementor-element-b70e8f5 elementor-widget elementor-widget-heading\" data-id=\"b70e8f5\" data-element_type=\"widget\" data-e-type=\"widget\" data-widget_type=\"heading.default\">\n\t\t\t\t<div class=\"elementor-widget-container\">\n\t\t\t\t\t<h2 class=\"elementor-heading-title elementor-size-large\">SSL<\/h2>\t\t\t\t<\/div>\n\t\t\t\t<\/div>\n\t\t\t\t<div class=\"elementor-element elementor-element-e4df6ba elementor-widget elementor-widget-text-editor\" data-id=\"e4df6ba\" data-element_type=\"widget\" data-e-type=\"widget\" data-widget_type=\"text-editor.default\">\n\t\t\t\t<div class=\"elementor-widget-container\">\n\t\t\t\t\t\t\t\t\t<p>El responsable ha contractat per al seu lloc web un certificat SSL (\u201cSecure Sockets Layer\u201d).<\/p><p>Un certificat SSL permet protegir tota la informaci\u00f3 personal i confidencial que es pugui gestionar en un lloc web, independentment de la informaci\u00f3 que s\u2019hi transmeti, com, per exemple, des de qualsevol dels formularis de contacte de la web fins al servidor, o les dades introdu\u00efdes per a la subscripci\u00f3 de butlletins de not\u00edcies o accessos a les \u00e0rees protegides, etc.<\/p><p>L\u2019adre\u00e7a del lloc web apareixer\u00e0 en color verd, activant el protocol \u201chttps\u201d, que permet connexions segures des d\u2019un servidor web al navegador de l\u2019usuari.<\/p>\t\t\t\t\t\t\t\t<\/div>\n\t\t\t\t<\/div>\n\t\t\t\t\t<\/div>\n\t\t<\/div>\n\t\t\t\t\t<\/div>\n\t\t<\/section>\n\t\t\t\t<section class=\"elementor-section elementor-top-section elementor-element elementor-element-c766480 elementor-section-boxed elementor-section-height-default elementor-section-height-default\" data-id=\"c766480\" data-element_type=\"section\" data-e-type=\"section\">\n\t\t\t\t\t\t<div class=\"elementor-container elementor-column-gap-default\">\n\t\t\t\t\t<div class=\"elementor-column elementor-col-100 elementor-top-column elementor-element elementor-element-a4e7a3b\" data-id=\"a4e7a3b\" data-element_type=\"column\" data-e-type=\"column\">\n\t\t\t<div class=\"elementor-widget-wrap elementor-element-populated\">\n\t\t\t\t\t\t<div class=\"elementor-element elementor-element-1f09289 elementor-view-default elementor-widget elementor-widget-icon\" data-id=\"1f09289\" data-element_type=\"widget\" data-e-type=\"widget\" data-widget_type=\"icon.default\">\n\t\t\t\t<div class=\"elementor-widget-container\">\n\t\t\t\t\t\t\t<div class=\"elementor-icon-wrapper\">\n\t\t\t<div class=\"elementor-icon\">\n\t\t\t<i aria-hidden=\"true\" class=\"fas fa-star\"><\/i>\t\t\t<\/div>\n\t\t<\/div>\n\t\t\t\t\t\t<\/div>\n\t\t\t\t<\/div>\n\t\t\t\t\t<\/div>\n\t\t<\/div>\n\t\t\t\t\t<\/div>\n\t\t<\/section>\n\t\t\t\t<\/div>\n\t\t","protected":false},"excerpt":{"rendered":"<p>Av\u00eds legal Titular de la web En compliment del deure d\u2019informar recollit a l\u2019article 10 de la Llei 34\/2002, d\u201911 de juliol, de Serveis de la Societat de la Informaci\u00f3 i del Comer\u00e7 Electr\u00f2nic, a continuaci\u00f3 es reflecteixen les segu\u0308ents dades: Empresa titular d\u2019aquesta web: AZNAR SANCHEZ, MARIA LUISA C.I.F.: 74214575S Domicili: PL. DE LES [&hellip;]<\/p>\n","protected":false},"author":3,"featured_media":0,"parent":0,"menu_order":0,"comment_status":"closed","ping_status":"closed","template":"","meta":{"_uag_custom_page_level_css":"","site-sidebar-layout":"no-sidebar","site-content-layout":"page-builder","ast-site-content-layout":"default","site-content-style":"default","site-sidebar-style":"default","ast-global-header-display":"","ast-banner-title-visibility":"","ast-main-header-display":"","ast-hfb-above-header-display":"","ast-hfb-below-header-display":"","ast-hfb-mobile-header-display":"","site-post-title":"disabled","ast-breadcrumbs-content":null,"ast-featured-img":"disabled","footer-sml-layout":"","ast-disable-related-posts":"","theme-transparent-header-meta":"enabled","adv-header-id-meta":"","stick-header-meta":"","header-above-stick-meta":"","header-main-stick-meta":"","header-below-stick-meta":"","astra-migrate-meta-layouts":"default","ast-page-background-enabled":"default","ast-page-background-meta":{"desktop":{"background-color":"","background-image":"","background-repeat":"repeat","background-position":"center center","background-size":"auto","background-attachment":"scroll","background-type":"","background-media":"","overlay-type":"","overlay-color":"","overlay-opacity":"","overlay-gradient":""},"tablet":{"background-color":"","background-image":"","background-repeat":"repeat","background-position":"center center","background-size":"auto","background-attachment":"scroll","background-type":"","background-media":"","overlay-type":"","overlay-color":"","overlay-opacity":"","overlay-gradient":""},"mobile":{"background-color":"","background-image":"","background-repeat":"repeat","background-position":"center center","background-size":"auto","background-attachment":"scroll","background-type":"","background-media":"","overlay-type":"","overlay-color":"","overlay-opacity":"","overlay-gradient":""}},"ast-content-background-meta":{"desktop":{"background-color":"var(--ast-global-color-5)","background-image":"","background-repeat":"repeat","background-position":"center center","background-size":"auto","background-attachment":"scroll","background-type":"","background-media":"","overlay-type":"","overlay-color":"","overlay-opacity":"","overlay-gradient":""},"tablet":{"background-color":"var(--ast-global-color-5)","background-image":"","background-repeat":"repeat","background-position":"center center","background-size":"auto","background-attachment":"scroll","background-type":"","background-media":"","overlay-type":"","overlay-color":"","overlay-opacity":"","overlay-gradient":""},"mobile":{"background-color":"var(--ast-global-color-5)","background-image":"","background-repeat":"repeat","background-position":"center center","background-size":"auto","background-attachment":"scroll","background-type":"","background-media":"","overlay-type":"","overlay-color":"","overlay-opacity":"","overlay-gradient":""}},"_joinchat":[],"footnotes":""},"class_list":["post-17042","page","type-page","status-publish","hentry"],"yoast_head":"<!-- This site is optimized with the Yoast SEO plugin v27.5 - https:\/\/yoast.com\/product\/yoast-seo-wordpress\/ -->\n<title>Av\u00eds legal - Arya Tara, meditaci\u00f3n, mindfulness y yoga<\/title>\n<meta name=\"robots\" content=\"index, follow, max-snippet:-1, max-image-preview:large, max-video-preview:-1\" \/>\n<link rel=\"canonical\" href=\"https:\/\/aryatara.es\/ca\/aviso-legal\/\" \/>\n<meta property=\"og:locale\" content=\"ca_ES\" \/>\n<meta property=\"og:type\" content=\"article\" \/>\n<meta property=\"og:title\" content=\"Av\u00eds legal - Arya Tara, meditaci\u00f3n, mindfulness y yoga\" \/>\n<meta property=\"og:description\" content=\"Av\u00eds legal Titular de la web En compliment del deure d\u2019informar recollit a l\u2019article 10 de la Llei 34\/2002, d\u201911 de juliol, de Serveis de la Societat de la Informaci\u00f3 i del Comer\u00e7 Electr\u00f2nic, a continuaci\u00f3 es reflecteixen les segu\u0308ents dades: Empresa titular d\u2019aquesta web: AZNAR SANCHEZ, MARIA LUISA C.I.F.: 74214575S Domicili: PL. DE LES [&hellip;]\" \/>\n<meta property=\"og:url\" content=\"https:\/\/aryatara.es\/ca\/aviso-legal\/\" \/>\n<meta property=\"og:site_name\" content=\"Arya Tara, meditaci\u00f3n, mindfulness y yoga\" \/>\n<meta property=\"article:modified_time\" content=\"2022-09-22T15:43:57+00:00\" \/>\n<meta property=\"og:image\" content=\"https:\/\/aryatara.es\/wp-content\/uploads\/2024\/09\/Logo_AryaTara.jpg\" \/>\n\t<meta property=\"og:image:width\" content=\"1200\" \/>\n\t<meta property=\"og:image:height\" content=\"675\" \/>\n\t<meta property=\"og:image:type\" content=\"image\/jpeg\" \/>\n<meta name=\"twitter:card\" content=\"summary_large_image\" \/>\n<meta name=\"twitter:label1\" content=\"Temps estimat de lectura\" \/>\n\t<meta name=\"twitter:data1\" content=\"6 minuts\" \/>\n<script type=\"application\/ld+json\" class=\"yoast-schema-graph\">{\"@context\":\"https:\\\/\\\/schema.org\",\"@graph\":[{\"@type\":\"WebPage\",\"@id\":\"https:\\\/\\\/aryatara.es\\\/ca\\\/aviso-legal\\\/\",\"url\":\"https:\\\/\\\/aryatara.es\\\/ca\\\/aviso-legal\\\/\",\"name\":\"Av\u00eds legal - Arya Tara, meditaci\u00f3n, mindfulness y yoga\",\"isPartOf\":{\"@id\":\"https:\\\/\\\/aryatara.es\\\/ca\\\/#website\"},\"datePublished\":\"2022-08-16T18:49:26+00:00\",\"dateModified\":\"2022-09-22T15:43:57+00:00\",\"breadcrumb\":{\"@id\":\"https:\\\/\\\/aryatara.es\\\/ca\\\/aviso-legal\\\/#breadcrumb\"},\"inLanguage\":\"ca\",\"potentialAction\":[{\"@type\":\"ReadAction\",\"target\":[\"https:\\\/\\\/aryatara.es\\\/ca\\\/aviso-legal\\\/\"]}]},{\"@type\":\"BreadcrumbList\",\"@id\":\"https:\\\/\\\/aryatara.es\\\/ca\\\/aviso-legal\\\/#breadcrumb\",\"itemListElement\":[{\"@type\":\"ListItem\",\"position\":1,\"name\":\"Portada\",\"item\":\"https:\\\/\\\/aryatara.es\\\/ca\\\/\"},{\"@type\":\"ListItem\",\"position\":2,\"name\":\"Av\u00eds legal\"}]},{\"@type\":\"WebSite\",\"@id\":\"https:\\\/\\\/aryatara.es\\\/ca\\\/#website\",\"url\":\"https:\\\/\\\/aryatara.es\\\/ca\\\/\",\"name\":\"Arya Tara, meditaci\u00f3n, mindfulness y yoga en Lleida\",\"description\":\"Mindfulness, meditaci\u00f3n, yoga online y presencial en Lledia\",\"publisher\":{\"@id\":\"https:\\\/\\\/aryatara.es\\\/ca\\\/#organization\"},\"alternateName\":\"AryaTara\",\"potentialAction\":[{\"@type\":\"SearchAction\",\"target\":{\"@type\":\"EntryPoint\",\"urlTemplate\":\"https:\\\/\\\/aryatara.es\\\/ca\\\/?s={search_term_string}\"},\"query-input\":{\"@type\":\"PropertyValueSpecification\",\"valueRequired\":true,\"valueName\":\"search_term_string\"}}],\"inLanguage\":\"ca\"},{\"@type\":\"Organization\",\"@id\":\"https:\\\/\\\/aryatara.es\\\/ca\\\/#organization\",\"name\":\"Arya Tara, meditaci\u00f3n, mindfulness y yoga\",\"alternateName\":\"Yoga Lleida\",\"url\":\"https:\\\/\\\/aryatara.es\\\/ca\\\/\",\"logo\":{\"@type\":\"ImageObject\",\"inLanguage\":\"ca\",\"@id\":\"https:\\\/\\\/aryatara.es\\\/ca\\\/#\\\/schema\\\/logo\\\/image\\\/\",\"url\":\"https:\\\/\\\/aryatara.es\\\/wp-content\\\/uploads\\\/2022\\\/09\\\/logo-Arya-Tara-meditacio-ioga-mindfulness-online-presencial-Lleida-1.png\",\"contentUrl\":\"https:\\\/\\\/aryatara.es\\\/wp-content\\\/uploads\\\/2022\\\/09\\\/logo-Arya-Tara-meditacio-ioga-mindfulness-online-presencial-Lleida-1.png\",\"width\":633,\"height\":209,\"caption\":\"Arya Tara, meditaci\u00f3n, mindfulness y yoga\"},\"image\":{\"@id\":\"https:\\\/\\\/aryatara.es\\\/ca\\\/#\\\/schema\\\/logo\\\/image\\\/\"},\"sameAs\":[\"https:\\\/\\\/www.instagram.com\\\/aryataracenter\\\/\"]}]}<\/script>\n<!-- \/ Yoast SEO plugin. -->","yoast_head_json":{"title":"Av\u00eds legal - Arya Tara, meditaci\u00f3n, mindfulness y yoga","robots":{"index":"index","follow":"follow","max-snippet":"max-snippet:-1","max-image-preview":"max-image-preview:large","max-video-preview":"max-video-preview:-1"},"canonical":"https:\/\/aryatara.es\/ca\/aviso-legal\/","og_locale":"ca_ES","og_type":"article","og_title":"Av\u00eds legal - Arya Tara, meditaci\u00f3n, mindfulness y yoga","og_description":"Av\u00eds legal Titular de la web En compliment del deure d\u2019informar recollit a l\u2019article 10 de la Llei 34\/2002, d\u201911 de juliol, de Serveis de la Societat de la Informaci\u00f3 i del Comer\u00e7 Electr\u00f2nic, a continuaci\u00f3 es reflecteixen les segu\u0308ents dades: Empresa titular d\u2019aquesta web: AZNAR SANCHEZ, MARIA LUISA C.I.F.: 74214575S Domicili: PL. DE LES [&hellip;]","og_url":"https:\/\/aryatara.es\/ca\/aviso-legal\/","og_site_name":"Arya Tara, meditaci\u00f3n, mindfulness y yoga","article_modified_time":"2022-09-22T15:43:57+00:00","og_image":[{"width":1200,"height":675,"url":"https:\/\/aryatara.es\/wp-content\/uploads\/2024\/09\/Logo_AryaTara.jpg","type":"image\/jpeg"}],"twitter_card":"summary_large_image","twitter_misc":{"Temps estimat de lectura":"6 minuts"},"schema":{"@context":"https:\/\/schema.org","@graph":[{"@type":"WebPage","@id":"https:\/\/aryatara.es\/ca\/aviso-legal\/","url":"https:\/\/aryatara.es\/ca\/aviso-legal\/","name":"Av\u00eds legal - Arya Tara, meditaci\u00f3n, mindfulness y yoga","isPartOf":{"@id":"https:\/\/aryatara.es\/ca\/#website"},"datePublished":"2022-08-16T18:49:26+00:00","dateModified":"2022-09-22T15:43:57+00:00","breadcrumb":{"@id":"https:\/\/aryatara.es\/ca\/aviso-legal\/#breadcrumb"},"inLanguage":"ca","potentialAction":[{"@type":"ReadAction","target":["https:\/\/aryatara.es\/ca\/aviso-legal\/"]}]},{"@type":"BreadcrumbList","@id":"https:\/\/aryatara.es\/ca\/aviso-legal\/#breadcrumb","itemListElement":[{"@type":"ListItem","position":1,"name":"Portada","item":"https:\/\/aryatara.es\/ca\/"},{"@type":"ListItem","position":2,"name":"Av\u00eds legal"}]},{"@type":"WebSite","@id":"https:\/\/aryatara.es\/ca\/#website","url":"https:\/\/aryatara.es\/ca\/","name":"Arya Tara, meditaci\u00f3n, mindfulness y yoga en Lleida","description":"Mindfulness, meditaci\u00f3n, yoga online y presencial en Lledia","publisher":{"@id":"https:\/\/aryatara.es\/ca\/#organization"},"alternateName":"AryaTara","potentialAction":[{"@type":"SearchAction","target":{"@type":"EntryPoint","urlTemplate":"https:\/\/aryatara.es\/ca\/?s={search_term_string}"},"query-input":{"@type":"PropertyValueSpecification","valueRequired":true,"valueName":"search_term_string"}}],"inLanguage":"ca"},{"@type":"Organization","@id":"https:\/\/aryatara.es\/ca\/#organization","name":"Arya Tara, meditaci\u00f3n, mindfulness y yoga","alternateName":"Yoga Lleida","url":"https:\/\/aryatara.es\/ca\/","logo":{"@type":"ImageObject","inLanguage":"ca","@id":"https:\/\/aryatara.es\/ca\/#\/schema\/logo\/image\/","url":"https:\/\/aryatara.es\/wp-content\/uploads\/2022\/09\/logo-Arya-Tara-meditacio-ioga-mindfulness-online-presencial-Lleida-1.png","contentUrl":"https:\/\/aryatara.es\/wp-content\/uploads\/2022\/09\/logo-Arya-Tara-meditacio-ioga-mindfulness-online-presencial-Lleida-1.png","width":633,"height":209,"caption":"Arya Tara, meditaci\u00f3n, mindfulness y yoga"},"image":{"@id":"https:\/\/aryatara.es\/ca\/#\/schema\/logo\/image\/"},"sameAs":["https:\/\/www.instagram.com\/aryataracenter\/"]}]}},"uagb_featured_image_src":{"full":false,"thumbnail":false,"medium":false,"medium_large":false,"large":false,"1536x1536":false,"2048x2048":false,"menu-thumb":false},"uagb_author_info":{"display_name":"merce","author_link":"https:\/\/aryatara.es\/ca\/author\/merce\/"},"uagb_comment_info":0,"uagb_excerpt":"Av\u00eds legal Titular de la web En compliment del deure d\u2019informar recollit a l\u2019article 10 de la Llei 34\/2002, d\u201911 de juliol, de Serveis de la Societat de la Informaci\u00f3 i del Comer\u00e7 Electr\u00f2nic, a continuaci\u00f3 es reflecteixen les segu\u0308ents dades: Empresa titular d\u2019aquesta web: AZNAR SANCHEZ, MARIA LUISA C.I.F.: 74214575S Domicili: PL. DE LES&hellip;","_links":{"self":[{"href":"https:\/\/aryatara.es\/ca\/wp-json\/wp\/v2\/pages\/17042","targetHints":{"allow":["GET"]}}],"collection":[{"href":"https:\/\/aryatara.es\/ca\/wp-json\/wp\/v2\/pages"}],"about":[{"href":"https:\/\/aryatara.es\/ca\/wp-json\/wp\/v2\/types\/page"}],"author":[{"embeddable":true,"href":"https:\/\/aryatara.es\/ca\/wp-json\/wp\/v2\/users\/3"}],"replies":[{"embeddable":true,"href":"https:\/\/aryatara.es\/ca\/wp-json\/wp\/v2\/comments?post=17042"}],"version-history":[{"count":7,"href":"https:\/\/aryatara.es\/ca\/wp-json\/wp\/v2\/pages\/17042\/revisions"}],"predecessor-version":[{"id":17657,"href":"https:\/\/aryatara.es\/ca\/wp-json\/wp\/v2\/pages\/17042\/revisions\/17657"}],"wp:attachment":[{"href":"https:\/\/aryatara.es\/ca\/wp-json\/wp\/v2\/media?parent=17042"}],"curies":[{"name":"wp","href":"https:\/\/api.w.org\/{rel}","templated":true}]}}